{"id":8,"date":"2014-09-23T16:15:32","date_gmt":"2014-09-23T19:15:32","guid":{"rendered":"https:\/\/jundiai.sp.gov.br\/a-cidade\/?page_id=8"},"modified":"2025-02-24T10:55:06","modified_gmt":"2025-02-24T13:55:06","slug":"perfil","status":"publish","type":"page","link":"https:\/\/jundiai.sp.gov.br\/a-cidade\/perfil\/","title":{"rendered":"Perfil"},"content":{"rendered":"\n<figure class=\"wp-block-image size-large\"><a href=\"https:\/\/jundiai.sp.gov.br\/a-cidade\/wp-content\/uploads\/sites\/31\/2025\/02\/dados_gerais_v4-1.jpg\"><img loading=\"lazy\" decoding=\"async\" width=\"1280\" height=\"504\" src=\"https:\/\/jundiai.sp.gov.br\/a-cidade\/wp-content\/uploads\/sites\/31\/2025\/02\/dados_gerais_v4-1-1280x504.jpg\" alt=\"\" class=\"wp-image-534\" srcset=\"https:\/\/jundiai.sp.gov.br\/a-cidade\/wp-content\/uploads\/sites\/31\/2025\/02\/dados_gerais_v4-1-1280x504.jpg 1280w, https:\/\/jundiai.sp.gov.br\/a-cidade\/wp-content\/uploads\/sites\/31\/2025\/02\/dados_gerais_v4-1-300x118.jpg 300w, https:\/\/jundiai.sp.gov.br\/a-cidade\/wp-content\/uploads\/sites\/31\/2025\/02\/dados_gerais_v4-1-768x303.jpg 768w, https:\/\/jundiai.sp.gov.br\/a-cidade\/wp-content\/uploads\/sites\/31\/2025\/02\/dados_gerais_v4-1.jpg 1500w\" sizes=\"auto, (max-width: 1280px) 100vw, 1280px\" \/><\/a><\/figure>\n\n\n\n<p>*<em>Para mais informa\u00e7\u00f5es sobre o munic\u00edpio, consulte o <a href=\"https:\/\/observatorio.jundiai.sp.gov.br\/\">Observat\u00f3rio Jundia\u00ed<\/a><\/em><\/p>\n\n\n\n<p><\/p>\n\n\n\n<figure class=\"wp-block-image size-full\"><a href=\"https:\/\/jundiai.sp.gov.br\/a-cidade\/wp-content\/uploads\/sites\/31\/2022\/07\/territorioepop-1.png\"><img loading=\"lazy\" decoding=\"async\" width=\"1280\" height=\"299\" src=\"https:\/\/jundiai.sp.gov.br\/a-cidade\/wp-content\/uploads\/sites\/31\/2022\/07\/territorioepop-1.png\" alt=\"\" class=\"wp-image-335\" srcset=\"https:\/\/jundiai.sp.gov.br\/a-cidade\/wp-content\/uploads\/sites\/31\/2022\/07\/territorioepop-1.png 1280w, https:\/\/jundiai.sp.gov.br\/a-cidade\/wp-content\/uploads\/sites\/31\/2022\/07\/territorioepop-1-300x70.png 300w, https:\/\/jundiai.sp.gov.br\/a-cidade\/wp-content\/uploads\/sites\/31\/2022\/07\/territorioepop-1-768x179.png 768w\" sizes=\"auto, (max-width: 1280px) 100vw, 1280px\" \/><\/a><\/figure>\n\n\n\n<p><\/p>\n\n\n\n<figure class=\"wp-block-table tabela-cabecalho-azul\"><table><thead><tr><th><\/th><th><strong>Ano<\/strong><\/th><th class=\"has-text-align-center\" data-align=\"center\"><strong>Munic\u00edpio<\/strong><\/th><th class=\"has-text-align-center\" data-align=\"center\"><strong>Regi\u00e3o Metropolitana<\/strong><\/th><th class=\"has-text-align-center\" data-align=\"center\"><strong>Estado<\/strong><\/th><\/tr><\/thead><tbody><tr><td>\u00c1rea (em km\u00b2)*<\/td><td>&nbsp;2022<\/td><td class=\"has-text-align-center\" data-align=\"center\">431,20<\/td><td class=\"has-text-align-center\" data-align=\"center\">1. 270,00<\/td><td class=\"has-text-align-center\" data-align=\"center\">&nbsp;248.219<\/td><\/tr><tr><td>Popula\u00e7\u00e3o**<\/td><td>&nbsp;2022<\/td><td class=\"has-text-align-center\" data-align=\"center\">443.221<\/td><td class=\"has-text-align-center\" data-align=\"center\">&nbsp;843.633<\/td><td class=\"has-text-align-center\" data-align=\"center\">44.411.238<\/td><\/tr><tr><td>Densidade Demogr\u00e1fica (habitantes\/km\u00b2) *<\/td><td>&nbsp;2022<\/td><td class=\"has-text-align-center\" data-align=\"center\">1027,87<\/td><td class=\"has-text-align-center\" data-align=\"center\">663,85<\/td><td class=\"has-text-align-center\" data-align=\"center\">181,90<\/td><\/tr><tr><td>Taxa Geom\u00e9trica de Crescimento Anual da Popula\u00e7\u00e3o &#8211; 2010\/2021 (em % a.a.)*<\/td><td>&nbsp;2022<\/td><td class=\"has-text-align-center\" data-align=\"center\">1,51<\/td><td class=\"has-text-align-center\" data-align=\"center\">2,01<\/td><td class=\"has-text-align-center\" data-align=\"center\">0,61<\/td><\/tr><tr><td>Grau de Urbaniza\u00e7\u00e3o <br>(em %)*<\/td><td>&nbsp;2022<\/td><td class=\"has-text-align-center\" data-align=\"center\">97,3<\/td><td class=\"has-text-align-center\" data-align=\"center\">97,1<\/td><td class=\"has-text-align-center\" data-align=\"center\">96,6<\/td><\/tr><tr><td>\u00cdndice de Envelhecimento (em %)**<\/td><td>&nbsp;2022<\/td><td class=\"has-text-align-center\" data-align=\"center\">107,09<\/td><td class=\"has-text-align-center\" data-align=\"center\">73,1<\/td><td class=\"has-text-align-center\" data-align=\"center\">95,93<\/td><\/tr><tr><td>Popula\u00e7\u00e3o com Menos de 15 Anos (em %)**<\/td><td>&nbsp;2022<\/td><td class=\"has-text-align-center\" data-align=\"center\">17,02<\/td><td class=\"has-text-align-center\" data-align=\"center\">18,52<\/td><td class=\"has-text-align-center\" data-align=\"center\">17,96<\/td><\/tr><tr><td>Popula\u00e7\u00e3o com 60 Anos e Mais (em %)**<\/td><td>&nbsp;2022<\/td><td class=\"has-text-align-center\" data-align=\"center\">18,18<\/td><td class=\"has-text-align-center\" data-align=\"center\">16,1<\/td><td class=\"has-text-align-center\" data-align=\"center\">17,23<\/td><\/tr><tr><td>Raz\u00e3o de Sexos**<\/td><td>&nbsp;2022<\/td><td class=\"has-text-align-center\" data-align=\"center\">93,1<\/td><td class=\"has-text-align-center\" data-align=\"center\">97,8<\/td><td class=\"has-text-align-center\" data-align=\"center\">92,97<\/td><\/tr><\/tbody><\/table><figcaption class=\"wp-element-caption\"><em><small>Fontes: *Funda\u00e7\u00e3o SEADE e **IBGE.<\/small><\/em><\/figcaption><\/figure>\n\n\n\n<p><\/p>\n\n\n\n<figure class=\"wp-block-image size-full\"><a href=\"https:\/\/jundiai.sp.gov.br\/a-cidade\/wp-content\/uploads\/sites\/31\/2024\/03\/captura-de-tela-2024-03-04-115314.png\"><img loading=\"lazy\" decoding=\"async\" width=\"1194\" height=\"797\" src=\"https:\/\/jundiai.sp.gov.br\/a-cidade\/wp-content\/uploads\/sites\/31\/2024\/03\/captura-de-tela-2024-03-04-115314.png\" alt=\"\" class=\"wp-image-481\" srcset=\"https:\/\/jundiai.sp.gov.br\/a-cidade\/wp-content\/uploads\/sites\/31\/2024\/03\/captura-de-tela-2024-03-04-115314.png 1194w, https:\/\/jundiai.sp.gov.br\/a-cidade\/wp-content\/uploads\/sites\/31\/2024\/03\/captura-de-tela-2024-03-04-115314-300x200.png 300w, https:\/\/jundiai.sp.gov.br\/a-cidade\/wp-content\/uploads\/sites\/31\/2024\/03\/captura-de-tela-2024-03-04-115314-768x513.png 768w\" sizes=\"auto, (max-width: 1194px) 100vw, 1194px\" \/><\/a><figcaption class=\"wp-element-caption\">Fonte: IBGE<\/figcaption><\/figure>\n\n\n\n<p><strong>Altitude m\u00e9dia<br><\/strong>762 metros (Secretaria Municipal de Planejamento e Meio Ambiente).<\/p>\n\n\n\n<p><strong>Temperatura m\u00e9dia<br><\/strong>21\u00baC (Secretaria Municipal de Planejamento e Meio Ambiente).<\/p>\n\n\n\n<p><\/p>\n\n\n\n<figure class=\"wp-block-image size-full\"><a href=\"https:\/\/jundiai.sp.gov.br\/a-cidade\/wp-content\/uploads\/sites\/31\/2022\/07\/locaemunicipiovizinho.png\"><img loading=\"lazy\" decoding=\"async\" width=\"1280\" height=\"299\" src=\"https:\/\/jundiai.sp.gov.br\/a-cidade\/wp-content\/uploads\/sites\/31\/2022\/07\/locaemunicipiovizinho.png\" alt=\"\" class=\"wp-image-334\" srcset=\"https:\/\/jundiai.sp.gov.br\/a-cidade\/wp-content\/uploads\/sites\/31\/2022\/07\/locaemunicipiovizinho.png 1280w, https:\/\/jundiai.sp.gov.br\/a-cidade\/wp-content\/uploads\/sites\/31\/2022\/07\/locaemunicipiovizinho-300x70.png 300w, https:\/\/jundiai.sp.gov.br\/a-cidade\/wp-content\/uploads\/sites\/31\/2022\/07\/locaemunicipiovizinho-768x179.png 768w\" sizes=\"auto, (max-width: 1280px) 100vw, 1280px\" \/><\/a><\/figure>\n\n\n\n<div class=\"wp-block-media-text alignwide is-stacked-on-mobile\"><figure class=\"wp-block-media-text__media\"><img loading=\"lazy\" decoding=\"async\" width=\"1111\" height=\"960\" src=\"https:\/\/jundiai.sp.gov.br\/a-cidade\/wp-content\/uploads\/sites\/31\/2022\/07\/mapa_regioes_v1-1111x960.png\" alt=\"\" class=\"wp-image-347 size-full\" srcset=\"https:\/\/jundiai.sp.gov.br\/a-cidade\/wp-content\/uploads\/sites\/31\/2022\/07\/mapa_regioes_v1-1111x960.png 1111w, https:\/\/jundiai.sp.gov.br\/a-cidade\/wp-content\/uploads\/sites\/31\/2022\/07\/mapa_regioes_v1-300x259.png 300w, https:\/\/jundiai.sp.gov.br\/a-cidade\/wp-content\/uploads\/sites\/31\/2022\/07\/mapa_regioes_v1-768x664.png 768w, https:\/\/jundiai.sp.gov.br\/a-cidade\/wp-content\/uploads\/sites\/31\/2022\/07\/mapa_regioes_v1.png 1200w\" sizes=\"auto, (max-width: 1111px) 100vw, 1111px\" \/><\/figure><div class=\"wp-block-media-text__content\">\n<p>Jundia\u00ed localiza-se entre as cidades de S\u00e3o Paulo e Campinas. S\u00e3o 49 km de dist\u00e2ncia de S\u00e3o Paulo pela Via Anhanguera; 37 km de Campinas, pela mesma rodovia.<\/p>\n\n\n\n<p><strong>Norte<\/strong> Vinhedo, Itatiba, Louveira<\/p>\n\n\n\n<p><strong>Leste<\/strong> Campo Limpo Paulista, Jarinu, V\u00e1rzea Paulista<\/p>\n\n\n\n<p><strong>Oeste<\/strong> Cabre\u00fava, Itupeva<\/p>\n\n\n\n<p><strong>Sul<\/strong> Cajamar, Franco da Rocha, Pirapora do Bom Jesus<\/p>\n<\/div><\/div>\n\n\n\n<p><br><strong>Outras dist\u00e2ncias importantes<\/strong><br>Aeroporto de Viracopos (Campinas): 30 Km<br>Aeroporto de Congonhas (S\u00e3o Paulo): 55 Km<br>Aeroporto de Cumbica (Guarulhos): 80 Km<br>Porto de Santos: 130 Km<\/p>\n\n\n\n<p><strong>Rodovias<\/strong><br>Rodovia dos Bandeirantes<br>Rodovia Anhanguera<br>Rodovia D. Gabriel Paulino Bueno Couto<br>Rodovia Tancredo de Almeida Neves<br>Rodovia Const\u00e2ncio Cintra<br>Rodovia Geraldo Dias<\/p>\n\n\n\n<p><strong>Aeroporto<\/strong><br>Aeroporto Estadual de Jundia\u00ed \/ Comandante Rolim Adolfo Amaro<\/p>\n\n\n\n<p><\/p>\n\n\n\n<figure class=\"wp-block-image size-full\"><a href=\"https:\/\/jundiai.sp.gov.br\/a-cidade\/wp-content\/uploads\/sites\/31\/2022\/07\/novo_layout_site_prefeitura_jundiai_estatisticas_vitais_e_saude.png\"><img loading=\"lazy\" decoding=\"async\" width=\"1280\" height=\"299\" src=\"https:\/\/jundiai.sp.gov.br\/a-cidade\/wp-content\/uploads\/sites\/31\/2022\/07\/novo_layout_site_prefeitura_jundiai_estatisticas_vitais_e_saude.png\" alt=\"\" class=\"wp-image-330\" srcset=\"https:\/\/jundiai.sp.gov.br\/a-cidade\/wp-content\/uploads\/sites\/31\/2022\/07\/novo_layout_site_prefeitura_jundiai_estatisticas_vitais_e_saude.png 1280w, https:\/\/jundiai.sp.gov.br\/a-cidade\/wp-content\/uploads\/sites\/31\/2022\/07\/novo_layout_site_prefeitura_jundiai_estatisticas_vitais_e_saude-300x70.png 300w, https:\/\/jundiai.sp.gov.br\/a-cidade\/wp-content\/uploads\/sites\/31\/2022\/07\/novo_layout_site_prefeitura_jundiai_estatisticas_vitais_e_saude-768x179.png 768w\" sizes=\"auto, (max-width: 1280px) 100vw, 1280px\" \/><\/a><\/figure>\n\n\n\n<figure class=\"wp-block-table tabela-cabecalho-azul\"><table><thead><tr><th><\/th><th><strong>Ano<\/strong><\/th><th class=\"has-text-align-center\" data-align=\"center\"><strong>Munic\u00edpio<\/strong><\/th><th class=\"has-text-align-center\" data-align=\"center\"><strong><strong>Regi\u00e3o Metropolitana<\/strong><\/strong><\/th><th class=\"has-text-align-center\" data-align=\"center\"><strong>Estado<\/strong><\/th><\/tr><\/thead><tbody><tr><td>Taxa de Natalidade (por mil habitantes)<\/td><td>&nbsp;2022<\/td><td class=\"has-text-align-center\" data-align=\"center\">12,23<\/td><td class=\"has-text-align-center\" data-align=\"center\">12,52<\/td><td class=\"has-text-align-center\" data-align=\"center\">11,54<\/td><\/tr><tr><td>Taxa de Fecundidade Geral (por mil mulheres entre 15 e 49 anos)<\/td><td>2022<\/td><td class=\"has-text-align-center\" data-align=\"center\">46,07<\/td><td class=\"has-text-align-center\" data-align=\"center\">45,59<\/td><td class=\"has-text-align-center\" data-align=\"center\">43,5<\/td><\/tr><tr><td>Taxa de Mortalidade Infantil (por mil nascidos vivos)<\/td><td>2022<\/td><td class=\"has-text-align-center\" data-align=\"center\">10,65<\/td><td class=\"has-text-align-center\" data-align=\"center\">11,53<\/td><td class=\"has-text-align-center\" data-align=\"center\">11,24<\/td><\/tr><tr><td>Taxa de Mortalidade na Inf\u00e2ncia (por mil nascidos vivos)<\/td><td>2022<\/td><td class=\"has-text-align-center\" data-align=\"center\">11,94<\/td><td class=\"has-text-align-center\" data-align=\"center\">13,35<\/td><td class=\"has-text-align-center\" data-align=\"center\">13,3<\/td><\/tr><tr><td>Taxa de Mortalidade da Popula\u00e7\u00e3o entre 15 e 29 Anos (por mil habitantes nessa faixa et\u00e1ria)<\/td><td>2022<\/td><td class=\"has-text-align-center\" data-align=\"center\">0,7<\/td><td class=\"has-text-align-center\" data-align=\"center\">0,8<\/td><td class=\"has-text-align-center\" data-align=\"center\">1,0<\/td><\/tr><tr><td>Taxa de Mortalidade da Popula\u00e7\u00e3o de 60 Anos e Mais (por mil habitantes nessa faixa et\u00e1ria)<\/td><td>2022<\/td><td class=\"has-text-align-center\" data-align=\"center\">34,10<\/td><td class=\"has-text-align-center\" data-align=\"center\">32,90<\/td><td class=\"has-text-align-center\" data-align=\"center\">&nbsp;34,70<\/td><\/tr><tr><td>Percentual de partos de M\u00e3es adolescentes  (at\u00e9 19 anos)<\/td><td>2022<\/td><td class=\"has-text-align-center\" data-align=\"center\">5,78<\/td><td class=\"has-text-align-center\" data-align=\"center\">7,4<\/td><td class=\"has-text-align-center\" data-align=\"center\">8,44<\/td><\/tr><tr><td>Leito SUS (por mil habitantes) <\/td><td>2022<\/td><td class=\"has-text-align-center\" data-align=\"center\">0,96<\/td><td class=\"has-text-align-center\" data-align=\"center\">0,73<\/td><td class=\"has-text-align-center\" data-align=\"center\">1,23<\/td><\/tr><\/tbody><\/table><figcaption class=\"wp-element-caption\"><em><small>Fonte: Funda\u00e7\u00e3o SEADE e Datasus.<\/small><\/em><\/figcaption><\/figure>\n\n\n\n<p class=\"has-text-align-left\"><\/p>\n\n\n\n<figure class=\"wp-block-image size-full\"><a href=\"https:\/\/jundiai.sp.gov.br\/a-cidade\/wp-content\/uploads\/sites\/31\/2022\/07\/conddevida.png\"><img loading=\"lazy\" decoding=\"async\" width=\"1280\" height=\"299\" src=\"https:\/\/jundiai.sp.gov.br\/a-cidade\/wp-content\/uploads\/sites\/31\/2022\/07\/conddevida.png\" alt=\"\" class=\"wp-image-336\" srcset=\"https:\/\/jundiai.sp.gov.br\/a-cidade\/wp-content\/uploads\/sites\/31\/2022\/07\/conddevida.png 1280w, https:\/\/jundiai.sp.gov.br\/a-cidade\/wp-content\/uploads\/sites\/31\/2022\/07\/conddevida-300x70.png 300w, https:\/\/jundiai.sp.gov.br\/a-cidade\/wp-content\/uploads\/sites\/31\/2022\/07\/conddevida-768x179.png 768w\" sizes=\"auto, (max-width: 1280px) 100vw, 1280px\" \/><\/a><\/figure>\n\n\n\n<figure class=\"wp-block-table tabela-cabecalho-azul\"><table><thead><tr><th><\/th><th><strong>Ano<\/strong><\/th><th class=\"has-text-align-center\" data-align=\"center\"><strong>Munic\u00edpio<\/strong><\/th><th class=\"has-text-align-center\" data-align=\"center\"><strong>Regi\u00e3o Metropolitana<\/strong><\/th><th class=\"has-text-align-center\" data-align=\"center\"><strong>Estado<\/strong><\/th><\/tr><\/thead><tbody><tr><td>\u00cdndice Paulista de Responsabilidade Social \u2013 IPRS \u2013 Dimens\u00e3o Riqueza \u2013 Pontua\u00e7\u00e3o*<\/td><td>2018<\/td><td class=\"has-text-align-center\" data-align=\"center\">51<\/td><td class=\"has-text-align-center\" data-align=\"center\">44<\/td><td class=\"has-text-align-center\" data-align=\"center\">44<\/td><\/tr><tr><td>\u00cdndice Paulista de Responsabilidade Social \u2013 IPRS \u2013 Dimens\u00e3o Longevidade \u2013 Pontua\u00e7\u00e3o*<\/td><td>2018<\/td><td class=\"has-text-align-center\" data-align=\"center\">77<\/td><td class=\"has-text-align-center\" data-align=\"center\">75<\/td><td class=\"has-text-align-center\" data-align=\"center\">72<\/td><\/tr><tr><td>\u00cdndice Paulista de Responsabilidade Social \u2013 IPRS \u2013 Dimens\u00e3o Escolaridade \u2013 Pontua\u00e7\u00e3o*<\/td><td>2018<\/td><td class=\"has-text-align-center\" data-align=\"center\">66<\/td><td class=\"has-text-align-center\" data-align=\"center\">59<\/td><td class=\"has-text-align-center\" data-align=\"center\">53<\/td><\/tr><tr><td>\u00cdndice Paulista de Responsabilidade Social \u2013 IPRS*<\/td><td>2018<\/td><td class=\"has-text-align-center\" data-align=\"center\">Grupo 1 \u2013 Munic\u00edpios com n\u00edvel elevado de riqueza e<br>bons n\u00edveis nos indicadores sociais<\/td><td class=\"has-text-align-center\" data-align=\"center\">&nbsp;<\/td><td class=\"has-text-align-center\" data-align=\"center\">&nbsp;<\/td><\/tr><tr><td>Renda per Capita (Em reais correntes)**<\/td><td>2010<\/td><td class=\"has-text-align-center\" data-align=\"center\">1.121,82<\/td><td class=\"has-text-align-center\" data-align=\"center\">853,85<\/td><td class=\"has-text-align-center\" data-align=\"center\">853,75<\/td><\/tr><tr><td>Domic\u00edlios Particulares com Renda per Capita at\u00e9 1\/4 do Sal\u00e1rio M\u00ednimo (Em %)**<\/td><td>2010<\/td><td class=\"has-text-align-center\" data-align=\"center\">4,12<\/td><td class=\"has-text-align-center\" data-align=\"center\">5,32<\/td><td class=\"has-text-align-center\" data-align=\"center\">7,42<\/td><\/tr><tr><td>Domic\u00edlios Particulares com Renda per Capita at\u00e9 1\/2 do Sal\u00e1rio M\u00ednimo (Em %)**<\/td><td>2010<\/td><td class=\"has-text-align-center\" data-align=\"center\">10,4<\/td><td class=\"has-text-align-center\" data-align=\"center\">14,63<\/td><td class=\"has-text-align-center\" data-align=\"center\">18,86<\/td><\/tr><\/tbody><\/table><figcaption class=\"wp-element-caption\"><em><small>Fonte: *Funda\u00e7\u00e3o SEADE<\/small>\/**IBGE<\/em>.<\/figcaption><\/figure>\n\n\n\n<p><\/p>\n\n\n\n<figure class=\"wp-block-image size-full\"><a href=\"https:\/\/jundiai.sp.gov.br\/a-cidade\/wp-content\/uploads\/sites\/31\/2022\/07\/habitacaoinfraestrutura.png\"><img loading=\"lazy\" decoding=\"async\" width=\"1280\" height=\"299\" src=\"https:\/\/jundiai.sp.gov.br\/a-cidade\/wp-content\/uploads\/sites\/31\/2022\/07\/habitacaoinfraestrutura.png\" alt=\"\" class=\"wp-image-337\" srcset=\"https:\/\/jundiai.sp.gov.br\/a-cidade\/wp-content\/uploads\/sites\/31\/2022\/07\/habitacaoinfraestrutura.png 1280w, https:\/\/jundiai.sp.gov.br\/a-cidade\/wp-content\/uploads\/sites\/31\/2022\/07\/habitacaoinfraestrutura-300x70.png 300w, https:\/\/jundiai.sp.gov.br\/a-cidade\/wp-content\/uploads\/sites\/31\/2022\/07\/habitacaoinfraestrutura-768x179.png 768w\" sizes=\"auto, (max-width: 1280px) 100vw, 1280px\" \/><\/a><\/figure>\n\n\n\n<figure class=\"wp-block-table tabela-cabecalho-azul\"><table><thead><tr><th><\/th><th><strong>Ano<\/strong><\/th><th class=\"has-text-align-center\" data-align=\"center\"><strong>Munic\u00edpio<\/strong><\/th><th class=\"has-text-align-center\" data-align=\"center\"><strong><strong>Regi\u00e3o Metropolitana<\/strong><\/strong><\/th><th class=\"has-text-align-center\" data-align=\"center\"><strong>Estado<\/strong><\/th><\/tr><\/thead><tbody><tr><td>\u00cdndice de atendimento total &#8211; Coleta de Lixo Domiciliar e Comercial (Em %)<\/td><td>2022<\/td><td class=\"has-text-align-center\" data-align=\"center\">100<\/td><td class=\"has-text-align-center\" data-align=\"center\">100<\/td><td class=\"has-text-align-center\" data-align=\"center\">97,51<\/td><\/tr><tr><td>\u00cdndice de atendimento total de esgoto (%)<\/td><td>2022<\/td><td class=\"has-text-align-center\" data-align=\"center\">98,8<\/td><td class=\"has-text-align-center\" data-align=\"center\">74<\/td><td class=\"has-text-align-center\" data-align=\"center\">90,54<\/td><\/tr><tr><td>\u00cdndice de atendimento total de \u00e1gua (%)<\/td><td>2022<\/td><td class=\"has-text-align-center\" data-align=\"center\">99,6<\/td><td class=\"has-text-align-center\" data-align=\"center\">83<\/td><td class=\"has-text-align-center\" data-align=\"center\">65,21<\/td><\/tr><\/tbody><\/table><figcaption class=\"wp-element-caption\"><em>Fonte: SNIS<\/em><\/figcaption><\/figure>\n\n\n\n<p><\/p>\n\n\n\n<figure class=\"wp-block-image size-full\"><a href=\"https:\/\/jundiai.sp.gov.br\/a-cidade\/wp-content\/uploads\/sites\/31\/2022\/07\/educacao.png\"><img loading=\"lazy\" decoding=\"async\" width=\"1280\" height=\"299\" src=\"https:\/\/jundiai.sp.gov.br\/a-cidade\/wp-content\/uploads\/sites\/31\/2022\/07\/educacao.png\" alt=\"\" class=\"wp-image-338\" srcset=\"https:\/\/jundiai.sp.gov.br\/a-cidade\/wp-content\/uploads\/sites\/31\/2022\/07\/educacao.png 1280w, https:\/\/jundiai.sp.gov.br\/a-cidade\/wp-content\/uploads\/sites\/31\/2022\/07\/educacao-300x70.png 300w, https:\/\/jundiai.sp.gov.br\/a-cidade\/wp-content\/uploads\/sites\/31\/2022\/07\/educacao-768x179.png 768w\" sizes=\"auto, (max-width: 1280px) 100vw, 1280px\" \/><\/a><\/figure>\n\n\n\n<figure class=\"wp-block-table tabela-cabecalho-azul\"><table><thead><tr><th><\/th><th class=\"has-text-align-center\" data-align=\"center\"><strong>Ano<\/strong><\/th><th class=\"has-text-align-center\" data-align=\"center\"><strong>Munic\u00edpio<\/strong><\/th><th class=\"has-text-align-center\" data-align=\"center\"><strong>Regi\u00e3o Metropolitana<\/strong><\/th><th class=\"has-text-align-center\" data-align=\"center\"><strong>Estado<\/strong><\/th><\/tr><\/thead><tbody><tr><td>Taxa de Analfabetismo da Popula\u00e7\u00e3o de 15 Anos e Mais (Em %)*<\/td><td class=\"has-text-align-center\" data-align=\"center\">2010<\/td><td class=\"has-text-align-center\" data-align=\"center\">3,08<\/td><td class=\"has-text-align-center\" data-align=\"center\">3,97<\/td><td class=\"has-text-align-center\" data-align=\"center\">4,33<\/td><\/tr><tr><td>Popula\u00e7\u00e3o de 18 a 24 Anos com Ensino M\u00e9dio Completo (Em %)*<\/td><td class=\"has-text-align-center\" data-align=\"center\">2010<\/td><td class=\"has-text-align-center\" data-align=\"center\">65,87<\/td><td class=\"has-text-align-center\" data-align=\"center\">&#8211;<\/td><td class=\"has-text-align-center\" data-align=\"center\">57,89<\/td><\/tr><tr><td>IDEB &#8211; Anos Finais**<\/td><td class=\"has-text-align-center\" data-align=\"center\">2021<\/td><td class=\"has-text-align-center\" data-align=\"center\">5,6<\/td><td class=\"has-text-align-center\" data-align=\"center\">5,1<\/td><td class=\"has-text-align-center\" data-align=\"center\">5,3<\/td><\/tr><tr><td>IDEB &#8211; Anos Iniciais**<\/td><td class=\"has-text-align-center\" data-align=\"center\">2021<\/td><td class=\"has-text-align-center\" data-align=\"center\">7<\/td><td class=\"has-text-align-center\" data-align=\"center\">6,7<\/td><td class=\"has-text-align-center\" data-align=\"center\">6,6<\/td><\/tr><\/tbody><\/table><figcaption class=\"wp-element-caption\"><em><small>Fonte: *Funda\u00e7\u00e3o SEADE\/**IDEB.<\/small><\/em><\/figcaption><\/figure>\n\n\n\n<p><\/p>\n\n\n\n<figure class=\"wp-block-image size-full\"><a href=\"https:\/\/jundiai.sp.gov.br\/a-cidade\/wp-content\/uploads\/sites\/31\/2022\/07\/empregorendimento.png\"><img loading=\"lazy\" decoding=\"async\" width=\"1280\" height=\"299\" src=\"https:\/\/jundiai.sp.gov.br\/a-cidade\/wp-content\/uploads\/sites\/31\/2022\/07\/empregorendimento.png\" alt=\"\" class=\"wp-image-339\" srcset=\"https:\/\/jundiai.sp.gov.br\/a-cidade\/wp-content\/uploads\/sites\/31\/2022\/07\/empregorendimento.png 1280w, https:\/\/jundiai.sp.gov.br\/a-cidade\/wp-content\/uploads\/sites\/31\/2022\/07\/empregorendimento-300x70.png 300w, https:\/\/jundiai.sp.gov.br\/a-cidade\/wp-content\/uploads\/sites\/31\/2022\/07\/empregorendimento-768x179.png 768w\" sizes=\"auto, (max-width: 1280px) 100vw, 1280px\" \/><\/a><\/figure>\n\n\n\n<figure class=\"wp-block-table tabela-cabecalho-azul\"><table><thead><tr><th><\/th><th class=\"has-text-align-center\" data-align=\"center\"><strong>Ano<\/strong><\/th><th class=\"has-text-align-center\" data-align=\"center\"><strong>Munic\u00edpio<\/strong><\/th><th class=\"has-text-align-center\" data-align=\"center\"><strong><strong>Regi\u00e3o Metropolitana<\/strong><\/strong><\/th><th class=\"has-text-align-center\" data-align=\"center\"><strong>Estado<\/strong><\/th><\/tr><\/thead><tbody><tr><td>Participa\u00e7\u00e3o dos empregos formais da agricultura, pecu\u00e1ria, produ\u00e7\u00e3o florestal, pesca e aquicultura no total de empregos formais (Em %)*<\/td><td class=\"has-text-align-center\" data-align=\"center\">2021<\/td><td class=\"has-text-align-center\" data-align=\"center\">0,25<\/td><td class=\"has-text-align-center\" data-align=\"center\">0,77<\/td><td class=\"has-text-align-center\" data-align=\"center\">2,67<\/td><\/tr><tr><td>Participa\u00e7\u00e3o dos empregos formais da ind\u00fastria no total de empregos formais (Em %)*<\/td><td class=\"has-text-align-center\" data-align=\"center\">2021<\/td><td class=\"has-text-align-center\" data-align=\"center\">25,90<\/td><td class=\"has-text-align-center\" data-align=\"center\">32,61<\/td><td class=\"has-text-align-center\" data-align=\"center\">18,78<\/td><\/tr><tr><td>Participa\u00e7\u00e3o dos empregos formais da constru\u00e7\u00e3o no total de empregos formais (Em %)*<\/td><td class=\"has-text-align-center\" data-align=\"center\">2021<\/td><td class=\"has-text-align-center\" data-align=\"center\">3,40<\/td><td class=\"has-text-align-center\" data-align=\"center\">3,20<\/td><td class=\"has-text-align-center\" data-align=\"center\">5,21<\/td><\/tr><tr><td>Participa\u00e7\u00e3o dos empregos formais do com\u00e9rcio atacadista e varejista e do com\u00e9rcio e repara\u00e7\u00e3o de ve\u00edculos automotores e motocicletas no total de empregos formais (Em %)*<\/td><td class=\"has-text-align-center\" data-align=\"center\">2021<\/td><td class=\"has-text-align-center\" data-align=\"center\">22,49<\/td><td class=\"has-text-align-center\" data-align=\"center\">21,50<\/td><td class=\"has-text-align-center\" data-align=\"center\">21,25<\/td><\/tr><tr><td>Participa\u00e7\u00e3o dos empregos formais dos servi\u00e7os no total de empregos formais (Em %)*<\/td><td class=\"has-text-align-center\" data-align=\"center\">2021<\/td><td class=\"has-text-align-center\" data-align=\"center\">47,95<\/td><td class=\"has-text-align-center\" data-align=\"center\">41,92<\/td><td class=\"has-text-align-center\" data-align=\"center\">52,09<\/td><\/tr><tr><td>Rendimento M\u00e9dio dos empregos formais da agricultura, pecu\u00e1ria, produ\u00e7\u00e3o florestal, pesca e aquicultura (Em reais correntes)**<\/td><td class=\"has-text-align-center\" data-align=\"center\">2021<\/td><td class=\"has-text-align-center\" data-align=\"center\">1.770,61<\/td><td class=\"has-text-align-center\" data-align=\"center\">&nbsp;2.008,27<\/td><td class=\"has-text-align-center\" data-align=\"center\">&nbsp;2.323,67<\/td><\/tr><tr><td>Rendimento M\u00e9dio dos empregos formais da ind\u00fastria (Em reais correntes)**<\/td><td class=\"has-text-align-center\" data-align=\"center\">2021<\/td><td class=\"has-text-align-center\" data-align=\"center\">4.963,53<\/td><td class=\"has-text-align-center\" data-align=\"center\">4.323,28<\/td><td class=\"has-text-align-center\" data-align=\"center\">4.106,34<\/td><\/tr><tr><td>Rendimento M\u00e9dio dos empregos formais da constru\u00e7\u00e3o (Em reais correntes)**<\/td><td class=\"has-text-align-center\" data-align=\"center\">2021<\/td><td class=\"has-text-align-center\" data-align=\"center\">2.842,01<\/td><td class=\"has-text-align-center\" data-align=\"center\">2.722,06<\/td><td class=\"has-text-align-center\" data-align=\"center\">2.997,79<\/td><\/tr><tr><td>Rendimento M\u00e9dio do com\u00e9rcio no total de empregos formais (Em reais correntes)**<\/td><td class=\"has-text-align-center\" data-align=\"center\">2021<\/td><td class=\"has-text-align-center\" data-align=\"center\">3.231,65<\/td><td class=\"has-text-align-center\" data-align=\"center\">2.722,06<\/td><td class=\"has-text-align-center\" data-align=\"center\">2.997,79<\/td><\/tr><tr><td>Rendimento M\u00e9dio dos empregos formais dos servi\u00e7os&nbsp; (Em reais correntes)**<\/td><td class=\"has-text-align-center\" data-align=\"center\">2021<\/td><td class=\"has-text-align-center\" data-align=\"center\">3.092,22<\/td><td class=\"has-text-align-center\" data-align=\"center\">3.202,27<\/td><td class=\"has-text-align-center\" data-align=\"center\">3.959,19<\/td><\/tr><tr><td>Rendimento M\u00e9dio do total de empregos formais&nbsp; (Em reais correntes)**<\/td><td class=\"has-text-align-center\" data-align=\"center\">2021<\/td><td class=\"has-text-align-center\" data-align=\"center\">3.798,19<\/td><td class=\"has-text-align-center\" data-align=\"center\">3.473,65<\/td><td class=\"has-text-align-center\" data-align=\"center\">3.942,82<\/td><\/tr><\/tbody><\/table><figcaption class=\"wp-element-caption\"><em><small>Fonte: *Funda\u00e7\u00e3o SEADE e **CAGED.<\/small><\/em><\/figcaption><\/figure>\n\n\n\n<p><\/p>\n\n\n\n<figure class=\"wp-block-image size-full\"><a href=\"https:\/\/jundiai.sp.gov.br\/a-cidade\/wp-content\/uploads\/sites\/31\/2022\/07\/empregoformal.png\"><img loading=\"lazy\" decoding=\"async\" width=\"1280\" height=\"299\" src=\"https:\/\/jundiai.sp.gov.br\/a-cidade\/wp-content\/uploads\/sites\/31\/2022\/07\/empregoformal.png\" alt=\"\" class=\"wp-image-343\" srcset=\"https:\/\/jundiai.sp.gov.br\/a-cidade\/wp-content\/uploads\/sites\/31\/2022\/07\/empregoformal.png 1280w, https:\/\/jundiai.sp.gov.br\/a-cidade\/wp-content\/uploads\/sites\/31\/2022\/07\/empregoformal-300x70.png 300w, https:\/\/jundiai.sp.gov.br\/a-cidade\/wp-content\/uploads\/sites\/31\/2022\/07\/empregoformal-768x179.png 768w\" sizes=\"auto, (max-width: 1280px) 100vw, 1280px\" \/><\/a><\/figure>\n\n\n\n<figure class=\"wp-block-table tabela-cabecalho-azul\"><table><thead><tr><th class=\"has-text-align-center\" data-align=\"center\"><strong>Setor<\/strong><\/th><th>Ano<\/th><th class=\"has-text-align-center\" data-align=\"center\"><strong>N\u00ba. Empregos Formais<\/strong><\/th><th class=\"has-text-align-center\" data-align=\"center\"><strong>% dos Empregos Formais<\/strong><\/th><\/tr><\/thead><tbody><tr><td class=\"has-text-align-center\" data-align=\"center\">Agropecu\u00e1ria<\/td><td>2021<\/td><td class=\"has-text-align-center\" data-align=\"center\">852<\/td><td class=\"has-text-align-center\" data-align=\"center\">0,48%<\/td><\/tr><tr><td class=\"has-text-align-center\" data-align=\"center\">Com\u00e9rcio<\/td><td>2021<\/td><td class=\"has-text-align-center\" data-align=\"center\">38.322<\/td><td class=\"has-text-align-center\" data-align=\"center\">21,74%<\/td><\/tr><tr><td class=\"has-text-align-center\" data-align=\"center\">Constru\u00e7\u00e3o<\/td><td>2021<\/td><td class=\"has-text-align-center\" data-align=\"center\">5.567<\/td><td class=\"has-text-align-center\" data-align=\"center\">3,16%<\/td><\/tr><tr><td class=\"has-text-align-center\" data-align=\"center\">Ind\u00fastria<\/td><td>2021<\/td><td class=\"has-text-align-center\" data-align=\"center\">45.271<\/td><td class=\"has-text-align-center\" data-align=\"center\">25,68%<\/td><\/tr><tr><td class=\"has-text-align-center\" data-align=\"center\">Adm P\u00fablica<\/td><td>2021<\/td><td class=\"has-text-align-center\" data-align=\"center\">7.946<\/td><td class=\"has-text-align-center\" data-align=\"center\">4,51%<\/td><\/tr><tr><td class=\"has-text-align-center\" data-align=\"center\">Servi\u00e7os<\/td><td>2021<\/td><td class=\"has-text-align-center\" data-align=\"center\">78.333<\/td><td class=\"has-text-align-center\" data-align=\"center\">44,43%<\/td><\/tr><tr><td class=\"has-text-align-center\" data-align=\"center\">Total<\/td><td>2021<\/td><td class=\"has-text-align-center\" data-align=\"center\">176.291<\/td><td class=\"has-text-align-center\" data-align=\"center\">100%<\/td><\/tr><\/tbody><\/table><figcaption class=\"wp-element-caption\"><em><small>Fonte: Novo CAGED (Dados de Dezembro\/2021).<\/small><\/em><\/figcaption><\/figure>\n\n\n\n<p><\/p>\n\n\n\n<figure class=\"wp-block-image size-full\"><a href=\"https:\/\/jundiai.sp.gov.br\/a-cidade\/wp-content\/uploads\/sites\/31\/2022\/07\/economia.png\"><img loading=\"lazy\" decoding=\"async\" width=\"1280\" height=\"299\" src=\"https:\/\/jundiai.sp.gov.br\/a-cidade\/wp-content\/uploads\/sites\/31\/2022\/07\/economia.png\" alt=\"\" class=\"wp-image-340\" srcset=\"https:\/\/jundiai.sp.gov.br\/a-cidade\/wp-content\/uploads\/sites\/31\/2022\/07\/economia.png 1280w, https:\/\/jundiai.sp.gov.br\/a-cidade\/wp-content\/uploads\/sites\/31\/2022\/07\/economia-300x70.png 300w, https:\/\/jundiai.sp.gov.br\/a-cidade\/wp-content\/uploads\/sites\/31\/2022\/07\/economia-768x179.png 768w\" sizes=\"auto, (max-width: 1280px) 100vw, 1280px\" \/><\/a><\/figure>\n\n\n\n<figure class=\"wp-block-table tabela-cabecalho-azul\"><table><thead><tr><th><\/th><th class=\"has-text-align-center\" data-align=\"center\"><strong>&nbsp;Ano<\/strong><\/th><th class=\"has-text-align-center\" data-align=\"center\"><strong>Munic\u00edpio<\/strong><\/th><th class=\"has-text-align-center\" data-align=\"center\"><strong>Regi\u00e3o Metropolitana<\/strong><\/th><th class=\"has-text-align-center\" data-align=\"center\"><strong>Estado<\/strong><\/th><\/tr><\/thead><tbody><tr><td>Valor exportado (Em U$ milh\u00f5es)*<\/td><td class=\"has-text-align-center\" data-align=\"center\">2022<\/td><td class=\"has-text-align-center\" data-align=\"center\">709.150.128,00<\/td><td class=\"has-text-align-center\" data-align=\"center\">1.449.790.995,00<\/td><td class=\"has-text-align-center\" data-align=\"center\">74.061.023.591,00<\/td><\/tr><tr><td>Participa\u00e7\u00e3o nas Exporta\u00e7\u00f5es do Estado (Em %)*<\/td><td class=\"has-text-align-center\" data-align=\"center\">2022<\/td><td class=\"has-text-align-center\" data-align=\"center\">0,96<\/td><td class=\"has-text-align-center\" data-align=\"center\">1,96<\/td><td class=\"has-text-align-center\" data-align=\"center\">100<\/td><\/tr><tr><td>Participa\u00e7\u00e3o da Agropecu\u00e1ria no Total do Valor Adicionado (Em %)*<\/td><td class=\"has-text-align-center\" data-align=\"center\">2021<\/td><td class=\"has-text-align-center\" data-align=\"center\">0,42<\/td><td class=\"has-text-align-center\" data-align=\"center\">0,53<\/td><td class=\"has-text-align-center\" data-align=\"center\">2,06<\/td><\/tr><tr><td>Participa\u00e7\u00e3o da Ind\u00fastria no Total do Valor Adicionado (Em %)*<\/td><td class=\"has-text-align-center\" data-align=\"center\">2021<\/td><td class=\"has-text-align-center\" data-align=\"center\">26,77<\/td><td class=\"has-text-align-center\" data-align=\"center\">30,87<\/td><td class=\"has-text-align-center\" data-align=\"center\">23,07<\/td><\/tr><tr><td>Participa\u00e7\u00e3o dos Servi\u00e7os no Total do Valor Adicionado (Em %)*<\/td><td class=\"has-text-align-center\" data-align=\"center\">2021<\/td><td class=\"has-text-align-center\" data-align=\"center\">67,68<\/td><td class=\"has-text-align-center\" data-align=\"center\">63,15<\/td><td class=\"has-text-align-center\" data-align=\"center\">65,66<\/td><\/tr><tr><td>\u00cdndice de efici\u00eancia da gest\u00e3o municipal &#8211; IEGM ***<\/td><td class=\"has-text-align-center\" data-align=\"center\">2020<\/td><td class=\"has-text-align-center\" data-align=\"center\">Nota: B &#8211; Efetiva &#8211; IEG-M entre 60% e 74,9% da nota m\u00e1xima<\/td><td class=\"has-text-align-center\" data-align=\"center\"><\/td><td class=\"has-text-align-center\" data-align=\"center\"><\/td><\/tr><tr><td>PIB (Em milh\u00f5es de reais correntes)**<span style=\"font-size: inherit;font-family: inherit;font-weight: inherit\"> <\/span><\/td><td class=\"has-text-align-center\" data-align=\"center\">2021<\/td><td class=\"has-text-align-center\" data-align=\"center\">57.670.892.706,00<\/td><td class=\"has-text-align-center\" data-align=\"center\">101.226.844.809,00<\/td><td class=\"has-text-align-center\" data-align=\"center\">2.719.751.231.000,00<\/td><\/tr><tr><td>PIB per Capita (Em reais correntes)**<\/td><td class=\"has-text-align-center\" data-align=\"center\">2021<\/td><td class=\"has-text-align-center\" data-align=\"center\">135.081,20<\/td><td class=\"has-text-align-center\" data-align=\"center\">119.989,20<\/td><td class=\"has-text-align-center\" data-align=\"center\">58.302,29<\/td><\/tr><tr><td>Participa\u00e7\u00e3o no PIB do Estado (Em %)**<\/td><td class=\"has-text-align-center\" data-align=\"center\">2021<\/td><td class=\"has-text-align-center\" data-align=\"center\">2,12%<\/td><td class=\"has-text-align-center\" data-align=\"center\">3,72%<\/td><td class=\"has-text-align-center\" data-align=\"center\">&#8212;<\/td><\/tr><\/tbody><\/table><figcaption class=\"wp-element-caption\"><em><small>Fontes: *Funda\u00e7\u00e3o SEADE; **IBGE<\/small><\/em>, <em>***IEGM.<\/em><\/figcaption><\/figure>\n\n\n\n<p><\/p>\n\n\n\n<figure class=\"wp-block-table tabela-cabecalho-azul\"><table><thead><tr><th>EVOLU\u00c7\u00c3O DO PIB<\/th><th class=\"has-text-align-center\" data-align=\"center\"><strong>2020<\/strong><\/th><th class=\"has-text-align-center\" data-align=\"center\"><strong>Varia\u00e7\u00e3o<\/strong><\/th><th class=\"has-text-align-center\" data-align=\"center\">2021<\/th><\/tr><\/thead><tbody><tr><td>PIB Munic\u00edpio \u2013 Posi\u00e7\u00e3o no Estado<\/td><td class=\"has-text-align-center\" data-align=\"center\">5\u00ba<\/td><td class=\"has-text-align-center\" data-align=\"center\">v<\/td><td class=\"has-text-align-center\" data-align=\"center\">7\u00ba<\/td><\/tr><tr><td>PIB Munic\u00edpio \u2013 Posi\u00e7\u00e3o na Regi\u00e3o Sudeste<\/td><td class=\"has-text-align-center\" data-align=\"center\">8\u00ba<\/td><td class=\"has-text-align-center\" data-align=\"center\">v<\/td><td class=\"has-text-align-center\" data-align=\"center\">11\u00ba<\/td><\/tr><tr><td>PIB Munic\u00edpio \u2013 Posi\u00e7\u00e3o no Brasil<\/td><td class=\"has-text-align-center\" data-align=\"center\">14\u00ba<\/td><td class=\"has-text-align-center\" data-align=\"center\">v<\/td><td class=\"has-text-align-center\" data-align=\"center\">18\u00ba<\/td><\/tr><tr><td>PIB Munic\u00edpio \u2013 Posi\u00e7\u00e3o no Brasil &#8211; Exceto capitais<\/td><td class=\"has-text-align-center\" data-align=\"center\">5\u00ba<\/td><td class=\"has-text-align-center\" data-align=\"center\">v<\/td><td class=\"has-text-align-center\" data-align=\"center\">8\u00ba<\/td><\/tr><tr><td>PIB per capita \u2013 Posi\u00e7\u00e3o na Regi\u00e3o Geogr\u00e1fica Imediata<\/td><td class=\"has-text-align-center\" data-align=\"center\">3\u00ba<\/td><td class=\"has-text-align-center\" data-align=\"center\">^<\/td><td class=\"has-text-align-center\" data-align=\"center\">2\u00ba<\/td><\/tr><tr><td>PIB per capita \u2013 Posi\u00e7\u00e3o no Estado<\/td><td class=\"has-text-align-center\" data-align=\"center\">14\u00ba<\/td><td class=\"has-text-align-center\" data-align=\"center\">v<\/td><td class=\"has-text-align-center\" data-align=\"center\">16\u00ba<\/td><\/tr><tr><td>PIB per capita \u2013 Posi\u00e7\u00e3o no Brasil<\/td><td class=\"has-text-align-center\" data-align=\"center\">70\u00ba<\/td><td class=\"has-text-align-center\" data-align=\"center\">v<\/td><td class=\"has-text-align-center\" data-align=\"center\">110\u00ba<\/td><\/tr><\/tbody><\/table><figcaption class=\"wp-element-caption\"><em><small>Fontes: IBGE<\/small><\/em>.<\/figcaption><\/figure>\n\n\n\n<p><\/p>\n\n\n\n<figure class=\"wp-block-image size-full\"><a href=\"https:\/\/jundiai.sp.gov.br\/a-cidade\/wp-content\/uploads\/sites\/31\/2022\/07\/financas.png\"><img loading=\"lazy\" decoding=\"async\" width=\"1280\" height=\"299\" src=\"https:\/\/jundiai.sp.gov.br\/a-cidade\/wp-content\/uploads\/sites\/31\/2022\/07\/financas.png\" alt=\"\" class=\"wp-image-341\" srcset=\"https:\/\/jundiai.sp.gov.br\/a-cidade\/wp-content\/uploads\/sites\/31\/2022\/07\/financas.png 1280w, https:\/\/jundiai.sp.gov.br\/a-cidade\/wp-content\/uploads\/sites\/31\/2022\/07\/financas-300x70.png 300w, https:\/\/jundiai.sp.gov.br\/a-cidade\/wp-content\/uploads\/sites\/31\/2022\/07\/financas-768x179.png 768w\" sizes=\"auto, (max-width: 1280px) 100vw, 1280px\" \/><\/a><\/figure>\n\n\n\n<figure class=\"wp-block-table tabela-cabecalho-azul\"><table><thead><tr><th><\/th><th class=\"has-text-align-center\" data-align=\"center\">2023<\/th><\/tr><\/thead><tbody><tr><td>Receita Total Arrecadada (em R$)<\/td><td class=\"has-text-align-center\" data-align=\"center\">2.877.311.227,60<\/td><\/tr><tr><td>Receita Total Arrecadada &#8211; Per Capita (em R$)<\/td><td class=\"has-text-align-center\" data-align=\"center\">6.491,82<\/td><\/tr><tr><td>Or\u00e7amento Total Empenhado \u2013 Educa\u00e7\u00e3o (em R$)<\/td><td class=\"has-text-align-center\" data-align=\"center\">695.306.753,17<\/td><\/tr><tr><td>Or\u00e7amento Total Empenhado \u2013 Sa\u00fade (em R$)<\/td><td class=\"has-text-align-center\" data-align=\"center\">825.577.186,22<\/td><\/tr><tr><td><strong>Principais Receitas de Transfer\u00eancias: (em R$)<\/strong><\/td><td class=\"has-text-align-center\" data-align=\"center\"><\/td><\/tr><tr><td>ICMS<\/td><td class=\"has-text-align-center\" data-align=\"center\">916.398.220,86<\/td><\/tr><tr><td>F.P.M.<\/td><td class=\"has-text-align-center\" data-align=\"center\">116.618.862,35<\/td><\/tr><tr><td>IPVA<\/td><td class=\"has-text-align-center\" data-align=\"center\">205.078.597,13<\/td><\/tr><tr><td><strong>Principais Receitas Pr\u00f3prias (em R$)<\/strong><\/td><td class=\"has-text-align-center\" data-align=\"center\"><\/td><\/tr><tr><td>IPTU<\/td><td class=\"has-text-align-center\" data-align=\"center\">244.876.676,98<\/td><\/tr><tr><td>ISS<\/td><td class=\"has-text-align-center\" data-align=\"center\">496.599.431,28<\/td><\/tr><tr><td>ITBI<\/td><td class=\"has-text-align-center\" data-align=\"center\">106.384.027,26<\/td><\/tr><tr><td>IRRF<\/td><td class=\"has-text-align-center\" data-align=\"center\">186.301.065,86<\/td><\/tr><\/tbody><\/table><figcaption class=\"wp-element-caption\">Fonte: Prefeitura de Jundia\u00ed<\/figcaption><\/figure>\n\n\n\n<figure class=\"wp-block-image size-full\"><a href=\"https:\/\/jundiai.sp.gov.br\/a-cidade\/wp-content\/uploads\/sites\/31\/2022\/07\/indicedesenvolvimento.png\"><img loading=\"lazy\" decoding=\"async\" width=\"1280\" height=\"299\" src=\"https:\/\/jundiai.sp.gov.br\/a-cidade\/wp-content\/uploads\/sites\/31\/2022\/07\/indicedesenvolvimento.png\" alt=\"\" class=\"wp-image-342\" srcset=\"https:\/\/jundiai.sp.gov.br\/a-cidade\/wp-content\/uploads\/sites\/31\/2022\/07\/indicedesenvolvimento.png 1280w, https:\/\/jundiai.sp.gov.br\/a-cidade\/wp-content\/uploads\/sites\/31\/2022\/07\/indicedesenvolvimento-300x70.png 300w, https:\/\/jundiai.sp.gov.br\/a-cidade\/wp-content\/uploads\/sites\/31\/2022\/07\/indicedesenvolvimento-768x179.png 768w\" sizes=\"auto, (max-width: 1280px) 100vw, 1280px\" \/><\/a><\/figure>\n\n\n\n<figure class=\"wp-block-table tabela-cabecalho-azul\"><table><thead><tr><th><strong>Pa\u00eds\/Estado\/Munic\u00edpio<\/strong><\/th><th class=\"has-text-align-center\" data-align=\"center\"><strong>IDHM-2010<\/strong><\/th><\/tr><\/thead><tbody><tr><td>Brasil<\/td><td class=\"has-text-align-center\" data-align=\"center\">0,727<\/td><\/tr><tr><td>Estado de S\u00e3o Paulo<\/td><td class=\"has-text-align-center\" data-align=\"center\">0,783<\/td><\/tr><tr><td>Jundia\u00ed<\/td><td class=\"has-text-align-center\" data-align=\"center\">0,822<\/td><\/tr><\/tbody><\/table><figcaption class=\"wp-element-caption\"><em><small>Fonte: PNUD.<\/small><\/em><\/figcaption><\/figure>\n\n\n\n<p><\/p>\n\n\n\n<p><em><small><br><\/small><\/em><\/p>\n","protected":false},"excerpt":{"rendered":"<p>*Para mais informa\u00e7\u00f5es sobre o munic\u00edpio, consulte o Observat\u00f3rio Jundia\u00ed Ano Munic\u00edpio Regi\u00e3o Metropolitana Estado \u00c1rea (em km\u00b2)* &nbsp;2022 431,20 1. 270,00 &nbsp;248.219 Popula\u00e7\u00e3o** &nbsp;2022 443.221 &nbsp;843.633 44.411.238 Densidade Demogr\u00e1fica (habitantes\/km\u00b2) * &nbsp;2022 1027,87 663,85 181,90 Taxa Geom\u00e9trica de Crescimento Anual da Popula\u00e7\u00e3o &#8211; 2010\/2021 (em % a.a.)* &nbsp;2022 1,51 2,01 0,61 Grau de Urbaniza\u00e7\u00e3o [&hellip;]<\/p>\n","protected":false},"author":5,"featured_media":0,"parent":0,"menu_order":0,"comment_status":"closed","ping_status":"closed","template":"","meta":{"footnotes":""},"class_list":["post-8","page","type-page","status-publish","hentry"],"_links":{"self":[{"href":"https:\/\/jundiai.sp.gov.br\/a-cidade\/wp-json\/wp\/v2\/pages\/8","targetHints":{"allow":["GET"]}}],"collection":[{"href":"https:\/\/jundiai.sp.gov.br\/a-cidade\/wp-json\/wp\/v2\/pages"}],"about":[{"href":"https:\/\/jundiai.sp.gov.br\/a-cidade\/wp-json\/wp\/v2\/types\/page"}],"author":[{"embeddable":true,"href":"https:\/\/jundiai.sp.gov.br\/a-cidade\/wp-json\/wp\/v2\/users\/5"}],"replies":[{"embeddable":true,"href":"https:\/\/jundiai.sp.gov.br\/a-cidade\/wp-json\/wp\/v2\/comments?post=8"}],"version-history":[{"count":141,"href":"https:\/\/jundiai.sp.gov.br\/a-cidade\/wp-json\/wp\/v2\/pages\/8\/revisions"}],"predecessor-version":[{"id":535,"href":"https:\/\/jundiai.sp.gov.br\/a-cidade\/wp-json\/wp\/v2\/pages\/8\/revisions\/535"}],"wp:attachment":[{"href":"https:\/\/jundiai.sp.gov.br\/a-cidade\/wp-json\/wp\/v2\/media?parent=8"}],"curies":[{"name":"wp","href":"https:\/\/api.w.org\/{rel}","templated":true}]}}