{"id":307,"date":"2020-05-05T15:21:55","date_gmt":"2020-05-05T18:21:55","guid":{"rendered":"http:\/\/www3.jundiai.sp.gov.br\/coronavirus\/?page_id=196"},"modified":"2020-06-15T09:21:24","modified_gmt":"2020-06-15T12:21:24","slug":"cuidados-domesticos-do-paciente-em-isolamento-social","status":"publish","type":"page","link":"https:\/\/jundiai.sp.gov.br\/coronavirus\/faq\/diagnostico\/cuidados-domesticos-do-paciente-em-isolamento-social\/","title":{"rendered":"Cuidados dom\u00e9sticos do paciente com COVID-19"},"content":{"rendered":"<p>O paciente com COVID-19 e todas as pessoas que residem com ele devem permanecer em isolamento domiciliar por 14 dias, desde a data de in\u00edcio dos sintomas. Caso outro familiar da casa tamb\u00e9m inicie sintomas gripais, somente essa pessoa dever\u00e1 reiniciar o isolamento por mais 14 dias, a partir do surgimento dos sintomas.<\/p>\n<p><strong><u>Precau\u00e7\u00f5es para o doente<\/u><\/strong><\/p>\n<p>A pessoa doente deve permanecer em quarto isolado, com boa circula\u00e7\u00e3o de ar. Em idas ao banheiro ou outro ambiente obrigat\u00f3rio, o doente deve obrigatoriamente usar m\u00e1scara. Depois de usar o banheiro, nunca deixe de lavar as m\u00e3os com \u00e1gua e sab\u00e3o e sempre limpe vaso sanit\u00e1rio, pia, manopla da torneira, interruptor de luz e demais superf\u00edcies com \u00e1lcool 70% ou solu\u00e7\u00e3o de \u00e1gua sanit\u00e1ria (250 ml de \u00e1gua sanit\u00e1ria para 1 litro de \u00e1gua) para desinfec\u00e7\u00e3o do ambiente.<\/p>\n<p><img loading=\"lazy\" decoding=\"async\" class=\"alignleft size-full wp-image-446\" src=\"https:\/\/jundiai.sp.gov.br\/coronavirus\/wp-content\/uploads\/sites\/61\/2020\/06\/FAQ1.png\" alt=\"\" width=\"527\" height=\"309\" \/><\/p>\n<p>Alguns itens da pessoa doente devem ser separados:<\/p>\n<p><img loading=\"lazy\" decoding=\"async\" class=\"alignleft size-full wp-image-455\" src=\"https:\/\/jundiai.sp.gov.br\/coronavirus\/wp-content\/uploads\/sites\/61\/2020\/06\/FAQ2-1.png\" alt=\"\" width=\"560\" height=\"254\" \/><\/p>\n<p>&nbsp;<\/p>\n<p><strong><u>Precau\u00e7\u00f5es do cuidador<\/u><\/strong><\/p>\n<p>O cuidador deve utilizar m\u00e1scara quando estiver perto do paciente. Caso a m\u00e1scara fique \u00famida ou com secre\u00e7\u00f5es, deve ser trocada imediatamente. Nunca tocar ou mexer na m\u00e1scara enquanto estiver perto do paciente. Ap\u00f3s retirar a m\u00e1scara, o cuidador deve lavar as m\u00e3os.<\/p>\n<p>&nbsp;<\/p>\n<p><strong><u>Precau\u00e7\u00f5es gerais<\/u><\/strong><\/p>\n<p>Toda vez que lavar as m\u00e3os com \u00e1gua e sab\u00e3o, dar prefer\u00eancia ao papel toalha. Caso n\u00e3o seja poss\u00edvel, utilizar toalha de tecido. Sempre que ficar \u00famida, a toalha de tecido deve ser trocada;<\/p>\n<p>Todos os moradores da casa devem cobrir a boca e o nariz quando forem tossir ou espirrar;<\/p>\n<p>Evitar contato com as secre\u00e7\u00f5es do paciente. Quando for descartar o lixo do paciente utilizar luvas descart\u00e1veis;<\/p>\n<p>Limpar frequentemente (mais de uma vez por dia) as superf\u00edcies que s\u00e3o frequentemente tocadas com solu\u00e7\u00e3o contendo \u00e1gua sanit\u00e1ria (250 ml de \u00e1gua sanit\u00e1ria em 1 litro de \u00e1gua). Fa\u00e7a o mesmo para banheiros ou toaletes;<\/p>\n<p>Lave as roupas pessoais, roupas de cama e roupas de banho do paciente separadamente, com \u00e1gua e sab\u00e3o.\t\t<\/p>\n","protected":false},"excerpt":{"rendered":"<p>O paciente com COVID-19 e todas as pessoas que residem com ele devem permanecer em isolamento domiciliar por 14 dias, desde a data de in\u00edcio dos sintomas. Caso outro familiar da casa tamb\u00e9m inicie sintomas gripais, somente essa pessoa dever\u00e1 reiniciar o isolamento por mais 14 dias, a partir do surgimento dos sintomas. Precau\u00e7\u00f5es para [&hellip;]<\/p>\n","protected":false},"author":5,"featured_media":0,"parent":306,"menu_order":5,"comment_status":"closed","ping_status":"closed","template":"","meta":{"footnotes":""},"class_list":["post-307","page","type-page","status-publish","hentry"],"_links":{"self":[{"href":"https:\/\/jundiai.sp.gov.br\/coronavirus\/wp-json\/wp\/v2\/pages\/307","targetHints":{"allow":["GET"]}}],"collection":[{"href":"https:\/\/jundiai.sp.gov.br\/coronavirus\/wp-json\/wp\/v2\/pages"}],"about":[{"href":"https:\/\/jundiai.sp.gov.br\/coronavirus\/wp-json\/wp\/v2\/types\/page"}],"author":[{"embeddable":true,"href":"https:\/\/jundiai.sp.gov.br\/coronavirus\/wp-json\/wp\/v2\/users\/5"}],"replies":[{"embeddable":true,"href":"https:\/\/jundiai.sp.gov.br\/coronavirus\/wp-json\/wp\/v2\/comments?post=307"}],"version-history":[{"count":1,"href":"https:\/\/jundiai.sp.gov.br\/coronavirus\/wp-json\/wp\/v2\/pages\/307\/revisions"}],"predecessor-version":[{"id":577,"href":"https:\/\/jundiai.sp.gov.br\/coronavirus\/wp-json\/wp\/v2\/pages\/307\/revisions\/577"}],"up":[{"embeddable":true,"href":"https:\/\/jundiai.sp.gov.br\/coronavirus\/wp-json\/wp\/v2\/pages\/306"}],"wp:attachment":[{"href":"https:\/\/jundiai.sp.gov.br\/coronavirus\/wp-json\/wp\/v2\/media?parent=307"}],"curies":[{"name":"wp","href":"https:\/\/api.w.org\/{rel}","templated":true}]}}