{"id":228,"date":"2014-11-18T11:53:10","date_gmt":"2014-11-18T13:53:10","guid":{"rendered":"https:\/\/jundiai.sp.gov.br\/desenvolvimento-economico\/?page_id=228"},"modified":"2026-01-27T11:31:11","modified_gmt":"2026-01-27T14:31:11","slug":"documentos","status":"publish","type":"page","link":"https:\/\/jundiai.sp.gov.br\/desenvolvimento-economico\/conselho\/conselho-municipal-de-ciencia-tecnologia-e-inovacao\/documentos\/","title":{"rendered":"Documentos"},"content":{"rendered":"\n<p><a href=\"https:\/\/jundiai.sp.gov.br\/desenvolvimento-economico\/wp-content\/uploads\/sites\/9\/2025\/09\/nomeacao-dos-conselheiros-da-sociedade-civil.pdf\">Nomea\u00e7\u00e3o dos Conselheiros da Sociedade Civil 2025\/2027<\/a><\/p>\n\n\n\n<p><a href=\"https:\/\/jundiai.sp.gov.br\/desenvolvimento-economico\/wp-content\/uploads\/sites\/9\/2025\/06\/edital-da-prorrogacao-da-data-das-inscricoes.pdf\">Prorroga\u00e7\u00e3o de inscri\u00e7\u00e3o<\/a> &#8211; Conselho (CMCTI)<\/p>\n\n\n\n<p><a href=\"https:\/\/jundiai.sp.gov.br\/desenvolvimento-economico\/wp-content\/uploads\/sites\/9\/2025\/06\/edital-102025-eleicao.pdf\">Portaria n\u00ba10 de 04 de junho de 2025<\/a> &#8211; Edital.<\/p>\n\n\n\n<p><a href=\"https:\/\/jundiai.sp.gov.br\/desenvolvimento-economico\/wp-content\/uploads\/sites\/9\/2025\/04\/portaria-de-novos-membros-poder-publico-marco-2025.pdf\">Portaria n\u00ba 86 de 17 de mar\u00e7o de 2025<\/a> &#8211; Editais e Portarias.<\/p>\n\n\n\n<p><a href=\"https:\/\/jundiai.sp.gov.br\/desenvolvimento-economico\/wp-content\/uploads\/sites\/9\/2025\/11\/15213.pdf\">Relat\u00f3rio das atividades do CMCTI no ano de 2024<\/a><\/p>\n\n\n\n<p><a href=\"https:\/\/jundiai.sp.gov.br\/desenvolvimento-economico\/wp-content\/uploads\/sites\/9\/2024\/08\/portaria-no-160-2024-vagas-remanescentes-e-preenchedas-1-1.pdf\">Portaria n\u00ba 160<\/a> &#8211; nomea\u00e7\u00e3o de conselheiros para o CMCTI.<\/p>\n\n\n\n<p><a href=\"https:\/\/jundiai.sp.gov.br\/desenvolvimento-economico\/wp-content\/uploads\/sites\/9\/2024\/05\/reuniao-01-abril-eleicao-vagas-remanescentes.pdf\">Reuni\u00e3o 01 de abril <\/a>&#8211; Elei\u00e7\u00f5es vagas remanescentes <\/p>\n\n\n\n<p><a href=\"https:\/\/jundiai.sp.gov.br\/desenvolvimento-economico\/wp-content\/uploads\/sites\/9\/2024\/04\/edital-de-convocacao-para-representantes-nas-vagas-do-cmcti-fev-2024.pdf\">Edital de Convoca\u00e7\u00e3o<\/a> &#8211; Representantes do Conselho<\/p>\n\n\n\n<p><a href=\"https:\/\/jundiai.sp.gov.br\/desenvolvimento-economico\/wp-content\/uploads\/sites\/9\/2023\/12\/portaria-104-de-17-julho-2023-membros-eleitos.pdf\">Portaria 104 de 17 julho 2023<\/a> &#8211; Membros do Conselho &#8211; Poder P\u00fablico<\/p>\n\n\n\n<p><a href=\"https:\/\/jundiai.sp.gov.br\/desenvolvimento-economico\/wp-content\/uploads\/sites\/9\/2024\/12\/relatorio-anual-2023-das-atividades-do-cmcti-docx.pdf\" data-type=\"link\" data-id=\"https:\/\/jundiai.sp.gov.br\/desenvolvimento-economico\/wp-content\/uploads\/sites\/9\/2024\/12\/relatorio-anual-2023-das-atividades-do-cmcti-docx.pdf\">Relat\u00f3rio das atividades do CMCTI Ano 2023<\/a><\/p>\n\n\n\n<p><a href=\"https:\/\/jundiai.sp.gov.br\/desenvolvimento-economico\/wp-content\/uploads\/sites\/9\/2024\/05\/membros-conselho-2023-2025-1-1.pdf\">Membros do Conselho 2023\/2025<\/a><\/p>\n\n\n\n<p><a href=\"https:\/\/jundiai.sp.gov.br\/desenvolvimento-economico\/wp-content\/uploads\/sites\/9\/2023\/10\/edital-de-prorrogacao-027-1.pdf\">Prorroga\u00e7\u00e3o do Edital n\u00ba 21<\/a> &#8211; Programa de Incuba\u00e7\u00e3o Campos Jundia\u00ed <\/p>\n\n\n\n<p><a href=\"https:\/\/jundiai.sp.gov.br\/desenvolvimento-economico\/wp-content\/uploads\/sites\/9\/2023\/10\/edital-021-programa-de-incubacao-campus-jundiai.pdf\">Edital n\u00ba 21 de 13 de setembro de 2023<\/a> &#8211; Programa de Incuba\u00e7\u00e3o Campos Jundia\u00ed <\/p>\n\n\n\n<p><a rel=\"noreferrer noopener\" href=\"https:\/\/jundiai.sp.gov.br\/desenvolvimento-economico\/wp-content\/uploads\/sites\/9\/2023\/10\/edital-31-maio-eleicao-representantes-bienio-2023-2025-3-2.pdf\" target=\"_blank\">Edital n\u00ba 8 de 31 de maio de 2023<\/a> &#8211; Elei\u00e7\u00e3o dos Representantes do bi\u00eanio 2023-2025<\/p>\n\n\n\n<p><a href=\"https:\/\/jundiai.sp.gov.br\/desenvolvimento-economico\/wp-content\/uploads\/sites\/9\/2023\/05\/relatorio-anual-das-atividades-do-cmcti-ano-2022-marco-2023.pdf\" target=\"_blank\" rel=\"noreferrer noopener\">Relat\u00f3rio anual das atividades do CMCTI do ano de 2022<\/a><\/p>\n\n\n\n<p><a href=\"https:\/\/jundiai.sp.gov.br\/desenvolvimento-economico\/wp-content\/uploads\/sites\/9\/2022\/02\/planilha-membros-cmcti-bienio-2021-2023.pdf\">Membros do Conselho 2021\/2023<\/a><\/p>\n\n\n\n<p><a href=\"https:\/\/jundiai.sp.gov.br\/desenvolvimento-economico\/wp-content\/uploads\/sites\/9\/2023\/03\/ugdect_membros-da-mesa-diretora_20220222-docx-1.pdf\" target=\"_blank\" rel=\"noreferrer noopener\">Dados Diretoria CMCTI 2021\/2023<\/a><\/p>\n\n\n\n<p><a href=\"https:\/\/jundiai.sp.gov.br\/desenvolvimento-economico\/wp-content\/uploads\/sites\/9\/2022\/02\/edital-no-02-de-02-de-junho-de-2021-eleicao-dos-membros-do-conselho-2.pdf\">Edital n\u00ba 02, de 02 de junho de 2021<\/a> &#8211; Elei\u00e7\u00e3o dos Membros do Conselho<\/p>\n\n\n\n<p><a href=\"https:\/\/jundiai.sp.gov.br\/desenvolvimento-economico\/wp-content\/uploads\/sites\/9\/2022\/02\/decreto-no-30-363-de-13-de-setembro-de-2021-campus-jundiai-1.pdf\">Decreto n\u00ba 30.363, de 13 de setembro de 2021<\/a> &#8211; Campus Jundia\u00ed<\/p>\n\n\n\n<p><a href=\"https:\/\/jundiai.sp.gov.br\/desenvolvimento-economico\/wp-content\/uploads\/sites\/9\/2022\/02\/portaria-no-90-20-de-abril-de-2021-membros-do-conselho-poder-publico-1.pdf\">Portaria n\u00ba 90, 20 de abril de 2021<\/a> &#8211; Membros do Conselho &#8211; Poder P\u00fablico<\/p>\n\n\n\n<p><a href=\"https:\/\/jundiai.sp.gov.br\/desenvolvimento-economico\/wp-content\/uploads\/sites\/9\/2022\/02\/portaria-no-139-de-05-de-julho-de-2021-membros-do-conselho-sociedade-civil-1.pdf\">Portaria n\u00ba 139, de 05 de julho de 2021<\/a> &#8211; Membros do Conselho &#8211; Sociedade Civil<\/p>\n\n\n\n<p><a href=\"https:\/\/jundiai.sp.gov.br\/desenvolvimento-economico\/wp-content\/uploads\/sites\/9\/2014\/11\/escritura-doacao-terreno-centro-inovacao-tecnologica.pdf\">Escritura de Doa\u00e7\u00e3o do terreno do Centro de Inova\u00e7\u00e3o Tecnol\u00f3gica<\/a><\/p>\n\n\n\n<p><a href=\"https:\/\/jundiai.sp.gov.br\/desenvolvimento-economico\/wp-content\/uploads\/sites\/9\/2022\/04\/lei-no-9-716-de-04-de-marco-de-2022-institui-o-novo-sistema-jundiai-de-inovacao.pdf\">Lei n\u00ba 9.716, de 04 de mar\u00e7o de 2022<\/a> &#8211;  Institui o novo Sistema Jundia\u00ed de Inova\u00e7\u00e3o<\/p>\n\n\n\n<p><a rel=\"noopener\" href=\"https:\/\/jundiai.sp.gov.br\/desenvolvimento-economico\/wp-content\/uploads\/sites\/9\/2014\/11\/lei8113.pdf\" target=\"_blank\">Lei n\u00ba 8113\/2013<\/a> &#8211; Institui a Pol\u00edtica Municipal de Ci\u00eancia, Tecnologia e Inova\u00e7\u00e3o, o Conselho Municipal e o Fundo de Apoio \u00e0 Ci\u00eancia, Tecnologia e Inova\u00e7\u00e3o<\/p>\n\n\n\n<p><a rel=\"noopener\" href=\"https:\/\/jundiai.sp.gov.br\/desenvolvimento-economico\/wp-content\/uploads\/sites\/9\/2014\/11\/lei8206.pdf\" target=\"_blank\">Lei n\u00ba 8206\/2014<\/a> &#8211; Autoriza recebimento, por doa\u00e7\u00e3o, do terreno para implanta\u00e7\u00e3o do Parque Tecnol\u00f3gico<\/p>\n\n\n\n<p><a href=\"https:\/\/www.in.gov.br\/en\/web\/dou\/-\/lei-complementar-n-182-de-1-de-junho-de-2021-323558527\">Lei Complementar n\u00ba 182\/2021<\/a> &#8211; Marco Legal das Startups<\/p>\n\n\n\n<p><a href=\"https:\/\/www.in.gov.br\/en\/web\/dou\/-\/lei-n-14.129-de-29-de-marco-de-2021-311282132\">Lei n\u00ba 14.129\/2021<\/a> &#8211;  Governo digital, desburocratiza\u00e7\u00e3o via inova\u00e7\u00e3o<\/p>\n\n\n\n<p><a href=\"http:\/\/www.jundiai.sp.leg.br\/atividade-legislativa\/lei-organica\/lei-organica-1\">Lei Org\u00e2nica do Munic\u00edpio<\/a><\/p>\n\n\n\n<p><a href=\"https:\/\/www.in.gov.br\/materia\/-\/asset_publisher\/Kujrw0TZC2Mb\/content\/id\/21155645\/do1-2016-01-12-lei-no-13-243-de-11-de-janeiro-de-2016-21155131\">Marco Legal<\/a><\/p>\n\n\n\n<p><\/p>\n","protected":false},"excerpt":{"rendered":"<p>Nomea\u00e7\u00e3o dos Conselheiros da Sociedade Civil 2025\/2027 Prorroga\u00e7\u00e3o de inscri\u00e7\u00e3o &#8211; Conselho (CMCTI) Portaria n\u00ba10 de 04 de junho de 2025 &#8211; Edital. Portaria n\u00ba 86 de 17 de mar\u00e7o de 2025 &#8211; Editais e Portarias. Relat\u00f3rio das atividades do CMCTI no ano de 2024 Portaria n\u00ba 160 &#8211; nomea\u00e7\u00e3o de conselheiros para o CMCTI. [&hellip;]<\/p>\n","protected":false},"author":5,"featured_media":0,"parent":220,"menu_order":0,"comment_status":"closed","ping_status":"closed","template":"","meta":{"footnotes":""},"class_list":["post-228","page","type-page","status-publish","hentry"],"_links":{"self":[{"href":"https:\/\/jundiai.sp.gov.br\/desenvolvimento-economico\/wp-json\/wp\/v2\/pages\/228","targetHints":{"allow":["GET"]}}],"collection":[{"href":"https:\/\/jundiai.sp.gov.br\/desenvolvimento-economico\/wp-json\/wp\/v2\/pages"}],"about":[{"href":"https:\/\/jundiai.sp.gov.br\/desenvolvimento-economico\/wp-json\/wp\/v2\/types\/page"}],"author":[{"embeddable":true,"href":"https:\/\/jundiai.sp.gov.br\/desenvolvimento-economico\/wp-json\/wp\/v2\/users\/5"}],"replies":[{"embeddable":true,"href":"https:\/\/jundiai.sp.gov.br\/desenvolvimento-economico\/wp-json\/wp\/v2\/comments?post=228"}],"version-history":[{"count":46,"href":"https:\/\/jundiai.sp.gov.br\/desenvolvimento-economico\/wp-json\/wp\/v2\/pages\/228\/revisions"}],"predecessor-version":[{"id":1218,"href":"https:\/\/jundiai.sp.gov.br\/desenvolvimento-economico\/wp-json\/wp\/v2\/pages\/228\/revisions\/1218"}],"up":[{"embeddable":true,"href":"https:\/\/jundiai.sp.gov.br\/desenvolvimento-economico\/wp-json\/wp\/v2\/pages\/220"}],"wp:attachment":[{"href":"https:\/\/jundiai.sp.gov.br\/desenvolvimento-economico\/wp-json\/wp\/v2\/media?parent=228"}],"curies":[{"name":"wp","href":"https:\/\/api.w.org\/{rel}","templated":true}]}}