{"id":2421,"date":"2019-06-24T14:54:14","date_gmt":"2019-06-24T17:54:14","guid":{"rendered":"https:\/\/jundiai.sp.gov.br\/educacao\/?page_id=2421"},"modified":"2026-01-14T17:17:06","modified_gmt":"2026-01-14T20:17:06","slug":"lista-de-chamada","status":"publish","type":"page","link":"https:\/\/jundiai.sp.gov.br\/educacao\/complexo-argos\/centro-municipal-de-educacao-de-jovens-e-adultos\/lista-de-chamada\/","title":{"rendered":"Lista de Chamada"},"content":{"rendered":"\n<p><a href=\"https:\/\/jundiai.sp.gov.br\/educacao\/wp-content\/uploads\/sites\/10\/2026\/01\/chamada-ensino-medio.pdf\">Ensino M\u00e9dio <br><\/a>Data de chamada: 10\/01\/2026,&nbsp; Limite para matr\u00edcula 19\/01\/2026.<\/p>\n\n\n\n<p><a href=\"https:\/\/jundiai.sp.gov.br\/educacao\/wp-content\/uploads\/sites\/10\/2026\/01\/lista-de-chamada-6o-ano-1.pdf\">Ensino Fundamental 6\u00b0 ao 9 semipresencial<br><\/a>Data de chamada: 10\/01\/2026,\u00a0 Limite para matr\u00edcula 19\/01\/2026.<\/p>\n\n\n\n<p><a href=\"https:\/\/jundiai.sp.gov.br\/educacao\/wp-content\/uploads\/sites\/10\/2025\/08\/chamada-ensino-medio-08-25.pdf\">Ensino M\u00e9dio <br><\/a>Data de chamada: 04\/08\/2025,&nbsp; Limite para matr\u00edcula 19\/08\/2025.<\/p>\n\n\n\n<p><a href=\"https:\/\/jundiai.sp.gov.br\/educacao\/wp-content\/uploads\/sites\/10\/2025\/07\/lista-de-chamada-6o-ao-9o-semiprencial.pdf\">Ensino Fundamental 6\u00b0 ao 9 semipresencial<br><\/a>Data de chamada: 10\/07\/2025,&nbsp; Limite para matr\u00edcula 18\/07\/2025<\/p>\n\n\n\n<p><a href=\"https:\/\/jundiai.sp.gov.br\/educacao\/wp-content\/uploads\/sites\/10\/2025\/05\/2a-lista-de-chamada-ensino-medio.pdf\">Ensino M\u00e9dio <br><\/a>Data de chamada: 27\/05\/2025,&nbsp; Limite para matr\u00edcula 05\/06\/2025.<\/p>\n\n\n\n<p><a href=\"https:\/\/jundiai.sp.gov.br\/educacao\/wp-content\/uploads\/sites\/10\/2025\/05\/lista-de-chamada-ensino-medio.pdf\">Ensino M\u00e9dio<br><\/a>Data de chamada: 19\/05\/2025,&nbsp; Limite para matr\u00edcula 05\/06\/2025.<\/p>\n\n\n\n<p><a href=\"https:\/\/jundiai.sp.gov.br\/educacao\/wp-content\/uploads\/sites\/10\/2025\/04\/chamada-ensino-fundamental-09-04-2025.pdf\">Ensino Fundamental 6\u00b0 ao 9<br><\/a>Data de chamada: 09\/04\/2025,&nbsp; Limite para matr\u00edcula 16\/04\/2025<\/p>\n\n\n\n<p><a href=\"https:\/\/jundiai.sp.gov.br\/educacao\/wp-content\/uploads\/sites\/10\/2025\/03\/chamada-ensino-medio-27-03-25.pdf\">Ensino M\u00e9dio<br><\/a>Data de chamada: 27\/03\/2025,&nbsp; Limite para matr\u00edcula 04\/04\/2025<\/p>\n\n\n\n<p><a href=\"https:\/\/jundiai.sp.gov.br\/educacao\/wp-content\/uploads\/sites\/10\/2025\/01\/chamada-fundamental.pdf\">Ensino Fundamental 6\u00ba ao 9\u00ba<\/a> <br>Data de chamada: 06\/01\/2025,&nbsp; Limite para matr\u00edcula 05\/02\/2025<\/p>\n\n\n\n<p><a href=\"https:\/\/jundiai.sp.gov.br\/educacao\/wp-content\/uploads\/sites\/10\/2025\/01\/lista-de-chamada-medio.pdf\">Ensino M\u00e9dio<\/a><br>Data de chamada: 06\/01\/2025,&nbsp; Limite para matr\u00edcula 05\/02\/2025<\/p>\n\n\n\n<p><a href=\"https:\/\/jundiai.sp.gov.br\/educacao\/wp-content\/uploads\/sites\/10\/2024\/09\/chamada-medio.pdf\">Ensino M\u00e9dio<\/a><br>Data de chamada: 20\/09\/2024,&nbsp; Limite para matr\u00edcula 09\/10\/2024<\/p>\n\n\n\n<p><a href=\"https:\/\/jundiai.sp.gov.br\/educacao\/wp-content\/uploads\/sites\/10\/2024\/09\/chamada-6o-ao-9o-semi.pdf\">Ensino Fundamental 6\u00ba ao 9\u00ba<\/a><br>Data de chamada: 10\/09\/2024,&nbsp; Limite para matr\u00edcula 25\/09\/2024<\/p>\n\n\n\n<p><a href=\"https:\/\/jundiai.sp.gov.br\/educacao\/wp-content\/uploads\/sites\/10\/2024\/08\/lista-de-chamada-medio.pdf\">Ensino M\u00e9dio semipresencial<\/a><br>Data de chamada: 01\/08\/2024&nbsp; Limite para matr\u00edcula&nbsp; 14\/08\/2024<\/p>\n\n\n\n<p><a href=\"https:\/\/jundiai.sp.gov.br\/educacao\/wp-content\/uploads\/sites\/10\/2024\/07\/lista-de-chamada-ensino-fundamental.pdf\">Ensino Fundamental 6\u00ba ao 9\u00ba&nbsp; semipresencial<\/a><br>Data de chamada: 03\/07\/2024&nbsp; Limite para matr\u00edcula 19\/07\/2024<\/p>\n\n\n\n<p><a href=\"https:\/\/jundiai.sp.gov.br\/educacao\/wp-content\/uploads\/sites\/10\/2024\/05\/lista-de-chamada-ensino-medio.pdf\">Ensino M\u00e9dio semipresencial<\/a><br>Data de chamada: 14\/05\/2024&nbsp; Limite para matr\u00edcula&nbsp; 28\/05\/2024<\/p>\n\n\n\n<p><a href=\"https:\/\/jundiai.sp.gov.br\/educacao\/wp-content\/uploads\/sites\/10\/2024\/04\/lista-de-chamada-6o-ao-9o.pdf\">Ensino Fundamental semipresencial<\/a><br>Data de chamada: 01\/04\/2024&nbsp; Limite para matr\u00edcula&nbsp; 16\/04\/2024<\/p>\n\n\n\n<p><a href=\"https:\/\/jundiai.sp.gov.br\/educacao\/wp-content\/uploads\/sites\/10\/2024\/03\/lista-chamada-ensino-medio.pdf\">Ensino M\u00e9dio<\/a><br>Data de chamada: ~12\/03\/2024&nbsp; Limite para matr\u00edcula&nbsp; 02\/04\/2024<\/p>\n\n\n\n<p><a href=\"https:\/\/jundiai.sp.gov.br\/educacao\/wp-content\/uploads\/sites\/10\/2024\/01\/lista-chamada-6o-ao-9o-1.pdf\">Ensino Fundamental 6\u00ba ao 9\u00ba<\/a><br>Data de chamada: 08\/01\/2024,&nbsp; Limite para matr\u00edcula&nbsp; 02\/02\/2024<\/p>\n\n\n\n<p><a href=\"https:\/\/jundiai.sp.gov.br\/educacao\/wp-content\/uploads\/sites\/10\/2024\/01\/lista-de-chamada-ensino-medio.pdf\">Ensino M\u00e9dio<\/a><br>Data de chamada: 08\/01\/2024,&nbsp; Limite para matr\u00edcula&nbsp; 02\/02\/2024<\/p>\n\n\n\n<p><a href=\"https:\/\/jundiai.sp.gov.br\/educacao\/wp-content\/uploads\/sites\/10\/2023\/09\/lista-chamada-6o-ao-9o.pdf\" target=\"_blank\" rel=\"noreferrer noopener\">Ensino Fundamental 6\u00ba ao 9\u00ba<\/a><br>Data de chamada: 15\/09\/2023,&nbsp; Limite para matr\u00edcula 29\/09\/2023&nbsp;<\/p>\n\n\n\n<p><a rel=\"noreferrer noopener\" href=\"https:\/\/jundiai.sp.gov.br\/educacao\/wp-content\/uploads\/sites\/10\/2023\/09\/lista-chamada-ensino-medio.pdf\" target=\"_blank\">Ensino M\u00e9dio<\/a><br>Data de chamada: 15\/09\/2023,&nbsp; Limite para matr\u00edcula 29\/09\/2023<\/p>\n\n\n\n<p><a href=\"https:\/\/jundiai.sp.gov.br\/educacao\/wp-content\/uploads\/sites\/10\/2023\/07\/lista-de-chamada-ensino-fundamental-1-2.pdf\" target=\"_blank\" rel=\"noreferrer noopener\">Ensino Fundamental 6\u00ba ao 9\u00ba<\/a><br>Data de chamada: 10\/07\/2023,&nbsp; Limite para matr\u00edcula 19\/07\/2023<\/p>\n\n\n\n<p><a href=\"https:\/\/jundiai.sp.gov.br\/educacao\/wp-content\/uploads\/sites\/10\/2023\/07\/lista-de-chamada-ensino-medio.pdf\" target=\"_blank\" rel=\"noreferrer noopener\">Ensino M\u00e9dio<\/a><br>Data de chamada: 10\/07\/2023,&nbsp; Limite para matr\u00edcula 19\/07\/2023<\/p>\n\n\n\n<p><a href=\"https:\/\/jundiai.sp.gov.br\/educacao\/wp-content\/uploads\/sites\/10\/2023\/04\/lista-de-chamada-6o-ao-9o.pdf\" target=\"_blank\" rel=\"noreferrer noopener\">Ensino Fundamental&nbsp;<\/a><br>Limite para matr\u00edcula 25\/04\/2023<\/p>\n\n\n\n<p><a href=\"https:\/\/jundiai.sp.gov.br\/educacao\/wp-content\/uploads\/sites\/10\/2023\/04\/lista-de-chamada-ensino-medio-1.pdf\" target=\"_blank\" rel=\"noreferrer noopener\">Ensino M\u00e9dio&nbsp;<\/a><br>Limite para matr\u00edcula 25\/04\/2023<\/p>\n\n\n\n<p><a href=\"https:\/\/jundiai.sp.gov.br\/educacao\/wp-content\/uploads\/sites\/10\/2023\/02\/6o-ao-9o-15-02.pdf\" target=\"_blank\" rel=\"noreferrer noopener\">Ensino Fundamental <\/a>&#8211; Per\u00edodo Noite<br>Data de chamada:&nbsp; 15\/02\/2023,&nbsp; Limite para matr\u00edcula:&nbsp; 24\/02\/\/2023<\/p>\n\n\n\n<p><a href=\"https:\/\/jundiai.sp.gov.br\/educacao\/wp-content\/uploads\/sites\/10\/2023\/02\/ensino-medio-15-02.pdf\" target=\"_blank\" rel=\"noreferrer noopener\">Ensino M\u00e9dio<\/a> per\u00edodo da Tarde<br>Data de chamada: 15\/02\/2023,&nbsp; Limite para matr\u00edcula: 24\/02\/\/2023<\/p>\n\n\n\n<p><a href=\"https:\/\/jundiai.sp.gov.br\/educacao\/wp-content\/uploads\/sites\/10\/2023\/02\/6o-ao-9o-sem-03-02.pdf\">Ensino Fundamental <\/a>&#8211; Per\u00edodo Noite<br>Data de chamada:&nbsp; 03\/02\/2023,&nbsp; Limite para matr\u00edcula 10\/02\/\/2023<\/p>\n\n\n\n<p><a href=\"https:\/\/jundiai.sp.gov.br\/educacao\/wp-content\/uploads\/sites\/10\/2023\/02\/ensino-medio.pdf\">Ensino M\u00e9dio<\/a> per\u00edodo da Tarde.<br>Data de chamada: 03\/02\/2023,&nbsp; Limite para matr\u00edcula 09\/02\/\/2023<\/p>\n\n\n\n<p><a href=\"https:\/\/jundiai.sp.gov.br\/educacao\/wp-content\/uploads\/sites\/10\/2023\/01\/chamada-medio-noite.pdf\">Ensino M\u00e9dio<\/a> per\u00edodo da Noite.<br>Data de chamada: 12\/01\/2023,&nbsp; Limite para matr\u00edcula 03\/02\/2023<\/p>\n\n\n\n<p><a href=\"https:\/\/jundiai.sp.gov.br\/educacao\/wp-content\/uploads\/sites\/10\/2023\/01\/chamada-6o-ao-9o.pdf\">Ensino Fundamental<\/a> e <a href=\"https:\/\/jundiai.sp.gov.br\/educacao\/wp-content\/uploads\/sites\/10\/2023\/01\/chamada-ens-medio-tarde.pdf\">Ensino M\u00e9dio<\/a> per\u00edodo da Tarde.<br>Data de chamada: 06\/01\/2023,&nbsp; Limite para matr\u00edcula 03\/02\/2023<br><br><a rel=\"noreferrer noopener\" href=\"https:\/\/jundiai.sp.gov.br\/educacao\/wp-content\/uploads\/sites\/10\/2022\/09\/lista-6o-ao-9o-1.pdf\" target=\"_blank\">2\u00aa Lista para Ensino Fundamental 6\u00ba ao 9\u00ba ano<br><\/a>Data de chamada: 16\/09\/2022,&nbsp; Limite para matr\u00edcula&nbsp; 30\/09\/2022<\/p>\n\n\n\n<p><a href=\"https:\/\/jundiai.sp.gov.br\/educacao\/wp-content\/uploads\/sites\/10\/2022\/09\/lista-6o-ao-9o.pdf\">Ensino Fundamental<\/a> e <a rel=\"noreferrer noopener\" href=\"https:\/\/jundiai.sp.gov.br\/educacao\/wp-content\/uploads\/sites\/10\/2022\/09\/lista-ensino-medio-1.pdf\" target=\"_blank\">Ensino M\u00e9dio<\/a>,<br>Data de chamada: 16\/09\/2022,&nbsp; Limite para matr\u00edcula 30\/09\/2022<\/p>\n\n\n\n<p><a href=\"https:\/\/jundiai.sp.gov.br\/educacao\/wp-content\/uploads\/sites\/10\/2022\/08\/lista-de-chamada-8o-e-9o.pdf\">Ensino Fundamental &#8211; 8\u00ba e 9\u00ba<\/a>, hor\u00e1rio das 18h &#8211; semipresencial<br>Data de chamada: 12\/08\/2022,&nbsp; Limite para matr\u00edcula 31\/08\/2022<\/p>\n\n\n\n<p><a href=\"https:\/\/jundiai.sp.gov.br\/educacao\/wp-content\/uploads\/sites\/10\/2022\/07\/lista-8o-e-9o.pdf\">Ensino Fundamental &#8211; 8\u00ba e 9\u00ba<\/a><br>Data de chamada: 08\/07\/2022,&nbsp; Limite para matr\u00edcula: 26\/07\/2022<\/p>\n\n\n\n<p><a href=\"https:\/\/jundiai.sp.gov.br\/educacao\/wp-content\/uploads\/sites\/10\/2022\/06\/chamada-ensino-medio.pdf\">Ensino M\u00e9dio do 1\u00ba ao 3\u00ba&nbsp;<\/a><br>Data de chamada: 28\/06\/2022,&nbsp; Limite para matr\u00edcula: 20\/07\/2022<\/p>\n\n\n\n<p><a href=\"https:\/\/jundiai.sp.gov.br\/educacao\/wp-content\/uploads\/sites\/10\/2022\/06\/lista-de-chamada-6o-ao-9o.pdf\">Ensino Fundamental 6\u00ba ao 9\u00ba ano.&nbsp;<\/a><br>Data de chamada: 24\/06\/2022,&nbsp; Limite para matr\u00edcula: 20\/07\/2022<\/p>\n\n\n\n<p><a href=\"https:\/\/jundiai.sp.gov.br\/educacao\/wp-content\/uploads\/sites\/10\/2022\/05\/8o-e-9o-das-18-as-20-horas.pdf\">Ensino Fundamental 8\u00ba e 9\u00ba<\/a><br>Data de chamada: 20\/05\/2022,&nbsp; Limite para matr\u00edcula: 03\/06\/2022<\/p>\n\n\n\n<p><a href=\"https:\/\/jundiai.sp.gov.br\/educacao\/wp-content\/uploads\/sites\/10\/2022\/04\/chamada-medio-1.pdf\">Ensino M\u00e9dio:<\/a><br>Data de chamada: 18\/04\/2022,&nbsp; Limite para matr\u00edcula: 27\/04\/2022<\/p>\n\n\n\n<p><a href=\"https:\/\/jundiai.sp.gov.br\/educacao\/wp-content\/uploads\/sites\/10\/2022\/04\/lista-de-chamada-6o-ao-9o-ano.pdf\">Ensino Fundamental 6\u00ba ao 9\u00ba:&nbsp;<\/a><br>Data de chamada: 11\/04\/2022,&nbsp; Limite para matr\u00edcula: 26\/04\/2022<\/p>\n\n\n\n<p><a href=\"https:\/\/jundiai.sp.gov.br\/educacao\/wp-content\/uploads\/sites\/10\/2022\/04\/lista-de-chamado-8o-e-9o-ano.pdf\">Ensino Fundamental 8\u00ba e 9\u00ba:<\/a><br>Data de chamada:&nbsp;11\/04\/2022, Limite para a matr\u00edcula: 29\/04\/2022<\/p>\n\n\n\n<p>Per\u00edodo para Matr\u00edcula 23\/02\/2022 at\u00e9 11\/03\/2022<br>Seguimento<a href=\"https:\/\/jundiai.sp.gov.br\/educacao\/wp-content\/uploads\/sites\/10\/2022\/02\/lista-de-chamada-8o-e-9o-17-03-1.pdf\">: 8\u00ba e&nbsp;9\u00ba anos <\/a>&#8211; Hor\u00e1rio das 18h <\/p>\n\n\n\n<p>Per\u00edodo para Matr\u00edcula: de 01\/02\/2022 at\u00e9 11\/02\/2022<br>Seguimento: <a rel=\"noreferrer noopener\" href=\"https:\/\/jundiai.sp.gov.br\/educacao\/wp-content\/uploads\/sites\/10\/2022\/02\/lista-de-chamada-ensino-medio.pdf\" target=\"_blank\">Ensino M\u00e9dio<\/a> &#8211; Hor\u00e1rio das&nbsp;20h<\/p>\n\n\n\n<p>Per\u00edodo para Matr\u00edcula: 06\/01\/2022 at\u00e9 28\/01\/2022<br>Seguimento: <a href=\"https:\/\/jundiai.sp.gov.br\/educacao\/wp-content\/uploads\/sites\/10\/2022\/01\/lista-de-chamada-medio-20h.pdf\">Ensino M\u00e9dio<\/a> &#8211; Hor\u00e1rio das&nbsp;20h<\/p>\n\n\n\n<p>Per\u00edodo para Matr\u00edcula: 03\/01\/2022 at\u00e9 31\/01\/2022 <br>Seguimento: <a href=\"https:\/\/jundiai.sp.gov.br\/educacao\/wp-content\/uploads\/sites\/10\/2022\/01\/chamada-ensino-medio-18-h.pdf\" target=\"_blank\" rel=\"noreferrer noopener\">Ensino M\u00e9dio<\/a> &#8211; Hor\u00e1rio das 18h<\/p>\n\n\n\n<p>Per\u00edodo para Matr\u00edcula 10\/12\/2021 at\u00e9 29\/12\/2021<br>Seguimento: Ensino M\u00e9dio Semipresencial  &#8211; <a href=\"https:\/\/jundiai.sp.gov.br\/educacao\/wp-content\/uploads\/sites\/10\/2021\/12\/lista-de-chamada-medio-14-e-16h.pdf\">Hor\u00e1rio das 14h e 16h <\/a><\/p>\n\n\n\n<p>Per\u00edodo para Matr\u00edcula 06\/12\/2021 at\u00e9 17\/12\/2021<br>Seguimento: <a href=\"https:\/\/jundiai.sp.gov.br\/educacao\/wp-content\/uploads\/sites\/10\/2021\/12\/chamada-8o-e-9o.pdf\">8\u00ba e&nbsp;9\u00ba anos <\/a><\/p>\n\n\n\n<p>Per\u00edodo para Matr\u00edcula 06\/12\/2021 at\u00e9 17\/12\/2021<br>Seguimento<a href=\"https:\/\/jundiai.sp.gov.br\/educacao\/wp-content\/uploads\/sites\/10\/2021\/12\/lista-de-chamada-6o-ao-9o.pdf\">: 6\u00ba e&nbsp;9\u00ba anos <\/a><\/p>\n\n\n\n<p>Per\u00edodo para Matr\u00edcula 03\/11\/2021 at\u00e9 16\/11\/2021<br>Seguimento: <a href=\"https:\/\/jundiai.sp.gov.br\/educacao\/wp-content\/uploads\/sites\/10\/2021\/11\/8-e-9-16-11.pdf\">8\u00ba e 9\u00ba anos<\/a><\/p>\n\n\n\n<p>Per\u00edodo para Matr\u00edcula 15\/09\/2021 at\u00e9 01\/10\/2021<br>Seguimento: <a href=\"https:\/\/jundiai.sp.gov.br\/educacao\/wp-content\/uploads\/sites\/10\/2021\/09\/lista-chamada-8o-ao-9o-27-inscritos.pdf\">8\u00ba e&nbsp;9\u00ba anos <\/a><\/p>\n\n\n\n<p>Per\u00edodo para Matr\u00edcula 13\/09\/2021 at\u00e9 30\/09\/2021<br>Seguimento: <a href=\"https:\/\/jundiai.sp.gov.br\/educacao\/wp-content\/uploads\/sites\/10\/2021\/09\/lista-chamada-6o-ao-9o-1-1.pdf\">6\u00ba e&nbsp;9\u00ba anos<\/a><\/p>\n\n\n\n<p>Per\u00edodo para Matr\u00edcula 10\/09\/2021 at\u00e9 30\/09\/2021<br>Seguimento: <a href=\"https:\/\/jundiai.sp.gov.br\/educacao\/wp-content\/uploads\/sites\/10\/2021\/09\/lista-chamada-6o-ao-9o-2.pdf\">6\u00ba e&nbsp;9\u00ba anos<\/a><\/p>\n\n\n\n<p>Per\u00edodo para Matr\u00edcula 10\/09\/2021 at\u00e9 01\/10\/2021<br>Seguimento: <a href=\"https:\/\/jundiai.sp.gov.br\/educacao\/wp-content\/uploads\/sites\/10\/2021\/09\/lista-chamada-8o-ao-9o-1.pdf\">6\u00ba e&nbsp;9\u00ba anos<\/a><\/p>\n\n\n\n<p>Per\u00edodo para Matr\u00edcula 10\/09\/2021 at\u00e9 24\/09\/2021<br>Seguimento: <a href=\"https:\/\/jundiai.sp.gov.br\/educacao\/wp-content\/uploads\/sites\/10\/2021\/09\/lista-chamada-ensino-medio.pdf\">Ensino M\u00e9dio <\/a><\/p>\n\n\n\n<p>Per\u00edodo para Matr\u00edcula 16\/08\/2021 at\u00e9 27\/08\/2021<br>Seguimento:<a href=\"https:\/\/jundiai.sp.gov.br\/educacao\/wp-content\/uploads\/sites\/10\/2021\/08\/chamada-8o-e-9o-16-08-2021.pdf\"> 8\u00ba e&nbsp;9\u00ba anos<\/a><\/p>\n\n\n\n<p>Per\u00edodo para Matr\u00edcula 12\/07\/2021 at\u00e9 20\/07\/2021<br>Seguimento: <a href=\"https:\/\/jundiai.sp.gov.br\/educacao\/wp-content\/uploads\/sites\/10\/2021\/07\/ensino-medio-12-07.pdf\">Ensino M\u00e9dio<\/a> <\/p>\n\n\n\n<p>Per\u00edodo para Matr\u00edcula 12\/07\/2021 at\u00e9 20\/07\/2021<br>Seguimento: <a href=\"https:\/\/jundiai.sp.gov.br\/educacao\/wp-content\/uploads\/sites\/10\/2021\/07\/8o-e-9o-12-07.pdf\">8\u00ba e&nbsp;9\u00ba anos<\/a><\/p>\n\n\n\n<p>Per\u00edodo para Matr\u00edcula 12\/07\/2021 at\u00e9 20\/07\/2021<br>Seguimento: <a href=\"https:\/\/jundiai.sp.gov.br\/educacao\/wp-content\/uploads\/sites\/10\/2021\/07\/6o-ao-9o-12-07.pdf\">6\u00ba ao&nbsp;9\u00ba anos<\/a><\/p>\n\n\n\n<p>Per\u00edodo para Matr\u00edcula 31\/05\/2021 at\u00e9 10\/06\/2021<br>Seguimento:<a href=\"https:\/\/jundiai.sp.gov.br\/educacao\/wp-content\/uploads\/sites\/10\/2021\/06\/8o-e-9o-10-06.pdf\"> 8\u00ba e&nbsp; 9\u00ba anos<\/a><\/p>\n\n\n\n<p>Per\u00edodo para Matr\u00edcula 20\/04\/2021 at\u00e9 30\/04\/2021<br>Seguimento: <a href=\"https:\/\/jundiai.sp.gov.br\/educacao\/wp-content\/uploads\/sites\/10\/2021\/04\/medio-18-e-20-h.pdf\">Ensino M\u00e9dio Semi Presencial <\/a><\/p>\n\n\n\n<p><strong>Per\u00edodo para Matr\u00edcula 12\/04\/2021 at\u00e9 30\/04\/2021<\/strong><br>Seguimento: <a href=\"https:\/\/jundiai.sp.gov.br\/educacao\/wp-content\/uploads\/sites\/10\/2021\/04\/ens-medio-tarde-1.pdf\">Ensino M\u00e9dio Semi Presencial<\/a><\/p>\n\n\n\n<p><strong>Per\u00edodo para Matr\u00edcula 06\/04\/2021 at\u00e9 29\/04\/2021<\/strong><br>Seguimento: <a href=\"https:\/\/jundiai.sp.gov.br\/educacao\/wp-content\/uploads\/sites\/10\/2021\/04\/chamada-8o-e-9o-1.pdf\">8\u00ba e&nbsp; 9\u00ba anos<\/a><\/p>\n\n\n<div>\n<div>\n<p><strong>Per\u00edodo para Matr\u00edcula 06\/04\/2021 at\u00e9 30\/04\/2021<\/strong><br \/>Seguimento: <a href=\"https:\/\/jundiai.sp.gov.br\/educacao\/wp-content\/uploads\/sites\/10\/2021\/04\/lista-de-chamada-6o-ao-9o.pdf\">6\u00ba ao 9\u00ba ano<\/a><\/p>\n<p><strong>Per\u00edodo para Matr\u00edcula: 01\/03\/2021 at\u00e9 10\/03\/2021<\/strong><br \/>Seguimento: <a href=\"https:\/\/jundiai.sp.gov.br\/educacao\/wp-content\/uploads\/sites\/10\/2021\/03\/lista-8o-e-9o.pdf\">8\u00ba e&nbsp; 9\u00ba anos&nbsp;<\/a><\/p>\n<p><strong>Per\u00edodo de matr\u00edcula: 11\/01\/2021 a 02\/02\/2021<br \/><\/strong>Segmentos: <a href=\"https:\/\/jundiai.sp.gov.br\/educacao\/wp-content\/uploads\/sites\/10\/2021\/01\/8o-e-9o-1.pdf\" target=\"_blank\" rel=\"noopener\">8\u00ba e&nbsp; 9\u00ba anos<\/a><\/p>\n<\/div>\n<p><strong>Per\u00edodo de matr\u00edcula: 11\/01\/2021 a 01\/02\/2021<br \/><\/strong>Segmentos: <a href=\"https:\/\/jundiai.sp.gov.br\/educacao\/wp-content\/uploads\/sites\/10\/2021\/01\/6o-ao-9o-1.pdf\" target=\"_blank\" rel=\"noopener\">6\u00ba e&nbsp; 9\u00ba anos<\/a><\/p>\n<p><strong>Per\u00edodo de matr\u00edcula: 11\/01\/2021 a 29\/01\/2021<br \/><\/strong>Segmentos: <a href=\"https:\/\/jundiai.sp.gov.br\/educacao\/wp-content\/uploads\/sites\/10\/2021\/01\/ensino-medio-1.pdf\" target=\"_blank\" rel=\"noopener\">Ensino M\u00e9dio<\/a><\/p>\n<p><strong>Per\u00edodo de matr\u00edcula: 23\/11\/2020 a 24\/11\/2020<br \/><\/strong>Segmentos: <a href=\"https:\/\/jundiai.sp.gov.br\/educacao\/wp-content\/uploads\/sites\/10\/2020\/11\/8o-e-9o-24-11.pdf\" target=\"_blank\" rel=\"noopener noreferrer\">8\u00ba e&nbsp; 9\u00ba anos<\/a><\/p>\n<\/div>\n<p><strong>Per\u00edodo de matr\u00edcula: 05\/10\/2020 a 23\/10\/2020<br \/><\/strong>Segmentos: <a href=\"https:\/\/jundiai.sp.gov.br\/educacao\/wp-content\/uploads\/sites\/10\/2020\/10\/8o-e-9-05-10.pdf\" target=\"_blank\" rel=\"noopener noreferrer\">8\u00ba e&nbsp; 9\u00ba anos<\/a> e <a href=\"https:\/\/jundiai.sp.gov.br\/educacao\/wp-content\/uploads\/sites\/10\/2020\/10\/ensino-medio-05-10.pdf\" target=\"_blank\" rel=\"noopener noreferrer\">Ensino M\u00e9dio<\/a><\/p>\n<p><strong>Per\u00edodo de matr\u00edcula: 21\/09\/2020 a 09\/10\/2020<br \/><\/strong>Segmentos: <a href=\"https:\/\/jundiai.sp.gov.br\/educacao\/wp-content\/uploads\/sites\/10\/2020\/09\/6o-ao-9o-21-09.pdf\" target=\"_blank\" rel=\"noopener noreferrer\">6\u00ba ao 9\u00ba ano<\/a> e <a href=\"https:\/\/jundiai.sp.gov.br\/educacao\/wp-content\/uploads\/sites\/10\/2020\/09\/lista-de-chamada-medio-21-09.pdf\" target=\"_blank\" rel=\"noopener noreferrer\">Ensino M\u00e9dio<\/a><\/p>\n<p><strong>Per\u00edodo de matr\u00edcula: 08\/09\/2020 a 15\/09\/2020<\/strong><br \/><a href=\"https:\/\/jundiai.sp.gov.br\/educacao\/wp-content\/uploads\/sites\/10\/2020\/09\/chama-8o-e-9o-1-1.pdf\" target=\"_blank\" rel=\"noopener noreferrer\">Segmento: 8\u00ba e 9\u00ba anos<\/a><\/p>\n<p><strong>Per\u00edodo de matr\u00edcula: 17\/08\/2020 a&nbsp;20\/08\/2020<\/strong><br \/><a href=\"https:\/\/jundiai.sp.gov.br\/educacao\/wp-content\/uploads\/sites\/10\/2020\/08\/chamada-8o-e-9o-1.pdf\" target=\"_blank\" rel=\"noopener noreferrer\">Segmento: Ciclo 4 &#8211; 8\u00ba ano<\/a><br \/>OBSERVA\u00c7\u00c3O: atendimento com datas e hor\u00e1rios agendados<\/p>\n<p><strong>Data Limite para Matr\u00edcula: 06\/08\/2020<\/strong><br \/><a href=\"https:\/\/jundiai.sp.gov.br\/educacao\/wp-content\/uploads\/sites\/10\/2020\/07\/lista-de-chamada-do-em-1.pdf\" target=\"_blank\" rel=\"noopener noreferrer\">Segmento: Ensino M\u00e9dio &#8211; Semipresencial<\/a><br \/>OBSERVA\u00c7\u00c3O: atendimento com datas e hor\u00e1rios agendados<\/p>\n<p><strong>Per\u00edodo de matr\u00edcula: 20, 21 e 22\/07\/2020<br \/><\/strong><a href=\"https:\/\/jundiai.sp.gov.br\/educacao\/wp-content\/uploads\/sites\/10\/2020\/07\/lista-de-chamada-em-1.pdf\" target=\"_blank\" rel=\"noopener noreferrer\">Segmento: Ensino M\u00e9dio<\/a><br \/>OBSERVA\u00c7\u00c3O: atendimento com datas e hor\u00e1rios agendados<\/p>\n<p><strong>Data da matr\u00edcula: 20\/07\/2020<br \/><\/strong><a href=\"https:\/\/jundiai.sp.gov.br\/educacao\/wp-content\/uploads\/sites\/10\/2020\/07\/chamada-para-6o-ao-9o-1.pdf\" target=\"_blank\" rel=\"noopener noreferrer\">Segmentos 6\u00ba ao 9\u00ba anos<\/a><br \/>OBSERVA\u00c7\u00c3O: atendimento com hor\u00e1rios agendados<\/p>\n<p><strong>Per\u00edodo de matr\u00edcula: 06, 07, 08, 09, 13 e 14\/07\/2020<br \/><\/strong><a href=\"https:\/\/jundiai.sp.gov.br\/educacao\/wp-content\/uploads\/sites\/10\/2020\/07\/lista-de-chamada-8o-e-9o-2-2.pdf\" target=\"_blank\" rel=\"noopener noreferrer\">Segmentos 8\u00ba e 9\u00ba anos<\/a><br \/>OBSERVA\u00c7\u00c3O: atendimento com datas e hor\u00e1rios agendados<\/p>\n<p><strong>Data de chamada: 04\/06\/2020 at\u00e9 10\/06\/2020<br \/><\/strong><a href=\"https:\/\/jundiai.sp.gov.br\/educacao\/wp-content\/uploads\/sites\/10\/2020\/06\/lista-de-chamada-agendada-1.pdf\">Segmentos 6\u00ba ao 9\u00ba anos, 8\u00ba e 9\u00ba anos e Ensino M\u00e9dio<\/a><br \/>OBSERVA\u00c7\u00c3O: atendimento com datas e hor\u00e1rios agendados<\/p>\n<p><strong>Data de chamada: 11\/03\/2020 at\u00e9 18\/03\/2020<br \/><\/strong><a href=\"https:\/\/jundiai.sp.gov.br\/educacao\/wp-content\/uploads\/sites\/10\/2020\/03\/lista-8o-e-9o-3.pdf\">Lista de Chamada 8\u00ba e 9\u00ba ano<\/a><\/p>\n<p><strong>Data de chamada: 10\/02\/2020 at\u00e9 o dia 14\/02\/2020<br \/><a href=\"https:\/\/jundiai.sp.gov.br\/educacao\/wp-content\/uploads\/sites\/10\/2020\/02\/3a-liista-de-chamada-medio.pdf\">Lista de Chamada Ensino M\u00e9dio<\/a><\/strong><\/p>\n<p><strong>Data de Chamada: 31\/01\/2020 at\u00e9 dia 07\/02\/2020<\/strong><br \/><a href=\"https:\/\/jundiai.sp.gov.br\/educacao\/wp-content\/uploads\/sites\/10\/2021\/06\/lista-medio-2020-errata-2.pdf\">Lista de Chamada Ensino M\u00e9dio<\/a><\/p>\n<p><strong>Data da matr\u00edcula: 10\/01\/2020 at\u00e9 dia 31\/01\/2020<\/strong><br \/><a href=\"https:\/\/jundiai.sp.gov.br\/educacao\/wp-content\/uploads\/sites\/10\/2020\/01\/lista-de-chamada-medio-2-1.pdf\">Lista de Chamada Ensino M\u00e9dio<\/a><\/p>\n<p><strong>Data da matr\u00edcula: 10\/01\/2020 at\u00e9 dia 31\/01\/2020<\/strong><br \/><a href=\"https:\/\/jundiai.sp.gov.br\/educacao\/wp-content\/uploads\/sites\/10\/2020\/01\/lista-de-chamada-do-6o-ao-9o.pdf\">Lista de Chamada 6\u00ba ao 9\u00ba ano<\/a><\/p>\n<p><strong>Data da matr\u00edcula: 10\/01\/2020 at\u00e9 dia 31\/01\/2020<\/strong><br \/><a href=\"https:\/\/jundiai.sp.gov.br\/educacao\/wp-content\/uploads\/sites\/10\/2020\/01\/lista-de-chamada-8o-e-9o.pdf\">Lista de Chamada 8\u00ba ao 9\u00ba ano<\/a><\/p>\n<p><strong>Data da matr\u00edcula: 14\/11\/2019 at\u00e9 29\/11\/2019<\/strong><br \/><a href=\"https:\/\/jundiai.sp.gov.br\/educacao\/wp-content\/uploads\/sites\/10\/2019\/11\/chamada-medio-especial-r-a-y.pdf\">Lista de Chamada Ensino M\u00e9dio<\/a><\/p>\n<p><strong>Data de matr\u00edcula: 07\/11\/2019 at\u00e9 13\/11\/2019<\/strong><br \/><a href=\"https:\/\/jundiai.sp.gov.br\/educacao\/wp-content\/uploads\/sites\/10\/2019\/11\/chamada-medio-especial-k-a-p.pdf\">Lista de Chamada Ensino M\u00e9dio<\/a><\/p>\n<p><strong>Data de matr\u00edcula: 31\/10\/2019 at\u00e9 08\/11\/2019<\/strong><br \/><a href=\"https:\/\/jundiai.sp.gov.br\/educacao\/wp-content\/uploads\/sites\/10\/2019\/10\/chamada-medio-especial-f-a-j-1.pdf\">Lista de Chamada Ensino M\u00e9dio<\/a><\/p>\n<p><strong>Data de matr\u00edcula: 24\/10\/2019 at\u00e9 31\/10\/2019&nbsp;<\/strong><br \/><a href=\"https:\/\/jundiai.sp.gov.br\/educacao\/wp-content\/uploads\/sites\/10\/2019\/10\/lista-de-chamada-para-o-ensino-medio-1.pdf\">Lista de Chamada Ensino M\u00e9dio<\/a><\/p>\n<p><strong>Data de matr\u00edcula: 22\/10\/2019 at\u00e9 06\/11\/2019<\/strong><br \/><a href=\"https:\/\/jundiai.sp.gov.br\/educacao\/wp-content\/uploads\/sites\/10\/2019\/10\/lista-8o-e-9o-2.pdf\">Lista de Chamada 8\u00ba<\/a><\/p>\n<p><strong>Data de matr\u00edcula: 19\/09\/2019 at\u00e9 02\/10\/2019<\/strong><br \/><a href=\"https:\/\/jundiai.sp.gov.br\/educacao\/wp-content\/uploads\/sites\/10\/2019\/09\/8o-e-9o-19-09.pdf\">Lista de Chamada 8\u00ba e 9\u00ba&nbsp;<\/a><\/p>\n<p><strong>Data de Chamada: 10\/09\/2019 Data Limite para Matr\u00edcula: 24\/09\/2019<\/strong><br \/><a href=\"https:\/\/jundiai.sp.gov.br\/educacao\/wp-content\/uploads\/sites\/10\/2019\/09\/ensino-medio.pdf\">Lista de Chamada Ensino M\u00e9dio<\/a><\/p>\n<p><strong>Data de Chamada: 10\/09\/2019 Data Limite para Matr\u00edcula: 24\/09\/2019<\/strong><br \/><a href=\"https:\/\/jundiai.sp.gov.br\/educacao\/wp-content\/uploads\/sites\/10\/2019\/09\/6o-ao-9o-10-09-19.pdf\">Lista de Chamada 6\u00ba ao 9\u00ba<\/a><\/p>\n<p><strong>Per\u00edodo de matr\u00edcula Matr\u00edcula 13\/08\/2019 at\u00e9 28\/08\/2019<\/strong><br \/>&gt;&gt; <a href=\"https:\/\/jundiai.sp.gov.br\/educacao\/wp-content\/uploads\/sites\/10\/2019\/08\/chamada-8o-e-9o-2019-1.pdf\">Lista de Chamada 8\u00ba e 9\u00ba<\/a><\/p>\n<p><strong>Per\u00edodo de matr\u00edcula de 04\/07\/2019 at\u00e9 19\/07\/2019<\/strong><br \/><a href=\"https:\/\/jundiai.sp.gov.br\/educacao\/wp-content\/uploads\/sites\/10\/2019\/07\/ensino-fundamental-6o-ao-9o-1.pdf\">&gt;&gt; Lista de Chamada do 6\u00ba ao 9\u00ba<\/a><\/p>\n<p><strong>Per\u00edodo de matr\u00edcula de 04\/07\/2019 at\u00e9 19\/07\/2019<\/strong><\/p>\n<p>&gt;&gt; <a href=\"https:\/\/jundiai.sp.gov.br\/educacao\/wp-content\/uploads\/sites\/10\/2019\/04\/complemento-do-6o-ao-9o-15-04.pdf\">Complemento do 6\u00ba ao 9\u00ba<\/a><br \/>&gt;&gt; <a href=\"https:\/\/jundiai.sp.gov.br\/educacao\/wp-content\/uploads\/sites\/10\/2019\/04\/8o-e-9o-15-04.pdf\">Lista de Chamada do 8\u00ba e 9\u00ba<\/a><\/p>\n<p><strong>Per\u00edodo de matr\u00edcula de 04\/07\/2019 at\u00e9 19\/07\/2019<\/strong><\/p>\n<p><a href=\"https:\/\/jundiai.sp.gov.br\/educacao\/wp-content\/uploads\/sites\/10\/2019\/07\/lista-de-chamada-medio-1.pdf\">&gt;&gt; Ensino M\u00e9dio<\/a><\/p>\n<p><strong>Per\u00edodo de matr\u00edcula de 13\/03\/2019 at\u00e9 22\/03\/2019<\/strong><\/p>\n<p><a href=\"https:\/\/jundiai.sp.gov.br\/educacao\/wp-content\/uploads\/sites\/10\/2019\/03\/8o-e-9o-das-20-as-22-horas.pdf\">&gt;&gt; Lista de Chamada do 8\u00ba e 9\u00ba Hor\u00e1rio das 20 \u00e0s 22 horas<\/a><\/p>\n<p><strong>Per\u00edodo de matr\u00edcula de 01\/03\/2019 at\u00e9 17\/03\/2019<\/strong><\/p>\n<p><a href=\"https:\/\/jundiai.sp.gov.br\/educacao\/wp-content\/uploads\/sites\/10\/2019\/03\/lista-de-chamada-8o-e-9o.pdf\">&gt;&gt; Lista de Chamada do 8\u00ba e 9\u00ba<\/a><\/p>\n<p><strong>Per\u00edodo de matr\u00edcula de 21\/01\/2019 \u00e0 07\/02\/2019<\/strong><\/p>\n<div><a href=\"https:\/\/jundiai.sp.gov.br\/educacao\/wp-content\/uploads\/sites\/10\/2019\/01\/lista-chamada-6o-ao-9o-2019.pdf\">&gt;&gt; Lista de Chamada do 6\u00ba ao 9\u00ba&nbsp;&nbsp;<\/a><\/div>\n<div>&nbsp;<\/div>\n<div><a href=\"https:\/\/jundiai.sp.gov.br\/educacao\/wp-content\/uploads\/sites\/10\/2019\/01\/chamada-8o-e-9o-2019-1.pdf\">&gt;&gt; Lista de Chamada do 8\u00ba e 9\u00ba<\/a><\/div>\n<div>&nbsp;<\/div>\n<div><a href=\"https:\/\/jundiai.sp.gov.br\/educacao\/wp-content\/uploads\/sites\/10\/2019\/01\/lista-medio-2019.pdf\">&gt;&gt; Ensino M\u00e9dio<\/a><\/div>\n<div>&nbsp;<\/div>\n<div>________________________________________________________________________________________________________________________<\/div>\n<p><a href=\"https:\/\/jundiai.sp.gov.br\/educacao\/wp-content\/uploads\/sites\/10\/2018\/11\/convocao-para-recadastramento-ensino-medio.pdf\">Convoca\u00e7\u00e3o para o Recadastramento para o Ensino M\u00e9dio &#8211;<\/a> 30\/11\/2018 a 15\/01\/2019<\/p>\n<p><a href=\"https:\/\/jundiai.sp.gov.br\/educacao\/wp-content\/uploads\/sites\/10\/2018\/10\/chamada-8o-e-9o.pdf\">Lista de Chamada do 8\u00ba e 9\u00ba<\/a>&nbsp; &#8211; Data de Chamada: 22\/10\/2018 &#8211; Data Limite para Matr\u00edcula: 06\/11\/2018<\/p>\n<p><a href=\"https:\/\/jundiai.sp.gov.br\/educacao\/wp-content\/uploads\/sites\/10\/2018\/09\/ensino-medio-20-09-1.pdf\">Lista de Chamada do Ensino M\u00e9dio<\/a> &#8211; Matr\u00edcula de 27\/09\/2018 at\u00e9 19\/10\/2018<\/p>\n<p><a href=\"https:\/\/jundiai.sp.gov.br\/educacao\/wp-content\/uploads\/sites\/10\/2018\/09\/6o-ao-9o-1.pdf\">Lista de Chamada do 6\u00ba ao 9\u00ba&nbsp; &#8211;&nbsp;<\/a>14\/09\/2018 at\u00e9 02\/10\/2018<\/p>\n<p><a href=\"https:\/\/jundiai.sp.gov.br\/educacao\/wp-content\/uploads\/sites\/10\/2018\/09\/8o-e-9o-1.pdf\">Lista de Chamada do 8\u00ba e 9\u00ba &#8211; <\/a>14\/09\/2018 at\u00e9 02\/10\/2018<\/p>\n<p><a href=\"https:\/\/jundiai.sp.gov.br\/educacao\/wp-content\/uploads\/sites\/10\/2018\/09\/6o-ao-9o.pdf\">Lista de Chamada do 6\u00ba ao 9\u00ba&nbsp; &#8211;&nbsp;<\/a>13\/09\/2018 at\u00e9 02\/10\/2018<\/p>\n<p><a href=\"https:\/\/jundiai.sp.gov.br\/educacao\/wp-content\/uploads\/sites\/10\/2018\/09\/8o-e-9o.pdf\">Lista de Chamada do 8\u00ba e 9\u00ba &#8211;&nbsp;<\/a>13\/09\/2018 at\u00e9 02\/10\/2018<\/p>\n<p><a href=\"https:\/\/jundiai.sp.gov.br\/educacao\/wp-content\/uploads\/sites\/10\/2018\/08\/8o-e-9o-09-08.pdf\">Lista de Chamada para o 8\u00ba e 9\u00ba ano Ensino Fundamental<\/a> &#8211;&nbsp;matr\u00edcula 09\/08\/2018 \u00e0 23\/08\/2018<\/p>\n<p><a href=\"https:\/\/jundiai.sp.gov.br\/educacao\/wp-content\/uploads\/sites\/10\/2018\/08\/lista-ensino-medio-03-08.pdf\">Lista de Chamada do Ensino M\u00e9dio<\/a> &#8211; matr\u00edcula de 03\/08\/2018 at\u00e9 20\/08\/2018<\/p>\n<p><a href=\"https:\/\/jundiai.sp.gov.br\/educacao\/wp-content\/uploads\/sites\/10\/2018\/07\/lista-do-6o-ao-9o-06-07.pdf\">Lista de Chamada do 6\u00ba ao 9\u00ba<\/a> &#8211; matr\u00edcula de 06\/07\/2018 at\u00e9 20\/07\/2018<\/p>\n<p><a href=\"https:\/\/jundiai.sp.gov.br\/educacao\/wp-content\/uploads\/sites\/10\/2018\/07\/lista-8o-e-9o-06-07.pdf\">Lista de Chamada do 8\u00ba e 9\u00ba<\/a> &#8211;&nbsp;matr\u00edcula de 06\/07\/2018 at\u00e9 20\/07\/2018<\/p>\n<p><a href=\"https:\/\/jundiai.sp.gov.br\/educacao\/wp-content\/uploads\/sites\/10\/2018\/05\/chamada-medio-24-05.pdf\">Maio de 2018<\/a> &#8211; Ensino M\u00e9dio &#8211; matr\u00edculas at\u00e9 07\/06\/2018<\/p>\n<p><a href=\"https:\/\/jundiai.sp.gov.br\/educacao\/wp-content\/uploads\/sites\/10\/2018\/05\/chamada-8o-e-9o-07-06.pdf\">Maio de 2018<\/a> &#8211; Lista de chamada do 8\u00ba ao 9\u00ba anos<\/p>\n<p><a href=\"https:\/\/jundiai.sp.gov.br\/educacao\/wp-content\/uploads\/sites\/10\/2018\/04\/chamada-6o-ao-9o-letra-a-a-d.pdf\">Abril de 2018<\/a> &#8211; Ensino Fundamental &nbsp;Letra A a D (6\u00ba ao 9\u00ba ano)&nbsp; &#8211; matr\u00edcula at\u00e9 25\/04\/2018<\/p>\n<p><a href=\"https:\/\/jundiai.sp.gov.br\/educacao\/wp-content\/uploads\/sites\/10\/2018\/04\/chamada-8o-e-9o-12-04.pdf\">Abril de 2018<\/a> &#8211; Ensino Fundamental (8\u00ba e 9\u00ba ano)&nbsp; &#8211; matr\u00edcula at\u00e9 26\/04\/2018<\/p>\n<p><a href=\"https:\/\/jundiai.sp.gov.br\/educacao\/wp-content\/uploads\/sites\/10\/2018\/04\/lista-de-chamada-do-6o-ao-9o-23-04.pdf\">Abril de 2018<\/a> &#8211; Ensino Fundamental (6\u00ba ao 9\u00ba ano)&nbsp; &#8211; matr\u00edcula at\u00e9 23\/04\/2018<\/p>\n<p><a href=\"https:\/\/jundiai.sp.gov.br\/educacao\/wp-content\/uploads\/sites\/10\/2018\/03\/medio-1.pdf\">Abril de 2018<\/a> &#8211; Ensino M\u00e9dio&nbsp; &#8211; matr\u00edcula at\u00e9 10\/04\/2018<\/p>\n<p><a href=\"https:\/\/jundiai.sp.gov.br\/educacao\/wp-content\/uploads\/sites\/10\/2018\/03\/8o-e-9o-01-03.pdf\">Mar\u00e7o de 2018<\/a> &#8211; 8\u00ba e 9\u00ba anos &#8211; matr\u00edculas at\u00e9 15\/03\/2018<\/p>\n<p><a href=\"https:\/\/jundiai.sp.gov.br\/educacao\/wp-content\/uploads\/sites\/10\/2014\/08\/ensino-medio-2018.pdf\">Janeiro de 2018 &#8211; Ensino M\u00e9dio<\/a> &#8211;&nbsp;matr\u00edculas at\u00e9 02\/02\/2018<\/p>\n<p><a href=\"https:\/\/jundiai.sp.gov.br\/educacao\/wp-content\/uploads\/sites\/10\/2014\/08\/lista-8o-e-9o-2018.pdf\">Janeiro de 2018 &#8211; 8\u00ba e 9\u00ba <\/a> &#8211;&nbsp;matr\u00edculas at\u00e9 02\/02\/2018<\/p>\n<p><a href=\"https:\/\/jundiai.sp.gov.br\/educacao\/wp-content\/uploads\/sites\/10\/2014\/08\/lista-6o-ao-9o-2018.pdf\">Janeiro de 2018 &#8211; 6\u00ba ao 9\u00ba <\/a>&#8211; matr\u00edculas at\u00e9 02\/02\/2018<\/p>\n<p><a href=\"https:\/\/jundiai.sp.gov.br\/educacao\/wp-content\/uploads\/sites\/10\/2017\/11\/lista-de-chamada-extra-8o-e-9o.pdf\">Novembro de 2017 &#8211; 8\u00ba e 9\u00ba anos<\/a> &#8211; matr\u00edculas at\u00e9 17\/11<\/p>\n<p><a href=\"https:\/\/jundiai.sp.gov.br\/educacao\/wp-content\/uploads\/sites\/10\/2017\/10\/lista-em-18-10.pdf\">Outubro de 2017 &#8211; Ensino M\u00e9dio<\/a> &#8211; matr\u00edculas at\u00e9 25\/10<\/p>\n<p><a href=\"https:\/\/jundiai.sp.gov.br\/educacao\/wp-content\/uploads\/sites\/10\/2017\/09\/lista-6o-ao-9o.pdf\">Setembro de 2017 &#8211; 6\u00ba ao 9\u00ba anos<\/a>&nbsp;&#8211; matr\u00edculas at\u00e9&nbsp; 05\/10<\/p>\n<p><a href=\"https:\/\/jundiai.sp.gov.br\/educacao\/wp-content\/uploads\/sites\/10\/2017\/09\/lista-8o-e-9o.pdf\">Setembro de 2017 &#8211; 8\u00ba e 9\u00ba anos<\/a>&nbsp;&#8211; matr\u00edculas at\u00e9&nbsp;&nbsp;05\/10<\/p>\n<p><a href=\"https:\/\/jundiai.sp.gov.br\/educacao\/wp-content\/uploads\/sites\/10\/2017\/08\/Ensino-M\u00e9dio.29.08pdf.pdf\">Agosto 2017 &#8211; Lista de chamada do Ensino M\u00e9dio &#8211; matr\u00edculas de 18\/08 a 28\/08<\/a><\/p>\n<p><a href=\"https:\/\/jundiai.sp.gov.br\/educacao\/wp-content\/uploads\/sites\/10\/2017\/08\/Chamada-do-8\u00ba-e-9\u00ba-04.09.pdf\">Agosto 2017 &#8211; Lista de chamada do 8\u00ba e 9\u00ba anos &#8211; matr\u00edculas de 18\/08 at\u00e9 04\/09<\/a><\/p>\n<p><a href=\"https:\/\/jundiai.sp.gov.br\/educacao\/wp-content\/uploads\/sites\/10\/2017\/06\/Lista-de-Chamada-do-6\u00ba-ao-9\u00ba.pdf\">Junho 2017 &#8211; Lista de chamada do 6\u00ba ao 9\u00ba anos &#8211; matr\u00edculas de 30\/06 at\u00e9 27\/07<\/a><\/p>\n<p><a href=\"https:\/\/jundiai.sp.gov.br\/educacao\/wp-content\/uploads\/sites\/10\/2017\/06\/Lista-de-Chamada-do-8\u00ba-e-9\u00ba.pdf\">Junho 2017 &#8211; Lista de chamada 8\u00ba e 9\u00ba anos- matr\u00edculas de 30\/06 at\u00e9 27\/07<\/a><\/p>\n<p><a href=\"https:\/\/jundiai.sp.gov.br\/educacao\/wp-content\/uploads\/sites\/10\/2017\/06\/Lista-de-Chamada-do-Ensino-M\u00e9dio.pdf\" target=\"_blank\" rel=\"noopener noreferrer\">Junho 2017 &#8211;&nbsp;Lista de chamada Ensino M\u00e9dio &#8211; matr\u00edculas de 14\/06 at\u00e9 23\/06<\/a><\/p>\n<p><a href=\"https:\/\/jundiai.sp.gov.br\/educacao\/wp-content\/uploads\/sites\/10\/2017\/06\/Lista-de-Chamada-8\u00ba-e-9\u00ba.pdf\">Junho 2017 &#8211; Lista de chamada para os 8\u00ba e 9\u00ba anos<\/a><\/p>\n<p><a href=\"https:\/\/jundiai.sp.gov.br\/educacao\/wp-content\/uploads\/sites\/10\/2017\/05\/Chamada-8\u00ba-e-9\u00ba.pdf\">Maio 2017 &#8211; Lista de chamada para os 8\u00ba e 9\u00ba anos<\/a><\/p>\n<p><a href=\"https:\/\/jundiai.sp.gov.br\/educacao\/wp-content\/uploads\/sites\/10\/2017\/04\/Lista-de-Chamada-M\u00e9dio-Extra.pdf\" target=\"_blank\" rel=\"noopener noreferrer\">Abril 2017 &#8211;&nbsp;Lista de chamada Ensino M\u00e9dio<\/a><\/p>\n<p><a href=\"https:\/\/jundiai.sp.gov.br\/educacao\/wp-content\/uploads\/sites\/10\/2017\/04\/Lista-Chamada-6\u00ba-ao-9\u00ba.pdf\" target=\"_blank\" rel=\"noopener noreferrer\">Abril 2017 &#8211;&nbsp;Lista de chamada de&nbsp;6\u00ba ao 9\u00ba ano<\/a><\/p>\n<p><a href=\"https:\/\/jundiai.sp.gov.br\/educacao\/wp-content\/uploads\/sites\/10\/2017\/04\/Lista-Chamada-8\u00ba-ao-9\u00ba.pdf\" target=\"_blank\" rel=\"noopener noreferrer\">Abril 2017 &#8211;&nbsp;Lista de chamada para os 8\u00ba e 9\u00ba anos<\/a><\/p>\n<p><a href=\"https:\/\/jundiai.sp.gov.br\/educacao\/wp-content\/uploads\/sites\/10\/2017\/04\/Ensino-M\u00e9dio.pdf\" target=\"_blank\" rel=\"noopener noreferrer\">Abril 2017 &#8211;&nbsp;Lista de chamada para o Ensino M\u00e9dio<\/a><\/p>\n<p><a href=\"https:\/\/jundiai.sp.gov.br\/educacao\/wp-content\/uploads\/sites\/10\/2017\/03\/Lista-de-Chamada-8\u00ba-e-9\u00ba-16.03.pdf\" target=\"_blank\" rel=\"noopener noreferrer\">Mar\u00e7o 2017 &#8211; Lista de chamada para os 8\u00ba e 9\u00ba anos<\/a><\/p>\n<p><a href=\"https:\/\/jundiai.sp.gov.br\/educacao\/wp-content\/uploads\/sites\/10\/2014\/08\/Lista-Ensino-Medio-fevereiro-2017.pdf\">Fevereiro 2017 &#8211; Lista de chamada para o Ensino M\u00e9dio<\/a><\/p>\n<h2>Lista de Chamada<\/h2>\n<p><a href=\"https:\/\/jundiai.sp.gov.br\/educacao\/wp-content\/uploads\/sites\/10\/2014\/08\/Lista-Ensino-Medio-janeiro-2017.pdf\">Janeiro 2017 &#8211; Lista de chamada para o Ensino M\u00e9dio<\/a><\/p>\n<p><a href=\"https:\/\/jundiai.sp.gov.br\/educacao\/wp-content\/uploads\/sites\/10\/2014\/08\/Lista-8-e-9-janeiro-2017.pdf\">Janeiro 2017 \u2013 Lista de chamada para o 8\u00ba e 9\u00ba ano<\/a><\/p>\n<p><a href=\"https:\/\/jundiai.sp.gov.br\/educacao\/wp-content\/uploads\/sites\/10\/2014\/08\/Lista-6-ao-9-ano-janeiro-2017.pdf\">Janeiro 2017 \u2013 Lista de chamada para o 6\u00ba ao 9\u00ba ano<\/a><\/p>\n<h2>Lista de Chamada<\/h2>\n<p><a href=\"https:\/\/jundiai.sp.gov.br\/educacao\/wp-content\/uploads\/sites\/10\/2014\/08\/Lista-de-chamada-8-e-9-ano-18-10.pdf\">Outubro 2016 \u2013 Lista de chamada para o 8\u00ba e 9\u00ba ano<\/a><\/p>\n<h2>Lista de Chamada<\/h2>\n<p><a href=\"https:\/\/jundiai.sp.gov.br\/educacao\/wp-content\/uploads\/sites\/10\/2014\/08\/Lista-de-chamada-8-e-9-ano.pdf\">Setembro 2016 \u2013 Lista de chamada para o 8\u00ba e 9\u00ba ano<\/a><\/p>\n<h2>Lista de Chamada<\/h2>\n<p><a href=\"https:\/\/jundiai.sp.gov.br\/educacao\/wp-content\/uploads\/sites\/10\/2014\/08\/Lista-de-chamada-6-ao-9-ano.pdf\">Setembro 2016 &#8211; Lista de chamada para o 6\u00ba ao 9\u00ba ano<\/a><\/p>\n<h2>Lista de Chamada<\/h2>\n<p><a href=\"https:\/\/jundiai.sp.gov.br\/educacao\/wp-content\/uploads\/sites\/10\/2014\/08\/Lista-de-chamada-ensino-medio-1-ao-3-ano-09-16.pdf\">Setembro 2016 &#8211; Lista de chamada para o Ensino M\u00e9dio<\/a><\/p>\n<h2>Lista de Chamada<\/h2>\n<p><a href=\"https:\/\/jundiai.sp.gov.br\/educacao\/wp-content\/uploads\/sites\/10\/2016\/08\/Lista-de-chamada-8\u00ba-e-9\u00ba.pdf\" target=\"_blank\" rel=\"noopener noreferrer\">Agosto 2016 &#8211; Lista de chamada para os 8\u00ba e 9\u00ba anos<\/a><\/p>\n<h2>Lista de Chamada<\/h2>\n<p><a href=\"https:\/\/jundiai.sp.gov.br\/educacao\/wp-content\/uploads\/sites\/10\/2016\/06\/Lista-de-chamada-de-Ensino-M\u00e9dio.pdf\" target=\"_blank\" rel=\"noopener noreferrer\">Junho 2016 &#8211; Lista de chamada para o Ensino M\u00e9dio<\/a><\/p>\n<p><a href=\"https:\/\/jundiai.sp.gov.br\/educacao\/wp-content\/uploads\/sites\/10\/2016\/06\/Lista-de-chamada-de-8\u00ba-e-9\u00ba.pdf\" target=\"_blank\" rel=\"noopener noreferrer\">Junho 2016 \u2013 Lista de chamada para o 8\u00ba e 9\u00ba ano<\/a><\/p>\n<p><a href=\"https:\/\/jundiai.sp.gov.br\/educacao\/wp-content\/uploads\/sites\/10\/2016\/06\/Lista-de-chamada-de-6\u00ba-ao-9\u00ba.pdf\" target=\"_blank\" rel=\"noopener noreferrer\">Junho 2016 \u2013 Lista de chamada para o 6\u00ba ao 9\u00ba ano<\/a><\/p>\n<h2>Lista de Chamada<\/h2>\n<p><a href=\"https:\/\/jundiai.sp.gov.br\/educacao\/wp-content\/uploads\/sites\/10\/2014\/08\/Lista-de-chamada-ensino-medio-abril-2016.pdf\">Abril 2016 &#8211; Lista de Chamada para o Ensino M\u00e9dio<\/a><\/p>\n<p><a href=\"https:\/\/jundiai.sp.gov.br\/educacao\/wp-content\/uploads\/sites\/10\/2014\/08\/lista-de-chamada-ensino-fundamental-8-e-9-ano.pdf\">Abril 2016 \u2013 Lista de chamada para o 8\u00ba e 9\u00ba ano<\/a><\/p>\n<p><a href=\"https:\/\/jundiai.sp.gov.br\/educacao\/wp-content\/uploads\/sites\/10\/2014\/08\/lista-de-chamada-ensino-fundamental-6-ao-9-ano.pdf\">Abril 2016 \u2013 Lista de chamada para o 6\u00ba ao 9\u00ba ano<\/a><\/p>\n<h2>Lista de Chamada<\/h2>\n<p><a href=\"https:\/\/jundiai.sp.gov.br\/educacao\/wp-content\/uploads\/sites\/10\/2014\/08\/Lista-de-chamada-8-e-9-mes-03-2016.pdf\">Mar\u00e7o de 2016 &#8211; Lista de chamada para o 8\u00ba e 9\u00ba ano<\/a><\/p>\n<h2>Lista de Chamada<\/h2>\n<p><a href=\"https:\/\/jundiai.sp.gov.br\/educacao\/wp-content\/uploads\/sites\/10\/2014\/08\/Lista-EM.pdf\">Janeiro 2016 &#8211; Lista de Chamada para o Ensino M\u00e9dio<\/a><\/p>\n<h2>Lista de Chamada<\/h2>\n<p><a href=\"https:\/\/jundiai.sp.gov.br\/educacao\/wp-content\/uploads\/sites\/10\/2014\/08\/Lista-de-chamada-8-e-9.pdf\">Janeiro 2016 &#8211; Lista de Chamada para o Ensino Fundamental &#8211; 8\u00ba e 9\u00ba ano<\/a><\/p>\n<h2>Lista de Chamada<\/h2>\n<p><a href=\"https:\/\/jundiai.sp.gov.br\/educacao\/wp-content\/uploads\/sites\/10\/2014\/08\/Lista-de-chamada-6-ao-9.pdf\">Janeiro 2016 &#8211; Lista de Chamada para o Ensino Fundamental &#8211; 6\u00ba ao 9\u00ba ano<\/a><\/p>\n<h2>Lista de Chamada<\/h2>\n<p><a href=\"https:\/\/jundiai.sp.gov.br\/educacao\/wp-content\/uploads\/sites\/10\/2014\/08\/Lista-de-Chamada-8\u00ba-e-9\u00ba-9-11.pdf\">Novembro 2015 &#8211; Lista de Chamada do Ensino Fundamental II &#8211; 8\u00ba e 9\u00ba <\/a><\/p>\n<h2>Lista de Chamada<\/h2>\n<p><a href=\"https:\/\/jundiai.sp.gov.br\/educacao\/wp-content\/uploads\/sites\/10\/2015\/10\/Lista-de-Chamada-8\u00ba-e-9\u00ba.pdf\" target=\"_blank\" rel=\"noopener noreferrer\">Outubro 2015 &#8211; Lista de Chamada do Ensino Fundamental II &#8211; 8\u00ba e 9\u00ba<\/a><\/p>\n<h2>Lista de Chamada<\/h2>\n<p><a href=\"https:\/\/jundiai.sp.gov.br\/educacao\/wp-content\/uploads\/sites\/10\/2015\/09\/Lista-8\u00ba-e-9\u00ba-29.09.pdf\" target=\"_blank\" rel=\"noopener noreferrer\">Setembro 2015 &#8211; Lista de Chamada do Ensino Fundamental II &#8211; 8\u00ba e 9\u00ba<\/a><\/p>\n<h2>Lista de Chamada<\/h2>\n<p><a href=\"https:\/\/jundiai.sp.gov.br\/educacao\/wp-content\/uploads\/sites\/10\/2014\/08\/Lista-de-Chamada-6\u00ba-ao-9\u00ba-EF.pdf\">Setembro 2015 &#8211; Lista de Chamada do Ensino Fundamental do 6\u00ba ao 9\u00ba ano<\/a><\/p>\n<h2>Lista de Chamada<\/h2>\n<p><a href=\"https:\/\/jundiai.sp.gov.br\/educacao\/wp-content\/uploads\/sites\/10\/2015\/09\/Lista-de-Chamada-1\u00ba-ao-3\u00ba-EM.pdf\" target=\"_blank\" rel=\"noopener noreferrer\">Agosto 2015 &#8211; Lista de chamada no Ensino M\u00e9dio (1\u00ba ao 3\u00ba ano)<\/a><\/p>\n<h2>Lista de Inscritos<\/h2>\n<p><strong>Lista de Inscritos no Ensino M\u00e9dio (1\u00ba ao 3\u00ba ano) para atualiza\u00e7\u00e3o de dados no CMEJA<\/strong><\/p>\n<p><a href=\"https:\/\/jundiai.sp.gov.br\/educacao\/wp-content\/uploads\/sites\/10\/2014\/08\/inscritos-para-atualizar-dados-17-04.pdf\">Lista de Inscritos Ensino M\u00e9dio<\/a><\/p>\n<h2>Lista de Chamada<\/h2>\n<p><strong>Julho 2015 &#8211; Lista de chamada para o 8\u00ba e 9\u00ba ano do Ensino Fundamental II &#8211; 31\/07\/2015<\/strong><\/p>\n<p><a href=\"https:\/\/jundiai.sp.gov.br\/educacao\/wp-content\/uploads\/sites\/10\/2014\/08\/LISTA-DE-CHAMADA-DO-8\u00ba-e-9\u00ba-ANO-31.07.pdf\">Lista Ensino Fundamental II<\/a><\/p>\n<p><strong>Junho 2015 &#8211; Listas de chamada &#8211; 26\/06\/2015<\/strong><\/p>\n<p><a href=\"https:\/\/jundiai.sp.gov.br\/educacao\/wp-content\/uploads\/sites\/10\/2014\/08\/JUNHO_Lista-de-Chamada-6\u00ba-ao-9\u00ba.pdf\">Lista de Chamada &#8211; 6\u00ba ao 9\u00ba ano do Ensino Fundamental II<\/a><\/p>\n<p><a href=\"https:\/\/jundiai.sp.gov.br\/educacao\/wp-content\/uploads\/sites\/10\/2014\/08\/JUNHO_Lista-de-Chamada-8\u00ba-e-9\u00ba.pdf\">Lista de Chamada &#8211; 8\u00ba ao 9\u00ba ano do Ensino Fundamental II<\/a><\/p>\n<p><a href=\"https:\/\/jundiai.sp.gov.br\/educacao\/wp-content\/uploads\/sites\/10\/2014\/08\/Lista-de-Chamada-Oficial-EM.pdf\">Lista de chamada &#8211; Ensino M\u00e9dio<\/a><\/p>\n<p><strong>Maio 2015 &#8211; Lista de chamada do 8\u00ba ao 9\u00ba ano do Ensino Fundamental II &#8211; 30\/04\/2015.<\/strong><\/p>\n<p><a href=\"https:\/\/jundiai.sp.gov.br\/educacao\/wp-content\/uploads\/sites\/10\/2014\/08\/chamada-CMEJA-8-ao-9-ano-fundamentalII-30-04-2015.pdf\">Lista Ensino Fundamental II<\/a><\/p>\n<p><strong>Abril 2015 &#8211; Lista de chamada do 6\u00ba ao 9\u00ba ano do Ensino Fundamental II &#8211; 17\/04\/2015.<\/strong><\/p>\n<p><a href=\"https:\/\/jundiai.sp.gov.br\/educacao\/wp-content\/uploads\/sites\/10\/2014\/08\/chamada-CMEJA-6-ao-9-ano-fundamentalII-17-04-2015.pdf\">Lista Ensino Fundamental II<\/a><\/p>\n<p><strong>Mar\u00e7o 2015 &#8211; Lista de chamada do 3\u00ba ano do Ensino M\u00e9dio &#8211; 09\/03\/2015.<\/strong><\/p>\n<p><a href=\"https:\/\/jundiai.sp.gov.br\/educacao\/wp-content\/uploads\/sites\/10\/2014\/08\/chamada-CMEJA-3-ano-medio-09-03-2015.pdf\">Lista Ensino M\u00e9dio<\/a><\/p>\n<p><strong>Janeiro 2015 &#8211; Lista de chamada do 6\u00ba ao 9\u00ba ano do Ensino Fundamental II &#8211; 20\/01\/2015.<\/strong><\/p>\n<p><a href=\"https:\/\/jundiai.sp.gov.br\/educacao\/wp-content\/uploads\/sites\/10\/2014\/08\/chamada-CMEJA-6-ao-9-ano-fundamentalII-20-01-15.pdf\">Lista Ensino Fundamental II<\/a><\/p>\n<p><strong>Setembro 2014 &#8211; Lista de chamada do 6\u00ba ao 9\u00ba ano do Ensino Fundamental II &#8211; 08\/09\/2014.<\/strong><\/p>\n<p><a href=\"https:\/\/jundiai.sp.gov.br\/educacao\/wp-content\/uploads\/sites\/10\/2014\/08\/chamada-CMEJA-1-ao-3-ano-medio-17-09-14.pdf\">Lista Ensino M\u00e9dio<\/a><\/p>\n<p><a href=\"https:\/\/jundiai.sp.gov.br\/educacao\/wp-content\/uploads\/sites\/10\/2014\/08\/chamada-CMEJA-6-ao-9-ano-fundamentalII-08-09-14.pdf\">Lista Ensino Fundamental II<\/a><\/p>\n<p><strong>Julho 2014 &#8211; Lista de chamada do 1\u00ba ao 3\u00ba ano e somente 3\u00ba ano do Ensino M\u00e9dio &#8211; 29\/07\/14.<\/strong><\/p>\n<p><a href=\"https:\/\/jundiai.sp.gov.br\/educacao\/wp-content\/uploads\/sites\/10\/2014\/08\/chamada-CMEJA-1-ao-3-ano-medio-29-07-141.pdf\" target=\"_blank\" rel=\"noopener noreferrer\">Lista Ensino M\u00e9dio<\/a><\/p>\n<p><strong>Junho 2014 &#8211; Lista de chamada do 1\u00ba ao 3\u00ba ano do Ensino M\u00e9dio &#8211; 03\/06\/14.<\/strong><\/p>\n<p><a href=\"https:\/\/jundiai.sp.gov.br\/educacao\/wp-content\/uploads\/sites\/10\/2014\/08\/chamada-CMEJA-1-ao-3-ano-medio-03-06-14.pdf\" target=\"_blank\" rel=\"noopener noreferrer\">Lista Ensino M\u00e9dio<\/a><\/p>\n<p><a href=\"https:\/\/jundiai.sp.gov.br\/educacao\/wp-content\/uploads\/sites\/10\/2014\/08\/chamada-CMEJA-8-ao-9-ano-fundamentalII-23-06-14.pdf\" target=\"_blank\" rel=\"noopener noreferrer\">Lista Ensino Fundamental II<\/a><\/p>\n<p><strong>Maio 2014 &#8211; Lista de chamada do 6\u00ba ao 9\u00ba ano do Ensino Fundamental II &#8211; 19\/05\/14.<\/strong><\/p>\n<p><a href=\"https:\/\/jundiai.sp.gov.br\/educacao\/wp-content\/uploads\/sites\/10\/2014\/08\/chamada-CMEJA-6-ao-9-ano-fundamentalII-19-05-14.pdf\" target=\"_blank\" rel=\"noopener noreferrer\">Lista Ensino Fundamental<\/a><\/p>\n<p><strong>Abril 2014 &#8211; Lista de chamada do 6\u00ba ao 9\u00ba ano do Ensino Fundamental II e do 1\u00ba ao 3\u00ba ano Ensino M\u00e9dio &#8211; 22\/04\/14.<\/strong><\/p>\n<p><a href=\"https:\/\/jundiai.sp.gov.br\/educacao\/wp-content\/uploads\/sites\/10\/2014\/08\/chamada-CMEJA-1-ao-3-ano-medio-22-04-14.pdf\" target=\"_blank\" rel=\"noopener noreferrer\">Lista Ensino M\u00e9dio<\/a><\/p>\n<p><a href=\"https:\/\/jundiai.sp.gov.br\/educacao\/wp-content\/uploads\/sites\/10\/2014\/08\/chamada-CMEJA-6-ao-9-ano-fundamentalII-22-04-14.pdf\" target=\"_blank\" rel=\"noopener noreferrer\">Lista Ensino Fundamental<\/a><\/p>\n<p><strong>Mar\u00e7o 2014 &#8211; Lista de chamada do 6\u00ba ao 9\u00ba ano do Ensino Fundamental II e do 1\u00ba ao 3\u00ba ano do Ensino M\u00e9dio &#8211; 18\/03\/14.<\/strong><br \/>O CMEJA informa que a divulga\u00e7\u00e3o da lista de chamada ocorrer\u00e1 sempre 1 m\u00eas antes do in\u00edcio das aulas de cada turma. Para melhor organiza\u00e7\u00e3o dos Inscritos, segue abaixo as datas de in\u00edcio de cada turma:<\/p>\n<p>6\u00ba AO 9\u00ba ANO EF.II &#8211; 28\/04\/14 &#8211; 28\/07\/14 -06\/10\/14<br \/>8\u00ba E 9\u00ba ANO DO EF.II &#8211; 23\/04\/14- 29\/05\/14 &#8211; 24\/07\/14 &#8211; 03\/09\/14<br \/>1\u00ba AO 3\u00ba ANO EM &#8211; 1\u00ba\/04\/14 &#8211; 29\/05\/14 (TURMAS 1 E 2)E 30\/05\/14 (TURMAS 3 E 4) &#8211; 12\/08\/14<br \/>3\u00ba ANO EM &#8211; 31\/03\/14 &#8211; 16\/04\/14 &#8211; 28\/05\/14.<\/p>\n<p><a href=\"https:\/\/jundiai.sp.gov.br\/educacao\/wp-content\/uploads\/sites\/10\/2014\/08\/chamada-CMEJA-1-ao-3-ano-medio-17-03-14.pdf\" target=\"_blank\" rel=\"noopener noreferrer\">Lista Ensino M\u00e9dio<\/a><\/p>\n<p><a href=\"https:\/\/jundiai.sp.gov.br\/educacao\/wp-content\/uploads\/sites\/10\/2014\/08\/chamada-CMEJA-6-ao-9-ano-fundamental-II-17-03-14.pdf\" target=\"_blank\" rel=\"noopener noreferrer\">Lista Ensino Fundamental<\/a><\/p>\n<p><strong>Fevereiro 2014 &#8211; Lista de Chamada para matr\u00edcula para alunos do 8\u00ba e 9\u00ba do Ensino Fundamental II e 3\u00ba ano do Ensino M\u00e9dio.<\/strong> Informamos aos alunos que fizeram inscri\u00e7\u00e3o para outras s\u00e9ries que, em raz\u00e3o da nova organiza\u00e7\u00e3o, compare\u00e7am na Secretaria do CMEJA para atualiza\u00e7\u00e3o do cadastro e escolha de hor\u00e1rios (1\u00ba per\u00edodo:14h \u00e0s 16h \/ 2\u00ba per\u00edodo: 16h \u00e0s 18h \/ 3\u00ba per\u00edodo: 18h \u00e0s 20h \/ 4\u00ba per\u00edodo: 20h \u00e0s 22h).<\/p>\n<p><a href=\"https:\/\/jundiai.sp.gov.br\/educacao\/wp-content\/uploads\/sites\/10\/2014\/08\/chamada-CMEJA-medio-fevereiro-2014.pdf\" target=\"_blank\" rel=\"noopener noreferrer\">Lista Ensino M\u00e9dio<\/a><\/p>\n<p><a href=\"https:\/\/jundiai.sp.gov.br\/educacao\/wp-content\/uploads\/sites\/10\/2014\/08\/chamada-CMEJA-fundamental-fevereiro-2014.pdf\" target=\"_blank\" rel=\"noopener noreferrer\">Lista Ensino Fundamental<\/a><\/p>","protected":false},"excerpt":{"rendered":"<p>Ensino M\u00e9dio Data de chamada: 10\/01\/2026,&nbsp; Limite para matr\u00edcula 19\/01\/2026. Ensino Fundamental 6\u00b0 ao 9 semipresencialData de chamada: 10\/01\/2026,\u00a0 Limite para matr\u00edcula 19\/01\/2026. Ensino M\u00e9dio Data de chamada: 04\/08\/2025,&nbsp; Limite para matr\u00edcula 19\/08\/2025. Ensino Fundamental 6\u00b0 ao 9 semipresencialData de chamada: 10\/07\/2025,&nbsp; Limite para matr\u00edcula 18\/07\/2025 Ensino M\u00e9dio Data de chamada: 27\/05\/2025,&nbsp; Limite para matr\u00edcula [&hellip;]<\/p>\n","protected":false},"author":30,"featured_media":0,"parent":167,"menu_order":1,"comment_status":"closed","ping_status":"closed","template":"","meta":{"footnotes":""},"class_list":["post-2421","page","type-page","status-publish","hentry"],"_links":{"self":[{"href":"https:\/\/jundiai.sp.gov.br\/educacao\/wp-json\/wp\/v2\/pages\/2421","targetHints":{"allow":["GET"]}}],"collection":[{"href":"https:\/\/jundiai.sp.gov.br\/educacao\/wp-json\/wp\/v2\/pages"}],"about":[{"href":"https:\/\/jundiai.sp.gov.br\/educacao\/wp-json\/wp\/v2\/types\/page"}],"author":[{"embeddable":true,"href":"https:\/\/jundiai.sp.gov.br\/educacao\/wp-json\/wp\/v2\/users\/30"}],"replies":[{"embeddable":true,"href":"https:\/\/jundiai.sp.gov.br\/educacao\/wp-json\/wp\/v2\/comments?post=2421"}],"version-history":[{"count":148,"href":"https:\/\/jundiai.sp.gov.br\/educacao\/wp-json\/wp\/v2\/pages\/2421\/revisions"}],"predecessor-version":[{"id":4498,"href":"https:\/\/jundiai.sp.gov.br\/educacao\/wp-json\/wp\/v2\/pages\/2421\/revisions\/4498"}],"up":[{"embeddable":true,"href":"https:\/\/jundiai.sp.gov.br\/educacao\/wp-json\/wp\/v2\/pages\/167"}],"wp:attachment":[{"href":"https:\/\/jundiai.sp.gov.br\/educacao\/wp-json\/wp\/v2\/media?parent=2421"}],"curies":[{"name":"wp","href":"https:\/\/api.w.org\/{rel}","templated":true}]}}