{"id":3582,"date":"2023-01-18T15:54:11","date_gmt":"2023-01-18T18:54:11","guid":{"rendered":"https:\/\/jundiai.sp.gov.br\/educacao\/?page_id=3582"},"modified":"2024-10-11T15:50:57","modified_gmt":"2024-10-11T18:50:57","slug":"sap-2023","status":"publish","type":"page","link":"https:\/\/jundiai.sp.gov.br\/educacao\/sap\/sap-2023\/","title":{"rendered":"VI SAP"},"content":{"rendered":"\n<p><\/p>\n\n\n\n<figure class=\"wp-block-image size-large\"><a href=\"https:\/\/jundiai.sp.gov.br\/educacao\/wp-content\/uploads\/sites\/10\/2023\/01\/1-logo-vi-sap-copiar.png\"><img loading=\"lazy\" decoding=\"async\" width=\"1280\" height=\"713\" src=\"https:\/\/jundiai.sp.gov.br\/educacao\/wp-content\/uploads\/sites\/10\/2023\/01\/1-logo-vi-sap-copiar-1280x713.png\" alt=\"\" class=\"wp-image-3585\" srcset=\"https:\/\/jundiai.sp.gov.br\/educacao\/wp-content\/uploads\/sites\/10\/2023\/01\/1-logo-vi-sap-copiar-1280x713.png 1280w, https:\/\/jundiai.sp.gov.br\/educacao\/wp-content\/uploads\/sites\/10\/2023\/01\/1-logo-vi-sap-copiar-300x167.png 300w, https:\/\/jundiai.sp.gov.br\/educacao\/wp-content\/uploads\/sites\/10\/2023\/01\/1-logo-vi-sap-copiar-768x428.png 768w, https:\/\/jundiai.sp.gov.br\/educacao\/wp-content\/uploads\/sites\/10\/2023\/01\/1-logo-vi-sap-copiar.png 1500w\" sizes=\"auto, (max-width: 1280px) 100vw, 1280px\" \/><\/a><\/figure>\n\n\n\n<p>A Semana de Atualiza\u00e7\u00e3o Pedag\u00f3gica \u00e9 uma a\u00e7\u00e3o formativa promovida pela Unidade de Gest\u00e3o de Educa\u00e7\u00e3o desde 2018. Realizada na primeira semana do ano letivo, logo ap\u00f3s as f\u00e9rias escolares, a SAP tem como objetivo mobilizar todos os educadores da rede municipal de ensino de Jundia\u00ed para participarem de momentos de estudo, aprendizado e trocas de experi\u00eancias, que fomentem<br>pr\u00e1ticas inovadoras e contribuam com a qualidade da educa\u00e7\u00e3o oferecida aos meninos e meninas, jovens e adultos.<\/p>\n\n\n\n<p><br>Em todas as edi\u00e7\u00f5es s\u00e3o abordados temas que buscam subsidiar as demandas formativas decorrentes das propostas pedag\u00f3gicas que ser\u00e3o implementadas pela UGE no ano vigente, dentre os quais podemos destacar: Compet\u00eancias Socioemocionais; Aprendizagem Significativa; Curr\u00edculo Jundiaiense e a\u00e7\u00f5es do CIEMPI; Desemparedamento da Escola; O Natural, o Digital e o Ensino H\u00edbrido.<\/p>\n\n\n\n<p><br>Participam do evento, simultaneamente, os quatro mil servidores municipais: Agentes de Servi\u00e7os Operacionais, Assistentes de Administra\u00e7\u00e3o, Assistentes de Dire\u00e7\u00e3o, Coordenadores Pedag\u00f3gicos, Cozinheiros, Diretores de Escola, Educadores Infantis, Estagi\u00e1rios, Professores, Zeladores, que t\u00eam a oportunidade de ampliar seus conhecimentos a partir da escuta de profissionais renomados nacional e internacionalmente.<\/p>\n\n\n\n<p><br>Com o advento da pandemia, em 2021, a SAP passou a ser realizada na modalidade remota, permitindo um alcance ainda maior, atingindo educadores de outras cidades, estados e pa\u00edses.<\/p>\n\n\n\n<p><br>Em 2023, retomaremos a realiza\u00e7\u00e3o da abertura do evento na modalidade presencial, que acontecer\u00e1 no Teatro Polytheama e tamb\u00e9m ser\u00e1 transmitida ao vivo pelos canais da TVTEC.<\/p>\n\n\n\n<p><br>Nos demais dias, al\u00e9m de webin\u00e1rios que abordar\u00e3o quest\u00f5es fundamentais para a \u201ctransforma\u00e7\u00e3o da escola&#8221;, contaremos com a participa\u00e7\u00e3o de alguns de nossos Educadores Transformadores, que socializar\u00e3o suas \u201cPr\u00e1ticas Exitosas\u201d oriundas dos ciclos formativos promovidos em 2022. Esta a\u00e7\u00e3o tem como objetivo, valorizar a autoria pedag\u00f3gica dos profissionais da rede municipal e o processo de remodela\u00e7\u00e3o de seus fazeres por meio de partilhas e conhecimentos cocriados.<\/p>\n\n\n\n<p><br>A VI Semana de Atualiza\u00e7\u00e3o Pedag\u00f3gica ter\u00e1 como tema \u201cEducador Transformador: do percurso formativo \u00e0 transposi\u00e7\u00e3o did\u00e1tica\u201d e proporcionar\u00e1 a imers\u00e3o em diversos contextos te\u00f3ricos e pr\u00e1ticos que fomentar\u00e3o in\u00fameras reflex\u00f5es, agu\u00e7ando nossos saberes, nossas experi\u00eancias e novos conhecimentos.<\/p>\n\n\n\n<figure class=\"wp-block-embed is-type-video is-provider-youtube wp-block-embed-youtube wp-embed-aspect-16-9 wp-has-aspect-ratio\"><div class=\"wp-block-embed__wrapper\">\n<iframe loading=\"lazy\" title=\"VI SAP - Semana de Atualiza\u00e7\u00e3o Pedag\u00f3gica - Jundia\u00ed\/SP\" width=\"500\" height=\"281\" src=\"https:\/\/www.youtube.com\/embed\/fntWFY22SLg?feature=oembed\" frameborder=\"0\" allow=\"accelerometer; autoplay; clipboard-write; encrypted-media; gyroscope; picture-in-picture; web-share\" referrerpolicy=\"strict-origin-when-cross-origin\" allowfullscreen><\/iframe>\n<\/div><\/figure>\n\n\n\n<div style=\"height:100px\" aria-hidden=\"true\" class=\"wp-block-spacer\"><\/div>\n\n\n\n<p><strong>01\/02 <\/strong>&#8211; 8h30 &#8211;\u00a0 \u00a0&#8220;A transforma\u00e7\u00e3o da educa\u00e7\u00e3o se constr\u00f3i pela a\u00e7\u00e3o dos educadores&#8221; &#8211; Prof. Ant\u00f3nio N\u00f3voa:\u00a0\u00a0<\/p>\n\n\n\n<figure class=\"wp-block-embed is-type-video is-provider-youtube wp-block-embed-youtube wp-embed-aspect-16-9 wp-has-aspect-ratio\"><div class=\"wp-block-embed__wrapper\">\nhttps:\/\/www.youtube.com\/watch?v=uI-FgibMqL8\n<\/div><\/figure>\n\n\n\n<div style=\"height:100px\" aria-hidden=\"true\" class=\"wp-block-spacer\"><\/div>\n\n\n\n<p><strong>02\/02<\/strong> &#8211; 8h30 &#8211; &#8221;\u00a0A educa\u00e7\u00e3o integral e a escola contempor\u00e2nea&#8221; &#8211;\u00a0Prof.\u00aa\u00a0\u00a0Pilar Lacerda:\u00a0<\/p>\n\n\n\n<figure class=\"wp-block-embed is-type-video is-provider-youtube wp-block-embed-youtube wp-embed-aspect-16-9 wp-has-aspect-ratio\"><div class=\"wp-block-embed__wrapper\">\n<iframe loading=\"lazy\" title=\"A educa\u00e7\u00e3o integral e a escola contempor\u00e2nea\" width=\"500\" height=\"281\" src=\"https:\/\/www.youtube.com\/embed\/-8uTzgqaVK4?feature=oembed\" frameborder=\"0\" allow=\"accelerometer; autoplay; clipboard-write; encrypted-media; gyroscope; picture-in-picture; web-share\" referrerpolicy=\"strict-origin-when-cross-origin\" allowfullscreen><\/iframe>\n<\/div><\/figure>\n\n\n\n<div style=\"height:100px\" aria-hidden=\"true\" class=\"wp-block-spacer\"><\/div>\n\n\n\n<p><strong>02\/02 <\/strong>&#8211;\u00a0 10h30 &#8211; &#8221;\u00a0Inf\u00e2ncia, cidadania e Educa\u00e7\u00e3o Integral na cidade&#8221; &#8211;\u00a0Prof.\u00a0\u00a0Levindo Diniz Carvalho:\u00a0<\/p>\n\n\n\n<figure class=\"wp-block-embed is-type-video is-provider-youtube wp-block-embed-youtube wp-embed-aspect-16-9 wp-has-aspect-ratio\"><div class=\"wp-block-embed__wrapper\">\n<iframe loading=\"lazy\" title=\"Inf\u00e2ncia, cidadania e Educa\u00e7\u00e3o Integral na cidade\" width=\"500\" height=\"281\" src=\"https:\/\/www.youtube.com\/embed\/u8pQrRk9GRw?feature=oembed\" frameborder=\"0\" allow=\"accelerometer; autoplay; clipboard-write; encrypted-media; gyroscope; picture-in-picture; web-share\" referrerpolicy=\"strict-origin-when-cross-origin\" allowfullscreen><\/iframe>\n<\/div><\/figure>\n\n\n\n<div style=\"height:100px\" aria-hidden=\"true\" class=\"wp-block-spacer\"><\/div>\n\n\n\n<p><strong>02\/02<\/strong> &#8211; 14h &#8211;\u00a0 &#8221;\u00a0Educadores que se transformam para transformar vidas pela educa\u00e7\u00e3o&#8221; &#8211;\u00a0Prof.\u00aa\u00a0\u00a0Anna Penido:\u00a0<\/p>\n\n\n\n<figure class=\"wp-block-embed is-type-video is-provider-youtube wp-block-embed-youtube wp-embed-aspect-16-9 wp-has-aspect-ratio\"><div class=\"wp-block-embed__wrapper\">\n<iframe loading=\"lazy\" title=\"Educadores que se transformam para transformar vidas pela educa\u00e7\u00e3o\" width=\"500\" height=\"281\" src=\"https:\/\/www.youtube.com\/embed\/dAA-wG7tNJ8?feature=oembed\" frameborder=\"0\" allow=\"accelerometer; autoplay; clipboard-write; encrypted-media; gyroscope; picture-in-picture; web-share\" referrerpolicy=\"strict-origin-when-cross-origin\" allowfullscreen><\/iframe>\n<\/div><\/figure>\n\n\n\n<div style=\"height:100px\" aria-hidden=\"true\" class=\"wp-block-spacer\"><\/div>\n\n\n\n<p><strong>02\/02<\/strong> &#8211; 16h &#8211; &#8221;\u00a0Documentar e Registrar: ferramentas do professor reflexivo. Entre o ideal e o real, o poss\u00edvel!&#8221; &#8211;\u00a0Prof.\u00aa\u00a0\u00a0Maria Alice Proen\u00e7a:<\/p>\n\n\n\n<figure class=\"wp-block-embed is-type-video is-provider-youtube wp-block-embed-youtube wp-embed-aspect-16-9 wp-has-aspect-ratio\"><div class=\"wp-block-embed__wrapper\">\n <iframe loading=\"lazy\" title=\"Documentar e Registrar  ferramentas do professor reflexivo  Entre o ideal e o real, o poss\u00edvel!\" width=\"500\" height=\"281\" src=\"https:\/\/www.youtube.com\/embed\/S-tRHAnuoPE?feature=oembed\" frameborder=\"0\" allow=\"accelerometer; autoplay; clipboard-write; encrypted-media; gyroscope; picture-in-picture; web-share\" referrerpolicy=\"strict-origin-when-cross-origin\" allowfullscreen><\/iframe>\n<\/div><\/figure>\n\n\n\n<div style=\"height:100px\" aria-hidden=\"true\" class=\"wp-block-spacer\"><\/div>\n\n\n\n<p><strong>03\/02<\/strong> &#8211; 8h30 &#8211; &#8221;\u00a0Professor que inspira &#8211; Rob\u00f3tica com Sucata pela Ressignifica\u00e7\u00e3o da Educa\u00e7\u00e3o&#8221; &#8211;\u00a0 Prof.\u00aa\u00a0\u00a0D\u00e9bora Garofalo:\u00a0<\/p>\n\n\n\n<figure class=\"wp-block-embed is-type-video is-provider-youtube wp-block-embed-youtube wp-embed-aspect-16-9 wp-has-aspect-ratio\"><div class=\"wp-block-embed__wrapper\">\n<iframe loading=\"lazy\" title=\"Professor que inspira   Rob\u00f3tica com Sucata pela Ressignifica\u00e7\u00e3o da Educa\u00e7\u00e3o\" width=\"500\" height=\"281\" src=\"https:\/\/www.youtube.com\/embed\/sJ9CoJLkLn4?feature=oembed\" frameborder=\"0\" allow=\"accelerometer; autoplay; clipboard-write; encrypted-media; gyroscope; picture-in-picture; web-share\" referrerpolicy=\"strict-origin-when-cross-origin\" allowfullscreen><\/iframe>\n<\/div><\/figure>\n\n\n\n<div style=\"height:100px\" aria-hidden=\"true\" class=\"wp-block-spacer\"><\/div>\n\n\n\n<p><strong>03\/02<\/strong> &#8211; 16h &#8221;\u00a0Narrativas em roda: possibilidades para pensar o brincar na escola&#8221; &#8211;\u00a0\u00a0Prof.\u00aa\u00a0C\u00edcera Aparecida Escoura Bueno e\u00a0\u00a0Prof.\u00aa\u00a0Cleane Aparecida dos Santos:\u00a0<\/p>\n\n\n\n<figure class=\"wp-block-embed is-type-video is-provider-youtube wp-block-embed-youtube wp-embed-aspect-16-9 wp-has-aspect-ratio\"><div class=\"wp-block-embed__wrapper\">\n<iframe loading=\"lazy\" title=\"Narrativas em roda  possibilidades para pensar o brincar na escola\" width=\"500\" height=\"281\" src=\"https:\/\/www.youtube.com\/embed\/GzvQ3bd0wAA?feature=oembed\" frameborder=\"0\" allow=\"accelerometer; autoplay; clipboard-write; encrypted-media; gyroscope; picture-in-picture; web-share\" referrerpolicy=\"strict-origin-when-cross-origin\" allowfullscreen><\/iframe>\n<\/div><\/figure>\n","protected":false},"excerpt":{"rendered":"<p>A Semana de Atualiza\u00e7\u00e3o Pedag\u00f3gica \u00e9 uma a\u00e7\u00e3o formativa promovida pela Unidade de Gest\u00e3o de Educa\u00e7\u00e3o desde 2018. Realizada na primeira semana do ano letivo, logo ap\u00f3s as f\u00e9rias escolares, a SAP tem como objetivo mobilizar todos os educadores da rede municipal de ensino de Jundia\u00ed para participarem de momentos de estudo, aprendizado e trocas [&hellip;]<\/p>\n","protected":false},"author":69,"featured_media":0,"parent":3225,"menu_order":0,"comment_status":"closed","ping_status":"closed","template":"","meta":{"footnotes":""},"class_list":["post-3582","page","type-page","status-publish","hentry"],"_links":{"self":[{"href":"https:\/\/jundiai.sp.gov.br\/educacao\/wp-json\/wp\/v2\/pages\/3582","targetHints":{"allow":["GET"]}}],"collection":[{"href":"https:\/\/jundiai.sp.gov.br\/educacao\/wp-json\/wp\/v2\/pages"}],"about":[{"href":"https:\/\/jundiai.sp.gov.br\/educacao\/wp-json\/wp\/v2\/types\/page"}],"author":[{"embeddable":true,"href":"https:\/\/jundiai.sp.gov.br\/educacao\/wp-json\/wp\/v2\/users\/69"}],"replies":[{"embeddable":true,"href":"https:\/\/jundiai.sp.gov.br\/educacao\/wp-json\/wp\/v2\/comments?post=3582"}],"version-history":[{"count":6,"href":"https:\/\/jundiai.sp.gov.br\/educacao\/wp-json\/wp\/v2\/pages\/3582\/revisions"}],"predecessor-version":[{"id":3647,"href":"https:\/\/jundiai.sp.gov.br\/educacao\/wp-json\/wp\/v2\/pages\/3582\/revisions\/3647"}],"up":[{"embeddable":true,"href":"https:\/\/jundiai.sp.gov.br\/educacao\/wp-json\/wp\/v2\/pages\/3225"}],"wp:attachment":[{"href":"https:\/\/jundiai.sp.gov.br\/educacao\/wp-json\/wp\/v2\/media?parent=3582"}],"curies":[{"name":"wp","href":"https:\/\/api.w.org\/{rel}","templated":true}]}}