{"id":6,"date":"2014-08-13T19:36:23","date_gmt":"2014-08-13T22:36:23","guid":{"rendered":"https:\/\/jundiai.sp.gov.br\/educacao\/?page_id=6"},"modified":"2026-03-09T14:48:10","modified_gmt":"2026-03-09T17:48:10","slug":"educacao","status":"publish","type":"page","link":"https:\/\/jundiai.sp.gov.br\/educacao\/","title":{"rendered":"Educa\u00e7\u00e3o"},"content":{"rendered":"\n<p><strong>A <strong>Secretaria Municipal<\/strong> de Educa\u00e7\u00e3o tem por finalidade coordenar as a\u00e7\u00f5es e pol\u00edticas de educa\u00e7\u00e3o no Munic\u00edpio, suportada pela seguinte estrutura org\u00e2nica b\u00e1sica:<\/strong><\/p>\n\n\n\n<ul class=\"wp-block-list\">\n<li>Secretaria Adjunta de Gest\u00e3o de Educa\u00e7\u00e3o;<\/li>\n\n\n\n<li>Secretaria Adjunta Institucional;<\/li>\n\n\n\n<li>Departamento de Planejamento, Gest\u00e3o e Finan\u00e7as;<\/li>\n\n\n\n<li>Departamento Financeiro;<\/li>\n\n\n\n<li>Departamento de Educa\u00e7\u00e3o Infantil;<\/li>\n\n\n\n<li>Departamento de Ensino Fundamental;<\/li>\n\n\n\n<li>Departamento de Educa\u00e7\u00e3o de Jovens e Adultos;<\/li>\n\n\n\n<li>Departamento de Educa\u00e7\u00e3o Inclusiva;<\/li>\n\n\n\n<li>Departamento de Alimenta\u00e7\u00e3o e Nutri\u00e7\u00e3o;<\/li>\n\n\n\n<li>Departamento de Forma\u00e7\u00e3o;<\/li>\n\n\n\n<li>Departamento de Servi\u00e7os Institucionais;<\/li>\n\n\n\n<li>Departamento de Ci\u00eancia de dados Educacionais;<\/li>\n<\/ul>\n\n\n\n<p>Atuam por coordena\u00e7\u00e3o administrativa, no \u00e2mbito da pol\u00edtica de educa\u00e7\u00e3o, a Secretaria Municipal de Educa\u00e7\u00e3o e a <a href=\"https:\/\/tvtecjundiai.com.br\/\" target=\"_blank\" rel=\"noopener noreferrer\">Funda\u00e7\u00e3o Televis\u00e3o Educativa de Jundia\u00ed (FTVE)<\/a>.<\/p>\n\n\n\n<h2 class=\"wp-block-heading\">Contatos<\/h2>\n\n\n\n<p><strong>E-mail: <\/strong><a href=\"mailto:smepmj@jundiai.sp.gov.br\"><strong>smepmj@jundiai.sp.gov.br<\/strong><\/a><strong>&nbsp;<\/strong><\/p>\n\n\n\n<p><strong>Gabinete da Secret\u00e1ria de Educa\u00e7\u00e3o<\/strong><strong><br><\/strong><a href=\"https:\/\/maps.google.com\/?q=Avenida+Dr.+Cavalcanti,+396,+Vila+Arens+-+1%C2%BA+andar&amp;entry=gmail&amp;source=g\">Avenida Dr. Cavalcanti, 396, Vila Arens \u2013 1\u00ba andar<\/a><br>Telefones: (11) 4588-5338<\/p>\n\n\n\n<p><strong>Se\u00e7\u00e3o de Atendimento<\/strong><br>Telefone: (11) 4588-5300<\/p>\n\n\n\n<p><strong>Secretaria Adjunta de Gest\u00e3o de Educa\u00e7\u00e3o<\/strong><br>Complexo Argos \u2013&nbsp;<a data-saferedirecturl=\"https:\/\/www.google.com\/url?q=https:\/\/maps.google.com\/?q%3Davenida%2BDr.%2BCavalcanti,%2B396,%2Bvila%2BArens%2B-%2B1%25C2%25BA%2Bandar%26entry%3Dgmail%26source%3Dg&amp;source=gmail&amp;ust=1569407530090000&amp;usg=AFQjCNFo1kYek4u-T6nOXq_ZAbXrbjExzg\" href=\"https:\/\/maps.google.com\/?q=avenida+Dr.+Cavalcanti,+396,+vila+Arens+-+1%C2%BA+andar&amp;entry=gmail&amp;source=g\" target=\"_blank\" rel=\"noopener noreferrer\">avenida Dr. Cavalcanti, 396, vila Arens \u2013 1\u00ba andar<\/a><br>Telefone: (11) 4588-5383<\/p>\n\n\n\n<p><strong>Secretaria Adjunta Institucional&nbsp;&nbsp;<\/strong><br>Complexo Argos \u2013&nbsp;<a data-saferedirecturl=\"https:\/\/www.google.com\/url?q=https:\/\/maps.google.com\/?q%3Davenida%2BDr.%2BCavalcanti,%2B396,%2Bvila%2BArens%2B-%2B1%25C2%25BA%2Bandar%26entry%3Dgmail%26source%3Dg&amp;source=gmail&amp;ust=1569407530090000&amp;usg=AFQjCNFo1kYek4u-T6nOXq_ZAbXrbjExzg\" href=\"https:\/\/maps.google.com\/?q=avenida+Dr.+Cavalcanti,+396,+vila+Arens+-+1%C2%BA+andar&amp;entry=gmail&amp;source=g\" target=\"_blank\" rel=\"noopener noreferrer\">avenida Dr. Cavalcanti, 396, vila Arens \u2013 1\u00ba andar<\/a><br>Telefone: (11) 4588-<span style=\"font-weight: 400;\">5314<\/span><\/p>\n\n\n\n<p><strong>Departamento Planejamento, Gest\u00e3o e Finan\u00e7as<\/strong><br>Complexo Argos \u2013&nbsp;<a href=\"https:\/\/maps.google.com\/?q=avenida+Dr.+Cavalcanti,+396,+vila+Arens+-+1%C2%BA+andar&amp;entry=gmail&amp;source=g\" target=\"_blank\" rel=\"noopener noreferrer\" data-saferedirecturl=\"https:\/\/www.google.com\/url?q=https:\/\/maps.google.com\/?q%3Davenida%2BDr.%2BCavalcanti,%2B396,%2Bvila%2BArens%2B-%2B1%25C2%25BA%2Bandar%26entry%3Dgmail%26source%3Dg&amp;source=gmail&amp;ust=1569407530090000&amp;usg=AFQjCNFo1kYek4u-T6nOXq_ZAbXrbjExzg\">avenida Dr. Cavalcanti, 396, vila Arens \u2013 1\u00ba andar<\/a><br>Telefone: (11) 4588-5343<\/p>\n\n\n\n<p><strong>Departamento Financeiro<\/strong><br>Complexo Argos \u2013&nbsp;<a href=\"https:\/\/maps.google.com\/?q=avenida+Dr.+Cavalcanti,+396,+vila+Arens+-+1%C2%BA+andar&amp;entry=gmail&amp;source=g\">avenida Dr. Cavalcanti, 396, vila Arens \u2013 1\u00ba andar<\/a><br>Telefone: (11) 4588-5365<\/p>\n\n\n\n<p><strong>Departamento de Educa\u00e7\u00e3o Infantil<\/strong><br>Complexo Argos \u2013&nbsp;<a href=\"https:\/\/maps.google.com\/?q=avenida+Dr.+Cavalcanti,+396,+vila+Arens&amp;entry=gmail&amp;source=g\">avenida Dr. Cavalcanti, 396, vila Arens<\/a>\u2013 T\u00e9rreo<br>Telefone: (11) <span style=\"font-weight: 400;\">4588-5319\/ 4588-5304<\/span><\/p>\n\n\n\n<p><strong>Departamento de Ensino Fundamental<\/strong><br>Complexo Argos \u2013&nbsp;<a href=\"https:\/\/maps.google.com\/?q=avenida+Dr.+Cavalcanti,+396,+vila+Arens&amp;entry=gmail&amp;source=g\">avenida Dr. Cavalcanti, 396, vila Arens<\/a>\u2013 T\u00e9rreo<br>Telefone: (11) <span style=\"font-weight: 400;\">4588-5304<\/span><\/p>\n\n\n\n<p><strong>Departamento de Educa\u00e7\u00e3o de Jovens e Adultos<\/strong><br>Centro Municipal de Educa\u00e7\u00e3o de Jovens e Adultos \u201cProf. Dr. Andr\u00e9 Franco Montoro\u201d (Cmeja)<br><a href=\"https:\/\/maps.google.com\/?q=Rua+Jos%C3%A9+do+Patroc%C3%ADnio,+200,+vila+Arens&amp;entry=gmail&amp;source=g\">Rua Jos\u00e9 do Patroc\u00ednio, 200, vila Arens<\/a><br>Telefone: (11) 4587-3518<\/p>\n\n\n\n<p><strong>Departamento de Educa\u00e7\u00e3o Inclusiva<\/strong><br>Complexo Argos \u2013&nbsp;<a href=\"https:\/\/maps.google.com\/?q=avenida+Dr.+Cavalcanti,+396,+vila+Arens&amp;entry=gmail&amp;source=g\">avenida Dr. Cavalcanti, 396, vila Arens<\/a>\u2013 T\u00e9rreo<br>Telefone: (11) 4588-5326<\/p>\n\n\n\n<p><strong>Departamento de Alimenta\u00e7\u00e3o e Nutri\u00e7\u00e3o<\/strong><br>Complexo Argos \u2013&nbsp;<a href=\"https:\/\/maps.google.com\/?q=avenida+Dr.+Cavalcanti,+396,+vila+Arens+-+1%C2%BA+andar&amp;entry=gmail&amp;source=g\">avenida Dr. Cavalcanti, 396, vila Arens \u2013 1\u00ba andar<\/a><br>Telefone: (11) 4588-7995<\/p>\n\n\n\n<p><strong>Almoxarifado do Departamento de Alimenta\u00e7\u00e3o e Nutri\u00e7\u00e3o<\/strong><br>Complexo Argos \u2013 entrada pela rua Monteiro Lobato, 149<br>Telefone: (11) 4527-1349<\/p>\n\n\n\n<p><strong>Departamento de Forma\u00e7\u00e3o<\/strong><strong><br><\/strong>Complexo Argos \u2013&nbsp;<a href=\"https:\/\/maps.google.com\/?q=avenida+Dr.+Cavalcanti,+396,+vila+Arens+-+2%C2%BA+andar&amp;entry=gmail&amp;source=g\">avenida Dr. Cavalcanti, 396, vila Arens \u2013 2\u00ba andar<\/a><br>Telefone: (11)&nbsp;4588-5307,&nbsp; (11) 4588-5317,&nbsp;(11) 4588-5302,&nbsp;(11) 4588-5332<\/p>\n\n\n\n<p><strong>Centro de L\u00ednguas e de Tecnologia da Informa\u00e7\u00e3o<br><\/strong>Complexo Argos \u2013&nbsp;<a href=\"https:\/\/maps.google.com\/?q=avenida+Dr.+Cavalcanti,+396,+vila+Arens&amp;entry=gmail&amp;source=g\">avenida Dr. Cavalcanti, 396, vila Arens<\/a>\u2013 T\u00e9rreo<br>Telefone: (11) 4588-7950 \/ 4588-7951<\/p>\n\n\n\n<p><strong>Hor\u00e1rios de atendimento das Escolas Municipais:<\/strong><\/p>\n\n\n\n<ul class=\"wp-block-list\">\n<li>Escolas de per\u00edodo parcial (todos os segmentos): 7h30-12h30 e 13h-18h<\/li>\n\n\n\n<li>Escolas de per\u00edodo integral (Educa\u00e7\u00e3o Infantil I &#8211; creches): 7h30-17h<\/li>\n\n\n\n<li>Escolas de per\u00edodo integral (Ensino Fundamental): 7h30-14h30<\/li>\n<\/ul>\n\n\n\n<p><strong><a href=\"https:\/\/jundiai.sp.gov.br\/educacao\/wp-content\/uploads\/sites\/10\/2026\/02\/unidades-2026-1.pdf\">Confira o endere\u00e7o das Escolas Municipais<\/a><\/strong><\/p>\n","protected":false},"excerpt":{"rendered":"<p>A Secretaria Municipal de Educa\u00e7\u00e3o tem por finalidade coordenar as a\u00e7\u00f5es e pol\u00edticas de educa\u00e7\u00e3o no Munic\u00edpio, suportada pela seguinte estrutura org\u00e2nica b\u00e1sica: Atuam por coordena\u00e7\u00e3o administrativa, no \u00e2mbito da pol\u00edtica de educa\u00e7\u00e3o, a Secretaria Municipal de Educa\u00e7\u00e3o e a Funda\u00e7\u00e3o Televis\u00e3o Educativa de Jundia\u00ed (FTVE). Contatos E-mail: smepmj@jundiai.sp.gov.br&nbsp; Gabinete da Secret\u00e1ria de Educa\u00e7\u00e3oAvenida Dr. [&hellip;]<\/p>\n","protected":false},"author":8,"featured_media":0,"parent":0,"menu_order":0,"comment_status":"open","ping_status":"closed","template":"","meta":{"footnotes":""},"class_list":["post-6","page","type-page","status-publish","hentry"],"_links":{"self":[{"href":"https:\/\/jundiai.sp.gov.br\/educacao\/wp-json\/wp\/v2\/pages\/6","targetHints":{"allow":["GET"]}}],"collection":[{"href":"https:\/\/jundiai.sp.gov.br\/educacao\/wp-json\/wp\/v2\/pages"}],"about":[{"href":"https:\/\/jundiai.sp.gov.br\/educacao\/wp-json\/wp\/v2\/types\/page"}],"author":[{"embeddable":true,"href":"https:\/\/jundiai.sp.gov.br\/educacao\/wp-json\/wp\/v2\/users\/8"}],"replies":[{"embeddable":true,"href":"https:\/\/jundiai.sp.gov.br\/educacao\/wp-json\/wp\/v2\/comments?post=6"}],"version-history":[{"count":52,"href":"https:\/\/jundiai.sp.gov.br\/educacao\/wp-json\/wp\/v2\/pages\/6\/revisions"}],"predecessor-version":[{"id":4529,"href":"https:\/\/jundiai.sp.gov.br\/educacao\/wp-json\/wp\/v2\/pages\/6\/revisions\/4529"}],"wp:attachment":[{"href":"https:\/\/jundiai.sp.gov.br\/educacao\/wp-json\/wp\/v2\/media?parent=6"}],"curies":[{"name":"wp","href":"https:\/\/api.w.org\/{rel}","templated":true}]}}