{"id":2057,"date":"2020-03-05T14:20:14","date_gmt":"2020-03-05T17:20:14","guid":{"rendered":"https:\/\/jundiai.sp.gov.br\/infraestrutura-e-servicos-publicos\/?page_id=2057"},"modified":"2020-03-05T14:50:42","modified_gmt":"2020-03-05T17:50:42","slug":"2017-2018","status":"publish","type":"page","link":"https:\/\/jundiai.sp.gov.br\/infraestrutura-e-servicos-publicos\/arborizacao-urbana\/supressao-de-arvore-em-area-publica\/2017-2018\/","title":{"rendered":"2017-2018"},"content":{"rendered":"<p><strong>EDITAL DE SUPRESS\u00c3O DE \u00c1RVORE \u2013 68\/2018<\/strong><\/p>\n<p>Adilson Rodrigues Rosa, Gestor da Unidade de Infraestrutura e Servi\u00e7os P\u00fablicos, no uso de suas atribui\u00e7\u00f5es legais:<\/p>\n<p>FAZ SABER que, de acordo com a lei 8.392, de 27 de mar\u00e7o de 2015, e ap\u00f3s avalia\u00e7\u00e3o e justificativas t\u00e9cnicas, o processo 28400-2\/2017-1 para supress\u00e3o de uma \u00e1rvore na R. Dona Rachel Simonsen 189 foi deferido.<\/p>\n<p>FAZ SABER que \u201cplantio, corte ou elimina\u00e7\u00e3o, por qualquer meio ou forma, de \u00e1rvore ou qualquer vegeta\u00e7\u00e3o p\u00fablica por particulares constitui infra\u00e7\u00e3o \u00e0 lei 3.233\/88 e \u00e9 pass\u00edvel de multa\u201d.<\/p>\n<p><strong>EDITAL DE SUPRESS\u00c3O DE \u00c1RVORE \u2013 69\/2018<\/strong><\/p>\n<p>Adilson Rodrigues Rosa, Gestor da Unidade de Infraestrutura e Servi\u00e7os P\u00fablicos, no uso de suas atribui\u00e7\u00f5es legais:<\/p>\n<p>FAZ SABER que, de acordo com a lei 8.392, de 27 de mar\u00e7o de 2015, e ap\u00f3s avalia\u00e7\u00e3o e justificativas t\u00e9cnicas, o processo 8384-0\/2018-1 para supress\u00e3o de uma \u00e1rvore na R. Vitoria Colombo Rossi 229 foi deferido.<\/p>\n<p>FAZ SABER novas \u00e1rvores ser\u00e3o plantadas no entorno, e que \u201cplantio, corte ou elimina\u00e7\u00e3o, por qualquer meio ou forma, de \u00e1rvore ou qualquer vegeta\u00e7\u00e3o p\u00fablica por particulares constitui infra\u00e7\u00e3o \u00e0 lei 3.233\/88 e \u00e9 pass\u00edvel de multa\u201d.<\/p>\n<p><strong>EDITAL DE SUPRESS\u00c3O DE \u00c1RVORE \u2013 70\/2018<\/strong><\/p>\n<p>Adilson Rodrigues Rosa, Gestor da Unidade de Infraestrutura e Servi\u00e7os P\u00fablicos, no uso de suas atribui\u00e7\u00f5es legais:<\/p>\n<p>FAZ SABER que, de acordo com a lei 8.392, de 27 de mar\u00e7o de 2015, e ap\u00f3s avalia\u00e7\u00e3o e justificativas t\u00e9cnicas, o processo 17350-0\/2018-1 para supress\u00e3o de duas \u00e1rvores na R. Tapajos esquina com Av. Profa. Eugenia Pestana foi deferido.<\/p>\n<p>FAZ SABER novas \u00e1rvores ser\u00e3o plantadas no local, e que \u201cplantio, corte ou elimina\u00e7\u00e3o, por qualquer meio ou forma, de \u00e1rvore ou qualquer vegeta\u00e7\u00e3o p\u00fablica por particulares constitui infra\u00e7\u00e3o \u00e0 lei 3.233\/88 e \u00e9 pass\u00edvel de multa\u201d.<\/p>\n<p><strong>EDITAL DE SUPRESS\u00c3O DE \u00c1RVORE \u2013 71\/2018<\/strong><\/p>\n<p>Adilson Rodrigues Rosa, Gestor da Unidade de Infraestrutura e Servi\u00e7os P\u00fablicos, no uso de suas atribui\u00e7\u00f5es legais:<\/p>\n<p>FAZ SABER que, de acordo com a lei 8.392, de 27 de mar\u00e7o de 2015, e ap\u00f3s avalia\u00e7\u00e3o e justificativas t\u00e9cnicas, o processo 24094-9\/2016-1 para supress\u00e3o de uma \u00e1rvore na R. Nilo Avelino Macedo SN foi deferido.<\/p>\n<p>FAZ SABER que nova \u00e1rvore ser\u00e1 plantada no local, e que \u201cplantio, corte ou elimina\u00e7\u00e3o, por qualquer meio ou forma, de \u00e1rvore ou qualquer vegeta\u00e7\u00e3o p\u00fablica por particulares constitui infra\u00e7\u00e3o \u00e0 lei 3.233\/88 e \u00e9 pass\u00edvel de multa\u201d.<\/p>\n<p><strong>EDITAL DE SUPRESS\u00c3O DE \u00c1RVORE \u2013 72\/2018<\/strong><\/p>\n<p>Adilson Rodrigues Rosa, Gestor da Unidade de Infraestrutura e Servi\u00e7os P\u00fablicos, no uso de suas atribui\u00e7\u00f5es legais:<\/p>\n<p>FAZ SABER que, de acordo com a lei 8.392, de 27 de mar\u00e7o de 2015, e ap\u00f3s avalia\u00e7\u00e3o e justificativas t\u00e9cnicas, o processo 5465-0\/2018-1 para supress\u00e3o de uma \u00e1rvore na R. Jorge Jahnel 83 foi deferido.<\/p>\n<p>FAZ SABER que nova \u00e1rvore ser\u00e1 plantada no local, e que \u201cplantio, corte ou elimina\u00e7\u00e3o, por qualquer meio ou forma, de \u00e1rvore ou qualquer vegeta\u00e7\u00e3o p\u00fablica por particulares constitui infra\u00e7\u00e3o \u00e0 lei 3.233\/88 e \u00e9 pass\u00edvel de multa\u201d.<\/p>\n<p><strong>EDITAL DE SUPRESS\u00c3O DE \u00c1RVORE \u2013 73\/2018<\/strong><\/p>\n<p>Adilson Rodrigues Rosa, Gestor da Unidade de Infraestrutura e Servi\u00e7os P\u00fablicos, no uso de suas atribui\u00e7\u00f5es legais:<\/p>\n<p>FAZ SABER que, de acordo com a lei 8.392, de 27 de mar\u00e7o de 2015, e ap\u00f3s avalia\u00e7\u00e3o e justificativas t\u00e9cnicas, o processo 10815-9\/2018-1 para supress\u00e3o de uma \u00e1rvore na R. Galdino Mesquita 152 foi deferido.<\/p>\n<p>FAZ SABER que nova \u00e1rvore ser\u00e1 plantada no entorno, e que \u201cplantio, corte ou elimina\u00e7\u00e3o, por qualquer meio ou forma, de \u00e1rvore ou qualquer vegeta\u00e7\u00e3o p\u00fablica por particulares constitui infra\u00e7\u00e3o \u00e0 lei 3.233\/88 e \u00e9 pass\u00edvel de multa\u201d.<\/p>\n<p><strong>EDITAL DE SUPRESS\u00c3O DE \u00c1RVORE \u2013 74\/2018<\/strong><\/p>\n<p>Adilson Rodrigues Rosa, Gestor da Unidade de Infraestrutura e Servi\u00e7os P\u00fablicos, no uso de suas atribui\u00e7\u00f5es legais:<\/p>\n<p>FAZ SABER que, de acordo com a lei 8.392, de 27 de mar\u00e7o de 2015, e ap\u00f3s avalia\u00e7\u00e3o e justificativas t\u00e9cnicas, o processo 9755-0\/2018-1 para supress\u00e3o de uma \u00e1rvore na R. Geraldo Antonio Pereira 198 foi deferido.<\/p>\n<p>FAZ SABER que nova \u00e1rvore ser\u00e1 plantada no local, e que \u201cplantio, corte ou elimina\u00e7\u00e3o, por qualquer meio ou forma, de \u00e1rvore ou qualquer vegeta\u00e7\u00e3o p\u00fablica por particulares constitui infra\u00e7\u00e3o \u00e0 lei 3.233\/88 e \u00e9 pass\u00edvel de multa\u201d.<\/p>\n<p><strong>EDITAL DE SUPRESS\u00c3O DE \u00c1RVORE \u2013 75\/2018<\/strong><\/p>\n<p>Adilson Rodrigues Rosa, Gestor da Unidade de Infraestrutura e Servi\u00e7os P\u00fablicos, no uso de suas atribui\u00e7\u00f5es legais:<\/p>\n<p>FAZ SABER que, de acordo com a lei 8.392, de 27 de mar\u00e7o de 2015, e ap\u00f3s avalia\u00e7\u00e3o e justificativas t\u00e9cnicas, o processo 13432-2\/2017-1 para supress\u00e3o de duas \u00e1rvores na R. Jose Coelho Moniz 44 foi deferido.<\/p>\n<p>FAZ SABER que nova \u00e1rvore ser\u00e1 plantada no local, e que \u201cplantio, corte ou elimina\u00e7\u00e3o, por qualquer meio ou forma, de \u00e1rvore ou qualquer vegeta\u00e7\u00e3o p\u00fablica por particulares constitui infra\u00e7\u00e3o \u00e0 lei 3.233\/88 e \u00e9 pass\u00edvel de multa\u201d.<\/p>\n<p><strong>EDITAL DE SUPRESS\u00c3O DE \u00c1RVORE \u2013 76\/2018<\/strong><\/p>\n<p>Adilson Rodrigues Rosa, Gestor da Unidade de Infraestrutura e Servi\u00e7os P\u00fablicos, no uso de suas atribui\u00e7\u00f5es legais:<\/p>\n<p>FAZ SABER que, de acordo com a lei 8.392, de 27 de mar\u00e7o de 2015, e ap\u00f3s avalia\u00e7\u00e3o e justificativas t\u00e9cnicas, o processo 31878-4\/2017-1 para supress\u00e3o de cinco \u00e1rvores na R. Eutichiano Rizzi S\/N Lote 21 foi deferido.<\/p>\n<p>FAZ SABER que \u201cplantio, corte ou elimina\u00e7\u00e3o, por qualquer meio ou forma, de \u00e1rvore ou qualquer vegeta\u00e7\u00e3o p\u00fablica por particulares constitui infra\u00e7\u00e3o \u00e0 lei 3.233\/88 e \u00e9 pass\u00edvel de multa\u201d.<\/p>\n<p><strong>EDITAL DE SUPRESS\u00c3O DE \u00c1RVORE \u2013 77\/2018<\/strong><\/p>\n<p>Adilson Rodrigues Rosa, Gestor da Unidade de Infraestrutura e Servi\u00e7os P\u00fablicos, no uso de suas atribui\u00e7\u00f5es legais:<\/p>\n<p>FAZ SABER que, de acordo com a lei 8.392, de 27 de mar\u00e7o de 2015, e ap\u00f3s avalia\u00e7\u00e3o e justificativas t\u00e9cnicas, o processo 24522-7\/2017-1 para supress\u00e3o de uma \u00e1rvore na R. Maestro Francisco Farina 458 foi deferido.<\/p>\n<p>FAZ SABER que nova \u00e1rvore ser\u00e1 plantada no local e que \u201cplantio, corte ou elimina\u00e7\u00e3o, por qualquer meio ou forma, de \u00e1rvore ou qualquer vegeta\u00e7\u00e3o p\u00fablica por particulares constitui infra\u00e7\u00e3o \u00e0 lei 3.233\/88 e \u00e9 pass\u00edvel de multa\u201d.<\/p>\n<p><strong>EDITAL DE SUPRESS\u00c3O DE \u00c1RVORE \u2013 78\/2018<\/strong><\/p>\n<p>Adilson Rodrigues Rosa, Gestor da Unidade de Infraestrutura e Servi\u00e7os P\u00fablicos, no uso de suas atribui\u00e7\u00f5es legais:<\/p>\n<p>FAZ SABER que, de acordo com a lei 8.392, de 27 de mar\u00e7o de 2015, e ap\u00f3s avalia\u00e7\u00e3o e justificativas t\u00e9cnicas, o processo 33301-5\/2017-1 para supress\u00e3o de duas \u00e1rvores na R. Daniel Paulo Nasser 168 foi deferido.<\/p>\n<p>FAZ SABER que novas \u00e1rvores ser\u00e3o plantadas no local e que \u201cplantio, corte ou elimina\u00e7\u00e3o, por qualquer meio ou forma, de \u00e1rvore ou qualquer vegeta\u00e7\u00e3o p\u00fablica por particulares constitui infra\u00e7\u00e3o \u00e0 lei 3.233\/88 e \u00e9 pass\u00edvel de multa\u201d.<\/p>\n<p><strong>EDITAL DE SUPRESS\u00c3O DE \u00c1RVORE \u2013 79\/2018<\/strong><\/p>\n<p>Adilson Rodrigues Rosa, Gestor da Unidade de Infraestrutura e Servi\u00e7os P\u00fablicos, no uso de suas atribui\u00e7\u00f5es legais:<\/p>\n<p>FAZ SABER que, de acordo com a lei 8.392, de 27 de mar\u00e7o de 2015, e ap\u00f3s avalia\u00e7\u00e3o e justificativas t\u00e9cnicas, o processo 5870-3\/2017-1 para supress\u00e3o de uma \u00e1rvore na R. Comendador Vicente Rossi 380 foi deferido.<\/p>\n<p>FAZ SABER que nova \u00e1rvore ser\u00e1 plantada no local e que \u201cplantio, corte ou elimina\u00e7\u00e3o, por qualquer meio ou forma, de \u00e1rvore ou qualquer vegeta\u00e7\u00e3o p\u00fablica por particulares constitui infra\u00e7\u00e3o \u00e0 lei 3.233\/88 e \u00e9 pass\u00edvel de multa\u201d.<\/p>\n<p><strong>EDITAL DE SUPRESS\u00c3O DE \u00c1RVORE \u2013 80\/2018<\/strong><\/p>\n<p>Adilson Rodrigues Rosa, Gestor da Unidade de Infraestrutura e Servi\u00e7os P\u00fablicos, no uso de suas atribui\u00e7\u00f5es legais:<\/p>\n<p>FAZ SABER que, de acordo com a lei 8.392, de 27 de mar\u00e7o de 2015, e ap\u00f3s avalia\u00e7\u00e3o e justificativas t\u00e9cnicas, o processo 2233-5\/2018-1 para supress\u00e3o de onze \u00e1rvores na R. Liberaldo Giraldelli, entre os n\u00fameros 10 e 242, Loteamento Vivenda Centen\u00e1rio, foi deferido.<\/p>\n<p>FAZ SABER que pelo menos doze novas \u00e1rvores ser\u00e3o plantadas no local e que \u201cplantio, corte ou elimina\u00e7\u00e3o, por qualquer meio ou forma, de \u00e1rvore ou qualquer vegeta\u00e7\u00e3o p\u00fablica por particulares constitui infra\u00e7\u00e3o \u00e0 lei 3.233\/88 e \u00e9 pass\u00edvel de multa\u201d.<\/p>\n<p><strong>EDITAL DE SUPRESS\u00c3O DE \u00c1RVORE \u2013 81\/2018<\/strong><\/p>\n<p>Adilson Rodrigues Rosa, Gestor da Unidade de Infraestrutura e Servi\u00e7os P\u00fablicos, no uso de suas atribui\u00e7\u00f5es legais:<\/p>\n<p>FAZ SABER que, de acordo com a lei 8.392, de 27 de mar\u00e7o de 2015, e ap\u00f3s avalia\u00e7\u00e3o e justificativas t\u00e9cnicas, o processo 25778-4\/2017-1 para supress\u00e3o de uma \u00e1rvore na R. Professora Cesarina Fortarel Gon\u00e7alves Dias 70 foi deferido.<\/p>\n<p>FAZ SABER que nova \u00e1rvore ser\u00e1 plantada no local e que \u201cplantio, corte ou elimina\u00e7\u00e3o, por qualquer meio ou forma, de \u00e1rvore ou qualquer vegeta\u00e7\u00e3o p\u00fablica por particulares constitui infra\u00e7\u00e3o \u00e0 lei 3.233\/88 e \u00e9 pass\u00edvel de multa\u201d.<\/p>\n<p><strong>EDITAL DE SUPRESS\u00c3O DE \u00c1RVORE \u2013 82\/2018<\/strong><\/p>\n<p>Adilson Rodrigues Rosa, Gestor da Unidade de Infraestrutura e Servi\u00e7os P\u00fablicos, no uso de suas atribui\u00e7\u00f5es legais:<\/p>\n<p>FAZ SABER que, de acordo com a lei 8.392, de 27 de mar\u00e7o de 2015, e ap\u00f3s avalia\u00e7\u00e3o e justificativas t\u00e9cnicas, o processo 18560-5\/2017-1 para supress\u00e3o de uma \u00e1rvore na R. Maceio 180 foi deferido.<\/p>\n<p>FAZ SABER que nova \u00e1rvore ser\u00e1 plantada no local e que \u201cplantio, corte ou elimina\u00e7\u00e3o, por qualquer meio ou forma, de \u00e1rvore ou qualquer vegeta\u00e7\u00e3o p\u00fablica por particulares constitui infra\u00e7\u00e3o \u00e0 lei 3.233\/88 e \u00e9 pass\u00edvel de multa\u201d.<\/p>\n<p><strong>EDITAL DE SUPRESS\u00c3O DE \u00c1RVORE \u2013 83\/2018<\/strong><\/p>\n<p>Adilson Rodrigues Rosa, Gestor da Unidade de Infraestrutura e Servi\u00e7os P\u00fablicos, no uso de suas atribui\u00e7\u00f5es legais:<\/p>\n<p>FAZ SABER que, de acordo com a lei 8.392, de 27 de mar\u00e7o de 2015, e ap\u00f3s avalia\u00e7\u00e3o e justificativas t\u00e9cnicas, o processo 30958-5\/2017-1 para supress\u00e3o de uma \u00e1rvore na R. Augusto Mazzi 223 foi deferido.<\/p>\n<p>FAZ SABER que novas \u00e1rvores ser\u00e3o plantadas no entorno e que \u201cplantio, corte ou elimina\u00e7\u00e3o, por qualquer meio ou forma, de \u00e1rvore ou qualquer vegeta\u00e7\u00e3o p\u00fablica por particulares constitui infra\u00e7\u00e3o \u00e0 lei 3.233\/88 e \u00e9 pass\u00edvel de multa\u201d.<\/p>\n<p><strong><br \/>\nEDITAL DE SUPRESS\u00c3O DE \u00c1RVORE \u2013 84\/2018<\/strong><\/p>\n<p>Adilson Rodrigues Rosa, Gestor da Unidade de Infraestrutura e Servi\u00e7os P\u00fablicos, no uso de suas atribui\u00e7\u00f5es legais:<\/p>\n<p>FAZ SABER que, de acordo com a lei 8.392, de 27 de mar\u00e7o de 2015, e ap\u00f3s avalia\u00e7\u00e3o e justificativas t\u00e9cnicas, o processo 9275-1\/2017-1 para supress\u00e3o de uma \u00e1rvore na R. Nigeria 207 foi deferido.<\/p>\n<p>FAZ SABER que \u201cplantio, corte ou elimina\u00e7\u00e3o, por qualquer meio ou forma, de \u00e1rvore ou qualquer vegeta\u00e7\u00e3o p\u00fablica por particulares constitui infra\u00e7\u00e3o \u00e0 lei 3.233\/88 e \u00e9 pass\u00edvel de multa\u201d.<\/p>\n<p><strong><br \/>\nEDITAL DE SUPRESS\u00c3O DE \u00c1RVORE \u2013 85\/2018<\/strong><\/p>\n<p>Adilson Rodrigues Rosa, Gestor da Unidade de Infraestrutura e Servi\u00e7os P\u00fablicos, no uso de suas atribui\u00e7\u00f5es legais:<\/p>\n<p>FAZ SABER que, de acordo com a lei 8.392, de 27 de mar\u00e7o de 2015, e ap\u00f3s avalia\u00e7\u00e3o e justificativas t\u00e9cnicas, o processo 30722-5\/2017-1 para supress\u00e3o de uma \u00e1rvore na R. Salvador Vaccari 228 foi deferido.<\/p>\n<p>FAZ SABER que nova \u00e1rvore ser\u00e1 plantada no local e que \u201cplantio, corte ou elimina\u00e7\u00e3o, por qualquer meio ou forma, de \u00e1rvore ou qualquer vegeta\u00e7\u00e3o p\u00fablica por particulares constitui infra\u00e7\u00e3o \u00e0 lei 3.233\/88 e \u00e9 pass\u00edvel de multa\u201d.<\/p>\n<p><strong><br \/>\nEDITAL DE SUPRESS\u00c3O DE \u00c1RVORE \u2013 86\/2018<\/strong><\/p>\n<p>Adilson Rodrigues Rosa, Gestor da Unidade de Infraestrutura e Servi\u00e7os P\u00fablicos, no uso de suas atribui\u00e7\u00f5es legais:<\/p>\n<p>FAZ SABER que, de acordo com a lei 8.392, de 27 de mar\u00e7o de 2015, e ap\u00f3s avalia\u00e7\u00e3o e justificativas t\u00e9cnicas, o processo 8212-3\/2018-1 para supress\u00e3o de uma \u00e1rvore na Av. Brigido Marcassa 184 foi deferido.<\/p>\n<p>FAZ SABER que novas \u00e1rvores ser\u00e3o plantadas no local e que \u201cplantio, corte ou elimina\u00e7\u00e3o, por qualquer meio ou forma, de \u00e1rvore ou qualquer vegeta\u00e7\u00e3o p\u00fablica por particulares constitui infra\u00e7\u00e3o \u00e0 lei 3.233\/88 e \u00e9 pass\u00edvel de multa\u201d.<\/p>\n<p><strong><br \/>\nEDITAL DE SUPRESS\u00c3O DE \u00c1RVORE \u2013 87\/2018<\/strong><\/p>\n<p>Adilson Rodrigues Rosa, Gestor da Unidade de Infraestrutura e Servi\u00e7os P\u00fablicos, no uso de suas atribui\u00e7\u00f5es legais:<\/p>\n<p>FAZ SABER que, de acordo com a lei 8.392, de 27 de mar\u00e7o de 2015, e ap\u00f3s avalia\u00e7\u00e3o e justificativas t\u00e9cnicas, o processo 14145-7\/2018-1 para supress\u00e3o de uma \u00e1rvore na R. Maceio 180 foi deferido.<\/p>\n<p>FAZ SABER que \u201cplantio, corte ou elimina\u00e7\u00e3o, por qualquer meio ou forma, de \u00e1rvore ou qualquer vegeta\u00e7\u00e3o p\u00fablica por particulares constitui infra\u00e7\u00e3o \u00e0 lei 3.233\/88 e \u00e9 pass\u00edvel de multa\u201d.<\/p>\n<p><strong><br \/>\nEDITAL DE SUPRESS\u00c3O DE \u00c1RVORE \u2013 88\/2018<\/strong><\/p>\n<p>Adilson Rodrigues Rosa, Gestor da Unidade de Infraestrutura e Servi\u00e7os P\u00fablicos, no uso de suas atribui\u00e7\u00f5es legais:<\/p>\n<p>FAZ SABER que, de acordo com a lei 8.392, de 27 de mar\u00e7o de 2015, e ap\u00f3s avalia\u00e7\u00e3o e justificativas t\u00e9cnicas, o processo 19426-6\/2018-1 para supress\u00e3o de uma \u00e1rvore na R. Maria do Carmo Pontes Oliveira 31 foi deferido.<\/p>\n<p>FAZ SABER que nova \u00e1rvore ser\u00e1 plantada no local, e que \u201cplantio, corte ou elimina\u00e7\u00e3o, por qualquer meio ou forma, de \u00e1rvore ou qualquer vegeta\u00e7\u00e3o p\u00fablica por particulares constitui infra\u00e7\u00e3o \u00e0 lei 3.233\/88 e \u00e9 pass\u00edvel de multa\u201d.<\/p>\n<p><strong><br \/>\nEDITAL DE SUPRESS\u00c3O DE \u00c1RVORE \u2013 89\/2018<\/strong><\/p>\n<p>Adilson Rodrigues Rosa, Gestor da Unidade de Infraestrutura e Servi\u00e7os P\u00fablicos, no uso de suas atribui\u00e7\u00f5es legais:<\/p>\n<p>FAZ SABER que, de acordo com a lei 8.392, de 27 de mar\u00e7o de 2015, e ap\u00f3s avalia\u00e7\u00e3o e justificativas t\u00e9cnicas, o processo 12270-5\/2018-1 para supress\u00e3o de uma \u00e1rvore na Av. Samuel Martins 2090 foi deferido.<\/p>\n<p>FAZ SABER que nova \u00e1rvore ser\u00e1 plantada no local, e que \u201cplantio, corte ou elimina\u00e7\u00e3o, por qualquer meio ou forma, de \u00e1rvore ou qualquer vegeta\u00e7\u00e3o p\u00fablica por particulares constitui infra\u00e7\u00e3o \u00e0 lei 3.233\/88 e \u00e9 pass\u00edvel de multa\u201d.<\/p>\n<p>&nbsp;<\/p>\n<p><strong>EDITAL DE SUPRESS\u00c3O DE \u00c1RVORE \u2013 90\/2018<\/strong><\/p>\n<p>Adilson Rodrigues Rosa, Gestor da Unidade de Infraestrutura e Servi\u00e7os P\u00fablicos, no uso de suas atribui\u00e7\u00f5es legais:<\/p>\n<p>FAZ SABER que, de acordo com a lei 8.392, de 27 de mar\u00e7o de 2015, e ap\u00f3s avalia\u00e7\u00e3o e justificativas t\u00e9cnicas, o processo 12456-0\/2018-1 para supress\u00e3o de uma \u00e1rvore na R. Pedro Kramer 116 foi deferido.<\/p>\n<p>FAZ SABER que \u201cplantio, corte ou elimina\u00e7\u00e3o, por qualquer meio ou forma, de \u00e1rvore ou qualquer vegeta\u00e7\u00e3o p\u00fablica por particulares constitui infra\u00e7\u00e3o \u00e0 lei 3.233\/88 e \u00e9 pass\u00edvel de multa\u201d.<\/p>\n<p>Para que n\u00e3o se alegue ignor\u00e2ncia, faz baixar o presente Edital, que ser\u00e1 afixado no local de costume e publicado na Imprensa Oficial do Munic\u00edpio.<\/p>\n<p><strong><br \/>\nEDITAL DE SUPRESS\u00c3O DE \u00c1RVORE \u2013 91\/2018<\/strong><\/p>\n<p>Adilson Rodrigues Rosa, Gestor da Unidade de Infraestrutura e Servi\u00e7os P\u00fablicos, no uso de suas atribui\u00e7\u00f5es legais:<\/p>\n<p>FAZ SABER que, de acordo com a lei 8.392, de 27 de mar\u00e7o de 2015, e ap\u00f3s avalia\u00e7\u00e3o e justificativas t\u00e9cnicas, o processo 19587-5\/2018-1 para supress\u00e3o de uma \u00e1rvore na R. Francisco Cabral esquina com R. Casemiro Brits foi deferido.<\/p>\n<p>FAZ SABER que \u201cplantio, corte ou elimina\u00e7\u00e3o, por qualquer meio ou forma, de \u00e1rvore ou qualquer vegeta\u00e7\u00e3o p\u00fablica por particulares constitui infra\u00e7\u00e3o \u00e0 lei 3.233\/88 e \u00e9 pass\u00edvel de multa\u201d.<\/p>\n<p>Para que n\u00e3o se alegue ignor\u00e2ncia, faz baixar o presente Edital, que ser\u00e1 afixado no local de costume e publicado na Imprensa Oficial do Munic\u00edpio.<\/p>\n<p><strong><br \/>\nEDITAL DE SUPRESS\u00c3O DE \u00c1RVORE \u2013 92\/2018<\/strong><\/p>\n<p>Adilson Rodrigues Rosa, Gestor da Unidade de Infraestrutura e Servi\u00e7os P\u00fablicos, no uso de suas atribui\u00e7\u00f5es legais:<\/p>\n<p>FAZ SABER que, de acordo com a lei 8.392, de 27 de mar\u00e7o de 2015, e ap\u00f3s avalia\u00e7\u00e3o e justificativas t\u00e9cnicas, o processo 19588-3\/2018-1 para supress\u00e3o de uma \u00e1rvore na R. Catania SN oposta ao 45 foi deferido.<\/p>\n<p>FAZ SABER que nova \u00e1rvore ser\u00e1 plantada no local e que \u201cplantio, corte ou elimina\u00e7\u00e3o, por qualquer meio ou forma, de \u00e1rvore ou qualquer vegeta\u00e7\u00e3o p\u00fablica por particulares constitui infra\u00e7\u00e3o \u00e0 lei 3.233\/88 e \u00e9 pass\u00edvel de multa\u201d.<\/p>\n<p>Para que n\u00e3o se alegue ignor\u00e2ncia, faz baixar o presente Edital, que ser\u00e1 afixado no local de costume e publicado na Imprensa Oficial do Munic\u00edpio.<\/p>\n<p><strong>EDITAL DE SUPRESS\u00c3O DE \u00c1RVORE \u2013 93\/2018<\/strong><\/p>\n<p>Adilson Rodrigues Rosa, Gestor da Unidade de Infraestrutura e Servi\u00e7os P\u00fablicos, no uso de suas atribui\u00e7\u00f5es legais:<\/p>\n<p>FAZ SABER que, de acordo com a lei 8.392, de 27 de mar\u00e7o de 2015, e ap\u00f3s avalia\u00e7\u00e3o e justificativas t\u00e9cnicas, o processo 20824-9\/2018-1 para supress\u00e3o de uma \u00e1rvore na Av. Victorio Baradel 591 \u2013 CE Vanderlei Sperandio deferido.<\/p>\n<p>FAZ SABER que \u201cplantio, corte ou elimina\u00e7\u00e3o, por qualquer meio ou forma, de \u00e1rvore ou qualquer vegeta\u00e7\u00e3o p\u00fablica por particulares constitui infra\u00e7\u00e3o \u00e0 lei 3.233\/88 e \u00e9 pass\u00edvel de multa\u201d.<\/p>\n<p>Para que n\u00e3o se alegue ignor\u00e2ncia, faz baixar o presente Edital, que ser\u00e1 afixado no local de costume e publicado na Imprensa Oficial do Munic\u00edpio.<\/p>\n<p><strong>EDITAL DE SUPRESS\u00c3O DE \u00c1RVORE \u2013 94\/2018<\/strong><\/p>\n<p>Adilson Rodrigues Rosa, Gestor da Unidade de Infraestrutura e Servi\u00e7os P\u00fablicos, no uso de suas atribui\u00e7\u00f5es legais:<\/p>\n<p>FAZ SABER que, de acordo com a lei 8.392, de 27 de mar\u00e7o de 2015, e ap\u00f3s avalia\u00e7\u00e3o e justificativas t\u00e9cnicas, o processo 20827-2\/2018-1 para supress\u00e3o de uma \u00e1rvore na R. Siracusa S\/N com R. Paschoal Guzzo S\/N foi deferido.<\/p>\n<p>FAZ SABER que nova \u00e1rvore ser\u00e1 plantada no local, e que \u201cplantio, corte ou elimina\u00e7\u00e3o, por qualquer meio ou forma, de \u00e1rvore ou qualquer vegeta\u00e7\u00e3o p\u00fablica por particulares constitui infra\u00e7\u00e3o \u00e0 lei 3.233\/88 e \u00e9 pass\u00edvel de multa\u201d.<\/p>\n<p>Para que n\u00e3o se alegue ignor\u00e2ncia, faz baixar o presente Edital, que ser\u00e1 afixado no local de costume e publicado na Imprensa Oficial do Munic\u00edpio.<\/p>\n<p><strong><br \/>\nEDITAL DE SUPRESS\u00c3O DE \u00c1RVORE \u2013 95\/2018<\/strong><\/p>\n<p>Adilson Rodrigues Rosa, Gestor da Unidade de Infraestrutura e Servi\u00e7os P\u00fablicos, no uso de suas atribui\u00e7\u00f5es legais:<\/p>\n<p>FAZ SABER que, de acordo com a lei 8.392, de 27 de mar\u00e7o de 2015, e ap\u00f3s avalia\u00e7\u00e3o e justificativas t\u00e9cnicas, o processo 13736-4\/2018-1 para supress\u00e3o de uma \u00e1rvore na R. Paulo Eiro 01 foi deferido.<\/p>\n<p>FAZ SABER que nova \u00e1rvore ser\u00e1 plantada no local, e que \u201cplantio, corte ou elimina\u00e7\u00e3o, por qualquer meio ou forma, de \u00e1rvore ou qualquer vegeta\u00e7\u00e3o p\u00fablica por particulares constitui infra\u00e7\u00e3o \u00e0 lei 3.233\/88 e \u00e9 pass\u00edvel de multa\u201d.<\/p>\n<p><strong>EDITAL DE SUPRESS\u00c3O DE \u00c1RVORE \u2013 96\/2018<\/strong><\/p>\n<p>Adilson Rodrigues Rosa, Gestor da Unidade de Infraestrutura e Servi\u00e7os P\u00fablicos, no uso de suas atribui\u00e7\u00f5es legais:<\/p>\n<p>FAZ SABER que, de acordo com a lei 8.392, de 27 de mar\u00e7o de 2015, e ap\u00f3s avalia\u00e7\u00e3o e justificativas t\u00e9cnicas, o processo 4517-1\/2017-1 para supress\u00e3o de uma \u00e1rvore na R. Fernando de Noronha 211 foi deferido.<\/p>\n<p>FAZ SABER que nova \u00e1rvore ser\u00e1 plantada no local, e que \u201cplantio, corte ou elimina\u00e7\u00e3o, por qualquer meio ou forma, de \u00e1rvore ou qualquer vegeta\u00e7\u00e3o p\u00fablica por particulares constitui infra\u00e7\u00e3o \u00e0 lei 3.233\/88 e \u00e9 pass\u00edvel de multa\u201d.<\/p>\n<p><strong>EDITAL DE SUPRESS\u00c3O DE \u00c1RVORE \u2013 97\/2018<\/strong><\/p>\n<p>Adilson Rodrigues Rosa, Gestor da Unidade de Infraestrutura e Servi\u00e7os P\u00fablicos, no uso de suas atribui\u00e7\u00f5es legais:<\/p>\n<p>FAZ SABER que, de acordo com a lei 8.392, de 27 de mar\u00e7o de 2015, e ap\u00f3s avalia\u00e7\u00e3o e justificativas t\u00e9cnicas, o processo 17290-8\/2018-1 para supress\u00e3o de uma \u00e1rvore na R. Helena Conci Gaspari 177 e 175 foi deferido.<\/p>\n<p>FAZ SABER que nova \u00e1rvore ser\u00e1 plantada no local, e que \u201cplantio, corte ou elimina\u00e7\u00e3o, por qualquer meio ou forma, de \u00e1rvore ou qualquer vegeta\u00e7\u00e3o p\u00fablica por particulares constitui infra\u00e7\u00e3o \u00e0 lei 3.233\/88 e \u00e9 pass\u00edvel de multa\u201d.<\/p>\n<p><strong>EDITAL DE SUPRESS\u00c3O DE \u00c1RVORE \u2013 98\/2018<\/strong><\/p>\n<p>Adilson Rodrigues Rosa, Gestor da Unidade de Infraestrutura e Servi\u00e7os P\u00fablicos, no uso de suas atribui\u00e7\u00f5es legais:<\/p>\n<p>FAZ SABER que, de acordo com a lei 8.392, de 27 de mar\u00e7o de 2015, e ap\u00f3s avalia\u00e7\u00e3o e justificativas t\u00e9cnicas, o processo 21391-8\/2018-1 para supress\u00e3o de uma \u00e1rvore na R. Nilo Avelino Macedo 100 foi deferido.<\/p>\n<p>FAZ SABER que nova \u00e1rvore ser\u00e1 plantada no local, e que \u201cplantio, corte ou elimina\u00e7\u00e3o, por qualquer meio ou forma, de \u00e1rvore ou qualquer vegeta\u00e7\u00e3o p\u00fablica por particulares constitui infra\u00e7\u00e3o \u00e0 lei 3.233\/88 e \u00e9 pass\u00edvel de multa\u201d.<\/p>\n<p><strong>EDITAL DE SUPRESS\u00c3O DE \u00c1RVORE \u2013 99\/2018<\/strong><\/p>\n<p>Adilson Rodrigues Rosa, Gestor da Unidade de Infraestrutura e Servi\u00e7os P\u00fablicos, no uso de suas atribui\u00e7\u00f5es legais:<\/p>\n<p>FAZ SABER que, de acordo com a lei 8.392, de 27 de mar\u00e7o de 2015, e ap\u00f3s avalia\u00e7\u00e3o e justificativas t\u00e9cnicas, o processo 21389-2\/2018-1 para supress\u00e3o de uma \u00e1rvore na R. Jose Wechsler 84 foi deferido.<\/p>\n<p>FAZ SABER que nova \u00e1rvore ser\u00e1 plantada no local, e que \u201cplantio, corte ou elimina\u00e7\u00e3o, por qualquer meio ou forma, de \u00e1rvore ou qualquer vegeta\u00e7\u00e3o p\u00fablica por particulares constitui infra\u00e7\u00e3o \u00e0 lei 3.233\/88 e \u00e9 pass\u00edvel de multa\u201d.<\/p>\n<p><strong>EDITAL DE SUPRESS\u00c3O DE \u00c1RVORE \u2013 100\/2018<\/strong><\/p>\n<p>Adilson Rodrigues Rosa, Gestor da Unidade de Infraestrutura e Servi\u00e7os P\u00fablicos, no uso de suas atribui\u00e7\u00f5es legais:<\/p>\n<p>FAZ SABER que, de acordo com a lei 8.392, de 27 de mar\u00e7o de 2015, e ap\u00f3s avalia\u00e7\u00e3o e justificativas t\u00e9cnicas, o processo 21718-2\/2018-1 para supress\u00e3o de uma \u00e1rvore na R. Luiz Sutti 99 foi deferido.<\/p>\n<p>FAZ SABER que nova \u00e1rvore ser\u00e1 plantada no local, e que \u201cplantio, corte ou elimina\u00e7\u00e3o, por qualquer meio ou forma, de \u00e1rvore ou qualquer vegeta\u00e7\u00e3o p\u00fablica por particulares constitui infra\u00e7\u00e3o \u00e0 lei 3.233\/88 e \u00e9 pass\u00edvel de multa\u201d.<\/p>\n<p><strong>EDITAL DE SUPRESS\u00c3O DE \u00c1RVORE \u2013 101\/2018<\/strong><\/p>\n<p>Adilson Rodrigues Rosa, Gestor da Unidade de Infraestrutura e Servi\u00e7os P\u00fablicos, no uso de suas atribui\u00e7\u00f5es legais:<\/p>\n<p>FAZ SABER que, de acordo com a lei 8.392, de 27 de mar\u00e7o de 2015, e ap\u00f3s avalia\u00e7\u00e3o e justificativas t\u00e9cnicas, o processo 19583-4\/2018-1 para supress\u00e3o de uma \u00e1rvore na R. Irma Inez de Jesus 52 foi deferido.<\/p>\n<p>FAZ SABER que nova \u00e1rvore ser\u00e1 plantada no local, e que \u201cplantio, corte ou elimina\u00e7\u00e3o, por qualquer meio ou forma, de \u00e1rvore ou qualquer vegeta\u00e7\u00e3o p\u00fablica por particulares constitui infra\u00e7\u00e3o \u00e0 lei 3.233\/88 e \u00e9 pass\u00edvel de multa\u201d.<\/p>\n<p><strong>EDITAL DE SUPRESS\u00c3O DE \u00c1RVORE \u2013 102\/2018<\/strong><\/p>\n<p>Adilson Rodrigues Rosa, Gestor da Unidade de Infraestrutura e Servi\u00e7os P\u00fablicos, no uso de suas atribui\u00e7\u00f5es legais:<\/p>\n<p>FAZ SABER que, de acordo com a lei 8.392, de 27 de mar\u00e7o de 2015, e ap\u00f3s avalia\u00e7\u00e3o e justificativas t\u00e9cnicas, o processo 7206-6\/2018-1 para supress\u00e3o de uma \u00e1rvore na Av Prfa Leonita Faber Ladeira 446 foi deferido.<\/p>\n<p>FAZ SABER que nova \u00e1rvore ser\u00e1 plantada no local, e que \u201cplantio, corte ou elimina\u00e7\u00e3o, por qualquer meio ou forma, de \u00e1rvore ou qualquer vegeta\u00e7\u00e3o p\u00fablica por particulares constitui infra\u00e7\u00e3o \u00e0 lei 3.233\/88 e \u00e9 pass\u00edvel de multa\u201d.<\/p>\n<p><strong>EDITAL DE SUPRESS\u00c3O DE \u00c1RVORE \u2013 103\/2018<\/strong><\/p>\n<p>Adilson Rodrigues Rosa, Gestor da Unidade de Infraestrutura e Servi\u00e7os P\u00fablicos, no uso de suas atribui\u00e7\u00f5es legais:<\/p>\n<p>FAZ SABER que, de acordo com a lei 8.392, de 27 de mar\u00e7o de 2015, e ap\u00f3s avalia\u00e7\u00e3o e justificativas t\u00e9cnicas, o processo 22019-4\/2018-1 para supress\u00e3o de uma \u00e1rvore na R. Conrado Augusto Offa 175 foi deferido.<\/p>\n<p>FAZ SABER que nova \u00e1rvore ser\u00e1 plantada no local, e que \u201cplantio, corte ou elimina\u00e7\u00e3o, por qualquer meio ou forma, de \u00e1rvore ou qualquer vegeta\u00e7\u00e3o p\u00fablica por particulares constitui infra\u00e7\u00e3o \u00e0 lei 3.233\/88 e \u00e9 pass\u00edvel de multa\u201d.<\/p>\n<p><strong>EDITAL DE SUPRESS\u00c3O DE \u00c1RVORE \u2013 104\/2018<\/strong><\/p>\n<p>Adilson Rodrigues Rosa, Gestor da Unidade de Infraestrutura e Servi\u00e7os P\u00fablicos, no uso de suas atribui\u00e7\u00f5es legais:<\/p>\n<p>FAZ SABER que, de acordo com a lei 8.392, de 27 de mar\u00e7o de 2015, e ap\u00f3s avalia\u00e7\u00e3o e justificativas t\u00e9cnicas, o processo 22048-3\/2018-1 para supress\u00e3o de tr\u00eas \u00e1rvores na Av. Joao Batista Spiandorello 2151 foi deferido.<\/p>\n<p>FAZ SABER que novas \u00e1rvores ser\u00e3o plantadas no local, e que \u201cplantio, corte ou elimina\u00e7\u00e3o, por qualquer meio ou forma, de \u00e1rvore ou qualquer vegeta\u00e7\u00e3o p\u00fablica por particulares constitui infra\u00e7\u00e3o \u00e0 lei 3.233\/88 e \u00e9 pass\u00edvel de multa\u201d.<\/p>\n<p><strong>EDITAL DE SUPRESS\u00c3O DE \u00c1RVORE \u2013 105\/2018<\/strong><\/p>\n<p>Adilson Rodrigues Rosa, Gestor da Unidade de Infraestrutura e Servi\u00e7os P\u00fablicos, no uso de suas atribui\u00e7\u00f5es legais:<\/p>\n<p>FAZ SABER que, de acordo com a lei 8.392, de 27 de mar\u00e7o de 2015, e ap\u00f3s avalia\u00e7\u00e3o e justificativas t\u00e9cnicas, o processo 7592-1\/2017-1 para supress\u00e3o de uma \u00e1rvore na R. Dino 619 foi deferido.<\/p>\n<p>FAZ SABER que \u201cplantio, corte ou elimina\u00e7\u00e3o, por qualquer meio ou forma, de \u00e1rvore ou qualquer vegeta\u00e7\u00e3o p\u00fablica por particulares constitui infra\u00e7\u00e3o \u00e0 lei 3.233\/88 e \u00e9 pass\u00edvel de multa\u201d.<\/p>\n<p><strong>EDITAL DE SUPRESS\u00c3O DE \u00c1RVORE \u2013 106\/2018<\/strong><\/p>\n<p>Adilson Rodrigues Rosa, Gestor da Unidade de Infraestrutura e Servi\u00e7os P\u00fablicos, no uso de suas atribui\u00e7\u00f5es legais:<\/p>\n<p>FAZ SABER que, de acordo com a lei 8.392, de 27 de mar\u00e7o de 2015, e ap\u00f3s avalia\u00e7\u00e3o e justificativas t\u00e9cnicas, o processo 15305-6\/2018-1 para supress\u00e3o de uma \u00e1rvore na R. Antonio de Barros Leite 70 foi deferido.<\/p>\n<p>FAZ SABER que nova \u00e1rvore ser\u00e1 plantada no local, e que \u201cplantio, corte ou elimina\u00e7\u00e3o, por qualquer meio ou forma, de \u00e1rvore ou qualquer vegeta\u00e7\u00e3o p\u00fablica por particulares constitui infra\u00e7\u00e3o \u00e0 lei 3.233\/88 e \u00e9 pass\u00edvel de multa\u201d.<\/p>\n<p><strong>EDITAL DE SUPRESS\u00c3O DE \u00c1RVORE \u2013 107\/2018<\/strong><\/p>\n<p>Adilson Rodrigues Rosa, Gestor da Unidade de Infraestrutura e Servi\u00e7os P\u00fablicos, no uso de suas atribui\u00e7\u00f5es legais:<\/p>\n<p>FAZ SABER que, de acordo com a lei 8.392, de 27 de mar\u00e7o de 2015, e ap\u00f3s avalia\u00e7\u00e3o e justificativas t\u00e9cnicas, o processo 23206-8\/2017-1 para supress\u00e3o de uma \u00e1rvore em travessa da ET Municipal do Varjao, altura do 2225, foi deferido.<\/p>\n<p>FAZ SABER que \u201cplantio, corte ou elimina\u00e7\u00e3o, por qualquer meio ou forma, de \u00e1rvore ou qualquer vegeta\u00e7\u00e3o p\u00fablica por particulares constitui infra\u00e7\u00e3o \u00e0 lei 3.233\/88 e \u00e9 pass\u00edvel de multa\u201d.<\/p>\n<p><strong>EDITAL DE SUPRESS\u00c3O DE \u00c1RVORE \u2013 108\/2018<\/strong><\/p>\n<p>Adilson Rodrigues Rosa, Gestor da Unidade de Infraestrutura e Servi\u00e7os P\u00fablicos, no uso de suas atribui\u00e7\u00f5es legais:<\/p>\n<p>FAZ SABER que, de acordo com a lei 8.392, de 27 de mar\u00e7o de 2015, e ap\u00f3s avalia\u00e7\u00e3o e justificativas t\u00e9cnicas, o processo 30859-5\/2017-1 para supress\u00e3o de uma \u00e1rvore na R. Waldemar Louren\u00e7o 319 foi deferido.<\/p>\n<p>FAZ SABER que \u201cplantio, corte ou elimina\u00e7\u00e3o, por qualquer meio ou forma, de \u00e1rvore ou qualquer vegeta\u00e7\u00e3o p\u00fablica por particulares constitui infra\u00e7\u00e3o \u00e0 lei 3.233\/88 e \u00e9 pass\u00edvel de multa\u201d.<\/p>\n<p>Para que n\u00e3o se alegue ignor\u00e2ncia, faz baixar o presente Edital, que ser\u00e1 afixado no local de costume e publicado na Imprensa Oficial do Munic\u00edpio.<\/p>\n<p><strong>EDITAL DE SUPRESS\u00c3O DE \u00c1RVORE \u2013 109\/2018<\/strong><\/p>\n<p>Adilson Rodrigues Rosa, Gestor da Unidade de Infraestrutura e Servi\u00e7os P\u00fablicos, no uso de suas atribui\u00e7\u00f5es legais:<\/p>\n<p>FAZ SABER que, de acordo com a lei 8.392, de 27 de mar\u00e7o de 2015, e ap\u00f3s avalia\u00e7\u00e3o e justificativas t\u00e9cnicas, o processo 23078-9\/2018-1 para supress\u00e3o de uma \u00e1rvore na R. Idalina Gon\u00e7alves Dias 665 foi deferido.<\/p>\n<p>FAZ SABER que \u201cplantio, corte ou elimina\u00e7\u00e3o, por qualquer meio ou forma, de \u00e1rvore ou qualquer vegeta\u00e7\u00e3o p\u00fablica por particulares constitui infra\u00e7\u00e3o \u00e0 lei 3.233\/88 e \u00e9 pass\u00edvel de multa\u201d.<\/p>\n<p>Para que n\u00e3o se alegue ignor\u00e2ncia, faz baixar o presente Edital, que ser\u00e1 afixado no local de costume e publicado na Imprensa Oficial do Munic\u00edpio.<\/p>\n<p><strong>EDITAL DE SUPRESS\u00c3O DE \u00c1RVORE \u2013 110\/2018<\/strong><\/p>\n<p>Adilson Rodrigues Rosa, Gestor da Unidade de Infraestrutura e Servi\u00e7os P\u00fablicos, no uso de suas atribui\u00e7\u00f5es legais:<\/p>\n<p>FAZ SABER que, de acordo com a lei 8.392, de 27 de mar\u00e7o de 2015, e ap\u00f3s avalia\u00e7\u00e3o e justificativas t\u00e9cnicas, o processo 20954-4\/2018-1 para supress\u00e3o de duas \u00e1rvores na R. Catania 55 foi deferido.<\/p>\n<p>FAZ SABER que ser\u00e3o plantadas duas novas \u00e1rvores no local, e que \u201cplantio, corte ou elimina\u00e7\u00e3o, por qualquer meio ou forma, de \u00e1rvore ou qualquer vegeta\u00e7\u00e3o p\u00fablica por particulares constitui infra\u00e7\u00e3o \u00e0 lei 3.233\/88 e \u00e9 pass\u00edvel de multa\u201d.<\/p>\n<p>Para que n\u00e3o se alegue ignor\u00e2ncia, faz baixar o presente Edital, que ser\u00e1 afixado no local de costume e publicado na Imprensa Oficial do Munic\u00edpio.<\/p>\n<p><strong>EDITAL DE SUPRESS\u00c3O DE \u00c1RVORE \u2013 111\/2018<\/strong><\/p>\n<p>Adilson Rodrigues Rosa, Gestor da Unidade de Infraestrutura e Servi\u00e7os P\u00fablicos, no uso de suas atribui\u00e7\u00f5es legais:<\/p>\n<p>FAZ SABER que, de acordo com a lei 8.392, de 27 de mar\u00e7o de 2015, e ap\u00f3s avalia\u00e7\u00e3o e justificativas t\u00e9cnicas, o processo 23777-8\/2017-1 para supress\u00e3o de duas \u00e1rvores na R. Salvador Buchemi 150 foi deferido.<\/p>\n<p>FAZ SABER que \u201cplantio, corte ou elimina\u00e7\u00e3o, por qualquer meio ou forma, de \u00e1rvore ou qualquer vegeta\u00e7\u00e3o p\u00fablica por particulares constitui infra\u00e7\u00e3o \u00e0 lei 3.233\/88 e \u00e9 pass\u00edvel de multa\u201d.<\/p>\n<p>Para que n\u00e3o se alegue ignor\u00e2ncia, faz baixar o presente Edital, que ser\u00e1 afixado no local de costume e publicado na Imprensa Oficial do Munic\u00edpio.<\/p>\n<p><strong>EDITAL DE SUPRESS\u00c3O DE \u00c1RVORE \u2013 112\/2018<\/strong><\/p>\n<p>Adilson Rodrigues Rosa, Gestor da Unidade de Infraestrutura e Servi\u00e7os P\u00fablicos, no uso de suas atribui\u00e7\u00f5es legais:<\/p>\n<p>FAZ SABER que, de acordo com a lei 8.392, de 27 de mar\u00e7o de 2015, e ap\u00f3s avalia\u00e7\u00e3o e justificativas t\u00e9cnicas, o processo 25867-5\/2017-1 para supress\u00e3o de uma \u00e1rvore na R. Corina Soave Gandra 59 foi deferido.<\/p>\n<p>FAZ SABER que nova \u00e1rvore ser\u00e1 plantada no local, e que \u201cplantio, corte ou elimina\u00e7\u00e3o, por qualquer meio ou forma, de \u00e1rvore ou qualquer vegeta\u00e7\u00e3o p\u00fablica por particulares constitui infra\u00e7\u00e3o \u00e0 lei 3.233\/88 e \u00e9 pass\u00edvel de multa\u201d.<\/p>\n<p>Para que n\u00e3o se alegue ignor\u00e2ncia, faz baixar o presente Edital, que ser\u00e1 afixado no local de costume e publicado na Imprensa Oficial do Munic\u00edpio.<\/p>\n<p><strong>EDITAL DE SUPRESS\u00c3O DE \u00c1RVORE \u2013 113\/2018<\/strong><\/p>\n<p>Adilson Rodrigues Rosa, Gestor da Unidade de Infraestrutura e Servi\u00e7os P\u00fablicos, no uso de suas atribui\u00e7\u00f5es legais:<\/p>\n<p>FAZ SABER que, de acordo com a lei 8.392, de 27 de mar\u00e7o de 2015, e ap\u00f3s avalia\u00e7\u00e3o e justificativas t\u00e9cnicas, o processo 22756-1\/2018-1 para supress\u00e3o de uma \u00e1rvore na R. Dr. Amadeu Sacchi 225 foi deferido.<\/p>\n<p>FAZ SABER que nova \u00e1rvore ser\u00e1 plantada no local, e que \u201cplantio, corte ou elimina\u00e7\u00e3o, por qualquer meio ou forma, de \u00e1rvore ou qualquer vegeta\u00e7\u00e3o p\u00fablica por particulares constitui infra\u00e7\u00e3o \u00e0 lei 3.233\/88 e \u00e9 pass\u00edvel de multa\u201d.<\/p>\n<p>Para que n\u00e3o se alegue ignor\u00e2ncia, faz baixar o presente Edital, que ser\u00e1 afixado no local de costume e publicado na Imprensa Oficial do Munic\u00edpio.<\/p>\n<p><strong>EDITAL DE SUPRESS\u00c3O DE \u00c1RVORE \u2013 114\/2018<\/strong><\/p>\n<p>Adilson Rodrigues Rosa, Gestor da Unidade de Infraestrutura e Servi\u00e7os P\u00fablicos, no uso de suas atribui\u00e7\u00f5es legais:<\/p>\n<p>FAZ SABER que, de acordo com a lei 8.392, de 27 de mar\u00e7o de 2015, e ap\u00f3s avalia\u00e7\u00e3o e justificativas t\u00e9cnicas, o processo 10211-1\/2018-1 para supress\u00e3o de uma \u00e1rvore na R. Francisco Telles 222 foi deferido.<\/p>\n<p>FAZ SABER que \u201cplantio, corte ou elimina\u00e7\u00e3o, por qualquer meio ou forma, de \u00e1rvore ou qualquer vegeta\u00e7\u00e3o p\u00fablica por particulares constitui infra\u00e7\u00e3o \u00e0 lei 3.233\/88 e \u00e9 pass\u00edvel de multa\u201d.<\/p>\n<p>Para que n\u00e3o se alegue ignor\u00e2ncia, faz baixar o presente Edital, que ser\u00e1 afixado no local de costume e publicado na Imprensa Oficial do Munic\u00edpio.<\/p>\n<p><strong><br \/>\nEDITAL DE SUPRESS\u00c3O DE \u00c1RVORE \u2013 115\/2018<\/strong><\/p>\n<p>Adilson Rodrigues Rosa, Gestor da Unidade de Infraestrutura e Servi\u00e7os P\u00fablicos, no uso de suas atribui\u00e7\u00f5es legais:<\/p>\n<p>FAZ SABER que, de acordo com a lei 8.392, de 27 de mar\u00e7o de 2015, e ap\u00f3s avalia\u00e7\u00e3o e justificativas t\u00e9cnicas, o processo 18367-9\/2015-1 para supress\u00e3o de uma \u00e1rvore na R. Lobo Rezende esquina com R. Zuferey (Faculdade de Medicina de Jundia\u00ed) foi deferido.<\/p>\n<p>FAZ SABER que \u201cplantio, corte ou elimina\u00e7\u00e3o, por qualquer meio ou forma, de \u00e1rvore ou qualquer vegeta\u00e7\u00e3o p\u00fablica por particulares constitui infra\u00e7\u00e3o \u00e0 lei 3.233\/88 e \u00e9 pass\u00edvel de multa\u201d.<\/p>\n<p>Para que n\u00e3o se alegue ignor\u00e2ncia, faz baixar o presente Edital, que ser\u00e1 afixado no local de costume e publicado na Imprensa Oficial do Munic\u00edpio.<\/p>\n<p><strong><br \/>\nEDITAL DE SUPRESS\u00c3O DE \u00c1RVORE \u2013 116\/2018<\/strong><\/p>\n<p>Adilson Rodrigues Rosa, Gestor da Unidade de Infraestrutura e Servi\u00e7os P\u00fablicos, no uso de suas atribui\u00e7\u00f5es legais:<\/p>\n<p>FAZ SABER que, de acordo com a lei 8.392, de 27 de mar\u00e7o de 2015, e ap\u00f3s avalia\u00e7\u00e3o e justificativas t\u00e9cnicas, o processo 15570-7\/2017-1 para supress\u00e3o de uma \u00e1rvore na R. Dom Amaury Castanho 90 foi deferido.<\/p>\n<p>FAZ SABER que \u201cplantio, corte ou elimina\u00e7\u00e3o, por qualquer meio ou forma, de \u00e1rvore ou qualquer vegeta\u00e7\u00e3o p\u00fablica por particulares constitui infra\u00e7\u00e3o \u00e0 lei 3.233\/88 e \u00e9 pass\u00edvel de multa\u201d.<\/p>\n<p>Para que n\u00e3o se alegue ignor\u00e2ncia, faz baixar o presente Edital, que ser\u00e1 afixado no local de costume e publicado na Imprensa Oficial do Munic\u00edpio.<\/p>\n<p>&nbsp;<\/p>\n<p><strong>EDITAL DE SUPRESS\u00c3O DE \u00c1RVORE \u2013 117\/2018<\/strong><\/p>\n<p>Adilson Rodrigues Rosa, Gestor da Unidade de Infraestrutura e Servi\u00e7os P\u00fablicos, no uso de suas atribui\u00e7\u00f5es legais:<\/p>\n<p>FAZ SABER que, de acordo com a lei 8.392, de 27 de mar\u00e7o de 2015, e ap\u00f3s avalia\u00e7\u00e3o e justificativas t\u00e9cnicas, o processo 1188-2\/2018-1 para supress\u00e3o de uma \u00e1rvore na R. Argelia 29 foi deferido.<\/p>\n<p>FAZ SABER que \u201cplantio, corte ou elimina\u00e7\u00e3o, por qualquer meio ou forma, de \u00e1rvore ou qualquer vegeta\u00e7\u00e3o p\u00fablica por particulares constitui infra\u00e7\u00e3o \u00e0 lei 3.233\/88 e \u00e9 pass\u00edvel de multa\u201d.<\/p>\n<p>Para que n\u00e3o se alegue ignor\u00e2ncia, faz baixar o presente Edital, que ser\u00e1 afixado no local de costume e publicado na Imprensa Oficial do Munic\u00edpio.<\/p>\n<p><strong>EDITAL DE SUPRESS\u00c3O DE \u00c1RVORE \u2013 118\/2018<\/strong><\/p>\n<p>Adilson Rodrigues Rosa, Gestor da Unidade de Infraestrutura e Servi\u00e7os P\u00fablicos, no uso de suas atribui\u00e7\u00f5es legais:<\/p>\n<p>FAZ SABER que, de acordo com a lei 8.392, de 27 de mar\u00e7o de 2015, e ap\u00f3s avalia\u00e7\u00e3o e justificativas t\u00e9cnicas, o processo 24887-2\/2018-1 para supress\u00e3o de uma \u00e1rvore na R. Luiz Sutti 57 foi deferido.<\/p>\n<p>FAZ SABER que nova \u00e1rvore ser\u00e1 plantada no local, e que \u201cplantio, corte ou elimina\u00e7\u00e3o, por qualquer meio ou forma, de \u00e1rvore ou qualquer vegeta\u00e7\u00e3o p\u00fablica por particulares constitui infra\u00e7\u00e3o \u00e0 lei 3.233\/88 e \u00e9 pass\u00edvel de multa\u201d.<\/p>\n<p>Para que n\u00e3o se alegue ignor\u00e2ncia, faz baixar o presente Edital, que ser\u00e1 afixado no local de costume e publicado na Imprensa Oficial do Munic\u00edpio.<\/p>\n<p><strong>EDITAL DE SUPRESS\u00c3O DE \u00c1RVORE \u2013 119\/2018<\/strong><\/p>\n<p>Adilson Rodrigues Rosa, Gestor da Unidade de Infraestrutura e Servi\u00e7os P\u00fablicos, no uso de suas atribui\u00e7\u00f5es legais:<\/p>\n<p>FAZ SABER que, de acordo com a lei 8.392, de 27 de mar\u00e7o de 2015, e ap\u00f3s avalia\u00e7\u00e3o e justificativas t\u00e9cnicas, o processo 25617-2\/2018-1 para supress\u00e3o de duas \u00e1rvores na R. Arnaldo Pivi 53 foi deferido.<\/p>\n<p>FAZ SABER que novas \u00e1rvores ser\u00e3o plantadas no local, e que \u201cplantio, corte ou elimina\u00e7\u00e3o, por qualquer meio ou forma, de \u00e1rvore ou qualquer vegeta\u00e7\u00e3o p\u00fablica por particulares constitui infra\u00e7\u00e3o \u00e0 lei 3.233\/88 e \u00e9 pass\u00edvel de multa\u201d.<\/p>\n<p>Para que n\u00e3o se alegue ignor\u00e2ncia, faz baixar o presente Edital, que ser\u00e1 afixado no local de costume e publicado na Imprensa Oficial do Munic\u00edpio.<\/p>\n<p><strong>EDITAL DE SUPRESS\u00c3O DE \u00c1RVORE \u2013 120\/2018<\/strong><\/p>\n<p>Adilson Rodrigues Rosa, Gestor da Unidade de Infraestrutura e Servi\u00e7os P\u00fablicos, no uso de suas atribui\u00e7\u00f5es legais:<\/p>\n<p>FAZ SABER que, de acordo com a lei 8.392, de 27 de mar\u00e7o de 2015, e ap\u00f3s avalia\u00e7\u00e3o e justificativas t\u00e9cnicas, o processo 24991-2\/2018-1 para supress\u00e3o de uma \u00e1rvore na Av. Antonio Barchetta 259 foi deferido.<\/p>\n<p>FAZ SABER que nova \u00e1rvore ser\u00e1 plantada no local, e que \u201cplantio, corte ou elimina\u00e7\u00e3o, por qualquer meio ou forma, de \u00e1rvore ou qualquer vegeta\u00e7\u00e3o p\u00fablica por particulares constitui infra\u00e7\u00e3o \u00e0 lei 3.233\/88 e \u00e9 pass\u00edvel de multa\u201d.<\/p>\n<p>Para que n\u00e3o se alegue ignor\u00e2ncia, faz baixar o presente Edital, que ser\u00e1 afixado no local de costume e publicado na Imprensa Oficial do Munic\u00edpio.<\/p>\n<p><strong>EDITAL DE SUPRESS\u00c3O DE \u00c1RVORE \u2013 121\/2018<\/strong><\/p>\n<p>Adilson Rodrigues Rosa, Gestor da Unidade de Infraestrutura e Servi\u00e7os P\u00fablicos, no uso de suas atribui\u00e7\u00f5es legais:<\/p>\n<p>FAZ SABER que, de acordo com a lei 8.392, de 27 de mar\u00e7o de 2015, e ap\u00f3s avalia\u00e7\u00e3o e justificativas t\u00e9cnicas, o processo 24987-0\/2018-1 para supress\u00e3o de uma \u00e1rvore na Av. Antonio Barchetta 225 foi deferido.<\/p>\n<p>FAZ SABER que nova \u00e1rvore ser\u00e1 plantada no local, e que \u201cplantio, corte ou elimina\u00e7\u00e3o, por qualquer meio ou forma, de \u00e1rvore ou qualquer vegeta\u00e7\u00e3o p\u00fablica por particulares constitui infra\u00e7\u00e3o \u00e0 lei 3.233\/88 e \u00e9 pass\u00edvel de multa\u201d.<\/p>\n<p>Para que n\u00e3o se alegue ignor\u00e2ncia, faz baixar o presente Edital, que ser\u00e1 afixado no local de costume e publicado na Imprensa Oficial do Munic\u00edpio.<\/p>\n<p><strong>EDITAL DE SUPRESS\u00c3O DE \u00c1RVORE \u2013 122\/2018<\/strong><\/p>\n<p>Adilson Rodrigues Rosa, Gestor da Unidade de Infraestrutura e Servi\u00e7os P\u00fablicos, no uso de suas atribui\u00e7\u00f5es legais:<\/p>\n<p>FAZ SABER que, de acordo com a lei 8.392, de 27 de mar\u00e7o de 2015, e ap\u00f3s avalia\u00e7\u00e3o e justificativas t\u00e9cnicas, o processo 25484-7\/2018-1 para supress\u00e3o de uma \u00e1rvore na Av. Cdor Luiz Aiello 311 foi deferido.<\/p>\n<p>FAZ SABER que nova \u00e1rvore ser\u00e1 plantada no local, e que \u201cplantio, corte ou elimina\u00e7\u00e3o, por qualquer meio ou forma, de \u00e1rvore ou qualquer vegeta\u00e7\u00e3o p\u00fablica por particulares constitui infra\u00e7\u00e3o \u00e0 lei 3.233\/88 e \u00e9 pass\u00edvel de multa\u201d.<\/p>\n<p>Para que n\u00e3o se alegue ignor\u00e2ncia, faz baixar o presente Edital, que ser\u00e1 afixado no local de costume e publicado na Imprensa Oficial do Munic\u00edpio.<\/p>\n<p>&nbsp;<\/p>\n<p><strong>EDITAL DE SUPRESS\u00c3O DE \u00c1RVORE \u2013 123\/2018<\/strong><\/p>\n<p>Adilson Rodrigues Rosa, Gestor da Unidade de Infraestrutura e Servi\u00e7os P\u00fablicos, no uso de suas atribui\u00e7\u00f5es legais:<\/p>\n<p>FAZ SABER que, de acordo com a lei 8.392, de 27 de mar\u00e7o de 2015, e ap\u00f3s avalia\u00e7\u00e3o e justificativas t\u00e9cnicas, o processo 27020-7\/2018-1 para supress\u00e3o de uma \u00e1rvore na R. Jo\u00e3o Manzan 206 foi deferido.<\/p>\n<p>FAZ SABER que \u201cplantio, corte ou elimina\u00e7\u00e3o, por qualquer meio ou forma, de \u00e1rvore ou qualquer vegeta\u00e7\u00e3o p\u00fablica por particulares constitui infra\u00e7\u00e3o \u00e0 lei 3.233\/88 e \u00e9 pass\u00edvel de multa\u201d.<\/p>\n<p>Para que n\u00e3o se alegue ignor\u00e2ncia, faz baixar o presente Edital, que ser\u00e1 afixado no local de costume e publicado na Imprensa Oficial do Munic\u00edpio.<\/p>\n<p>&nbsp;<\/p>\n<p><strong>EDITAL DE SUPRESS\u00c3O DE \u00c1RVORE \u2013 124\/2018<\/strong><\/p>\n<p>Adilson Rodrigues Rosa, Gestor da Unidade de Infraestrutura e Servi\u00e7os P\u00fablicos, no uso de suas atribui\u00e7\u00f5es legais:<\/p>\n<p>FAZ SABER que, de acordo com a lei 8.392, de 27 de mar\u00e7o de 2015, e ap\u00f3s avalia\u00e7\u00e3o e justificativas t\u00e9cnicas, o processo 17995-2\/2018-1 para supress\u00e3o de uma \u00e1rvore na R. Jo\u00e3o Iotti 132 foi deferido.<\/p>\n<p>FAZ SABER que nova \u00e1rvore ser\u00e1 plantada no entorno, e que \u201cplantio, corte ou elimina\u00e7\u00e3o, por qualquer meio ou forma, de \u00e1rvore ou qualquer vegeta\u00e7\u00e3o p\u00fablica por particulares constitui infra\u00e7\u00e3o \u00e0 lei 3.233\/88 e \u00e9 pass\u00edvel de multa\u201d.<\/p>\n<p>Para que n\u00e3o se alegue ignor\u00e2ncia, faz baixar o presente Edital, que ser\u00e1 afixado no local de costume e publicado na Imprensa Oficial do Munic\u00edpio.<\/p>\n<p><strong><br \/>\nEDITAL DE SUPRESS\u00c3O DE \u00c1RVORE \u2013 125\/2018<\/strong><\/p>\n<p>Adilson Rodrigues Rosa, Gestor da Unidade de Infraestrutura e Servi\u00e7os P\u00fablicos, no uso de suas atribui\u00e7\u00f5es legais:<\/p>\n<p>FAZ SABER que, de acordo com a lei 8.392, de 27 de mar\u00e7o de 2015, e ap\u00f3s avalia\u00e7\u00e3o e justificativas t\u00e9cnicas, o processo 23205-0\/2017-1 para supress\u00e3o de uma \u00e1rvore na R. Reinaldo Orsi 22 foi deferido.<\/p>\n<p>FAZ SABER que nova \u00e1rvore ser\u00e1 plantada no entorno, e que \u201cplantio, corte ou elimina\u00e7\u00e3o, por qualquer meio ou forma, de \u00e1rvore ou qualquer vegeta\u00e7\u00e3o p\u00fablica por particulares constitui infra\u00e7\u00e3o \u00e0 lei 3.233\/88 e \u00e9 pass\u00edvel de multa\u201d.<\/p>\n<p>Para que n\u00e3o se alegue ignor\u00e2ncia, faz baixar o presente Edital, que ser\u00e1 afixado no local de costume e publicado na Imprensa Oficial do Munic\u00edpio.<\/p>\n<p><strong><br \/>\nEDITAL DE SUPRESS\u00c3O DE \u00c1RVORE \u2013 126\/2018<\/strong><\/p>\n<p>Adilson Rodrigues Rosa, Gestor da Unidade de Infraestrutura e Servi\u00e7os P\u00fablicos, no uso de suas atribui\u00e7\u00f5es legais:<\/p>\n<p>FAZ SABER que, de acordo com a lei 8.392, de 27 de mar\u00e7o de 2015, e ap\u00f3s avalia\u00e7\u00e3o e justificativas t\u00e9cnicas, o processo 12075-8\/2018-1 para supress\u00e3o de uma \u00e1rvore na R. Antonio Lucato 179 foi deferido.<\/p>\n<p>FAZ SABER que nova \u00e1rvore ser\u00e1 plantada no entorno, e que \u201cplantio, corte ou elimina\u00e7\u00e3o, por qualquer meio ou forma, de \u00e1rvore ou qualquer vegeta\u00e7\u00e3o p\u00fablica por particulares constitui infra\u00e7\u00e3o \u00e0 lei 3.233\/88 e \u00e9 pass\u00edvel de multa\u201d.<\/p>\n<p>Para que n\u00e3o se alegue ignor\u00e2ncia, faz baixar o presente Edital, que ser\u00e1 afixado no local de costume e publicado na Imprensa Oficial do Munic\u00edpio.<\/p>\n<p><strong>EDITAL DE SUPRESS\u00c3O DE \u00c1RVORE \u2013 128\/2018<\/strong><\/p>\n<p>Adilson Rodrigues Rosa, Gestor da Unidade de Infraestrutura e Servi\u00e7os P\u00fablicos, no uso de suas atribui\u00e7\u00f5es legais:<\/p>\n<p>FAZ SABER que, de acordo com a lei 8.392, de 27 de mar\u00e7o de 2015, e ap\u00f3s avalia\u00e7\u00e3o e justificativas t\u00e9cnicas, o processo 19238-7\/2017-1 para supress\u00e3o de uma \u00e1rvore na R. dos Bandeirantes 911 foi deferido.<\/p>\n<p>FAZ SABER que nova \u00e1rvore ser\u00e1 plantada no local, e que \u201cplantio, corte ou elimina\u00e7\u00e3o, por qualquer meio ou forma, de \u00e1rvore ou qualquer vegeta\u00e7\u00e3o p\u00fablica por particulares constitui infra\u00e7\u00e3o \u00e0 lei 3.233\/88 e \u00e9 pass\u00edvel de multa\u201d.<\/p>\n<p>Para que n\u00e3o se alegue ignor\u00e2ncia, faz baixar o presente Edital, que ser\u00e1 afixado no local de costume e publicado na Imprensa Oficial do Munic\u00edpio.<\/p>\n<p>&nbsp;<\/p>\n<p><strong>EDITAL DE SUPRESS\u00c3O DE \u00c1RVORE \u2013 129\/2018<\/strong><\/p>\n<p>Adilson Rodrigues Rosa, Gestor da Unidade de Infraestrutura e Servi\u00e7os P\u00fablicos, no uso de suas atribui\u00e7\u00f5es legais:<\/p>\n<p>FAZ SABER que, de acordo com a lei 8.392, de 27 de mar\u00e7o de 2015, e ap\u00f3s avalia\u00e7\u00e3o e justificativas t\u00e9cnicas, o processo 4505-4\/2018-1 para supress\u00e3o de uma \u00e1rvore na R. Dr Edison Zardetto de Toledo 130 foi deferido.<\/p>\n<p>FAZ SABER que \u201cplantio, corte ou elimina\u00e7\u00e3o, por qualquer meio ou forma, de \u00e1rvore ou qualquer vegeta\u00e7\u00e3o p\u00fablica por particulares constitui infra\u00e7\u00e3o \u00e0 lei 3.233\/88 e \u00e9 pass\u00edvel de multa\u201d.<\/p>\n<p>Para que n\u00e3o se alegue ignor\u00e2ncia, faz baixar o presente Edital, que ser\u00e1 afixado no local de costume e publicado na Imprensa Oficial do Munic\u00edpio.<\/p>\n<p>&nbsp;<\/p>\n<p><strong>EDITAL DE SUPRESS\u00c3O DE \u00c1RVORE \u2013 130\/2018<\/strong><\/p>\n<p>Adilson Rodrigues Rosa, Gestor da Unidade de Infraestrutura e Servi\u00e7os P\u00fablicos, no uso de suas atribui\u00e7\u00f5es legais:<\/p>\n<p>FAZ SABER que, de acordo com a lei 8.392, de 27 de mar\u00e7o de 2015, e ap\u00f3s avalia\u00e7\u00e3o e justificativas t\u00e9cnicas, o processo 34169-5\/2017-1 para supress\u00e3o de uma \u00e1rvore na R. Guaxupe 179 foi deferido.<\/p>\n<p>FAZ SABER que \u201cplantio, corte ou elimina\u00e7\u00e3o, por qualquer meio ou forma, de \u00e1rvore ou qualquer vegeta\u00e7\u00e3o p\u00fablica por particulares constitui infra\u00e7\u00e3o \u00e0 lei 3.233\/88 e \u00e9 pass\u00edvel de multa\u201d.<\/p>\n<p>Para que n\u00e3o se alegue ignor\u00e2ncia, faz baixar o presente Edital, que ser\u00e1 afixado no local de costume e publicado na Imprensa Oficial do Munic\u00edpio.<\/p>\n<p>&nbsp;<\/p>\n<p><strong>EDITAL DE SUPRESS\u00c3O DE \u00c1RVORE \u2013 131\/2018<\/strong><\/p>\n<p>Adilson Rodrigues Rosa, Gestor da Unidade de Infraestrutura e Servi\u00e7os P\u00fablicos, no uso de suas atribui\u00e7\u00f5es legais:<\/p>\n<p>FAZ SABER que, de acordo com a lei 8.392, de 27 de mar\u00e7o de 2015, e ap\u00f3s avalia\u00e7\u00e3o e justificativas t\u00e9cnicas, o processo 26846-6\/2018-1 para supress\u00e3o de uma \u00e1rvore na R. Dr Aziz Jorge 160 foi deferido.<\/p>\n<p>FAZ SABER que nova \u00e1rvore ser\u00e1 plantada no local, e que \u201cplantio, corte ou elimina\u00e7\u00e3o, por qualquer meio ou forma, de \u00e1rvore ou qualquer vegeta\u00e7\u00e3o p\u00fablica por particulares constitui infra\u00e7\u00e3o \u00e0 lei 3.233\/88 e \u00e9 pass\u00edvel de multa\u201d.<\/p>\n<p>Para que n\u00e3o se alegue ignor\u00e2ncia, faz baixar o presente Edital, que ser\u00e1 afixado no local de costume e publicado na Imprensa Oficial do Munic\u00edpio.<\/p>\n<p>&nbsp;<\/p>\n<p><strong>EDITAL DE SUPRESS\u00c3O DE \u00c1RVORE \u2013 132\/2018<\/strong><\/p>\n<p>Adilson Rodrigues Rosa, Gestor da Unidade de Infraestrutura e Servi\u00e7os P\u00fablicos, no uso de suas atribui\u00e7\u00f5es legais:<\/p>\n<p>FAZ SABER que, de acordo com a lei 8.392, de 27 de mar\u00e7o de 2015, e ap\u00f3s avalia\u00e7\u00e3o e justificativas t\u00e9cnicas, o processo 6515-3\/2017-1 para supress\u00e3o de uma \u00e1rvore na R. Evangelina Soares de Camargo 202 foi deferido.<\/p>\n<p>FAZ SABER que nova \u00e1rvore ser\u00e1 plantada no local, e que \u201cplantio, corte ou elimina\u00e7\u00e3o, por qualquer meio ou forma, de \u00e1rvore ou qualquer vegeta\u00e7\u00e3o p\u00fablica por particulares constitui infra\u00e7\u00e3o \u00e0 lei 3.233\/88 e \u00e9 pass\u00edvel de multa\u201d.<\/p>\n<p>Para que n\u00e3o se alegue ignor\u00e2ncia, faz baixar o presente Edital, que ser\u00e1 afixado no local de costume e publicado na Imprensa Oficial do Munic\u00edpio.<\/p>\n<p>&nbsp;<\/p>\n<p><strong>EDITAL DE SUPRESS\u00c3O DE \u00c1RVORE \u2013 133\/2018<\/strong><\/p>\n<p>Adilson Rodrigues Rosa, Gestor da Unidade de Infraestrutura e Servi\u00e7os P\u00fablicos, no uso de suas atribui\u00e7\u00f5es legais:<\/p>\n<p>FAZ SABER que, de acordo com a lei 8.392, de 27 de mar\u00e7o de 2015, e ap\u00f3s avalia\u00e7\u00e3o e justificativas t\u00e9cnicas, o processo 2423-2\/2018-1 para supress\u00e3o de uma \u00e1rvore na R. Lupe Cotrim 78 foi deferido.<\/p>\n<p>FAZ SABER que nova \u00e1rvore ser\u00e1 plantada no local, e que \u201cplantio, corte ou elimina\u00e7\u00e3o, por qualquer meio ou forma, de \u00e1rvore ou qualquer vegeta\u00e7\u00e3o p\u00fablica por particulares constitui infra\u00e7\u00e3o \u00e0 lei 3.233\/88 e \u00e9 pass\u00edvel de multa\u201d.<\/p>\n<p>Para que n\u00e3o se alegue ignor\u00e2ncia, faz baixar o presente Edital, que ser\u00e1 afixado no local de costume e publicado na Imprensa Oficial do Munic\u00edpio.<\/p>\n<p>&nbsp;<\/p>\n<p><strong>EDITAL DE SUPRESS\u00c3O DE \u00c1RVORE \u2013 134\/2018<\/strong><\/p>\n<p>Adilson Rodrigues Rosa, Gestor da Unidade de Infraestrutura e Servi\u00e7os P\u00fablicos, no uso de suas atribui\u00e7\u00f5es legais:<\/p>\n<p>FAZ SABER que, de acordo com a lei 8.392, de 27 de mar\u00e7o de 2015, e ap\u00f3s avalia\u00e7\u00e3o e justificativas t\u00e9cnicas, o processo 19460-5\/2018-1 para supress\u00e3o de uma \u00e1rvore na R. Cruz e Souza 238 foi deferido.<\/p>\n<p>FAZ SABER que nova \u00e1rvore ser\u00e1 plantada no local, e que \u201cplantio, corte ou elimina\u00e7\u00e3o, por qualquer meio ou forma, de \u00e1rvore ou qualquer vegeta\u00e7\u00e3o p\u00fablica por particulares constitui infra\u00e7\u00e3o \u00e0 lei 3.233\/88 e \u00e9 pass\u00edvel de multa\u201d.<\/p>\n<p>Para que n\u00e3o se alegue ignor\u00e2ncia, faz baixar o presente Edital, que ser\u00e1 afixado no local de costume e publicado na Imprensa Oficial do Munic\u00edpio.<\/p>\n<p>&nbsp;<\/p>\n<p><strong>EDITAL DE SUPRESS\u00c3O DE \u00c1RVORE \u2013 135\/2018<\/strong><\/p>\n<p>Adilson Rodrigues Rosa, Gestor da Unidade de Infraestrutura e Servi\u00e7os P\u00fablicos, no uso de suas atribui\u00e7\u00f5es legais:<\/p>\n<p>FAZ SABER que, de acordo com a lei 8.392, de 27 de mar\u00e7o de 2015, e ap\u00f3s avalia\u00e7\u00e3o e justificativas t\u00e9cnicas, o processo 20901-7\/2017-1 para supress\u00e3o de uma \u00e1rvore na R. Maestro Jose Maria Passos 474 foi deferido.<\/p>\n<p>FAZ SABER que nova \u00e1rvore ser\u00e1 plantada no local, e que \u201cplantio, corte ou elimina\u00e7\u00e3o, por qualquer meio ou forma, de \u00e1rvore ou qualquer vegeta\u00e7\u00e3o p\u00fablica por particulares constitui infra\u00e7\u00e3o \u00e0 lei 3.233\/88 e \u00e9 pass\u00edvel de multa\u201d.<\/p>\n<p>Para que n\u00e3o se alegue ignor\u00e2ncia, faz baixar o presente Edital, que ser\u00e1 afixado no local de costume e publicado na Imprensa Oficial do Munic\u00edpio.<\/p>\n<p>&nbsp;<\/p>\n<p><strong>EDITAL DE SUPRESS\u00c3O DE \u00c1RVORE \u2013 136\/2018<\/strong><\/p>\n<p>Adilson Rodrigues Rosa, Gestor da Unidade de Infraestrutura e Servi\u00e7os P\u00fablicos, no uso de suas atribui\u00e7\u00f5es legais:<\/p>\n<p>FAZ SABER que, de acordo com a lei 8.392, de 27 de mar\u00e7o de 2015, e ap\u00f3s avalia\u00e7\u00e3o e justificativas t\u00e9cnicas, o processo 13435-5\/2017-1 para supress\u00e3o de uma \u00e1rvore na R. Goi\u00e2nia 359 foi deferido.<\/p>\n<p>FAZ SABER que \u201cplantio, corte ou elimina\u00e7\u00e3o, por qualquer meio ou forma, de \u00e1rvore ou qualquer vegeta\u00e7\u00e3o p\u00fablica por particulares constitui infra\u00e7\u00e3o \u00e0 lei 3.233\/88 e \u00e9 pass\u00edvel de multa\u201d.<\/p>\n<p>Para que n\u00e3o se alegue ignor\u00e2ncia, faz baixar o presente Edital, que ser\u00e1 afixado no local de costume e publicado na Imprensa Oficial do Munic\u00edpio.<\/p>\n<p>&nbsp;<\/p>\n<p><strong>EDITAL DE SUPRESS\u00c3O DE \u00c1RVORE \u2013 137\/2018<\/strong><\/p>\n<p>Adilson Rodrigues Rosa, Gestor da Unidade de Infraestrutura e Servi\u00e7os P\u00fablicos, no uso de suas atribui\u00e7\u00f5es legais:<\/p>\n<p>FAZ SABER que, de acordo com a lei 8.392, de 27 de mar\u00e7o de 2015, e ap\u00f3s avalia\u00e7\u00e3o e justificativas t\u00e9cnicas, o processo 25448-2\/2018-1 para supress\u00e3o de uma \u00e1rvore na R. Paul P Harris 86 foi deferido.<\/p>\n<p>FAZ SABER que \u201cplantio, corte ou elimina\u00e7\u00e3o, por qualquer meio ou forma, de \u00e1rvore ou qualquer vegeta\u00e7\u00e3o p\u00fablica por particulares constitui infra\u00e7\u00e3o \u00e0 lei 3.233\/88 e \u00e9 pass\u00edvel de multa\u201d.<\/p>\n<p>Para que n\u00e3o se alegue ignor\u00e2ncia, faz baixar o presente Edital, que ser\u00e1 afixado no local de costume e publicado na Imprensa Oficial do Munic\u00edpio.<\/p>\n<p>&nbsp;<\/p>\n<p><strong>EDITAL DE SUPRESS\u00c3O DE \u00c1RVORE \u2013 138\/2018<\/strong><\/p>\n<p>Adilson Rodrigues Rosa, Gestor da Unidade de Infraestrutura e Servi\u00e7os P\u00fablicos, no uso de suas atribui\u00e7\u00f5es legais:<\/p>\n<p>FAZ SABER que, de acordo com a lei 8.392, de 27 de mar\u00e7o de 2015, e ap\u00f3s avalia\u00e7\u00e3o e justificativas t\u00e9cnicas, o processo 26843-3\/2018-1 para supress\u00e3o de uma \u00e1rvore na R. Egito 169 foi deferido.<\/p>\n<p>FAZ SABER que nova \u00e1rvore ser\u00e1 plantada no local, e que \u201cplantio, corte ou elimina\u00e7\u00e3o, por qualquer meio ou forma, de \u00e1rvore ou qualquer vegeta\u00e7\u00e3o p\u00fablica por particulares constitui infra\u00e7\u00e3o \u00e0 lei 3.233\/88 e \u00e9 pass\u00edvel de multa\u201d.<\/p>\n<p>Para que n\u00e3o se alegue ignor\u00e2ncia, faz baixar o presente Edital, que ser\u00e1 afixado no local de costume e publicado na Imprensa Oficial do Munic\u00edpio.<\/p>\n<p>&nbsp;<\/p>\n<p><strong>EDITAL DE SUPRESS\u00c3O DE \u00c1RVORE \u2013 139\/2018<\/strong><\/p>\n<p>Adilson Rodrigues Rosa, Gestor da Unidade de Infraestrutura e Servi\u00e7os P\u00fablicos, no uso de suas atribui\u00e7\u00f5es legais:<\/p>\n<p>FAZ SABER que, de acordo com a lei 8.392, de 27 de mar\u00e7o de 2015, e ap\u00f3s avalia\u00e7\u00e3o e justificativas t\u00e9cnicas, o processo 32366-9\/2017-1 para supress\u00e3o de uma \u00e1rvore na R. It\u00e1lia 106 foi deferido.<\/p>\n<p>FAZ SABER que nova \u00e1rvore ser\u00e1 plantada no local, e que \u201cplantio, corte ou elimina\u00e7\u00e3o, por qualquer meio ou forma, de \u00e1rvore ou qualquer vegeta\u00e7\u00e3o p\u00fablica por particulares constitui infra\u00e7\u00e3o \u00e0 lei 3.233\/88 e \u00e9 pass\u00edvel de multa\u201d.<\/p>\n<p>Para que n\u00e3o se alegue ignor\u00e2ncia, faz baixar o presente Edital, que ser\u00e1 afixado no local de costume e publicado na Imprensa Oficial do Munic\u00edpio.<\/p>\n<p>&nbsp;<\/p>\n<p><strong>EDITAL DE SUPRESS\u00c3O DE \u00c1RVORE \u2013 140\/2018<\/strong><\/p>\n<p>Adilson Rodrigues Rosa, Gestor da Unidade de Infraestrutura e Servi\u00e7os P\u00fablicos, no uso de suas atribui\u00e7\u00f5es legais:<\/p>\n<p>FAZ SABER que, de acordo com a lei 8.392, de 27 de mar\u00e7o de 2015, e ap\u00f3s avalia\u00e7\u00e3o e justificativas t\u00e9cnicas, o processo 13181-3\/2018-1 para supress\u00e3o de uma \u00e1rvore na R 6 VL de Jundia\u00ed 190 foi deferido.<\/p>\n<p>FAZ SABER que nova \u00e1rvore ser\u00e1 plantada no local e que \u201cplantio, corte ou elimina\u00e7\u00e3o, por qualquer meio ou forma, de \u00e1rvore ou qualquer vegeta\u00e7\u00e3o p\u00fablica por particulares constitui infra\u00e7\u00e3o \u00e0 lei 3.233\/88 e \u00e9 pass\u00edvel de multa\u201d.<\/p>\n<p>Para que n\u00e3o se alegue ignor\u00e2ncia, faz baixar o presente Edital, que ser\u00e1 afixado no local de costume e publicado na Imprensa Oficial do Munic\u00edpio.<\/p>\n<p>&nbsp;<\/p>\n<p><strong>EDITAL DE SUPRESS\u00c3O DE \u00c1RVORE \u2013 141\/2018<\/strong><\/p>\n<p>Adilson Rodrigues Rosa, Gestor da Unidade de Infraestrutura e Servi\u00e7os P\u00fablicos, no uso de suas atribui\u00e7\u00f5es legais:<\/p>\n<p>FAZ SABER que, de acordo com a lei 8.392, de 27 de mar\u00e7o de 2015, e ap\u00f3s avalia\u00e7\u00e3o e justificativas t\u00e9cnicas, o processo 20655-7\/2018-1 para supress\u00e3o uma \u00e1rvore na R. Leonita Faber Ladeira 1565 foi deferido.<\/p>\n<p>FAZ SABER que nova \u00e1rvore ser\u00e1 plantada no local e que \u201cplantio, corte ou elimina\u00e7\u00e3o, por qualquer meio ou forma, de \u00e1rvore ou qualquer vegeta\u00e7\u00e3o p\u00fablica por particulares constitui infra\u00e7\u00e3o \u00e0 lei 3.233\/88 e \u00e9 pass\u00edvel de multa\u201d.<\/p>\n<p>Para que n\u00e3o se alegue ignor\u00e2ncia, faz baixar o presente Edital, que ser\u00e1 afixado no local de costume e publicado na Imprensa Oficial do Munic\u00edpio.<\/p>\n<p>&nbsp;<\/p>\n<p><strong>EDITAL DE SUPRESS\u00c3O DE \u00c1RVORE \u2013 142\/2018<\/strong><\/p>\n<p>Adilson Rodrigues Rosa, Gestor da Unidade de Infraestrutura e Servi\u00e7os P\u00fablicos, no uso de suas atribui\u00e7\u00f5es legais:<\/p>\n<p>FAZ SABER que, de acordo com a lei 8.392, de 27 de mar\u00e7o de 2015, e ap\u00f3s avalia\u00e7\u00e3o e justificativas t\u00e9cnicas, o processo 14027-7\/2018-1 para supress\u00e3o uma \u00e1rvore na R. Ricardo Gobbo 302 foi deferido.<\/p>\n<p>FAZ SABER que nova \u00e1rvore ser\u00e1 plantada no local e que \u201cplantio, corte ou elimina\u00e7\u00e3o, por qualquer meio ou forma, de \u00e1rvore ou qualquer vegeta\u00e7\u00e3o p\u00fablica por particulares constitui infra\u00e7\u00e3o \u00e0 lei 3.233\/88 e \u00e9 pass\u00edvel de multa\u201d.<\/p>\n<p>Para que n\u00e3o se alegue ignor\u00e2ncia, faz baixar o presente Edital, que ser\u00e1 afixado no local de costume e publicado na Imprensa Oficial do Munic\u00edpio.<\/p>\n<p><strong>EDITAL DE SUPRESS\u00c3O DE \u00c1RVORE \u2013 143\/2018<\/strong><\/p>\n<p>Adilson Rodrigues Rosa, Gestor da Unidade de Infraestrutura e Servi\u00e7os P\u00fablicos, no uso de suas atribui\u00e7\u00f5es legais:<\/p>\n<p>FAZ SABER que, de acordo com a lei 8.392, de 27 de mar\u00e7o de 2015, e ap\u00f3s avalia\u00e7\u00e3o e justificativas t\u00e9cnicas, o processo 24952-4\/2018-1 para supress\u00e3o uma \u00e1rvore na R. Prof. Nelson A Figueiredo Brito 140 foi deferido.<\/p>\n<p>FAZ SABER que nova \u00e1rvore ser\u00e1 plantada no local e que \u201cplantio, corte ou elimina\u00e7\u00e3o, por qualquer meio ou forma, de \u00e1rvore ou qualquer vegeta\u00e7\u00e3o p\u00fablica por particulares constitui infra\u00e7\u00e3o \u00e0 lei 3.233\/88 e \u00e9 pass\u00edvel de multa\u201d.<\/p>\n<p>Para que n\u00e3o se alegue ignor\u00e2ncia, faz baixar o presente Edital, que ser\u00e1 afixado no local de costume e publicado na Imprensa Oficial do Munic\u00edpio.<\/p>\n<p><strong>EDITAL DE SUPRESS\u00c3O DE \u00c1RVORE \u2013 144\/2018<\/strong><\/p>\n<p>Adilson Rodrigues Rosa, Gestor da Unidade de Infraestrutura e Servi\u00e7os P\u00fablicos, no uso de suas atribui\u00e7\u00f5es legais:<\/p>\n<p>FAZ SABER que, de acordo com a lei 8.392, de 27 de mar\u00e7o de 2015, e ap\u00f3s avalia\u00e7\u00e3o e justificativas t\u00e9cnicas, o processo 13960-0\/2018-1 para supress\u00e3o uma \u00e1rvore na R. Pedro Bortolini 360 foi deferido.<\/p>\n<p>FAZ SABER que nova \u00e1rvore ser\u00e1 plantada no local e que \u201cplantio, corte ou elimina\u00e7\u00e3o, por qualquer meio ou forma, de \u00e1rvore ou qualquer vegeta\u00e7\u00e3o p\u00fablica por particulares constitui infra\u00e7\u00e3o \u00e0 lei 3.233\/88 e \u00e9 pass\u00edvel de multa\u201d.<\/p>\n<p>Para que n\u00e3o se alegue ignor\u00e2ncia, faz baixar o presente Edital, que ser\u00e1 afixado no local de costume e publicado na Imprensa Oficial do Munic\u00edpio.<\/p>\n<p><strong>EDITAL DE SUPRESS\u00c3O DE \u00c1RVORE \u2013 145\/2018<\/strong><\/p>\n<p>Adilson Rodrigues Rosa, Gestor da Unidade de Infraestrutura e Servi\u00e7os P\u00fablicos, no uso de suas atribui\u00e7\u00f5es legais:<\/p>\n<p>FAZ SABER que, de acordo com a lei 8.392, de 27 de mar\u00e7o de 2015, e ap\u00f3s avalia\u00e7\u00e3o e justificativas t\u00e9cnicas, o processo 19618-8\/2018-1 para supress\u00e3o uma \u00e1rvore na R. Prof Emilio Mazzola 559 foi deferido.<\/p>\n<p>FAZ SABER que nova \u00e1rvore ser\u00e1 plantada no local e que \u201cplantio, corte ou elimina\u00e7\u00e3o, por qualquer meio ou forma, de \u00e1rvore ou qualquer vegeta\u00e7\u00e3o p\u00fablica por particulares constitui infra\u00e7\u00e3o \u00e0 lei 3.233\/88 e \u00e9 pass\u00edvel de multa\u201d.<\/p>\n<p>Para que n\u00e3o se alegue ignor\u00e2ncia, faz baixar o presente Edital, que ser\u00e1 afixado no local de costume e publicado na Imprensa Oficial do Munic\u00edpio.<\/p>\n<p><strong>EDITAL DE SUPRESS\u00c3O DE \u00c1RVORE \u2013 146\/2018<\/strong><\/p>\n<p>Adilson Rodrigues Rosa, Gestor da Unidade de Infraestrutura e Servi\u00e7os P\u00fablicos, no uso de suas atribui\u00e7\u00f5es legais:<\/p>\n<p>FAZ SABER que, de acordo com a lei 8.392, de 27 de mar\u00e7o de 2015, e ap\u00f3s avalia\u00e7\u00e3o e justificativas t\u00e9cnicas, o processo 11231-8\/2018-1 para supress\u00e3o uma \u00e1rvore na R. Clemente Ferreira 55 foi deferido.<\/p>\n<p>FAZ SABER que nova \u00e1rvore ser\u00e1 plantada no local e que \u201cplantio, corte ou elimina\u00e7\u00e3o, por qualquer meio ou forma, de \u00e1rvore ou qualquer vegeta\u00e7\u00e3o p\u00fablica por particulares constitui infra\u00e7\u00e3o \u00e0 lei 3.233\/88 e \u00e9 pass\u00edvel de multa\u201d.<\/p>\n<p>Para que n\u00e3o se alegue ignor\u00e2ncia, faz baixar o presente Edital, que ser\u00e1 afixado no local de costume e publicado na Imprensa Oficial do Munic\u00edpio<\/p>\n<p><strong>EDITAL DE SUPRESS\u00c3O DE \u00c1RVORE \u2013 147\/2018<\/strong><\/p>\n<p>Adilson Rodrigues Rosa, Gestor da Unidade de Infraestrutura e Servi\u00e7os P\u00fablicos, no uso de suas atribui\u00e7\u00f5es legais:<\/p>\n<p>FAZ SABER que, de acordo com a lei 8.392, de 27 de mar\u00e7o de 2015, e ap\u00f3s avalia\u00e7\u00e3o e justificativas t\u00e9cnicas, o processo 10330-1\/2017-1 para supress\u00e3o uma \u00e1rvore na R. Geraldo Antonio Pereira 126 foi deferido.<\/p>\n<p>FAZ SABER que seis novas \u00e1rvores ser\u00e3o plantadas na quadra e que \u201cplantio, corte ou elimina\u00e7\u00e3o, por qualquer meio ou forma, de \u00e1rvore ou qualquer vegeta\u00e7\u00e3o p\u00fablica por particulares constitui infra\u00e7\u00e3o \u00e0 lei 3.233\/88 e \u00e9 pass\u00edvel de multa\u201d.<\/p>\n<p>Para que n\u00e3o se alegue ignor\u00e2ncia, faz baixar o presente Edital, que ser\u00e1 afixado no local de costume e publicado na Imprensa Oficial do Munic\u00edpio.<\/p>\n<p><strong>EDITAL DE SUPRESS\u00c3O DE \u00c1RVORE \u2013 148\/2018<\/strong><\/p>\n<p>Adilson Rodrigues Rosa, Gestor da Unidade de Infraestrutura e Servi\u00e7os P\u00fablicos, no uso de suas atribui\u00e7\u00f5es legais:<\/p>\n<p>FAZ SABER que, de acordo com a lei 8.392, de 27 de mar\u00e7o de 2015, e ap\u00f3s avalia\u00e7\u00e3o e justificativas t\u00e9cnicas, o processo 19259-3\/2017-1 para supress\u00e3o uma \u00e1rvore na R. Cabedelo 57 foi deferido.<\/p>\n<p>FAZ SABER que \u201cplantio, corte ou elimina\u00e7\u00e3o, por qualquer meio ou forma, de \u00e1rvore ou qualquer vegeta\u00e7\u00e3o p\u00fablica por particulares constitui infra\u00e7\u00e3o \u00e0 lei 3.233\/88 e \u00e9 pass\u00edvel de multa\u201d.<\/p>\n<p>Para que n\u00e3o se alegue ignor\u00e2ncia, faz baixar o presente Edital, que ser\u00e1 afixado no local de costume e publicado na Imprensa Oficial do Munic\u00edpio.<\/p>\n<p>&nbsp;<\/p>\n<p><strong>EDITAL DE SUPRESS\u00c3O DE \u00c1RVORE \u2013 149\/2018<\/strong><\/p>\n<p>Adilson Rodrigues Rosa, Gestor da Unidade de Infraestrutura e Servi\u00e7os P\u00fablicos, no uso de suas atribui\u00e7\u00f5es legais:<\/p>\n<p>FAZ SABER que, de acordo com a lei 8.392, de 27 de mar\u00e7o de 2015, e ap\u00f3s avalia\u00e7\u00e3o e justificativas t\u00e9cnicas, o processo 11802-8\/2017-1 para supress\u00e3o de uma \u00e1rvore na R. Prudente de Moraes S\/N defronte ao 1800 foi deferido. Tr\u00eas novas \u00e1rvores ser\u00e3o plantadas no entorno<\/p>\n<p>o processo 32475-8\/2017-1 para supress\u00e3o de uma \u00e1rvore na R. Alberto Picchi 65 foi deferido. Nova \u00e1rvore ser\u00e1 plantada no local<\/p>\n<p>o processo 25557-2\/2017-1 para supress\u00e3o de uma \u00e1rvore na R. Apiai 263 foi deferido. Nova \u00e1rvore ser\u00e1 plantada no local<\/p>\n<p>o processo 12406-5\/2018-1 para supress\u00e3o de duas \u00e1rvores na R Prfa Ernestina Ribeiro 120 e 134 foi deferido. Duas novas \u00e1rvores ser\u00e3o plantadas nos locais<\/p>\n<p>o processo 20924-7\/2018-1 para supress\u00e3o de uma \u00e1rvore na Av. Anna de Souza Fioravanti 681 foi deferido. Novas \u00e1rvores ser\u00e3o plantadas no entorno<\/p>\n<p>o processo 20043-6\/2018-1 para supress\u00e3o de duas \u00e1rvores na R Olivio Meloni 55 foi deferido. Nova \u00e1rvore ser\u00e1 plantada no local<\/p>\n<p>o processo 25081-1\/2018-1 para supress\u00e3o de uma \u00e1rvore na R Jorge Copelli 138 foi deferido. Nova \u00e1rvore ser\u00e1 plantada no local<\/p>\n<p>o processo 19640-4\/2017-1 para supress\u00e3o de duas \u00e1rvores na R Prudente de Moraes 901 foi deferido. Novas \u00e1rvores ser\u00e3o plantadas no local<\/p>\n<p>o processo 2539-7\/2017-1 para supress\u00e3o de uma \u00e1rvore na R Esterina Brenna Mojola 317 foi deferido.<\/p>\n<p>o processo 29493-4\/2018-1 para supress\u00e3o de uma \u00e1rvore na R Joao Savieto 187 foi deferido. Nova \u00e1rvore ser\u00e1 plantada no local<\/p>\n<p>o processo 29495-9\/2018-1 para supress\u00e3o de vinte \u00e1rvores na R Ordival Seckler Machado (registro do processo foi Av. Bento Figueiredo 900 \u2013 EMEB Prof. Anezio de Oliveira) foi deferido.<\/p>\n<p>o processo 29138-5\/2018-1 para supress\u00e3o de uma \u00e1rvore na R Paulo Maria Gonzaga de Lacerda 108 foi deferido. Nova \u00e1rvore ser\u00e1 plantada no local<\/p>\n<p>o processo 20822-3\/2018-1 para supress\u00e3o de uma \u00e1rvore na R Francisco Pedretti 122 foi deferido. Nova \u00e1rvore ser\u00e1 plantada no local<\/p>\n<p>o processo 18290-7\/2018-1 para supress\u00e3o de uma \u00e1rvore na R Waldemar Louren\u00e7o 245 foi deferido. Nova \u00e1rvore ser\u00e1 plantada no local<\/p>\n<p>o processo 10227-9\/2017-1 para supress\u00e3o de uma \u00e1rvore na R Benedito Feliciano de Moraes 57 foi deferido.<\/p>\n<p>o processo 30224-0\/2018-1 para supress\u00e3o de uma \u00e1rvore na R Hisaschi Nagaoka 3535 foi deferido. Nova \u00e1rvore ser\u00e1 plantada no local<\/p>\n<p>o processo 30223-2\/2018-1 para supress\u00e3o de uma \u00e1rvore na R Julia Lopes de Almeida 125 foi deferido.<\/p>\n<p>o processo 30225-7\/2018-1 para supress\u00e3o de uma \u00e1rvore na R Carlos Maximiliano 212 foi deferido. Nova \u00e1rvore ser\u00e1 plantada no local<\/p>\n<p>o processo 18013-3\/2018-1 para supress\u00e3o de uma \u00e1rvore na R Domingos Vendemiatti 33 foi deferido. Nova \u00e1rvore ser\u00e1 plantada no local<\/p>\n<p>o processo 1557-0\/2017-1 para supress\u00e3o de uma \u00e1rvore na R Joao Barbosa 201 foi deferido.<\/p>\n<p>o processo 20808-2\/2018-1 para supress\u00e3o de uma \u00e1rvore na R Natalino Iotti 135 foi deferido. Nova \u00e1rvore ser\u00e1 plantada no local<\/p>\n<p>o processo 30586-2\/2018-1 para supress\u00e3o de uma \u00e1rvore na R Dr Felipe Elias 397 foi deferido. Nova \u00e1rvore ser\u00e1 plantada no local<\/p>\n<p>o processo 18970-6\/2017-1 para supress\u00e3o de uma \u00e1rvore na R Filomena Ricci 107 foi deferido.<\/p>\n<p>o processo 7266-0\/2018-1 para supress\u00e3o de uma \u00e1rvore na R Filomena Ricci 107 foi deferido. Nova \u00e1rvore ser\u00e1 plantada no local<\/p>\n<p>o processo 12244-0\/2018-1 para supress\u00e3o de uma \u00e1rvore na R Corumbatai 616 foi deferido. Nova \u00e1rvore ser\u00e1 plantada no local<\/p>\n<p>o processo 9317-9\/2018-1 para supress\u00e3o de uma \u00e1rvore na R Portugal 213 foi deferido. Nova \u00e1rvore ser\u00e1 plantada no local<\/p>\n<p>o processo 25713-9\/2018-1 para supress\u00e3o de uma \u00e1rvore na Av Dr Odil Campos de Saes 416 foi deferido. Novas \u00e1rvores ser\u00e3o plantadas no local<\/p>\n<p>o processo 21686-1\/2018-1 para supress\u00e3o de uma \u00e1rvore na R Cap Joao Xavier Dias da Costa 215 foi deferido. Nova \u00e1rvore ser\u00e1 plantada no local<\/p>\n<p>o processo 30380-0\/2018-1 para supress\u00e3o de uma \u00e1rvore na R Maceio 205 foi deferido. Nova \u00e1rvore ser\u00e1 plantada no local<\/p>\n<p>o processo 1383-9\/2018-1 para supress\u00e3o de uma \u00e1rvore na R Jer\u00f4nimo de Albuquerque Maranh\u00e3o 144 foi deferido. Nova \u00e1rvore ser\u00e1 plantada no local<\/p>\n<p>o processo 3061-9\/2018-1 para supress\u00e3o de uma \u00e1rvore na \u00e1rea p\u00fablica nos fundos da R Deolindo Folgosi 147 foi deferido.<\/p>\n<p>o processo 11780-4\/2018-1 para supress\u00e3o de cinco \u00e1rvores na R Dr Nelson Pereira da Silva 121 foi deferido. Novas \u00e1rvores ser\u00e3o plantadas no entorno<\/p>\n<p>o processo 32765-0\/2018-1 para supress\u00e3o de uma \u00e1rvore na Av Expedicion\u00e1rios 655 foi deferido.<\/p>\n<p>o processo 24141-4\/2018-1 para supress\u00e3o de uma \u00e1rvore na R Aderaldo de Moraes 302 \u2013 306 foi deferido. Novas \u00e1rvores ser\u00e3o plantadas no entorno<\/p>\n<p>o processo 24141-4\/2018-1 para supress\u00e3o de 10 \u00e1rvores na Av Dr Juscelino Kubitschek de Oliveira 1800 foi deferido. Novas \u00e1rvores ser\u00e3o plantadas no entorno<\/p>\n<p>o processo 18635-3\/2018-1 para supress\u00e3o de tr\u00eas \u00e1rvores na Casa Abrigo Sol foi deferido.<\/p>\n<p>o processo 17810-5\/2017-1 para supress\u00e3o de uma \u00e1rvore na R Armando Carraro 69 foi deferido. Nova \u00e1rvore ser\u00e1 plantada no local<\/p>\n<p>o processo 33197-7\/2017-1 para supress\u00e3o de uma \u00e1rvore na R Sen Bento Pereira Bueno 525 foi deferido. Nova \u00e1rvore ser\u00e1 plantada no local<\/p>\n<p>o processo 34220-4\/2018-1 para supress\u00e3o de uma \u00e1rvore na R Nilo Pe\u00e7anha 157 foi deferido. Nova \u00e1rvore ser\u00e1 plantada no local<\/p>\n<p>o processo 34064-6\/2018-1 para supress\u00e3o de uma \u00e1rvore na R Julia Lopes de Almeida 395 foi deferido. Nova \u00e1rvore ser\u00e1 plantada no local<\/p>\n<p>O processo 23601-0\/2017-1 para supress\u00e3o de uma \u00e1rvore na R. Felizardo Silvestre 73 foi deferido \u2013 Nova \u00e1rvore ser\u00e1 plantada no local<\/p>\n<p>O processo 11646-7\/2018-1 para supress\u00e3o de uma \u00e1rvore na Av. Dr. Helio Campos 471 foi deferido \u2013 Nova \u00e1rvore ser\u00e1 plantada no local<\/p>\n<p>O processo 14724-1\/2017-1 para supress\u00e3o de duas \u00e1rvores na R. Pitangueiras 144 foi deferido \u2013 Novas \u00e1rvores ser\u00e3o plantadas no local<\/p>\n<p>O processo 14275-4\/2017-1 para supress\u00e3o de uma \u00e1rvore na R. Waldemar Alves 97 foi deferido \u2013 Novas \u00e1rvores ser\u00e3o plantadas no entorno<\/p>\n<p>O processo 15012-8\/2018-1 para supress\u00e3o de uma \u00e1rvore na R. Alberto Roveri 60 foi deferido<\/p>\n<p>O processo 15390-8\/2018-1 para supress\u00e3o de vinte e cinco (25) \u00e1rvores na \u00e1rea verde p\u00fablica localizada na R. Moacir Lopes entre os n\u00fameros 368 e 469 foi deferido<\/p>\n<p>O processo 15013-6\/2018-1 para supress\u00e3o de uma \u00e1rvore na R. Mal Deodoro da Fonseca 736 foi deferido \u2013 Nova \u00e1rvore ser\u00e1 plantada no local<\/p>\n<p>O processo 15006-0\/2018-1 para supress\u00e3o de uma \u00e1rvore na Av. Bento Figueiredo 147 foi deferido \u2013 Novas \u00e1rvores ser\u00e3o plantadas no entorno<\/p>\n<p>O processo 15683-6\/2018-1 para supress\u00e3o de uma \u00e1rvore na R. Visconde de Maua 226 foi deferido \u2013 Novas \u00e1rvores ser\u00e3o plantadas no entorno<\/p>\n<p>O processo 4238-2\/2018-1 para supress\u00e3o de duas \u00e1rvores na R. Profa. Albertina Fortarel 340 foi deferido \u2013 Novas \u00e1rvores ser\u00e3o plantadas no entorno<\/p>\n<p>O processo 1519-8\/2018-1 para supress\u00e3o de uma \u00e1rvore na R. Dr. Valdemar Lopes 92 foi deferido<\/p>\n<p>O processo 31558-2\/2017-1 para supress\u00e3o de uma \u00e1rvore na R. Osvaldo Aranha 340 foi deferido \u2013 Novas \u00e1rvores ser\u00e3o plantadas no entorno<\/p>\n<p>O processo 30959-3\/2017-1 para supress\u00e3o de uma \u00e1rvore na Av. Dr. Helio Campos 53 foi deferido<\/p>\n<p>O processo 36169-7\/2015-1 para supress\u00e3o de onze (11) \u00e1rvores nas Alamedas Canad\u00e1 e Eti\u00f3pia foi deferido \u2013\u00a0nova \u00e1rvore ser\u00e1 plantada no local<\/p>\n<p>O processo 26393-1\/2017-1 para supress\u00e3o de uma \u00e1rvore na R Benjamim Constant 284 foi deferido \u2013\u00a0nova \u00e1rvore ser\u00e1 plantada no local<\/p>\n<p>O processo 11857-0\/2018-1 para supress\u00e3o de uma \u00e1rvore na R Manoel Vitorino Pereira 293 foi deferido \u2013\u00a0nova \u00e1rvore ser\u00e1 plantada no local<\/p>\n<p>O processo 5289-4\/2018-1 para supress\u00e3o de uma \u00e1rvore na R Tom\u00e1s Pereira 390 foi deferido \u2013\u00a0nova \u00e1rvore ser\u00e1 plantada no local<\/p>\n<p>O processo 13513-7\/2018-1 para supress\u00e3o de duas \u00e1rvores na R Culto a Ci\u00eancia 180 foi deferido \u2013\u00a0novas \u00e1rvores ser\u00e3o plantadas no local<\/p>\n<p>O processo 17318-9\/2017-1 para supress\u00e3o de uma \u00e1rvore na R Irma Alida Steyaert 132 foi deferido<\/p>\n<p>O processo 17314-8\/2017-1 para supress\u00e3o de uma \u00e1rvore na Av Fernando Arens 466 foi deferido<\/p>\n<p>O processo 31854-5\/2017-1 para supress\u00e3o de uma \u00e1rvore na R Luiz Estevam de Siqueira 43 foi deferido<\/p>\n<p>O processo 11555-0\/2018-1 para supress\u00e3o de uma \u00e1rvore na R Uva Italia 84 ao lado do bloco 49 foi deferido<\/p>\n<p>O processo 11560-0\/2018-1 para supress\u00e3o de uma \u00e1rvore na Av Fernando Arens 627 foi deferido \u2013\u00a0nova \u00e1rvore ser\u00e1 plantada no local<\/p>\n<p>O processo 10609-6\/2018-1 para supress\u00e3o de uma \u00e1rvore na R Primo Filippini 170 foi deferido<\/p>\n<p>O processo 744-3\/2018-1 para supress\u00e3o de uma \u00e1rvore na R Duarte da Costa 101 foi deferido<\/p>\n<p>O Processo\u00a010254-1\/2018-1 para supress\u00e3o de uma \u00e1rvore na R Bom Jesus de Pirapora 976 foi deferido<\/p>\n<p>O Processo 22994-0\/2017-1 para supress\u00e3o de uma \u00e1rvore na\u00a0R Bom Jesus de Pirapora 966\u00a0foi deferido<\/p>\n<p>O Processo 6599-5\/2018-1 para supress\u00e3o de uma \u00e1rvore na R Mario Leandro Luiz de Faria 180 foi deferido<\/p>\n<p>O Processo 35028-2\/2017-1 para supress\u00e3o de uma \u00e1rvore na R Horacia India de Almeida 205 foi deferido<\/p>\n<p>O Processo 1880-4\/2018-1 para supress\u00e3o de uma \u00e1rvore na R Bruno Trevisan 119 foi deferido \u2013\u00a0nova \u00e1rvore ser\u00e1 plantada no local<\/p>\n<p>O Processo 33960-8\/2017-1 para supress\u00e3o de uma \u00e1rvore na R Jose Rodrigues Branco Junior 26 foi deferido.<\/p>\n<p>O Processo 32327-1\/2017-1 para supress\u00e3o de duas \u00e1rvores \u2013 1 seca e 1 viva \u2013 na R Maria David Ganem 370 foi deferido \u2013 novas \u00e1rvores ser\u00e3o plantadas no entorno.<\/p>\n<p>O Processo 937-3\/2018-1 para supress\u00e3o de uma \u00e1rvore na Av. Dr. Sebasti\u00e3o Mendes da Silva 626 foi deferido \u2013 nova \u00e1rvore ser\u00e1 plantada no local.<\/p>\n<p>O Processo 5314-0\/2018-1 para supress\u00e3o de uma \u00e1rvore na R Jose Martinelli 75 foi deferido \u2013 nova \u00e1rvore ser\u00e1 plantada no local.<\/p>\n<p>O Processo 2425-7\/2018-1 para supress\u00e3o de uma \u00e1rvore na R Roque Domingos Molinari 180 foi deferido.<\/p>\n<p>O Processo 2425-7\/2018-1 para supress\u00e3o de tr\u00eas \u00e1rvores (2 secas e 1 viva) em dois locais da Av Prof Pedro Clarismundo Fornari: 81 e esquina com R Monsenhor Pedro Mottais foi deferido.<\/p>\n<p>O Processo 16353-7\/2017-1 para supress\u00e3o de doze \u00e1rvores na Av Luis Nanni S\/N, Tijuco Preto, foi deferido.<\/p>\n<p>O Processo 30881-9\/2017-1 para supress\u00e3o de uma \u00e1rvore na R Profa Elza Facca Martins Bonilha 232 foi deferido \u2013 ser\u00e1 plantada nova \u00e1rvore no local.<\/p>\n<p>O Processo 31648-1\/2017-1 para supress\u00e3o de uma \u00e1rvore na R Egito 176 foi deferido \u2013 ser\u00e1 plantada nova \u00e1rvore no local.<\/p>\n<p>O Processo 15525-1\/2017-1 para supress\u00e3o de uma \u00e1rvore na R Dom Jose Gaspar 194 deferido.<\/p>\n<p>O Processo 526-4\/2018-1 para supress\u00e3o de uma \u00e1rvore na R Profa Cesarina Fortarel Gon\u00e7alves Dias 150 deferido.<\/p>\n<p>O Processo 14009-7\/2017-1 para supress\u00e3o de uma \u00e1rvore na R Ovidio Zambon 290 deferido.<\/p>\n<p>O Processo 18718-9\/2017-1 para supress\u00e3o de duas \u00e1rvores na R Maestro Francisco Farina 522 foi deferido \u2013 ser\u00e3o plantadas novas \u00e1rvores no local.<\/p>\n<p>O Processo 841-7\/2018-1 para supress\u00e3o de uma \u00e1rvore na R Santa Maria 256 foi deferido.<\/p>\n<p>O Processo 1320-1\/2018-1 para supress\u00e3o de uma \u00e1rvore na R Plinio de Almeida Ramos 156 foi deferido.<\/p>\n<p>O Processo 342-6\/2018-1 para supress\u00e3o de duas \u00e1rvores na Av Comendador Antonio Carbonari S\/N foi deferido \u2013 ser\u00e3o plantadas novas \u00e1rvores no local.<\/p>\n<p>O Processo 28247-7\/2017-1 para supress\u00e3o de tr\u00eas \u00e1rvores na R Aurora Germano de Lemos S\/N \u2013 E R Albino Putin foi deferido.<\/p>\n<p>&nbsp;<\/p>\n","protected":false},"excerpt":{"rendered":"<p>EDITAL DE SUPRESS\u00c3O DE \u00c1RVORE \u2013 68\/2018 Adilson Rodrigues Rosa, Gestor da Unidade de Infraestrutura e Servi\u00e7os P\u00fablicos, no uso de suas atribui\u00e7\u00f5es legais: FAZ SABER que, de acordo com a lei 8.392, de 27 de mar\u00e7o de 2015, e ap\u00f3s avalia\u00e7\u00e3o e justificativas t\u00e9cnicas, o processo 28400-2\/2017-1 para supress\u00e3o de uma \u00e1rvore na R. [&hellip;]<\/p>\n","protected":false},"author":50,"featured_media":0,"parent":388,"menu_order":3,"comment_status":"closed","ping_status":"closed","template":"","meta":{"footnotes":""},"class_list":["post-2057","page","type-page","status-publish","hentry"],"_links":{"self":[{"href":"https:\/\/jundiai.sp.gov.br\/infraestrutura-e-servicos-publicos\/wp-json\/wp\/v2\/pages\/2057","targetHints":{"allow":["GET"]}}],"collection":[{"href":"https:\/\/jundiai.sp.gov.br\/infraestrutura-e-servicos-publicos\/wp-json\/wp\/v2\/pages"}],"about":[{"href":"https:\/\/jundiai.sp.gov.br\/infraestrutura-e-servicos-publicos\/wp-json\/wp\/v2\/types\/page"}],"author":[{"embeddable":true,"href":"https:\/\/jundiai.sp.gov.br\/infraestrutura-e-servicos-publicos\/wp-json\/wp\/v2\/users\/50"}],"replies":[{"embeddable":true,"href":"https:\/\/jundiai.sp.gov.br\/infraestrutura-e-servicos-publicos\/wp-json\/wp\/v2\/comments?post=2057"}],"version-history":[{"count":5,"href":"https:\/\/jundiai.sp.gov.br\/infraestrutura-e-servicos-publicos\/wp-json\/wp\/v2\/pages\/2057\/revisions"}],"predecessor-version":[{"id":2073,"href":"https:\/\/jundiai.sp.gov.br\/infraestrutura-e-servicos-publicos\/wp-json\/wp\/v2\/pages\/2057\/revisions\/2073"}],"up":[{"embeddable":true,"href":"https:\/\/jundiai.sp.gov.br\/infraestrutura-e-servicos-publicos\/wp-json\/wp\/v2\/pages\/388"}],"wp:attachment":[{"href":"https:\/\/jundiai.sp.gov.br\/infraestrutura-e-servicos-publicos\/wp-json\/wp\/v2\/media?parent=2057"}],"curies":[{"name":"wp","href":"https:\/\/api.w.org\/{rel}","templated":true}]}}