{"id":4034,"date":"2023-10-23T09:58:09","date_gmt":"2023-10-23T12:58:09","guid":{"rendered":"https:\/\/jundiai.sp.gov.br\/infraestrutura-e-servicos-publicos\/?page_id=4034"},"modified":"2026-01-16T16:42:40","modified_gmt":"2026-01-16T19:42:40","slug":"implantacao-de-interferencias-em-areas-publicas","status":"publish","type":"page","link":"https:\/\/jundiai.sp.gov.br\/infraestrutura-e-servicos-publicos\/obras-de-infraestrutura\/implantacao-de-interferencias-em-areas-publicas\/","title":{"rendered":"Implanta\u00e7\u00e3o de Interfer\u00eancias em \u00c1reas P\u00fablicas"},"content":{"rendered":"\n<p><a href=\"https:\/\/sei.jundiai.sp.gov.br\/sei\/controlador_externo.php?acao=usuario_externo_logar&amp;id_orgao_acesso_externo=0\" target=\"_blank\" rel=\"noreferrer noopener\">LINK PARA PETICIONAMENTO INICIAL DE PROCESSO<\/a><\/p>\n\n\n\n<div class=\"wp-block-file\"><a id=\"wp-block-file--media-af941fa3-6eb6-4d71-95a3-cddfd54281be\" href=\"https:\/\/jundiai.sp.gov.br\/infraestrutura-e-servicos-publicos\/wp-content\/uploads\/sites\/18\/2025\/09\/manual-de-anu_ncia.pdf\" target=\"_blank\" rel=\"noreferrer noopener\">Manual de Anu\u00eancia de Obras de Infraestrutura em \u00c1reas P\u00fablicas<\/a><\/div>\n\n\n\n<div style=\"height:50px\" aria-hidden=\"true\" class=\"wp-block-spacer\"><\/div>\n\n\n\n<p><strong>INFORMA\u00c7\u00d5ES DE CONTATO<\/strong>:<br>Setor de Interfer\u00eancias &#8211; Hor\u00e1rio de atendimento 8h00 &#8211; 16h00<br>Presencial com agendamento ou via e-mail (<a href=\"mailto:malvares@jundiai.sp.gov.br\">malvares@jundiai.sp.gov.br<\/a> ou <a href=\"mailto:lvasques@jundiai.sp.gov.br\">lvasques@jundiai.sp.gov.br<\/a>)<\/p>\n\n\n\n<div style=\"height:50px\" aria-hidden=\"true\" class=\"wp-block-spacer\"><\/div>\n\n\n\n<p><strong>FUNDAMENTOS LEGAIS:<\/strong><\/p>\n\n\n\n<ul class=\"wp-block-list\">\n<li>Caso haja interfer\u00eancias com vias pavimentadas, a requerente dever\u00e1 atender as LEIS MUNICIPAIS N\u00bas <a href=\"https:\/\/sapl.jundiai.sp.leg.br\/pysc\/download_norma_pysc?cod_norma=17460&amp;texto_consolidado=1\" target=\"_blank\" rel=\"noreferrer noopener\">9.039 DE 24 DE SETEMBRO DE 2018<\/a>, e <a href=\"https:\/\/sapl.jundiai.sp.leg.br\/sapl_documentos\/norma_juridica\/18020_texto_integral.pdf\" target=\"_blank\" rel=\"noreferrer noopener\">9.302 DE 14 DE OUTUBRO 2019<\/a><a href=\"https:\/\/sapl.jundiai.sp.leg.br\/pysc\/download_norma_pysc?cod_norma=18723&amp;texto_consolidado=1\" target=\"_blank\" rel=\"noreferrer noopener\">, LEI COMPLEMENTAR N.\u00ba 606, DE 25 DE JUNHO DE 2021<\/a> referente \u00e0s exig\u00eancias de autoriza\u00e7\u00e3o para atos de deforma\u00e7\u00e3o vi\u00e1ria.<\/li>\n\n\n\n<li>A repavimenta\u00e7\u00e3o dos trechos danificados dever\u00e1 obedecer \u00e0s especifica\u00e7\u00f5es da <a href=\"https:\/\/www.prefeitura.sp.gov.br\/cidade\/secretarias\/upload\/infraestrutura\/sp_obras\/arquivos\/SIURB\/NORMAS%20TECNICAS\/ir_01_2018_instrucao_de_reparacao.pdf\" target=\"_blank\" rel=\"noreferrer noopener\">INSTRU\u00c7\u00c3O DE REPARA\u00c7\u00c3O DE PAVIMENTOS FLEX\u00cdVEIS DANIFICADOS POR ABERTURA DE VALAS IR-01\/2018 da Prefeitura do Munic\u00edpio de S\u00e3o Paulo<\/a>.<\/li>\n\n\n\n<li><a href=\"https:\/\/sapl.jundiai.sp.leg.br\/pysc\/download_norma_pysc?cod_norma=18723&amp;texto_consolidado=1\" target=\"_blank\" rel=\"noreferrer noopener\">Lei Complementar n.\u00ba 606, de 25 de junho de 2021 \u2013 Artigo 38<\/a>, alterada pela <a href=\"https:\/\/sapl.jundiai.sp.leg.br\/pysc\/download_norma_pysc?cod_norma=19869&amp;texto_original=1\" target=\"_blank\" rel=\"noreferrer noopener\">Lei Complementar n\u00ba 627, de 7 de dezembro de 2023<\/a>: Algumas altera\u00e7\u00f5es importantes como &#8220;obriga\u00e7\u00f5es das operadoras atuantes&#8221; (inclusive a respeito de manuten\u00e7\u00e3o de cadastro), &#8220;obriga\u00e7\u00f5es dos interferentes atuantes&#8221;, informa\u00e7\u00f5es a respeito do c\u00e1lculo da cau\u00e7\u00e3o etc. Importante que seja consultado seu inteiro teor, considerando a dimens\u00e3o das altera\u00e7\u00f5es.<\/li>\n\n\n\n<li>Demais dispositivos legais municipais, estaduais e federais pertinentes ao objeto.<\/li>\n<\/ul>\n\n\n\n<!-- ESPA\u00c7AMENTO DAS LISTAS - N\u00c3O ALTERAR! -->\n<style>\nul li {\n    margin-bottom: 1em;\n}\nol li {\n    margin-bottom: 0.5em;\n}\n<\/style>\n\n\n\n<div style=\"height:50px\" aria-hidden=\"true\" class=\"wp-block-spacer\"><\/div>\n\n\n\n<p><strong>DOCUMENTOS OBRIGAT\u00d3RIOS:<\/strong><\/p>\n\n\n\n<ol class=\"wp-block-list\">\n<li>Requerimento padr\u00e3o;<\/li>\n\n\n\n<li>Memorial Descritivo;<\/li>\n\n\n\n<li>Planilhas de coordenadas georreferenciadas UTM em Excel (Sirgas 2000);<\/li>\n\n\n\n<li>Relat\u00f3rio fotogr\u00e1fico;<\/li>\n\n\n\n<li>Contrato Social;<\/li>\n\n\n\n<li>ART de projeto e de execu\u00e7\u00e3o;<\/li>\n\n\n\n<li>Procura\u00e7\u00e3o para representa\u00e7\u00e3o legal da empresa propriet\u00e1ria da infraestrutura;<\/li>\n\n\n\n<li>Documento do representante legal (RG, CNH etc);<\/li>\n\n\n\n<li>Protocolo de consulta \u00e0 Comg\u00e1s;<\/li>\n\n\n\n<li>Projeto de interven\u00e7\u00e3o da infraestrutura;<\/li>\n\n\n\n<li>Projeto de sinaliza\u00e7\u00e3o de tr\u00e2nsito;<\/li>\n\n\n\n<li>Comprovante de Inscri\u00e7\u00e3o e de Situa\u00e7\u00e3o Cadastral no Cadastro Nacional de Pessoas Jur\u00eddicas (CNPJ);<\/li>\n\n\n\n<li>Comprovante de Inscri\u00e7\u00e3o e de Situa\u00e7\u00e3o Cadastral no Cadastro de Contribuintes no Munic\u00edpio de origem (CCM\/CFM);<\/li>\n\n\n\n<li>Protocolo de solicita\u00e7\u00e3o de cadastro de rede na DAE Jundia\u00ed (e-mail: <a href=\"mailto:protocolo@daejundiai.com.br\" target=\"_blank\" rel=\"noreferrer noopener\">protocolo@daejundiai.com.br<\/a>).<\/li>\n<\/ol>\n\n\n\n<div style=\"height:50px\" aria-hidden=\"true\" class=\"wp-block-spacer\"><\/div>\n\n\n\n<p><strong>DETALHAMENTO NECESS\u00c1RIO DO MEMORIAL DESCRITIVO:<\/strong><\/p>\n\n\n\n<div class=\"wp-block-file\"><a id=\"wp-block-file--media-78435667-7135-4a33-b5fc-1e6b29f8fa86\" href=\"https:\/\/jundiai.sp.gov.br\/infraestrutura-e-servicos-publicos\/wp-content\/uploads\/sites\/18\/2025\/08\/modelo-de-memorial-descritivo.pdf\" target=\"_blank\" rel=\"noreferrer noopener\">Modelo de Memorial Descritivo<\/a><a href=\"https:\/\/jundiai.sp.gov.br\/infraestrutura-e-servicos-publicos\/wp-content\/uploads\/sites\/18\/2025\/08\/modelo-de-memorial-descritivo.pdf\" class=\"wp-block-file__button wp-element-button\" download aria-describedby=\"wp-block-file--media-78435667-7135-4a33-b5fc-1e6b29f8fa86\">Baixar<\/a><\/div>\n\n\n\n<div class=\"wp-block-file\"><a id=\"wp-block-file--media-763aeb50-bd88-458a-a49e-82641c4cbfb7\" href=\"https:\/\/jundiai.sp.gov.br\/infraestrutura-e-servicos-publicos\/wp-content\/uploads\/sites\/18\/2023\/10\/modelo-de-planilha-de-coordenadas-georreferenciadas.xlsx\">Modelo de Planilha de coordenadas georreferenciadas<\/a><a href=\"https:\/\/jundiai.sp.gov.br\/infraestrutura-e-servicos-publicos\/wp-content\/uploads\/sites\/18\/2023\/10\/modelo-de-planilha-de-coordenadas-georreferenciadas.xlsx\" class=\"wp-block-file__button wp-element-button\" download aria-describedby=\"wp-block-file--media-763aeb50-bd88-458a-a49e-82641c4cbfb7\">Baixar<\/a><\/div>\n\n\n\n<div style=\"height:50px\" aria-hidden=\"true\" class=\"wp-block-spacer\"><\/div>\n\n\n\n<p><strong>OUTROS DOCUMENTOS:<\/strong><\/p>\n\n\n\n<div class=\"wp-block-file\"><a id=\"wp-block-file--media-2c306069-4928-46c7-a99c-34dc04d7fe65\" href=\"https:\/\/jundiai.sp.gov.br\/infraestrutura-e-servicos-publicos\/wp-content\/uploads\/sites\/18\/2025\/03\/faq-_-perguntas-frequentes.pdf\" target=\"_blank\" rel=\"noreferrer noopener\">FAQ &#8211; Perguntas Frequentes<\/a><a href=\"https:\/\/jundiai.sp.gov.br\/infraestrutura-e-servicos-publicos\/wp-content\/uploads\/sites\/18\/2025\/03\/faq-_-perguntas-frequentes.pdf\" class=\"wp-block-file__button wp-element-button\" download aria-describedby=\"wp-block-file--media-2c306069-4928-46c7-a99c-34dc04d7fe65\">Baixar<\/a><\/div>\n\n\n\n<div class=\"wp-block-file\"><a id=\"wp-block-file--media-95b00250-fa02-4ee4-b72f-b2c82dc8534c\" href=\"https:\/\/jundiai.sp.gov.br\/infraestrutura-e-servicos-publicos\/wp-content\/uploads\/sites\/18\/2025\/03\/compila__o-de-erros-recorrentes.pdf\" target=\"_blank\" rel=\"noreferrer noopener\">Compila\u00e7\u00e3o de erros recorrentes<\/a><a href=\"https:\/\/jundiai.sp.gov.br\/infraestrutura-e-servicos-publicos\/wp-content\/uploads\/sites\/18\/2025\/03\/compila__o-de-erros-recorrentes.pdf\" class=\"wp-block-file__button wp-element-button\" download aria-describedby=\"wp-block-file--media-95b00250-fa02-4ee4-b72f-b2c82dc8534c\">Baixar<\/a><\/div>\n\n\n\n<div style=\"height:50px\" aria-hidden=\"true\" class=\"wp-block-spacer\"><\/div>\n\n\n\n<p><strong>OBSERVA\u00c7\u00d5ES ADICIONAIS:<\/strong><\/p>\n\n\n\n<ul class=\"wp-block-list\">\n<li>Durante o processo h\u00e1 cobran\u00e7a de taxas e de cau\u00e7\u00e3o.<\/li>\n\n\n\n<li>No decorrer do processo administrativo, ser\u00e1 obrigat\u00f3ria a apresenta\u00e7\u00e3o e a aprova\u00e7\u00e3o do projeto na DAE Jundia\u00ed.<\/li>\n<\/ul>\n","protected":false},"excerpt":{"rendered":"<p>LINK PARA PETICIONAMENTO INICIAL DE PROCESSO INFORMA\u00c7\u00d5ES DE CONTATO:Setor de Interfer\u00eancias &#8211; Hor\u00e1rio de atendimento 8h00 &#8211; 16h00Presencial com agendamento ou via e-mail (malvares@jundiai.sp.gov.br ou lvasques@jundiai.sp.gov.br) FUNDAMENTOS LEGAIS: DOCUMENTOS OBRIGAT\u00d3RIOS: DETALHAMENTO NECESS\u00c1RIO DO MEMORIAL DESCRITIVO: OUTROS DOCUMENTOS: OBSERVA\u00c7\u00d5ES ADICIONAIS:<\/p>\n","protected":false},"author":8,"featured_media":0,"parent":4032,"menu_order":0,"comment_status":"closed","ping_status":"closed","template":"","meta":{"footnotes":""},"class_list":["post-4034","page","type-page","status-publish","hentry"],"_links":{"self":[{"href":"https:\/\/jundiai.sp.gov.br\/infraestrutura-e-servicos-publicos\/wp-json\/wp\/v2\/pages\/4034","targetHints":{"allow":["GET"]}}],"collection":[{"href":"https:\/\/jundiai.sp.gov.br\/infraestrutura-e-servicos-publicos\/wp-json\/wp\/v2\/pages"}],"about":[{"href":"https:\/\/jundiai.sp.gov.br\/infraestrutura-e-servicos-publicos\/wp-json\/wp\/v2\/types\/page"}],"author":[{"embeddable":true,"href":"https:\/\/jundiai.sp.gov.br\/infraestrutura-e-servicos-publicos\/wp-json\/wp\/v2\/users\/8"}],"replies":[{"embeddable":true,"href":"https:\/\/jundiai.sp.gov.br\/infraestrutura-e-servicos-publicos\/wp-json\/wp\/v2\/comments?post=4034"}],"version-history":[{"count":28,"href":"https:\/\/jundiai.sp.gov.br\/infraestrutura-e-servicos-publicos\/wp-json\/wp\/v2\/pages\/4034\/revisions"}],"predecessor-version":[{"id":4924,"href":"https:\/\/jundiai.sp.gov.br\/infraestrutura-e-servicos-publicos\/wp-json\/wp\/v2\/pages\/4034\/revisions\/4924"}],"up":[{"embeddable":true,"href":"https:\/\/jundiai.sp.gov.br\/infraestrutura-e-servicos-publicos\/wp-json\/wp\/v2\/pages\/4032"}],"wp:attachment":[{"href":"https:\/\/jundiai.sp.gov.br\/infraestrutura-e-servicos-publicos\/wp-json\/wp\/v2\/media?parent=4034"}],"curies":[{"name":"wp","href":"https:\/\/api.w.org\/{rel}","templated":true}]}}