{"id":529,"date":"2016-01-13T15:12:52","date_gmt":"2016-01-13T17:12:52","guid":{"rendered":"https:\/\/jundiai.sp.gov.br\/servicos-publicos\/?page_id=529"},"modified":"2017-03-17T10:15:13","modified_gmt":"2017-03-17T13:15:13","slug":"coleta-diurna-segundas-quartas-e-sextas-feiras","status":"publish","type":"page","link":"https:\/\/jundiai.sp.gov.br\/infraestrutura-e-servicos-publicos\/limpeza-publica\/lixo-domestico\/coleta-diurna-segundas-quartas-e-sextas-feiras\/","title":{"rendered":"Coleta Diurna &#8211; Segundas, Quartas e Sextas-Feiras"},"content":{"rendered":"<p><strong>SETOR 2.02<\/strong><br \/>\nCH\u00c1CARA DE RECREIO FAZENDA MALOTA \/ RESIDENCIAL QUINTA DA MALOTA \/ PQ RESIDENCIAL MALOTA \/ AV COMENDADOR GUMERCINDO BARRANQUEIRO \/ MOIS\u00c9S \/ SANTA TEREZINHA \/ JD DAS SAMAMBAIAS \/ JD EUROPA \/ JD NOVO MUNDO \/ QUINTA DA BOA VISTA \/ VILAGE DAS FLORES \/ QUINTA DO LAGO \/ QUINTA DAS VIDEIRAS \/ JD DO TREVO \/ JD PLANALTO \/ VILA ALVORADA \/ PQ BRASILIA<\/p>\n<p><strong>SETOR 2.04<\/strong><br \/>\nROD. DOM GABRIEL PAULINO BUENO COUTO \/ AV JUVENAL ARANTES &#8211; SENTIDO CABRE\u00daVA \/ CLUBE DA POL\u00cdCIA MILITAR \/ VALE DOS SEMBLANTES \/ AV ANTONIO PICINATO \/ GORDINHO BRAUNE \/ DISTRITO INDUSTRIAL ELOY CHAVES \/ JD TANUS \/ JD ERMIDA I E II \/ PQ RESIDENCIAL ELOY CHAVES<\/p>\n<p><strong>SETOR 2.06<\/strong><br \/>\nAV FRANCISCO NOBRE \/ CH\u00c1CARA SAUD\u00c1VEIS E ENCANTADORAS \/ JD L\u00cdGIA \/ JD CAROLINA \/ JD NATALIA \/ JD SARAPIRANGA \/ CH\u00c1CARA SEGRE \/ VL NOVA MEIDEIROS \/ CH\u00c1CARA NOSSA SENHORA DE F\u00c1TIMA \/ ARRAIAL DOS SOUZAS \/ CH\u00c1CARAS PLANALTO \/ JD S\u00c3O PAULO \/ CH\u00c1CARA TR\u00caS CORA\u00c7OES \/ AV REYNALDO PORCARI \/ JD TEREZA CRISTINA \/ AV. GUILHERME PORCARI \/ RESERVA DA SERRA \/ AV. SALVADOR CARUSO ORLANDO \/ CH\u00c1CARA JAPI \/ PQ INDUSTRIAL JUNDIAI (FAZGRAN)<\/p>\n<p><strong>SETOR 2.08<\/strong><br \/>\nCAMINHO DE GOI\u00c1S \/ ESTRADA BAIRRO DOS FERNANDES \/ RUA EUG\u00caNIO RISETTO ANTONIO CARBONARI \/ MOTEL TEXAS (REFER\u00caNCIA) \/ TRAVI\u00da \/ ESTRADA CASA VELHA \/ RUA SALVADOR TOMAZETO \/ AV COMENDADOR ANTONIO CARBONARI \/ ESTRADA DO BOM JARDIM \/ BOM JARDIM \/ ESTRADA MUNICIPAL DO VARJ\u00c3O &#8211; RUA 8 \/ \u00c1GUA DOCE \/ BAIRRO DO POSTE \/ RESIDENCIAL JUNDIA\u00cd<\/p>\n<p><strong>SETOR 2.10<\/strong><br \/>\nAV. ARMANDO GIASSETTI \/ AV ANTONIO FREDERICO OZANAN \/ CONDOM\u00cdNIOS (UNIP) \/ AV. EMILIO ANTONON &#8211; CER\u00c2MICAS &#8211; AEROPORTO \/ ETEVAV &#8211; JOAQUIM STORANI \/ AV MANOEL TEIXEIRA CABRAL &#8211; UIRAPURU \/ AV ARQUIMEDES \/ DISTRITO INDUSTRIAL \/ AV. MARIA DO CARMO GUIMAR\u00c3ES PELEGRINI \/ JD GUANABARA \/ JD SANTA MARINA \/ VILA ESPERIA<\/p>\n<p><strong>SETOR 2.12<\/strong><br \/>\nRESIDENCIAL FAZENDA GRANDE \/ ESTRADA MUNICIPAL DO VARJ\u00c3O \/ JOAO MEZZALIRA \/ RESIDENCIAL ALMERINDA CHAVES \/ RESIDENCIAL JUNDIA\u00cd<\/p>\n<p><strong>SETOR 2.14<\/strong><br \/>\nJD BOT\u00c2NICO \/ AV AUGUSTO MAZZI \/ ESTRADA DE FERRO \/ AV CARLOS MARTINS \/ AV SANTA ELISA \/ CH\u00c1CARA S\u00c3O FRANCISCO \/ CH\u00c1CARA ITAMAR \/ WALDEMAR GOBBI \/ IMBIRU\u00c7U \/ RUA DOS FAVA \/ AV JO\u00c3O TOREZIN \/ PQ S\u00c3O LUIZ \/ PQ KNEBIL \/ JUNDIA\u00cd MIRIM \/ VALE AZUL \/ AV HUMBERTO CERESER \/ AV. NAMI AZEM (ROSSAURA) \/ VILA MORAES \/ JD VERA CRUZ \/ AV HUMBERTO CERESER &#8211; CAMPO VERDE \/ AV JOSE MEZALIRA &#8211; AT\u00c9 ANTONIO MAZIERO<\/p>\n<p><strong>SETOR 2.16<\/strong><br \/>\nMIRANTE DA COLINA \/ JD TARUM\u00c3 \/ JD CALIF\u00d3RNIA \/ JD DAS BANDEIRAS \/ TERRAS DE S\u00c3O CARLOS \/ JD DONA DONATA \/ JD MOLINARI \/ JD CAXAMBU<\/p>\n<p><strong>SETOR 2.18<\/strong><br \/>\nENG. CONST\u00c2NCIO CINTRA \/ LOTEAMENTO NASCENTE DO SOL \/ AV. HENRIQUE JAHNEL \/ CHACARA ITAMAR &#8211; PARCIAL \/ ESPELHO D&#8217;\u00c1GUA \/ AV. GUMERCINDO BARDE DA FONSECA \/ RUA JOAO MULLER \/ CHAMPIRRA \/ POSTO CHAMPIRRA \/ AV BENEDITO FAGUNDES DIDI \/ SOLAR DAS ANDORINHAS \/ LOTEAMENTO SAO PEDRO \/ CONDOMINIO PIEMONTE \/ RUA CAETANO FAGUNDES \/ CONDOM\u00cdNIO VIVENDAS \/ LUIZ FONTEBASSO \/ ALEXANDRE MILANI \/ JOAO BATISTA SPIANDORELO (ROSEIRA) \/ DEOLINDA NAVILLE FONTEBASSO \/ AV. MARIA NEGRINI NEGRO &#8211; TOCA<\/p>\n<p><strong>SETOR 2.20<\/strong><br \/>\nDISTRITO INDUSTRIAL \/ AV. ANTONIO FREDERICO OZANAN \/ AV DAS IND\u00daSTRIAS \/ PROF. PEDRO CLARISMUNDO FORNARI \/ MIRANTE DE JUNDIA\u00cd \/ JD ESCALA \/ BOSQUE DOS JATOB\u00c1S \/ PQ DOS EUCALIPTOS \/ AV CAETANO GORNATI \/ JD SOROCABANO \/ DISTRITO INDUSTRAL \/ AV. LUIZ PELLIZZARI \/ JD AD\u00c9LIA \/ CHACARA RITONI \/ RESINDENCIAL PELLIZZARI \/ JD TULIPAS \/ DISTRITO INDUSTRIAL \/ SANTA CAMILA<\/p>\n<p><strong>SANIT\u00c1RIO<\/strong><br \/>\nSUPERMERCADOS \/ RESTAURANTES \/ LANCHONETES \/ SHOPPINGS \/ HOSPITAIS \/ CONT\u00caINERES<\/p>\n<p><strong>3\/4<\/strong><br \/>\nLIXO DO CENTRO \/ SERRA DO JAPI \/ FAVELA \/ CONDOM\u00cdNIOS \/ ESPOR\u00c1DICOS<\/p>\n","protected":false},"excerpt":{"rendered":"<p>SETOR 2.02 CH\u00c1CARA DE RECREIO FAZENDA MALOTA \/ RESIDENCIAL QUINTA DA MALOTA \/ PQ RESIDENCIAL MALOTA \/ AV COMENDADOR GUMERCINDO BARRANQUEIRO \/ MOIS\u00c9S \/ SANTA TEREZINHA \/ JD DAS SAMAMBAIAS \/ JD EUROPA \/ JD NOVO MUNDO \/ QUINTA DA BOA VISTA \/ VILAGE DAS FLORES \/ QUINTA DO LAGO \/ QUINTA DAS VIDEIRAS \/ [&hellip;]<\/p>\n","protected":false},"author":14,"featured_media":0,"parent":61,"menu_order":1,"comment_status":"closed","ping_status":"closed","template":"","meta":{"footnotes":""},"class_list":["post-529","page","type-page","status-publish","hentry"],"_links":{"self":[{"href":"https:\/\/jundiai.sp.gov.br\/infraestrutura-e-servicos-publicos\/wp-json\/wp\/v2\/pages\/529","targetHints":{"allow":["GET"]}}],"collection":[{"href":"https:\/\/jundiai.sp.gov.br\/infraestrutura-e-servicos-publicos\/wp-json\/wp\/v2\/pages"}],"about":[{"href":"https:\/\/jundiai.sp.gov.br\/infraestrutura-e-servicos-publicos\/wp-json\/wp\/v2\/types\/page"}],"author":[{"embeddable":true,"href":"https:\/\/jundiai.sp.gov.br\/infraestrutura-e-servicos-publicos\/wp-json\/wp\/v2\/users\/14"}],"replies":[{"embeddable":true,"href":"https:\/\/jundiai.sp.gov.br\/infraestrutura-e-servicos-publicos\/wp-json\/wp\/v2\/comments?post=529"}],"version-history":[{"count":9,"href":"https:\/\/jundiai.sp.gov.br\/infraestrutura-e-servicos-publicos\/wp-json\/wp\/v2\/pages\/529\/revisions"}],"predecessor-version":[{"id":908,"href":"https:\/\/jundiai.sp.gov.br\/infraestrutura-e-servicos-publicos\/wp-json\/wp\/v2\/pages\/529\/revisions\/908"}],"up":[{"embeddable":true,"href":"https:\/\/jundiai.sp.gov.br\/infraestrutura-e-servicos-publicos\/wp-json\/wp\/v2\/pages\/61"}],"wp:attachment":[{"href":"https:\/\/jundiai.sp.gov.br\/infraestrutura-e-servicos-publicos\/wp-json\/wp\/v2\/media?parent=529"}],"curies":[{"name":"wp","href":"https:\/\/api.w.org\/{rel}","templated":true}]}}