{"id":546,"date":"2016-01-13T15:51:35","date_gmt":"2016-01-13T17:51:35","guid":{"rendered":"https:\/\/jundiai.sp.gov.br\/servicos-publicos\/?page_id=546"},"modified":"2017-03-17T10:34:02","modified_gmt":"2017-03-17T13:34:02","slug":"coleta-noturna-segundas-quartas-e-sextas-feiras","status":"publish","type":"page","link":"https:\/\/jundiai.sp.gov.br\/infraestrutura-e-servicos-publicos\/limpeza-publica\/lixo-domestico\/coleta-noturna-segundas-quartas-e-sextas-feiras\/","title":{"rendered":"Coleta Noturna \u2013 Segundas, Quartas e Sextas-Feiras"},"content":{"rendered":"<p><strong>SETOR: 5.01\/2 &#8211; DI\u00c1RIO<\/strong><br \/>\nPONTE S\u00c3O JO\u00c3O \/ VILA GRAFF \/ VILA DE VITO \/ VILA PRINCESA ISABEL \/ VILA S\u00c3O BENTO \/ VILA ARGOS NOVA \/ ARGOS VELHA \/ CONJUNTO FIGUEIRA \/ CENTRO \/ VILA PACHECO \/ VILA OPER\u00c1RIA \/ OBS.: RUA DO ROS\u00c1RIO AT\u00c9 AV. UNI\u00c3O DOS FERROVI\u00c1RIOS \/ DA HENRIQUE ANDR\u00c9S AT\u00c9 RUA LACERDA FRANCO<\/p>\n<p><strong>SETOR: 5.01 &#8211; DI\u00c1RIO EXTRA<\/strong><br \/>\nRUA DO ROS\u00c1RIO \/ BAR\u00c3O DE JUNDIA\u00cd \/ RANGEL PESTANA \/ VIG\u00c1RIO J.J. RODRIGUES \/ DA HENRIQUE ANDR\u00c9S AT\u00c9 RUA PAULO PENTEADO<\/p>\n<p><strong>SETOR: 5.01 &#8211; DI\u00c1RIO<\/strong><br \/>\nVILA PADRE N\u00d3BREGA \/ VILA LEME \/ VILA CH\u00c1CARA URBANA \/ VILA MARIA IN\u00caS \/ VILA BOA VENTURA \/ VILA ADOLFO \/ CENTRO \/ VILA MOUTRAN<\/p>\n<p><strong>SETOR: 4.02<\/strong><br \/>\nESTRADA MUNICIPAL DO MARCO LEITE \/ RUA CARLOS GOMES \/ VILA PALMA \/ JARDIM DA FONTE \/ AV. ANT\u00d4NIO FREDERICO OZANAN \/ JARDIM DAN\u00daBIO \/ JARDIM RIO BRANCO \/ JARDIM LIBERDADE \/ JARDIM MARCO LEITE \/ VILA MARGARIDA \/ VILA RIO BRANCO \/ VILA CARLOS W. MULLER \/ VILA LIBERDADE<\/p>\n<p><strong>SETOR: 4.02 &#8211; EXTRA<\/strong><br \/>\nJARDIM FLORESTAL \/ RESIDENCIAL H. \/ VILA GALV\u00c3O \/ JARDIM TIRADENTES<\/p>\n<p><strong>SETOR: 4.04<\/strong><br \/>\nPORTAL DO PARA\u00cdSO II \/ PARQUE CENTEN\u00c1RIO \/ JARDIM S\u00c3O VICENTE \/ CONDOM\u00cdNIO DAS AVES \/ PORTAL DO PARA\u00cdSO I \/ JARDIM SALES \/ VILA MARLENE \/ PQ CONTINENTAL \/ TORRES DE S\u00c3O JOSE \/ PARQUE DA REPRESA<\/p>\n<p><strong>SETOR: 4.06<\/strong><br \/>\nCIDADE SANTOS DUMONT \/ VILA FORMOSA \/ VILA HORTOL\u00c2NDIA \/ VILA SUZANA \/ JARDIM B\u00daFALO \/ JD SHANGAI \/ JD ELDORADO \/ CIDADE LUIZA \/ VILA LACERDA<\/p>\n<p><strong>SETOR: 4.08<\/strong><br \/>\nPONTE DE CAMPINAS \/ VILA CUNHA \/ VILA INHAMUPE \/ VILA CANTERUCCI \/ VILA MUNICIPAL \/ JARDIM BRASIL \/ JD S\u00c3O BENTO \/ VILA CAMPOS SALES \/ PITANGUEIRAS<\/p>\n<p><strong>SETOR: 4.10<\/strong><br \/>\nVILA GUARANI \/ JARDIM DAS HORT\u00caNCIAS \/ JARDIM MARIA LUIZA AT\u00c9 S\u00c3O LAZARO \/ JD ANA MARIA \/ ANHANGABA\u00da \/ VILA CACILDA \/ VILA LOYOLA \/ JARDIM FLORIDA<\/p>\n<p><strong>SETOR: 4.10 &#8211; EXTRA<\/strong><br \/>\nCH\u00c1CARA S\u00c3O ROQUE \/ JARDIM LUCIANA<\/p>\n<p><strong>SETOR: 4.12<\/strong><br \/>\nVILA VIOTTO \/ VILA BELA I E II \/ JARDIM PRIMAVERA \/ JARDIM CAMPOS EL\u00cdSEOS \/ JARDIM PARIS \/ PARQUE DO COL\u00c9GIO \/ VILA VIRG\u00cdNIA<\/p>\n<p><strong>SETOR: 4.14<\/strong><br \/>\nVILA PIRAPORA \/ JARDIM PETR\u00d3POLIS \/ VILA DELLA\u00a0PIAZZA \/ JARDIM MESSINA \/ JARDIM BIZARRO \/ CH\u00c1CARA TAVARES \/ JARDIM CRISTINA \/ JARDIM ITAMARATI \/ JARDIM BONFIGLIOLI \/ GUIDO BERTONI \/ JARDIM CICA<\/p>\n","protected":false},"excerpt":{"rendered":"<p>SETOR: 5.01\/2 &#8211; DI\u00c1RIO PONTE S\u00c3O JO\u00c3O \/ VILA GRAFF \/ VILA DE VITO \/ VILA PRINCESA ISABEL \/ VILA S\u00c3O BENTO \/ VILA ARGOS NOVA \/ ARGOS VELHA \/ CONJUNTO FIGUEIRA \/ CENTRO \/ VILA PACHECO \/ VILA OPER\u00c1RIA \/ OBS.: RUA DO ROS\u00c1RIO AT\u00c9 AV. UNI\u00c3O DOS FERROVI\u00c1RIOS \/ DA HENRIQUE ANDR\u00c9S AT\u00c9 [&hellip;]<\/p>\n","protected":false},"author":14,"featured_media":0,"parent":61,"menu_order":3,"comment_status":"closed","ping_status":"closed","template":"","meta":{"footnotes":""},"class_list":["post-546","page","type-page","status-publish","hentry"],"_links":{"self":[{"href":"https:\/\/jundiai.sp.gov.br\/infraestrutura-e-servicos-publicos\/wp-json\/wp\/v2\/pages\/546","targetHints":{"allow":["GET"]}}],"collection":[{"href":"https:\/\/jundiai.sp.gov.br\/infraestrutura-e-servicos-publicos\/wp-json\/wp\/v2\/pages"}],"about":[{"href":"https:\/\/jundiai.sp.gov.br\/infraestrutura-e-servicos-publicos\/wp-json\/wp\/v2\/types\/page"}],"author":[{"embeddable":true,"href":"https:\/\/jundiai.sp.gov.br\/infraestrutura-e-servicos-publicos\/wp-json\/wp\/v2\/users\/14"}],"replies":[{"embeddable":true,"href":"https:\/\/jundiai.sp.gov.br\/infraestrutura-e-servicos-publicos\/wp-json\/wp\/v2\/comments?post=546"}],"version-history":[{"count":5,"href":"https:\/\/jundiai.sp.gov.br\/infraestrutura-e-servicos-publicos\/wp-json\/wp\/v2\/pages\/546\/revisions"}],"predecessor-version":[{"id":912,"href":"https:\/\/jundiai.sp.gov.br\/infraestrutura-e-servicos-publicos\/wp-json\/wp\/v2\/pages\/546\/revisions\/912"}],"up":[{"embeddable":true,"href":"https:\/\/jundiai.sp.gov.br\/infraestrutura-e-servicos-publicos\/wp-json\/wp\/v2\/pages\/61"}],"wp:attachment":[{"href":"https:\/\/jundiai.sp.gov.br\/infraestrutura-e-servicos-publicos\/wp-json\/wp\/v2\/media?parent=546"}],"curies":[{"name":"wp","href":"https:\/\/api.w.org\/{rel}","templated":true}]}}