{"id":551,"date":"2016-01-13T16:02:24","date_gmt":"2016-01-13T18:02:24","guid":{"rendered":"https:\/\/jundiai.sp.gov.br\/servicos-publicos\/?page_id=551"},"modified":"2017-03-17T10:36:27","modified_gmt":"2017-03-17T13:36:27","slug":"coleta-noturna-tercas-quintas-e-sabados","status":"publish","type":"page","link":"https:\/\/jundiai.sp.gov.br\/infraestrutura-e-servicos-publicos\/limpeza-publica\/lixo-domestico\/coleta-noturna-tercas-quintas-e-sabados\/","title":{"rendered":"Coleta Noturna \u2013 Ter\u00e7as, Quintas e S\u00e1bados"},"content":{"rendered":"<p><strong>SETOR: 5.01\/2 &#8211; DI\u00c1RIO<\/strong><br \/>\nPONTE S\u00c3O JO\u00c3O \/ VILA GRAFF \/ VILA DE VITO \/ VILA PRINCESA ISABEL \/ VILA S\u00c3O BENTO \/ VILA ARGOS NOVA \/ ARGOS VELHA \/ CONJUNTO FIGUEIRA \/ CENTRO \/ VILA PACHECO \/ VILA OPER\u00c1RIA \/ OBS.: RUA DO ROS\u00c1RIO AT\u00c9 AV. UNI\u00c3O DOS FERROVI\u00c1RIOS \/ DA HENRIQUE ANDR\u00c9S AT\u00c9 RUA LACERDA FRANCO<\/p>\n<p><strong>SETOR: 5.01 &#8211; DI\u00c1RIO EXTRA<\/strong><br \/>\nRUA DO ROS\u00c1RIO \/ BAR\u00c3O DE JUNDIA\u00cd \/ RANGEL PESTANA \/ VIG\u00c1RIO J.J. RODRIGUES \/ DA HENRIQUE ANDR\u00c9S AT\u00c9 RUA PAULA PENTEADO<\/p>\n<p><strong>SETOR: 5.01 &#8211; DI\u00c1RIO<\/strong><br \/>\nVILA PADRE N\u00d3BREGA \/ VILA LEME \/ VILA CH\u00c1CARA URBANA \/ VILA MARIA IN\u00caS \/ VILA BOAVENTURA \/ VILA ADOLFO \/ CENTRO \/ VILA MOUTRAN<\/p>\n<p><strong>SETOR: 3.01<\/strong><br \/>\nJARDIM SANTANA \/ JARDIM PACAEMBU \/ S\u00c3O JO\u00c3O BATISTA \/ JARDIM ROMA \/ JARDIM DONATA DE JESUS \/ JARDIM AD\u00c9LIA \/ VILA SANTANA \/ RECANTO PARRILO<\/p>\n<p><strong>SETOR: 3.03<\/strong><br \/>\nVILA SANTA MARIA \/ VILA CRISTO REDENTOR \/ VILA SANTANA \/ VILA AGR\u00cdCOLA \/ LEDA \/ JARDIM S\u00c3O BENTO \/ VILA ARENS<br \/>\nOBS.: DA AV. SAMUEL MARTINS SENTIDO UNI\u00c3O DOS FERROVI\u00c1RIOS &#8211; LIMITE AV. OSWALDO DEL NERO<\/p>\n<p><strong>SETOR: 3.05<\/strong><br \/>\nJARDIM CIDAPEL \/ VILA GUARANI \/ JARDIM SANTA J\u00daLIA \/ VILA IARA \/ VILA MANFREDE \/ VILA MERCI I \/ VILA S\u00c3O PEDRO \/ JARDIM PITANGUEIRAS \/ VILA HELENA \/ VILA GARCIA \/ JARDIM SEVILHA\u00a0\/ VILA PALERMO \/ VILA AIELLO\/ ALICE TOLTI \/ VILA CAROLINA \/ VILA S\u00c3O VICTOR \/ VILA EDITH \/ PARQUE UNI\u00c3O<\/p>\n<p><strong>SETOR: 3.07<\/strong><br \/>\nTRAVESSA MAZALLI \/ FRANCISCO EBER \/ ISABEL EBER \/ VILA S\u00c3O BENTO \/ VILA PROGRESSO \/ JARDIM MERCI III \/ JARDIM DUPRE \/ VILA DE VECCHI \/ JARDIM EST\u00c1DIO \/ OBS.: AV. SAMUEL MARTINS SENTI JARDIM ESPLANADA<\/p>\n<p><strong>SETOR: 3.09<\/strong><br \/>\nVILA ESPERAN\u00c7A \/ VILA FRANCO \/ VILA DIDI \/ CONJUNTO I.A.P.I. \/ VILA NA\u00c7\u00d5ES UNIDAS \/ VILA MARIA GENOVEVA<\/p>\n<p><strong>SETOR: 3.11<\/strong><br \/>\nCIDADE JARDIM I E II \/ VILA S\u00c3O PAULO \/ JARDIM DO LAGO<\/p>\n<p><strong>SETOR: 5.05<\/strong><br \/>\nJARDIM ESPLANADA \/ VILA MAFALDA \/ VILA MERCCI II<\/p>\n","protected":false},"excerpt":{"rendered":"<p>SETOR: 5.01\/2 &#8211; DI\u00c1RIO PONTE S\u00c3O JO\u00c3O \/ VILA GRAFF \/ VILA DE VITO \/ VILA PRINCESA ISABEL \/ VILA S\u00c3O BENTO \/ VILA ARGOS NOVA \/ ARGOS VELHA \/ CONJUNTO FIGUEIRA \/ CENTRO \/ VILA PACHECO \/ VILA OPER\u00c1RIA \/ OBS.: RUA DO ROS\u00c1RIO AT\u00c9 AV. UNI\u00c3O DOS FERROVI\u00c1RIOS \/ DA HENRIQUE ANDR\u00c9S AT\u00c9 [&hellip;]<\/p>\n","protected":false},"author":14,"featured_media":0,"parent":61,"menu_order":4,"comment_status":"closed","ping_status":"closed","template":"","meta":{"footnotes":""},"class_list":["post-551","page","type-page","status-publish","hentry"],"_links":{"self":[{"href":"https:\/\/jundiai.sp.gov.br\/infraestrutura-e-servicos-publicos\/wp-json\/wp\/v2\/pages\/551","targetHints":{"allow":["GET"]}}],"collection":[{"href":"https:\/\/jundiai.sp.gov.br\/infraestrutura-e-servicos-publicos\/wp-json\/wp\/v2\/pages"}],"about":[{"href":"https:\/\/jundiai.sp.gov.br\/infraestrutura-e-servicos-publicos\/wp-json\/wp\/v2\/types\/page"}],"author":[{"embeddable":true,"href":"https:\/\/jundiai.sp.gov.br\/infraestrutura-e-servicos-publicos\/wp-json\/wp\/v2\/users\/14"}],"replies":[{"embeddable":true,"href":"https:\/\/jundiai.sp.gov.br\/infraestrutura-e-servicos-publicos\/wp-json\/wp\/v2\/comments?post=551"}],"version-history":[{"count":3,"href":"https:\/\/jundiai.sp.gov.br\/infraestrutura-e-servicos-publicos\/wp-json\/wp\/v2\/pages\/551\/revisions"}],"predecessor-version":[{"id":914,"href":"https:\/\/jundiai.sp.gov.br\/infraestrutura-e-servicos-publicos\/wp-json\/wp\/v2\/pages\/551\/revisions\/914"}],"up":[{"embeddable":true,"href":"https:\/\/jundiai.sp.gov.br\/infraestrutura-e-servicos-publicos\/wp-json\/wp\/v2\/pages\/61"}],"wp:attachment":[{"href":"https:\/\/jundiai.sp.gov.br\/infraestrutura-e-servicos-publicos\/wp-json\/wp\/v2\/media?parent=551"}],"curies":[{"name":"wp","href":"https:\/\/api.w.org\/{rel}","templated":true}]}}