{"id":158,"date":"2014-09-12T16:31:02","date_gmt":"2014-09-12T19:31:02","guid":{"rendered":"https:\/\/jundiai.sp.gov.br\/mobilidade\/?page_id=158"},"modified":"2026-03-13T17:52:55","modified_gmt":"2026-03-13T20:52:55","slug":"proibicaoliberacao-de-estacionamento","status":"publish","type":"page","link":"https:\/\/jundiai.sp.gov.br\/mobilidade\/engenharia-de-mobilidade\/proibicaoliberacao-de-estacionamento\/","title":{"rendered":"Proibi\u00e7\u00e3o\/Libera\u00e7\u00e3o de Estacionamento"},"content":{"rendered":"\n<p>A solicita\u00e7\u00e3o para proibi\u00e7\u00e3o ou libera\u00e7\u00e3o de estacionamento dever\u00e1 ser acompanhada de justificativa assim como de um abaixo assinado constando a ci\u00eancia de pelo menos um respons\u00e1vel por cada im\u00f3vel do trecho onde se pretende a mudan\u00e7a. Dentre os crit\u00e9rios para avalia\u00e7\u00e3o da viabilidade do pedido ser\u00e3o considerados o volume veicular da via, quantifica\u00e7\u00e3o da demanda de estacionamento, caracter\u00edsticas da via (sentido de circula\u00e7\u00e3o, sem sa\u00edda, largura, classifica\u00e7\u00e3o vi\u00e1ria, etc.), tipo de uso (comercial, residencial, etc.), condi\u00e7\u00f5es de seguran\u00e7a, etc.<\/p>\n\n\n\n<p><a href=\"https:\/\/jundiai.sp.gov.br\/mobilidade\/wp-content\/uploads\/sites\/19\/2026\/03\/orientacoes-proibicao-liberacao-estacionamento.pdf\">Modelo de solicita\u00e7\u00e3o para Proibi\u00e7\u00e3o\/Libera\u00e7\u00e3o de Estacionamento<\/a><\/p>\n","protected":false},"excerpt":{"rendered":"<p>A solicita\u00e7\u00e3o para proibi\u00e7\u00e3o ou libera\u00e7\u00e3o de estacionamento dever\u00e1 ser acompanhada de justificativa assim como de um abaixo assinado constando a ci\u00eancia de pelo menos um respons\u00e1vel por cada im\u00f3vel do trecho onde se pretende a mudan\u00e7a. Dentre os crit\u00e9rios para avalia\u00e7\u00e3o da viabilidade do pedido ser\u00e3o considerados o volume veicular da via, quantifica\u00e7\u00e3o da [&hellip;]<\/p>\n","protected":false},"author":11,"featured_media":0,"parent":817,"menu_order":0,"comment_status":"closed","ping_status":"closed","template":"","meta":{"footnotes":""},"class_list":["post-158","page","type-page","status-publish","hentry"],"_links":{"self":[{"href":"https:\/\/jundiai.sp.gov.br\/mobilidade\/wp-json\/wp\/v2\/pages\/158","targetHints":{"allow":["GET"]}}],"collection":[{"href":"https:\/\/jundiai.sp.gov.br\/mobilidade\/wp-json\/wp\/v2\/pages"}],"about":[{"href":"https:\/\/jundiai.sp.gov.br\/mobilidade\/wp-json\/wp\/v2\/types\/page"}],"author":[{"embeddable":true,"href":"https:\/\/jundiai.sp.gov.br\/mobilidade\/wp-json\/wp\/v2\/users\/11"}],"replies":[{"embeddable":true,"href":"https:\/\/jundiai.sp.gov.br\/mobilidade\/wp-json\/wp\/v2\/comments?post=158"}],"version-history":[{"count":7,"href":"https:\/\/jundiai.sp.gov.br\/mobilidade\/wp-json\/wp\/v2\/pages\/158\/revisions"}],"predecessor-version":[{"id":1339,"href":"https:\/\/jundiai.sp.gov.br\/mobilidade\/wp-json\/wp\/v2\/pages\/158\/revisions\/1339"}],"up":[{"embeddable":true,"href":"https:\/\/jundiai.sp.gov.br\/mobilidade\/wp-json\/wp\/v2\/pages\/817"}],"wp:attachment":[{"href":"https:\/\/jundiai.sp.gov.br\/mobilidade\/wp-json\/wp\/v2\/media?parent=158"}],"curies":[{"name":"wp","href":"https:\/\/api.w.org\/{rel}","templated":true}]}}