{"id":204,"date":"2014-08-21T11:03:12","date_gmt":"2014-08-21T14:03:12","guid":{"rendered":"https:\/\/jundiai.sp.gov.br\/planejamento-e-meio-ambiente\/?page_id=204"},"modified":"2026-01-06T10:07:01","modified_gmt":"2026-01-06T13:07:01","slug":"paineis","status":"publish","type":"page","link":"https:\/\/jundiai.sp.gov.br\/planejamento-e-meio-ambiente\/servicos-online\/paisagem-urbana\/paineis\/","title":{"rendered":"Pain\u00e9is"},"content":{"rendered":"\n<h2 class=\"wp-block-heading\"><strong>Licenciamento e Instala\u00e7\u00e3o de Publicidade \u2013 Pain\u00e9is<\/strong><\/h2>\n\n\n\n<p>Toda forma de publicidade ao ar livre no Munic\u00edpio de Jundia\u00ed \u00e9 regida pela <strong>Lei n\u00ba 8.584, de 14 de janeiro de 2016<\/strong> (Lei Geral de&nbsp;Publicidade), e pela <strong>Lei n\u00ba 9.722, de 09 de mar\u00e7o de 2022<\/strong> (que define crit\u00e9rios espec\u00edficos&nbsp;para a<strong>&nbsp;<\/strong>Zona de Reabilita\u00e7\u00e3o Central&nbsp;&#8211; ZRC)&nbsp;e <strong>requer pr\u00e9via autoriza\u00e7\u00e3o ou licen\u00e7a antes de ser instalada, exposta ou distribu\u00edda ao p\u00fablico<\/strong>.<\/p>\n\n\n\n<h5 class=\"wp-block-heading\"><strong>Legisla\u00e7\u00e3o<\/strong><\/h5>\n\n\n\n<p><a href=\"https:\/\/jundiai.sp.gov.br\/planejamento-e-meio-ambiente\/wp-content\/uploads\/sites\/15\/2025\/05\/l_8584_2016-1.pdf\" target=\"_blank\" rel=\"noreferrer noopener\">Lei n\u00b0 8.584, de 14 de janeiro de 2016<\/a> (Lei Geral de Publicidade)<\/p>\n\n\n\n<p><a href=\"https:\/\/jundiai.sp.gov.br\/planejamento-e-meio-ambiente\/wp-content\/uploads\/sites\/15\/2025\/05\/l_9722_2022.pdf\" target=\"_blank\" rel=\"noreferrer noopener\">Lei n\u00b0 9.722, de 09 de mar\u00e7o de 2022<\/a> (define crit\u00e9rios espec\u00edficos para a Zona de Reabilita\u00e7\u00e3o Central \u2013 ZRC)<\/p>\n\n\n\n<p><a href=\"https:\/\/jundiai.sp.gov.br\/planejamento-e-meio-ambiente\/wp-content\/uploads\/sites\/15\/2025\/05\/mapa_zrc_plano_diretor.pdf\" target=\"_blank\" rel=\"noreferrer noopener\">Mapa da ZRC<\/a> (conforme Plano Diretor do Munic\u00edpio de Jundia\u00ed)<\/p>\n\n\n\n<p><a href=\"https:\/\/jundiai.sp.gov.br\/planejamento-e-meio-ambiente\/wp-content\/uploads\/sites\/15\/2025\/05\/mapa_zrc_ruas.pdf\" target=\"_blank\" rel=\"noreferrer noopener\">Mapa da ZRC<\/a> (detalhado por limite de ruas)<\/p>\n\n\n\n<p><a href=\"https:\/\/jundiai.sp.gov.br\/planejamento-e-meio-ambiente\/wp-content\/uploads\/sites\/15\/2025\/05\/lc_460_2008-1.pdf\" target=\"_blank\" rel=\"noreferrer noopener\">Lei Complementar n\u00b0 460, de 22 de outubro de 2008<\/a> (C\u00f3digo Tribut\u00e1rio do Munic\u00edpio de Jundia\u00ed)<\/p>\n\n\n\n<h5 class=\"wp-block-heading\"><strong>Defini\u00e7\u00f5es<\/strong><\/h5>\n\n\n\n<ul class=\"wp-block-list\">\n<li><strong>Publicidade<\/strong> \u00e9 todo an\u00fancio na forma de mensagem de comunica\u00e7\u00e3o visual, presente na paisagem e vis\u00edvel a partir de logradouro p\u00fablico, e \u00e9 composta da \u00e1rea de exposi\u00e7\u00e3o (an\u00fancio), seu suporte ou estrutura e dispositivos de ilumina\u00e7\u00e3o.<\/li>\n\n\n\n<li><strong>An\u00fancio <\/strong>\u00e9 a indica\u00e7\u00e3o de refer\u00eancia a produto, servi\u00e7o, atividade ou evento; de promo\u00e7\u00e3o e divulga\u00e7\u00e3o comercial e institucional, de pessoas ou de ideias, realizada por quaisquer meios e formas de comunica\u00e7\u00e3o, incluindo o uso de texto, imagem, desenho e grafismo.<\/li>\n\n\n\n<li><strong>Ve\u00edculo de divulga\u00e7\u00e3o ou de propaganda<\/strong> \u00e9 qualquer meio de divulga\u00e7\u00e3o visual, pain\u00e9is, placas, cartazes, panfletos, banners, faixas; as pinturas, proje\u00e7\u00f5es visuais, fotografias, apliques adesivados, etc.<\/li>\n<\/ul>\n\n\n\n<h5 class=\"wp-block-heading\"><strong>Instala\u00e7\u00e3o de publicidade<\/strong><\/h5>\n\n\n\n<p>A instala\u00e7\u00e3o de publicidade \u00e9 permitida somente em im\u00f3veis particulares, dever\u00e1 estar contida em sua totalidade no interior desses im\u00f3veis e obrigatoriamente respeitar\u00e1 todos os crit\u00e9rios definidos nas legisla\u00e7\u00f5es supracitadas de acordo com suas caracter\u00edsticas, modalidade e local onde se encontra o im\u00f3vel que receber\u00e1 a instala\u00e7\u00e3o.<\/p>\n\n\n\n<p>N\u00e3o h\u00e1 uma quantidade m\u00e1xima de an\u00fancios indicativo e promocional que podem ser instalados no im\u00f3vel, as limita\u00e7\u00f5es s\u00e3o em fun\u00e7\u00e3o da somat\u00f3ria de suas \u00e1reas de exibi\u00e7\u00e3o.<\/p>\n\n\n\n<h5 class=\"wp-block-heading\"><strong>Modalidades<\/strong><\/h5>\n\n\n\n<p>A publicidade pass\u00edvel de licenciamento \u00e9 classificada nas modalidades de an\u00fancio indicativo e an\u00fancio promocional e an\u00fancio promocional-especial, conforme art. 10 da Lei n\u00ba 8.584, de 2016<\/p>\n\n\n\n<ul class=\"wp-block-list\">\n<li><strong>An\u00fancio indicativo<\/strong>: identifica o neg\u00f3cio ou atividade, necessariamente exercida no local em que<strong> <\/strong>o an\u00fancio \u00e9 veiculado, informando apenas o nome, que pode ser acompanhado de s\u00edmbolo ou logomarca, a atividade principal, o endere\u00e7o, o telefone e redes sociais. Sua taxa \u00e9 anual (pelo exerc\u00edcio) e \u00e9 renovada automaticamente;<\/li>\n\n\n\n<li><strong>An\u00fancio promocional<\/strong>: divulga e ou promove marcas, produtos, empresas ou institui\u00e7\u00f5es,<strong> <\/strong>neg\u00f3cios e eventos, ideias ou pessoas. Sua taxa \u00e9 anual (pelo exerc\u00edcio) e \u00e9 renovada automaticamente.<\/li>\n<\/ul>\n\n\n\n<h5 class=\"wp-block-heading\"><strong>Crit\u00e9rios<\/strong><\/h5>\n\n\n\n<p>Os crit\u00e9rios s\u00e3o definidos conforme a localiza\u00e7\u00e3o do im\u00f3vel, a modalidade e as caracter\u00edsticas do an\u00fancio, e est\u00e3o nos seguintes dispositivos legais:<\/p>\n\n\n\n<p><strong>Zona de Reabilita\u00e7\u00e3o Central \u2013 ZRC:<\/strong><\/p>\n\n\n\n<ul class=\"wp-block-list\">\n<li>An\u00fancio indicativo, art. 3\u00ba, da Lei n\u00ba 9.722, de 2022.<\/li>\n<\/ul>\n\n\n\n<p><strong>No restante do munic\u00edpio<\/strong>:<\/p>\n\n\n\n<ul class=\"wp-block-list\">\n<li>An\u00fancio indicativo, arts. 22 ao 26, da Lei n\u00ba 8.584, de 2016;<\/li>\n<\/ul>\n\n\n\n<p><strong>No munic\u00edpio todo, \u00e0 exce\u00e7\u00e3o do previsto no art. 29, da Lei n\u00ba 8.584, de 2016:<\/strong><\/p>\n\n\n\n<ul class=\"wp-block-list\">\n<li>An\u00fancio promocional, arts. 27 e 28, da Lei n\u00ba 8.584, de 2016;<\/li>\n\n\n\n<li>An\u00fancio promocional por meio de panfletos e cartazes, art. 31, da Lei n\u00ba 8.584, de 2016;<\/li>\n<\/ul>\n\n\n\n<p><strong>Demais crit\u00e9rios est\u00e3o no texto das leis supracitadas.<\/strong><\/p>\n\n\n\n<h5 class=\"wp-block-heading\"><strong>Proibi\u00e7\u00f5es<\/strong><\/h5>\n\n\n\n<p>Conforme previstas no art. 21, da Lei n\u00ba 8.584, de 2016:<\/p>\n\n\n\n<ul class=\"wp-block-list\">\n<li>Em postes de ilumina\u00e7\u00e3o p\u00fablica, sinaliza\u00e7\u00e3o de tr\u00e2nsito e indica\u00e7\u00e3o de lugares;<\/li>\n\n\n\n<li>Em \u00e1rvores;<\/li>\n\n\n\n<li>Num raio de 15 (quinze) metros de dist\u00e2ncia de sem\u00e1foros;<\/li>\n\n\n\n<li>Em cal\u00e7adas, vias e logradouros p\u00fablicos, sob a forma de cavaletes, abordagem de pessoas ou quaisquer outras;<\/li>\n\n\n\n<li>Que exceda 12 (doze) metros de altura, considerando o ponto mais alto de sua estrutura;<\/li>\n\n\n\n<li>Em pr\u00f3prio p\u00fablico, abrigo para passageiros, coletor de res\u00edduos e demais itens do mobili\u00e1rio urbano, salvo quando se tratar de publicidade nas modalidades autorizadas por esta lei;<\/li>\n\n\n\n<li>Que se utilize de pessoas ou animais, como suporte (homens-seta, homens-placa e assemelhados).<\/li>\n<\/ul>\n\n\n\n<p>Conforme prevista no art. 29, da Lei n\u00ba 8.584, de 2016:<\/p>\n\n\n\n<ul class=\"wp-block-list\">\n<li>N\u00e3o \u00e9 permitida a instala\u00e7\u00e3o de an\u00fancio promocional na \u00c1rea Central, no Territ\u00f3rio de Gest\u00e3o da Serra do Japi e na Macrozona Rural.<\/li>\n<\/ul>\n\n\n\n<h5 class=\"wp-block-heading\"><strong>Isen\u00e7\u00f5es e n\u00e3o incid\u00eancias<\/strong><\/h5>\n\n\n\n<p>Est\u00e3o previstas nos arts. 242, 242-A e 242-B, da Lei Complementar n\u00ba 460, de 2008.<\/p>\n\n\n\n<h5 class=\"wp-block-heading\"><strong>Responsabilidade<\/strong><\/h5>\n\n\n\n<p>S\u00e3o solidariamente respons\u00e1veis pela publicidade exposta e por eventuais danos dela decorrentes o propriet\u00e1rio do ve\u00edculo de divulga\u00e7\u00e3o, o propriet\u00e1rio do im\u00f3vel onde se encontra instalada, o anunciante, o profissional t\u00e9cnico respons\u00e1vel e a empresa instaladora.<\/p>\n\n\n\n<h5 class=\"wp-block-heading\"><strong>Infra\u00e7\u00f5es e penalidades<\/strong><\/h5>\n\n\n\n<p>As publicidades irregulares, sem licenciamento ou em desacordo com a legisla\u00e7\u00e3o vigente, sujeitar\u00e3o os infratores as penalidades previstas nos arts. 37 ao 39, da Lei n\u00ba 8.584, de 2016, no art. 7\u00ba, da Lei n\u00ba 9.722 de 2022 e no C\u00f3digo Tribut\u00e1rio do Munic\u00edpio de Jundia\u00ed.<\/p>\n\n\n\n<h5 class=\"wp-block-heading\"><strong>Taxa de Publicidade<\/strong><\/h5>\n\n\n\n<p>A Taxa de Fiscaliza\u00e7\u00e3o de Licen\u00e7a de Publicidade \u00e9 devida de acordo com a tabela constante no Anexo VI, da Lei Complementar n\u00ba 460, de 2008, e \u00e9 calculada conforme esta tabela de valores e considerando as caracter\u00edsticas e quantidades dos an\u00fancios licenciados.<\/p>\n\n\n\n<div class=\"wp-block-file\"><a id=\"wp-block-file--media-91468f56-bcd7-4f10-b5a7-7f0cd0ac640f\" href=\"https:\/\/jundiai.sp.gov.br\/planejamento-e-meio-ambiente\/wp-content\/uploads\/sites\/15\/2026\/01\/tabela-de-valores-de-publicidade-_-2026.pdf\" target=\"_blank\" rel=\"noreferrer noopener\">Tabela de Valores de Publicidade em REAIS<\/a><\/div>\n\n\n\n<h5 class=\"wp-block-heading\"><strong>Como Licenciar &#8211; Passo a Passo<\/strong><\/h5>\n\n\n\n<p>As solicita\u00e7\u00f5es de licenciamento de publicidade s\u00e3o efetuadas exclusivamente de forma eletr\u00f4nica, atrav\u00e9s do portal do Balc\u00e3o do Empreendedor, sendo necess\u00e1rio efetuar um cadastro para acessar o sistema.<\/p>\n\n\n\n<h5 class=\"wp-block-heading\"><strong>Cadastro<\/strong><\/h5>\n\n\n\n<ul class=\"wp-block-list\">\n<li>Para atividades estabelecidas no munic\u00edpio:<\/li>\n<\/ul>\n\n\n\n<p><a href=\"https:\/\/web21.cijun.sp.gov.br\/pmj\/be\/CadastrarSenha.aspx\" target=\"_blank\" rel=\"noreferrer noopener\">https:\/\/web21.cijun.sp.gov.br\/pmj\/be\/CadastrarSenha.aspx<\/a><\/p>\n\n\n\n<ul class=\"wp-block-list\">\n<li>Para atividades n\u00e3o estabelecidas no munic\u00edpio (empresas de fora):<\/li>\n<\/ul>\n\n\n\n<p><a href=\"https:\/\/web21.cijun.sp.gov.br\/pmj\/be\/CadastrarPrestador.aspx\" target=\"_blank\" rel=\"noreferrer noopener\">https:\/\/web21.cijun.sp.gov.br\/pmj\/be\/CadastrarPrestador.aspx<\/a><\/p>\n\n\n\n<p><strong>Observa\u00e7\u00e3o<\/strong>: Ap\u00f3s efetuar o cadastro de empresa n\u00e3o estabelecida no munic\u00edpio, ser\u00e1 necess\u00e1rio enviar o n\u00famero do protocolo gerado para o e-mail <a href=\"mailto:publicidade@jundiai.sp.gov.br\">publicidade@jundiai.sp.gov.br<\/a><\/p>\n\n\n\n<h5 class=\"wp-block-heading\"><strong>Solicita\u00e7\u00e3o de licenciamento<\/strong><\/h5>\n\n\n\n<p>Ap\u00f3s o cadastro, as solicita\u00e7\u00f5es de licenciamento de publicidade dever\u00e3o ser realizadas no portal do Balc\u00e3o do Empreendedor:<\/p>\n\n\n\n<p><a href=\"https:\/\/balcaodoempreendedor.jundiai.sp.gov.br\" target=\"_blank\" rel=\"noreferrer noopener\">https:\/\/balcaodoempreendedor.jundiai.sp.gov.br<\/a><\/p>\n\n\n\n<p>Como preencher a solicita\u00e7\u00e3o de licenciamento (ORIENTA\u00c7\u00d5ES):<\/p>\n\n\n\n<div class=\"wp-block-file\"><a id=\"wp-block-file--media-7a9e91b4-b515-4f73-9383-1d8629316e41\" href=\"https:\/\/jundiai.sp.gov.br\/planejamento-e-meio-ambiente\/wp-content\/uploads\/sites\/15\/2025\/05\/orientacoes_be_paineis.pdf\" target=\"_blank\" rel=\"noreferrer noopener\">Orienta\u00e7\u00f5es para licenciamento de pain\u00e9is via Balc\u00e3o do Empreendedor (PASSO A PASSO)<\/a><\/div>\n\n\n\n<p>Contato do Balc\u00e3o do Empreendedor para esclarecimentos:<\/p>\n\n\n\n<p><a href=\"mailto:balcaodoempreendedor@jundiai.sp.gov.br\">balcaodoempreendedor@jundiai.sp.gov.br<\/a> | (11) 4589-8714.<\/p>\n\n\n\n<h5 class=\"wp-block-heading\"><strong>Documenta\u00e7\u00e3o<\/strong><\/h5>\n\n\n\n<p>A documenta\u00e7\u00e3o obrigat\u00f3ria e condicional est\u00e1 prevista nos arts. 11 e 14, da Lei n\u00ba 8.584, de 2016. Todas os arquivos dever\u00e3o estar em formato digital e nas extens\u00f5es aceitas pelo sistema.<\/p>\n\n\n\n<p><strong>Exemplos e modelos sugeridos:<\/strong><\/p>\n\n\n\n<div class=\"wp-block-file\"><a id=\"wp-block-file--media-f0d6fb29-1d8d-454c-be8d-1a52f9cec35c\" href=\"https:\/\/jundiai.sp.gov.br\/planejamento-e-meio-ambiente\/wp-content\/uploads\/sites\/15\/2025\/05\/exemplo_croqui.pdf\" target=\"_blank\" rel=\"noreferrer noopener\">Croqui do local de instala\u00e7\u00e3o dos an\u00fancios&nbsp;<\/a><\/div>\n\n\n\n<div class=\"wp-block-file\"><a id=\"wp-block-file--media-6eb1db69-72cb-449e-99d4-84f9d5b3c10b\" href=\"https:\/\/jundiai.sp.gov.br\/planejamento-e-meio-ambiente\/wp-content\/uploads\/sites\/15\/2025\/05\/exemplo_desenho.pdf\" target=\"_blank\" rel=\"noreferrer noopener\">Desenho do an\u00fancio com todas as medidas expressas<\/a><\/div>\n\n\n\n<div class=\"wp-block-file\"><a id=\"wp-block-file--media-365ecb08-030d-4c50-8722-61c6a22c7af9\" href=\"https:\/\/jundiai.sp.gov.br\/planejamento-e-meio-ambiente\/wp-content\/uploads\/sites\/15\/2025\/05\/autorizacao_proprietario.pdf\" target=\"_blank\" rel=\"noreferrer noopener\">Autoriza\u00e7\u00e3o do propriet\u00e1rio do im\u00f3vel<\/a><\/div>\n\n\n\n<h5 class=\"wp-block-heading\"><strong>Fiscaliza\u00e7\u00e3o<\/strong><\/h5>\n\n\n\n<p>A fiscaliza\u00e7\u00e3o da publicidade \u00e9 exercida pelos fiscais da Se\u00e7\u00e3o de Fiscaliza\u00e7\u00e3o e Licenciamento de Instala\u00e7\u00f5es de Publicidade \u2013 SFLIP, da Unidade de Gest\u00e3o de Planejamento Urbano e Meio Ambiente \u2013 UGPUMA.<\/p>\n\n\n\n<h5 class=\"wp-block-heading\"><strong>Atendimento<\/strong><\/h5>\n\n\n\n<ul class=\"wp-block-list\">\n<li><strong>Correio Eletr\u00f4nico<\/strong>: <a href=\"mailto:publicidade@jundiai.sp.gov.br\">publicidade@jundiai.sp.gov.br<\/a>;<\/li>\n\n\n\n<li><strong>Telef\u00f4nico<\/strong>: (11) 4589-8437;<\/li>\n\n\n\n<li><strong>Presencial<\/strong>: as quintas feiras, das 9 \u00e0s 12 e das 13 \u00e0s 16 horas, no Pa\u00e7o Municipal, 5\u00ba andar, ala sul, mediante agendamento pr\u00e9vio atrav\u00e9s dos telefones (11) 4589-8437 ou (11) 4589-8561.<\/li>\n<\/ul>\n","protected":false},"excerpt":{"rendered":"<p>Licenciamento e Instala\u00e7\u00e3o de Publicidade \u2013 Pain\u00e9is Toda forma de publicidade ao ar livre no Munic\u00edpio de Jundia\u00ed \u00e9 regida pela Lei n\u00ba 8.584, de 14 de janeiro de 2016 (Lei Geral de&nbsp;Publicidade), e pela Lei n\u00ba 9.722, de 09 de mar\u00e7o de 2022 (que define crit\u00e9rios espec\u00edficos&nbsp;para a&nbsp;Zona de Reabilita\u00e7\u00e3o Central&nbsp;&#8211; ZRC)&nbsp;e requer pr\u00e9via [&hellip;]<\/p>\n","protected":false},"author":5,"featured_media":0,"parent":189,"menu_order":0,"comment_status":"closed","ping_status":"closed","template":"","meta":{"footnotes":""},"class_list":["post-204","page","type-page","status-publish","hentry"],"_links":{"self":[{"href":"https:\/\/jundiai.sp.gov.br\/planejamento-e-meio-ambiente\/wp-json\/wp\/v2\/pages\/204","targetHints":{"allow":["GET"]}}],"collection":[{"href":"https:\/\/jundiai.sp.gov.br\/planejamento-e-meio-ambiente\/wp-json\/wp\/v2\/pages"}],"about":[{"href":"https:\/\/jundiai.sp.gov.br\/planejamento-e-meio-ambiente\/wp-json\/wp\/v2\/types\/page"}],"author":[{"embeddable":true,"href":"https:\/\/jundiai.sp.gov.br\/planejamento-e-meio-ambiente\/wp-json\/wp\/v2\/users\/5"}],"replies":[{"embeddable":true,"href":"https:\/\/jundiai.sp.gov.br\/planejamento-e-meio-ambiente\/wp-json\/wp\/v2\/comments?post=204"}],"version-history":[{"count":40,"href":"https:\/\/jundiai.sp.gov.br\/planejamento-e-meio-ambiente\/wp-json\/wp\/v2\/pages\/204\/revisions"}],"predecessor-version":[{"id":8056,"href":"https:\/\/jundiai.sp.gov.br\/planejamento-e-meio-ambiente\/wp-json\/wp\/v2\/pages\/204\/revisions\/8056"}],"up":[{"embeddable":true,"href":"https:\/\/jundiai.sp.gov.br\/planejamento-e-meio-ambiente\/wp-json\/wp\/v2\/pages\/189"}],"wp:attachment":[{"href":"https:\/\/jundiai.sp.gov.br\/planejamento-e-meio-ambiente\/wp-json\/wp\/v2\/media?parent=204"}],"curies":[{"name":"wp","href":"https:\/\/api.w.org\/{rel}","templated":true}]}}