{"id":6387,"date":"2022-12-26T14:27:45","date_gmt":"2022-12-26T17:27:45","guid":{"rendered":"https:\/\/jundiai.sp.gov.br\/planejamento-e-meio-ambiente\/?page_id=6387"},"modified":"2026-04-13T14:29:21","modified_gmt":"2026-04-13T17:29:21","slug":"conselho-municipal-de-obras-e-edificacoes","status":"publish","type":"page","link":"https:\/\/jundiai.sp.gov.br\/planejamento-e-meio-ambiente\/conselhos\/conselho-municipal-de-obras-e-edificacoes\/","title":{"rendered":"Conselho Municipal de Obras e Edifica\u00e7\u00f5es"},"content":{"rendered":"\n<p><strong>Gest\u00e3o 2025 &#8211; 2027<\/strong><\/p>\n\n\n\n<p><strong>Coordenadoria Executiva <\/strong><\/p>\n\n\n\n<p><strong>Presidente:<\/strong> Adilson Bueno <br><strong>Vice-Presidente:<\/strong> F\u00e1bio Henrique Cescon da Silva<br><strong>1\u00aa Secret\u00e1ria:<\/strong> Elaine Maria Cirigliano<br><strong>2\u00ba Secret\u00e1rio:<\/strong> Diego Pereira Santos<br><strong>E-mail:<\/strong> <a>cmoe@jundiai.sp.gov.br<\/a><br><br><strong>Conselho Municipal de Obras e Edifica\u00e7\u00f5es (2025\/2027)<\/strong><br><strong><br>I \u2013 Representantes do Poder P\u00fablico:<\/strong><br><br>Secretaria Municipal de Planejamento Urbano e Meio Ambiente:<br>Titular: F\u00c1BIO HENRIQUE CESCON DA SILVA<br>Suplente: RAFAEL COUTO FEL\u00cdCIO<br>Titular: JADER FRANK BRITTO DA SILVA<br>Suplente: ALEXANDRE DOS SANTOS NEVES<br>Secretaria Municipal de Infraestrutura e Servi\u00e7os P\u00fablicos:<br>Titular: LEONARDO SUEIRO PINTO VASQUES<br>Suplente: \u00c9RIKA STEFANO<br>Secretaria Municipal de Mobilidade e Transporte:<br>Titular: DIEGO PEREIRA SANTOS<br>Suplente: HUGO KAJIYAMA<br><br><strong>II \u2013 Representantes da Sociedade Civil:<\/strong><br><br>Associa\u00e7\u00e3o dos Engenheiros de Jundia\u00ed (AEJ):<br>Titular: Eng\u00b0. ADILSON BUENO<br>Suplente: Eng\u00b0. REINALDO FRANCEZ J\u00daNIOR<br>N\u00facleo de Jundia\u00ed do Instituto dos Arquitetos do Brasil (IAB):<br>Titular: Arq\u00aa. ELAINE MARIA CIRIGLIANO<br>Suplente: Arq\u00aa. GIOVANA BEATRIZ ROQUE<br>Sindicato dos T\u00e9cnicos Industriais de N\u00edvel M\u00e9dio do Estado de S\u00e3o Paulo (SINTEC):<br>Titular: M\u00c1RCIO HIDEO NAGAOKA<br>Suplente: CL\u00c1UDIO ROBERTO MARQUES<br>Organiza\u00e7\u00f5es da \u00e1rea de constru\u00e7\u00e3o civil:<br>Titular: Eng\u00b0. EDUARDO GRILANDA DE SOUZA (PROEMPI)<br>Suplente: Arq\u00b0. GUSTAVO GUIOTTI (PROEMPI)<\/p>\n\n\n\n<p><\/p>\n\n\n\n<p><strong>Agenda de reuni\u00f5es 2026 <\/strong><br><strong><br>Reuni\u00f5es: <\/strong>Presenciais \u00e0s terceiras quartas-feiras do m\u00eas <br><strong>Previs\u00e3o:<\/strong> (21\/01, 25\/02, 18\/03, 15\/04, 20\/05, 17\/06, 15\/07, 19\/08, 16\/09, 21\/10, 18\/11 e 16\/12) <br><strong>Hor\u00e1rios: <\/strong>14h30 \u00e0s 16h30 <br><strong>Local:<\/strong> (Foyer) ao lado do Audit\u00f3rio do Pa\u00e7o Municipal, Avenida da Liberdade, s\/n\u00b0, 8\u00b0 andar, ala norte.<\/p>\n\n\n\n<p><strong>Regimento Interno:<\/strong><\/p>\n\n\n\n<p><a href=\"https:\/\/jundiai.sp.gov.br\/planejamento-e-meio-ambiente\/wp-content\/uploads\/sites\/15\/2024\/02\/decreto-32-209.pdf\">Decreto n\u00ba32.209, de 23 de novembro de 2022.<\/a> <\/p>\n","protected":false},"excerpt":{"rendered":"<p>Gest\u00e3o 2025 &#8211; 2027 Coordenadoria Executiva Presidente: Adilson Bueno Vice-Presidente: F\u00e1bio Henrique Cescon da Silva1\u00aa Secret\u00e1ria: Elaine Maria Cirigliano2\u00ba Secret\u00e1rio: Diego Pereira SantosE-mail: cmoe@jundiai.sp.gov.br Conselho Municipal de Obras e Edifica\u00e7\u00f5es (2025\/2027)I \u2013 Representantes do Poder P\u00fablico: Secretaria Municipal de Planejamento Urbano e Meio Ambiente:Titular: F\u00c1BIO HENRIQUE CESCON DA SILVASuplente: RAFAEL COUTO FEL\u00cdCIOTitular: JADER FRANK BRITTO [&hellip;]<\/p>\n","protected":false},"author":69,"featured_media":0,"parent":598,"menu_order":0,"comment_status":"closed","ping_status":"closed","template":"","meta":{"footnotes":""},"class_list":["post-6387","page","type-page","status-publish","hentry"],"_links":{"self":[{"href":"https:\/\/jundiai.sp.gov.br\/planejamento-e-meio-ambiente\/wp-json\/wp\/v2\/pages\/6387","targetHints":{"allow":["GET"]}}],"collection":[{"href":"https:\/\/jundiai.sp.gov.br\/planejamento-e-meio-ambiente\/wp-json\/wp\/v2\/pages"}],"about":[{"href":"https:\/\/jundiai.sp.gov.br\/planejamento-e-meio-ambiente\/wp-json\/wp\/v2\/types\/page"}],"author":[{"embeddable":true,"href":"https:\/\/jundiai.sp.gov.br\/planejamento-e-meio-ambiente\/wp-json\/wp\/v2\/users\/69"}],"replies":[{"embeddable":true,"href":"https:\/\/jundiai.sp.gov.br\/planejamento-e-meio-ambiente\/wp-json\/wp\/v2\/comments?post=6387"}],"version-history":[{"count":8,"href":"https:\/\/jundiai.sp.gov.br\/planejamento-e-meio-ambiente\/wp-json\/wp\/v2\/pages\/6387\/revisions"}],"predecessor-version":[{"id":8225,"href":"https:\/\/jundiai.sp.gov.br\/planejamento-e-meio-ambiente\/wp-json\/wp\/v2\/pages\/6387\/revisions\/8225"}],"up":[{"embeddable":true,"href":"https:\/\/jundiai.sp.gov.br\/planejamento-e-meio-ambiente\/wp-json\/wp\/v2\/pages\/598"}],"wp:attachment":[{"href":"https:\/\/jundiai.sp.gov.br\/planejamento-e-meio-ambiente\/wp-json\/wp\/v2\/media?parent=6387"}],"curies":[{"name":"wp","href":"https:\/\/api.w.org\/{rel}","templated":true}]}}