{"id":819,"date":"2014-09-18T10:24:37","date_gmt":"2014-09-18T13:24:37","guid":{"rendered":"https:\/\/jundiai.sp.gov.br\/planejamento-e-meio-ambiente\/?page_id=819"},"modified":"2023-02-02T14:16:39","modified_gmt":"2023-02-02T17:16:39","slug":"areas-de-protecao-ambiental","status":"publish","type":"page","link":"https:\/\/jundiai.sp.gov.br\/planejamento-e-meio-ambiente\/areas-de-protecao-ambiental\/","title":{"rendered":"\u00c1reas de Prote\u00e7\u00e3o Ambiental"},"content":{"rendered":"<p><strong>APAs Jundia\u00ed e Cabre\u00fava<\/strong><\/p>\n<p>As APAs Jundia\u00ed\/Cabre\u00fava, regulamentadas em 03 de julho de 1998, englobam os territ\u00f3rios municipais dessas cidades e objetivam a prote\u00e7\u00e3o e recupera\u00e7\u00e3o das Serras do Japi, Guaxinduva, Guaxatuba e Cristais, bem como as bacias de abastecimento p\u00fablico do rio Jundia\u00ed-Mirim, dos ribeir\u00f5es Pira\u00ed, Cabre\u00fava e Caxambu, e as nascentes do rio Capivari.<\/p>\n<blockquote class=\"wp-embedded-content\" data-secret=\"Gg0TnURGaP\"><p><a href=\"https:\/\/guiadeareasprotegidas.sp.gov.br\/ap\/area-de-protecao-ambiental-jundiai\/\">APA Jundia\u00ed<\/a><\/p><\/blockquote>\n<p><iframe loading=\"lazy\" class=\"wp-embedded-content\" sandbox=\"allow-scripts\" security=\"restricted\" style=\"position: absolute; clip: rect(1px, 1px, 1px, 1px);\" title=\"&#8220;APA Jundia\u00ed&#8221; &#8212; Guia de \u00c1reas Protegidas\" src=\"https:\/\/guiadeareasprotegidas.sp.gov.br\/ap\/area-de-protecao-ambiental-jundiai\/embed\/#?secret=Gg0TnURGaP\" data-secret=\"Gg0TnURGaP\" width=\"500\" height=\"282\" frameborder=\"0\" marginwidth=\"0\" marginheight=\"0\" scrolling=\"no\"><\/iframe><\/p>\n<p>A APA estabeleceu quatro zonas ambientais, observadas no mapa abaixo, denominadas Zona de Vida Silvestre, Zona de Conserva\u00e7\u00e3o da Vida Silvestre, Zona de Conserva\u00e7\u00e3o H\u00eddrica e Zona de Restri\u00e7\u00e3o Moderada, cujas caracter\u00edsticas e disposi\u00e7\u00f5es para gerenciamento encontram-se detalhadas no respectivo decreto.<\/p>\n<p><a href=\"https:\/\/jundiai.sp.gov.br\/planejamento-e-meio-ambiente\/wp-content\/uploads\/sites\/15\/2014\/09\/Decreto-43.284.pdf\">Decreto 43.284<\/a> ,de 3 de julho de 1998<\/p>\n<p><a href=\"https:\/\/jundiai.sp.gov.br\/planejamento-e-meio-ambiente\/wp-content\/uploads\/sites\/15\/2023\/02\/resolucao_sima_122_2022.pdf\">Resolu\u00e7\u00e3o SIMA 122\/2022.<\/a><\/p>\n","protected":false},"excerpt":{"rendered":"<p>APAs Jundia\u00ed e Cabre\u00fava As APAs Jundia\u00ed\/Cabre\u00fava, regulamentadas em 03 de julho de 1998, englobam os territ\u00f3rios municipais dessas cidades e objetivam a prote\u00e7\u00e3o e recupera\u00e7\u00e3o das Serras do Japi, Guaxinduva, Guaxatuba e Cristais, bem como as bacias de abastecimento p\u00fablico do rio Jundia\u00ed-Mirim, dos ribeir\u00f5es Pira\u00ed, Cabre\u00fava e Caxambu, e as nascentes do rio [&hellip;]<\/p>\n","protected":false},"author":5,"featured_media":0,"parent":0,"menu_order":0,"comment_status":"closed","ping_status":"closed","template":"","meta":{"footnotes":""},"class_list":["post-819","page","type-page","status-publish","hentry"],"_links":{"self":[{"href":"https:\/\/jundiai.sp.gov.br\/planejamento-e-meio-ambiente\/wp-json\/wp\/v2\/pages\/819","targetHints":{"allow":["GET"]}}],"collection":[{"href":"https:\/\/jundiai.sp.gov.br\/planejamento-e-meio-ambiente\/wp-json\/wp\/v2\/pages"}],"about":[{"href":"https:\/\/jundiai.sp.gov.br\/planejamento-e-meio-ambiente\/wp-json\/wp\/v2\/types\/page"}],"author":[{"embeddable":true,"href":"https:\/\/jundiai.sp.gov.br\/planejamento-e-meio-ambiente\/wp-json\/wp\/v2\/users\/5"}],"replies":[{"embeddable":true,"href":"https:\/\/jundiai.sp.gov.br\/planejamento-e-meio-ambiente\/wp-json\/wp\/v2\/comments?post=819"}],"version-history":[{"count":3,"href":"https:\/\/jundiai.sp.gov.br\/planejamento-e-meio-ambiente\/wp-json\/wp\/v2\/pages\/819\/revisions"}],"predecessor-version":[{"id":6435,"href":"https:\/\/jundiai.sp.gov.br\/planejamento-e-meio-ambiente\/wp-json\/wp\/v2\/pages\/819\/revisions\/6435"}],"wp:attachment":[{"href":"https:\/\/jundiai.sp.gov.br\/planejamento-e-meio-ambiente\/wp-json\/wp\/v2\/media?parent=819"}],"curies":[{"name":"wp","href":"https:\/\/api.w.org\/{rel}","templated":true}]}}