{"id":263,"date":"2026-07-23T09:35:28","date_gmt":"2026-07-23T12:35:28","guid":{"rendered":"https:\/\/jundiai.sp.gov.br\/ppa\/?page_id=263"},"modified":"2026-07-23T15:02:31","modified_gmt":"2026-07-23T18:02:31","slug":"plano-plurianual-ppa","status":"publish","type":"page","link":"https:\/\/jundiai.sp.gov.br\/ppa\/","title":{"rendered":"Plano Plurianual (PPA)"},"content":{"rendered":"\n<p>Introduzido pela <a href=\"http:\/\/www.planalto.gov.br\/ccivil_03\/Constituicao\/Constituicao.htm\" target=\"_blank\" rel=\"noreferrer noopener\">Constitui\u00e7\u00e3o Federal<\/a> de 1988 (art. 165, \u00a7 1\u00ba), o Plano Plurianual \u00e9 a pe\u00e7a de planejamento com validade de quatro anos, aprovada no primeiro ano de mandato do Prefeito e v\u00e1lido para os quatro anos seguintes. O PPA, como \u00e9 conhecido, re\u00fane um conjunto de programas e a\u00e7\u00f5es governamentais organizados a partir das compet\u00eancias e atribui\u00e7\u00f5es de cada Unidade de Gest\u00e3o\/Secretaria.<\/p>\n\n\n\n<p>O plano \u00e9 organizado em programas e a\u00e7\u00f5es que ser\u00e3o executadas pelo Governo Municipal para alcan\u00e7ar seus objetivos e metas nos quatro anos de sua validade. O PPA deve ser periodicamente monitorado e avaliado, podendo ser revisado para se manter atual \u00e0s necessidades da popula\u00e7\u00e3o e \u00e0 realidade da cidade.<\/p>\n\n\n\n<h3 class=\"wp-block-heading\">PPA 2026\/2029<\/h3>\n\n\n\n<p><a href=\"https:\/\/transparencia.jundiai.sp.gov.br\/wp-content\/uploads\/PPA_LEI-N-10.423-DE-05-DE-NOVEMBRO-DE-2025.pdf\">PPA 2026-2029 \u2013 Lei 10.423\/2025<\/a><\/p>\n\n\n\n<p><a href=\"https:\/\/www.youtube.com\/watch?v=6FebcKuV9Lk\">Audi\u00eancia P\u00fablica PPA 2026-2029 \u2013 Legislativo \u2013 V\u00eddeo<\/a><\/p>\n\n\n\n<p><a href=\"https:\/\/transparencia.jundiai.sp.gov.br\/wp-content\/uploads\/PPA-26-29_PROJETO_DE_LEI_14.949.pdf\">PPA 2026-2029 \u2013 Projeto de Lei<\/a><\/p>\n\n\n\n<p><a href=\"https:\/\/transparencia.jundiai.sp.gov.br\/wp-content\/uploads\/Ata-da-Audiencia-Publica-para-Discussao-do-Plano-Plurianual-2026-2029-1.pdf\">Ata da Audi\u00eancia P\u00fablica para Discuss\u00e3o do Plano Plurianual 2026-2029<\/a><\/p>\n\n\n\n<p><a href=\"https:\/\/transparencia.jundiai.sp.gov.br\/wp-content\/uploads\/Relatorio-Consolidado-da-Consulta-Publica_PPA-2026-2029-e-LOA-2026-1.pdf\">Relat\u00f3rio Consolidado da Consulta P\u00fablica_PPA 2026-2029 e LOA 2026<\/a><\/p>\n\n\n\n<p><a href=\"https:\/\/transparencia.jundiai.sp.gov.br\/wp-content\/uploads\/DECRETO-No-35.186-DE-25-DE-JUNHO-DE-2025-1.pdf\">Decreto N\u00ba 35.186, de 25 de junho de 2025<\/a><\/p>\n\n\n\n<p><a href=\"https:\/\/transparencia.jundiai.sp.gov.br\/wp-content\/uploads\/PORTARIA-194-DE-04-DE-JULHO-DE-2025-1.pdf\">Portaria N\u00ba 194, de 04 de julho de 2025<\/a><\/p>\n\n\n\n<p><a href=\"https:\/\/transparencia.jundiai.sp.gov.br\/wp-content\/uploads\/Audiencia-Publica_EDITAL-No-04-DE-11-DE-JULHO-DE-2025-1.pdf\">Audi\u00eancia P\u00fablica PPA 2026-2029 \u2013 Edital N\u00ba 04, de 11 de julho de 2025<\/a><\/p>\n\n\n\n<p><a href=\"https:\/\/transparencia.jundiai.sp.gov.br\/wp-content\/uploads\/Audiencia-Publica-PPA-2026-2029-%E2%80%93-Executivo-%E2%80%93-Apresentacao-Versao-Corrigida-1.pdf\">Audi\u00eancia P\u00fablica PPA 2026-2029 \u2013 Executivo \u2013 Apresenta\u00e7\u00e3o<\/a><\/p>\n\n\n\n<p><a href=\"https:\/\/www.youtube.com\/live\/4-aNo8VtnJI?si=gEIRrQcHh12xDQIF\">Audi\u00eancia P\u00fablica PPA 2026-2029 \u2013 V\u00eddeo<\/a><\/p>\n\n\n\n<p><a href=\"https:\/\/transparencia.jundiai.sp.gov.br\/financeiro\/orcamentos-e-contas\/plano-plurianual-ppa\/\" target=\"_blank\" rel=\"noreferrer noopener\"><strong>Acesse a p\u00e1gina de Monitoramento do PPA 2026\/2029<\/strong><\/a><\/p>\n\n\n\n<div style=\"height:30px\" aria-hidden=\"true\" class=\"wp-block-spacer\"><\/div>\n\n\n\n<iframe src=\"https:\/\/app.powerbi.com\/view?r=eyJrIjoiYTdjYTY2YmQtNTJhNi00NjcwLWEzZmEtNjlkNDZiZjg2YWNkIiwidCI6IjI3MmYwMTNkLWExMTgtNDBkNi05ODRjLWQwNmFmODUzNzhiYyJ9\" width=\"100%\" style=\"aspect-ratio: 16\/9; height: auto; display: block;\"><\/iframe>\n","protected":false},"excerpt":{"rendered":"<p>Introduzido pela Constitui\u00e7\u00e3o Federal de 1988 (art. 165, \u00a7 1\u00ba), o Plano Plurianual \u00e9 a pe\u00e7a de planejamento com validade de quatro anos, aprovada no primeiro ano de mandato do Prefeito e v\u00e1lido para os quatro anos seguintes. O PPA, como \u00e9 conhecido, re\u00fane um conjunto de programas e a\u00e7\u00f5es governamentais organizados a partir das [&hellip;]<\/p>\n","protected":false},"author":8,"featured_media":0,"parent":0,"menu_order":0,"comment_status":"closed","ping_status":"closed","template":"","meta":{"footnotes":""},"class_list":["post-263","page","type-page","status-publish","hentry"],"_links":{"self":[{"href":"https:\/\/jundiai.sp.gov.br\/ppa\/wp-json\/wp\/v2\/pages\/263","targetHints":{"allow":["GET"]}}],"collection":[{"href":"https:\/\/jundiai.sp.gov.br\/ppa\/wp-json\/wp\/v2\/pages"}],"about":[{"href":"https:\/\/jundiai.sp.gov.br\/ppa\/wp-json\/wp\/v2\/types\/page"}],"author":[{"embeddable":true,"href":"https:\/\/jundiai.sp.gov.br\/ppa\/wp-json\/wp\/v2\/users\/8"}],"replies":[{"embeddable":true,"href":"https:\/\/jundiai.sp.gov.br\/ppa\/wp-json\/wp\/v2\/comments?post=263"}],"version-history":[{"count":6,"href":"https:\/\/jundiai.sp.gov.br\/ppa\/wp-json\/wp\/v2\/pages\/263\/revisions"}],"predecessor-version":[{"id":273,"href":"https:\/\/jundiai.sp.gov.br\/ppa\/wp-json\/wp\/v2\/pages\/263\/revisions\/273"}],"wp:attachment":[{"href":"https:\/\/jundiai.sp.gov.br\/ppa\/wp-json\/wp\/v2\/media?parent=263"}],"curies":[{"name":"wp","href":"https:\/\/api.w.org\/{rel}","templated":true}]}}