{"id":1981,"date":"2015-05-08T09:26:43","date_gmt":"2015-05-08T12:26:43","guid":{"rendered":"https:\/\/jundiai.sp.gov.br\/saude\/?page_id=1981"},"modified":"2023-07-20T09:36:10","modified_gmt":"2023-07-20T12:36:10","slug":"certificado-internacional-de-vacinacao-contra-febre-amarela-e-poliomielite","status":"publish","type":"page","link":"https:\/\/jundiai.sp.gov.br\/saude\/vacinacao-certificado\/certificado-internacional-de-vacinacao-contra-febre-amarela-e-poliomielite\/","title":{"rendered":"Certificado Internacional de Vacina\u00e7\u00e3o contra Febre Amarela e Poliomielite"},"content":{"rendered":"<div>A Unidade de Gest\u00e3o de Promo\u00e7\u00e3o da Sa\u00fade (UGPS), por meio da Vigil\u00e2ncia Epidemiol\u00f3gica (VE), informa que a emiss\u00e3o do certificado internacional de vacina contra febre amarela deve ser solicitada atrav\u00e9s do link\u00a0<b><a href=\"https:\/\/www.gov.br\/pt-br\/servicos\/obter-o-certificado-internacional-de-vacinacao-e-profilaxia\" target=\"_blank\" rel=\"noopener\" data-saferedirecturl=\"https:\/\/www.google.com\/url?q=https:\/\/www.gov.br\/pt-br\/servicos\/obter-o-certificado-internacional-de-vacinacao-e-profilaxia&amp;source=gmail&amp;ust=1636474289858000&amp;usg=AFQjCNG66xzeXbGAKF2uW-HsjwuzY7kD6w\">https:\/\/www.gov.br\/pt-br\/<wbr \/>servicos\/obter-o-certificado-<wbr \/>internacional-de-vacinacao-e-<wbr \/>profilaxia<\/a>.\u00a0<\/b>O certificado ser\u00e1 enviado por e-mail para o solicitante.<\/div>\n<div>\u00a0<\/div>\n<p>As vacinas Febre Amarela e Poliomelite est\u00e3o dispon\u00edveis em todas as Unidades B\u00e1sicas de Sa\u00fade (UBS).<\/p>\n<p>Outras informa\u00e7\u00f5es: 156 ou\u00a0<a href=\"http:\/\/portal.anvisa.gov.br\/\" target=\"_blank\" rel=\"noopener noreferrer\" data-saferedirecturl=\"https:\/\/www.google.com\/url?q=http:\/\/portal.anvisa.gov.br\/&amp;source=gmail&amp;ust=1636474289858000&amp;usg=AFQjCNHyMnwwcxQS__1-n8jkji8c88gUIw\">portal.anvisa.gov.br<\/a><\/p>\n\n\n<p><\/p>\n","protected":false},"excerpt":{"rendered":"<p>A Unidade de Gest\u00e3o de Promo\u00e7\u00e3o da Sa\u00fade (UGPS), por meio da Vigil\u00e2ncia Epidemiol\u00f3gica (VE), informa que a emiss\u00e3o do certificado internacional de vacina contra febre amarela deve ser solicitada atrav\u00e9s do link\u00a0https:\/\/www.gov.br\/pt-br\/servicos\/obter-o-certificado-internacional-de-vacinacao-e-profilaxia.\u00a0O certificado ser\u00e1 enviado por e-mail para o solicitante. \u00a0 As vacinas Febre Amarela e Poliomelite est\u00e3o dispon\u00edveis em todas as Unidades B\u00e1sicas [&hellip;]<\/p>\n","protected":false},"author":5,"featured_media":0,"parent":561,"menu_order":0,"comment_status":"closed","ping_status":"closed","template":"page-subpaginas.php","meta":{"footnotes":""},"class_list":["post-1981","page","type-page","status-publish","hentry"],"_links":{"self":[{"href":"https:\/\/jundiai.sp.gov.br\/saude\/wp-json\/wp\/v2\/pages\/1981","targetHints":{"allow":["GET"]}}],"collection":[{"href":"https:\/\/jundiai.sp.gov.br\/saude\/wp-json\/wp\/v2\/pages"}],"about":[{"href":"https:\/\/jundiai.sp.gov.br\/saude\/wp-json\/wp\/v2\/types\/page"}],"author":[{"embeddable":true,"href":"https:\/\/jundiai.sp.gov.br\/saude\/wp-json\/wp\/v2\/users\/5"}],"replies":[{"embeddable":true,"href":"https:\/\/jundiai.sp.gov.br\/saude\/wp-json\/wp\/v2\/comments?post=1981"}],"version-history":[{"count":46,"href":"https:\/\/jundiai.sp.gov.br\/saude\/wp-json\/wp\/v2\/pages\/1981\/revisions"}],"predecessor-version":[{"id":4895,"href":"https:\/\/jundiai.sp.gov.br\/saude\/wp-json\/wp\/v2\/pages\/1981\/revisions\/4895"}],"up":[{"embeddable":true,"href":"https:\/\/jundiai.sp.gov.br\/saude\/wp-json\/wp\/v2\/pages\/561"}],"wp:attachment":[{"href":"https:\/\/jundiai.sp.gov.br\/saude\/wp-json\/wp\/v2\/media?parent=1981"}],"curies":[{"name":"wp","href":"https:\/\/api.w.org\/{rel}","templated":true}]}}