{"id":2706,"date":"2017-11-07T16:34:09","date_gmt":"2017-11-07T18:34:09","guid":{"rendered":"https:\/\/jundiai.sp.gov.br\/saude\/?page_id=2706"},"modified":"2023-12-14T11:31:47","modified_gmt":"2023-12-14T14:31:47","slug":"legislacoes","status":"publish","type":"page","link":"https:\/\/jundiai.sp.gov.br\/saude\/visat\/legislacoes\/","title":{"rendered":"Legisla\u00e7\u00f5es"},"content":{"rendered":"\n<p><a href=\"https:\/\/jundiai.sp.gov.br\/saude\/wp-content\/uploads\/sites\/17\/2020\/04\/portaria-135-_-habilita__o-cerest-jundia_.pdf\" target=\"_blank\" rel=\"noopener noreferrer\">Portaria n\u00ba 135 de 23 de abril de 2020<\/a> &#8211; Habilita o CEREST Jundia\u00ed<\/p>\n\n\n\n<p><a href=\"http:\/\/www.cvs.saude.sp.gov.br\/zip\/E_LEI-10083\\-230998.pdf\" target=\"_blank\" rel=\"noopener noreferrer\">Lei 10.083 de 23\/09\/1998 \u2013 DOE de 24\/09\/1998-p. Se\u00e7\u00e3o<\/a> \u2013 N\u00ba &#8211; Alterada pela Lei 10.145 publicada em 24\/12\/1998 \u2013 Disp\u00f5e sobre o novo C\u00f3digo Sanit\u00e1rio do Estado.<\/p>\n\n\n\n<p><a href=\"http:\/\/bvsms.saude.gov.br\/bvs\/saudelegis\/gm\/2017\/prc0003_03_10_2017.html\" target=\"_blank\" rel=\"noopener noreferrer\">Portaria de Consolida\u00e7\u00e3o 3 de 03\/10\/2017 MS\/GM Anexo X<\/a> \u2013 Rede Nacional de Aten\u00e7\u00e3o Integral \u00e0 Sa\u00fade do Trabalhador.<\/p>\n\n\n\n<p><a href=\"http:\/\/bvsms.saude.gov.br\/bvs\/saudelegis\/gm\/2017\/prc0004_03_10_2017.html\" target=\"_blank\" rel=\"noopener noreferrer\">Portaria de Consolida\u00e7\u00e3o 4 de 03\/10\/2017 MS\/GM Anexo 1 DO Anexo V<\/a> \u2013 Lista Nacional de Notifica\u00e7\u00f5es Compuls\u00f3rias.<\/p>\n\n\n\n<p><a href=\"http:\/\/bvsms.saude.gov.br\/bvs\/saudelegis\/gm\/2017\/prc0005_03_10_2017.html\" target=\"_blank\" rel=\"noopener noreferrer\">Portaria de Consolida\u00e7\u00e3o 5 de 28\/09\/2017 MS\/GM Anexo XLIII<\/a> \u2013 Lista de doen\u00e7as monitoradas pela estrat\u00e9gia de Vigil\u00e2ncia Sentinela.<\/p>\n\n\n\n<p><a href=\"http:\/\/www.cvs.saude.sp.gov.br\/zip\/E_LE-12684_26072007%20(proibe%20amianto).pdf\" target=\"_blank\" rel=\"noopener noreferrer\">Lei 12.864 de 26\/07\/2007<\/a> \u2013 DOE Pro\u00edbe o uso, no Estado de S\u00e3o Paulo de produtos, materiais ou artefatos que contenham quaisquer tipos de amianto ou asbesto ou outros minerais que, acidentalmente, tenham fibras de amianto na sua composi\u00e7\u00e3o.<\/p>\n\n\n\n<p><a rel=\"noopener noreferrer\" href=\"https:\/\/www.legisweb.com.br\/legislacao\/?id=182738\" target=\"_blank\">Portaria 6 de 05\/02\/2001<\/a> \u2013 Pro\u00edbe o trabalho do menor de 18 (dezoito) anos nas atividades constantes do Anexo I desta Portaria.<\/p>\n\n\n\n<p><a href=\"http:\/\/portalsinan.saude.gov.br\/sinan-legislacao\" target=\"_blank\" rel=\"noreferrer noopener\">Legisla\u00e7\u00e3o sobre o SINAN<\/a><\/p>\n\n\n\n<p><a rel=\"noreferrer noopener\" href=\"https:\/\/bvsms.saude.gov.br\/bvs\/saudelegis\/gm\/2017\/prc0004_03_10_2017.html\" target=\"_blank\">Portaria de consolida\u00e7\u00e3o n\u00ba 4 de 28 de Setembro de 2017 &#8211; Anexo 1 do Anexo V<\/a><br>Lista nacional de notifica\u00e7\u00e3o compuls\u00f3ria (prigem: PRT MS\/GM 204\/2016, Anexo 1)<\/p>\n\n\n\n<p><a rel=\"noreferrer noopener\" href=\"https:\/\/portalarquivos2.saude.gov.br\/images\/pdf\/2018\/marco\/29\/PRC-5-Portaria-de-Consolida----o-n---5--de-28-de-setembro-de-2017.pdf\" target=\"_blank\">Portaria de consolida\u00e7\u00e3o n\u00ba 5 de 28 de setembro de 2017- Anexo XLIII<\/a><br>Lista nacional de doen\u00e7as e agravos a serem monitorados pela estrat\u00e9gia de vigil\u00e2ncia sentinela (Origem: PRT MS\/GM 205\/2016, Anexo 1)<\/p>\n\n\n\n<div class=\"wp-block-file\"><a id=\"wp-block-file--media-0fd32e13-5202-4ff8-b608-92789f65980f\" href=\"https:\/\/jundiai.sp.gov.br\/saude\/wp-content\/uploads\/sites\/17\/2023\/04\/nota_informativa_n__942019_dsastesvsms.pdf\" target=\"_blank\" rel=\"noreferrer noopener\">Nota Informativa n\u00ba 94\/2019-DSASTE\/SVS\/MS<\/a><\/div>\n\n\n\n<div class=\"wp-block-file\"><a id=\"wp-block-file--media-d9d738f8-3399-44f0-87f3-88bb7dffdb2c\" href=\"https:\/\/jundiai.sp.gov.br\/saude\/wp-content\/uploads\/sites\/17\/2023\/04\/portaria-gm_ms-n_-217-1.pdf\" target=\"_blank\" rel=\"noreferrer noopener\">Portaria GM\/MS n\u00ba 217, de 1\u00ba de Mar\u00e7o de 2023<\/a><\/div>\n","protected":false},"excerpt":{"rendered":"<p>Portaria n\u00ba 135 de 23 de abril de 2020 &#8211; Habilita o CEREST Jundia\u00ed Lei 10.083 de 23\/09\/1998 \u2013 DOE de 24\/09\/1998-p. Se\u00e7\u00e3o \u2013 N\u00ba &#8211; Alterada pela Lei 10.145 publicada em 24\/12\/1998 \u2013 Disp\u00f5e sobre o novo C\u00f3digo Sanit\u00e1rio do Estado. Portaria de Consolida\u00e7\u00e3o 3 de 03\/10\/2017 MS\/GM Anexo X \u2013 Rede Nacional de [&hellip;]<\/p>\n","protected":false},"author":30,"featured_media":0,"parent":2702,"menu_order":0,"comment_status":"closed","ping_status":"closed","template":"","meta":{"footnotes":""},"class_list":["post-2706","page","type-page","status-publish","hentry"],"_links":{"self":[{"href":"https:\/\/jundiai.sp.gov.br\/saude\/wp-json\/wp\/v2\/pages\/2706","targetHints":{"allow":["GET"]}}],"collection":[{"href":"https:\/\/jundiai.sp.gov.br\/saude\/wp-json\/wp\/v2\/pages"}],"about":[{"href":"https:\/\/jundiai.sp.gov.br\/saude\/wp-json\/wp\/v2\/types\/page"}],"author":[{"embeddable":true,"href":"https:\/\/jundiai.sp.gov.br\/saude\/wp-json\/wp\/v2\/users\/30"}],"replies":[{"embeddable":true,"href":"https:\/\/jundiai.sp.gov.br\/saude\/wp-json\/wp\/v2\/comments?post=2706"}],"version-history":[{"count":18,"href":"https:\/\/jundiai.sp.gov.br\/saude\/wp-json\/wp\/v2\/pages\/2706\/revisions"}],"predecessor-version":[{"id":5131,"href":"https:\/\/jundiai.sp.gov.br\/saude\/wp-json\/wp\/v2\/pages\/2706\/revisions\/5131"}],"up":[{"embeddable":true,"href":"https:\/\/jundiai.sp.gov.br\/saude\/wp-json\/wp\/v2\/pages\/2702"}],"wp:attachment":[{"href":"https:\/\/jundiai.sp.gov.br\/saude\/wp-json\/wp\/v2\/media?parent=2706"}],"curies":[{"name":"wp","href":"https:\/\/api.w.org\/{rel}","templated":true}]}}